{"id":6930,"date":"2023-05-05T13:01:12","date_gmt":"2023-05-05T12:01:12","guid":{"rendered":"https:\/\/www.auditorium.com\/?post_type=productions&#038;p=6930"},"modified":"2023-05-05T13:01:22","modified_gmt":"2023-05-05T12:01:22","slug":"terra-senza-terra","status":"publish","type":"productions","link":"https:\/\/www.auditorium.com\/it\/productions\/terra-senza-terra\/","title":{"rendered":"Terra senza Terra"},"content":{"rendered":"<p>Dopo l\u2019anteprima di presentazione del disco tenutasi lo scorso febbraio alla Casa del Jazz di Roma e con quattro album di inediti alle spalle ampiamente riconosciuti dalla critica, la cantautrice e interprete <strong>Ilaria <span class=\"markzhpqdydxz\" data-markjs=\"true\" data-ogac=\"\" data-ogab=\"\" data-ogsc=\"\" data-ogsb=\"\">Pilar<\/span> Patassini<\/strong> consolida anche in questo nuovo lavoro il sodalizio con il chitarrista, arrangiatore e produttore artistico<strong> Federico Ferrandina<\/strong>, gi\u00e0 presente nel precedente album \u201cLuna in Ariete\u201d.<\/p>\n<p>&#8220;Terra senza Terra&#8221; \u00e8 composto da undici canzoni d\u2019autrice moderne, originali e consapevoli, che dalla tradizione musicale italiana si spingono verso il jazz e su linee di scrittura classiche, cameristiche. Una barca che tocca molti porti senza soffermarsi in alcuno, con una rotta che va in direzione della libert\u00e0, dell\u2019autodeterminazione e della felice rivendicazione di un vasto contenimento di moltitudini di Withmaniana memoria. L\u2019album \u00e8 un manifesto poetico e musicale che d\u00e0 voce allo sguardo poliedrico dell\u2019artista che passa dall\u2019autoanalisi al racconto della quotidianit\u00e0. Nelle tracce del disco <strong>Ilaria <span class=\"markzhpqdydxz\" data-markjs=\"true\" data-ogac=\"\" data-ogab=\"\" data-ogsc=\"\" data-ogsb=\"\">Pilar<\/span> Patassini<\/strong> annusa e asseconda i venti del cambiamento, in un asse ideale che unisce vicende personali a quelle del suo tempo e di condivisione universale: sentirsi nomade, trovare casa tra le onde, vivere la societ\u00e0 liquida e impermanente ma anche la gratificazione di poter finalmente mettere a nudo le conflittualit\u00e0 che il patriarcato ha cucito a sua misura sullo status dell\u2019essere donna; e poi l\u2019elaborazione di un lutto, la vocazione per gli elementi fluidi, la coincidenza della fine e dell\u2019inizio di storie d\u2019amore.<\/p>\n<p>&#8220;Terra senza Terra&#8221; \u00e8 una voce che canta alle orecchie di un\u2019intera societ\u00e0 fatta di schemi dettati sempre pi\u00f9 dal potere di pochi e da una progressiva smaterializzazione che va per\u00f2 a scontrarsi e coincidere con il bisogno di empatia ed esercizio dei sensi, da un lato togliendoci cos\u00ec il terreno da sotto i piedi e dall\u2019altra restituendoci umanit\u00e0 e ribellione, unendo tutti dentro un\u2019unica condizione: quella di terrestri senza terra.<\/p>\n","protected":false},"excerpt":{"rendered":"&#8220;Terra senza Terra&#8221; \u00e8 composto da undici canzoni d\u2019autrice moderne, originali e consapevoli.","protected":false},"featured_media":6931,"template":"","meta":{"_acf_changed":false,"inline_featured_image":false},"production_categories":[99],"class_list":["post-6930","productions","type-productions","status-publish","has-post-thumbnail","hentry","production_categories-jazz"],"acf":[],"yoast_head":"<!-- This site is optimized with the Yoast SEO plugin v22.6 - https:\/\/yoast.com\/wordpress\/plugins\/seo\/ -->\n<title>Terra senza Terra | Auditorium Parco della Musica Ennio Morricone<\/title>\n<meta name=\"description\" content=\"&quot;Terra senza Terra&quot; \u00e8 composto da undici canzoni d\u2019autrice moderne, originali e consapevoli.\" \/>\n<meta name=\"robots\" content=\"index, follow, max-snippet:-1, max-image-preview:large, max-video-preview:-1\" \/>\n<link rel=\"canonical\" href=\"https:\/\/www.auditorium.com\/it\/productions\/terra-senza-terra\/\" \/>\n<meta property=\"og:locale\" content=\"it_IT\" \/>\n<meta property=\"og:type\" content=\"article\" \/>\n<meta property=\"og:title\" content=\"Terra senza Terra | Auditorium Parco della Musica Ennio Morricone\" \/>\n<meta property=\"og:description\" content=\"&quot;Terra senza Terra&quot; \u00e8 composto da undici canzoni d\u2019autrice moderne, originali e consapevoli.\" \/>\n<meta property=\"og:url\" content=\"https:\/\/www.auditorium.com\/it\/productions\/terra-senza-terra\/\" \/>\n<meta property=\"og:site_name\" content=\"Auditorium Parco della Musica Ennio Morricone\" \/>\n<meta property=\"article:publisher\" content=\"https:\/\/www.facebook.com\/AuditoriumParcodellaMusica\" \/>\n<meta property=\"article:modified_time\" content=\"2023-05-05T12:01:22+00:00\" \/>\n<meta property=\"og:image\" content=\"https:\/\/www.auditorium.com\/wp-content\/uploads\/2023\/05\/Ilaria_Pilar_Patassini_ph_Riccardo_Musacchio-web.jpg\" \/>\n\t<meta property=\"og:image:width\" content=\"1694\" \/>\n\t<meta property=\"og:image:height\" content=\"1130\" \/>\n\t<meta property=\"og:image:type\" content=\"image\/jpeg\" \/>\n<meta name=\"twitter:card\" content=\"summary_large_image\" \/>\n<meta name=\"twitter:site\" content=\"@auditoriumpdm\" \/>\n<meta name=\"twitter:label1\" content=\"Tempo di lettura stimato\" \/>\n\t<meta name=\"twitter:data1\" content=\"2 minuti\" \/>\n<script type=\"application\/ld+json\" class=\"yoast-schema-graph\">{\"@context\":\"https:\/\/schema.org\",\"@graph\":[{\"@type\":\"WebPage\",\"@id\":\"https:\/\/www.auditorium.com\/it\/productions\/terra-senza-terra\/\",\"url\":\"https:\/\/www.auditorium.com\/it\/productions\/terra-senza-terra\/\",\"name\":\"Terra senza Terra | Auditorium Parco della Musica Ennio Morricone\",\"isPartOf\":{\"@id\":\"https:\/\/www.auditorium.com\/it\/#website\"},\"primaryImageOfPage\":{\"@id\":\"https:\/\/www.auditorium.com\/it\/productions\/terra-senza-terra\/#primaryimage\"},\"image\":{\"@id\":\"https:\/\/www.auditorium.com\/it\/productions\/terra-senza-terra\/#primaryimage\"},\"thumbnailUrl\":\"https:\/\/www.auditorium.com\/wp-content\/uploads\/2023\/05\/Ilaria_Pilar_Patassini_ph_Riccardo_Musacchio-web.jpg\",\"datePublished\":\"2023-05-05T12:01:12+00:00\",\"dateModified\":\"2023-05-05T12:01:22+00:00\",\"description\":\"\\\"Terra senza Terra\\\" \u00e8 composto da undici canzoni d\u2019autrice moderne, originali e consapevoli.\",\"breadcrumb\":{\"@id\":\"https:\/\/www.auditorium.com\/it\/productions\/terra-senza-terra\/#breadcrumb\"},\"inLanguage\":\"it-IT\",\"potentialAction\":[{\"@type\":\"ReadAction\",\"target\":[\"https:\/\/www.auditorium.com\/it\/productions\/terra-senza-terra\/\"]}]},{\"@type\":\"ImageObject\",\"inLanguage\":\"it-IT\",\"@id\":\"https:\/\/www.auditorium.com\/it\/productions\/terra-senza-terra\/#primaryimage\",\"url\":\"https:\/\/www.auditorium.com\/wp-content\/uploads\/2023\/05\/Ilaria_Pilar_Patassini_ph_Riccardo_Musacchio-web.jpg\",\"contentUrl\":\"https:\/\/www.auditorium.com\/wp-content\/uploads\/2023\/05\/Ilaria_Pilar_Patassini_ph_Riccardo_Musacchio-web.jpg\",\"width\":1694,\"height\":1130,\"caption\":\"Roma, Casa del Jazz 02 2023 Shooting con Pilar \u00a9Fondazione Musica Per Roma - Musacchio, Ianniello, Pasqualini &amp; Fucilla ******* NB la presente foto puo' essere utilizzata esclusivamente per l'avvenimento in oggetto o\u00a0 per pubblicazioni riguardanti\u00a0Fondazione Musica Per Roma\"},{\"@type\":\"BreadcrumbList\",\"@id\":\"https:\/\/www.auditorium.com\/it\/productions\/terra-senza-terra\/#breadcrumb\",\"itemListElement\":[{\"@type\":\"ListItem\",\"position\":1,\"name\":\"Home\",\"item\":\"https:\/\/www.auditorium.com\/it\/\"},{\"@type\":\"ListItem\",\"position\":2,\"name\":\"Produzioni\",\"item\":\"https:\/\/www.auditorium.com\/it\/productions\/\"},{\"@type\":\"ListItem\",\"position\":3,\"name\":\"Terra senza Terra\"}]},{\"@type\":\"WebSite\",\"@id\":\"https:\/\/www.auditorium.com\/it\/#website\",\"url\":\"https:\/\/www.auditorium.com\/it\/\",\"name\":\"Auditorium Parco della Musica Ennio Morricone\",\"description\":\"Progettato da Renzo Piano, l&#039;Auditorium rappresenta una sofisticata architettura musicale e uno straordinario intervento di riqualificazione urbana.\",\"publisher\":{\"@id\":\"https:\/\/www.auditorium.com\/it\/#organization\"},\"potentialAction\":[{\"@type\":\"SearchAction\",\"target\":{\"@type\":\"EntryPoint\",\"urlTemplate\":\"https:\/\/www.auditorium.com\/it\/?s={search_term_string}\"},\"query-input\":\"required name=search_term_string\"}],\"inLanguage\":\"it-IT\"},{\"@type\":\"Organization\",\"@id\":\"https:\/\/www.auditorium.com\/it\/#organization\",\"name\":\"Auditorium Parco della Musica Ennio Morricone\",\"url\":\"https:\/\/www.auditorium.com\/it\/\",\"logo\":{\"@type\":\"ImageObject\",\"inLanguage\":\"it-IT\",\"@id\":\"https:\/\/www.auditorium.com\/it\/#\/schema\/logo\/image\/\",\"url\":\"https:\/\/www.auditorium.com\/wp-content\/uploads\/2022\/12\/logo-auditorium.svg\",\"contentUrl\":\"https:\/\/www.auditorium.com\/wp-content\/uploads\/2022\/12\/logo-auditorium.svg\",\"width\":86,\"height\":79,\"caption\":\"Auditorium Parco della Musica Ennio Morricone\"},\"image\":{\"@id\":\"https:\/\/www.auditorium.com\/it\/#\/schema\/logo\/image\/\"},\"sameAs\":[\"https:\/\/www.facebook.com\/AuditoriumParcodellaMusica\",\"https:\/\/x.com\/auditoriumpdm\",\"https:\/\/www.instagram.com\/auditoriumparcodellamusica\/\"]}]}<\/script>\n<!-- \/ Yoast SEO plugin. -->","yoast_head_json":{"title":"Terra senza Terra | Auditorium Parco della Musica Ennio Morricone","description":"\"Terra senza Terra\" \u00e8 composto da undici canzoni d\u2019autrice moderne, originali e consapevoli.","robots":{"index":"index","follow":"follow","max-snippet":"max-snippet:-1","max-image-preview":"max-image-preview:large","max-video-preview":"max-video-preview:-1"},"canonical":"https:\/\/www.auditorium.com\/it\/productions\/terra-senza-terra\/","og_locale":"it_IT","og_type":"article","og_title":"Terra senza Terra | Auditorium Parco della Musica Ennio Morricone","og_description":"\"Terra senza Terra\" \u00e8 composto da undici canzoni d\u2019autrice moderne, originali e consapevoli.","og_url":"https:\/\/www.auditorium.com\/it\/productions\/terra-senza-terra\/","og_site_name":"Auditorium Parco della Musica Ennio Morricone","article_publisher":"https:\/\/www.facebook.com\/AuditoriumParcodellaMusica","article_modified_time":"2023-05-05T12:01:22+00:00","og_image":[{"width":1694,"height":1130,"url":"https:\/\/www.auditorium.com\/wp-content\/uploads\/2023\/05\/Ilaria_Pilar_Patassini_ph_Riccardo_Musacchio-web.jpg","type":"image\/jpeg"}],"twitter_card":"summary_large_image","twitter_site":"@auditoriumpdm","twitter_misc":{"Tempo di lettura stimato":"2 minuti"},"schema":{"@context":"https:\/\/schema.org","@graph":[{"@type":"WebPage","@id":"https:\/\/www.auditorium.com\/it\/productions\/terra-senza-terra\/","url":"https:\/\/www.auditorium.com\/it\/productions\/terra-senza-terra\/","name":"Terra senza Terra | Auditorium Parco della Musica Ennio Morricone","isPartOf":{"@id":"https:\/\/www.auditorium.com\/it\/#website"},"primaryImageOfPage":{"@id":"https:\/\/www.auditorium.com\/it\/productions\/terra-senza-terra\/#primaryimage"},"image":{"@id":"https:\/\/www.auditorium.com\/it\/productions\/terra-senza-terra\/#primaryimage"},"thumbnailUrl":"https:\/\/www.auditorium.com\/wp-content\/uploads\/2023\/05\/Ilaria_Pilar_Patassini_ph_Riccardo_Musacchio-web.jpg","datePublished":"2023-05-05T12:01:12+00:00","dateModified":"2023-05-05T12:01:22+00:00","description":"\"Terra senza Terra\" \u00e8 composto da undici canzoni d\u2019autrice moderne, originali e consapevoli.","breadcrumb":{"@id":"https:\/\/www.auditorium.com\/it\/productions\/terra-senza-terra\/#breadcrumb"},"inLanguage":"it-IT","potentialAction":[{"@type":"ReadAction","target":["https:\/\/www.auditorium.com\/it\/productions\/terra-senza-terra\/"]}]},{"@type":"ImageObject","inLanguage":"it-IT","@id":"https:\/\/www.auditorium.com\/it\/productions\/terra-senza-terra\/#primaryimage","url":"https:\/\/www.auditorium.com\/wp-content\/uploads\/2023\/05\/Ilaria_Pilar_Patassini_ph_Riccardo_Musacchio-web.jpg","contentUrl":"https:\/\/www.auditorium.com\/wp-content\/uploads\/2023\/05\/Ilaria_Pilar_Patassini_ph_Riccardo_Musacchio-web.jpg","width":1694,"height":1130,"caption":"Roma, Casa del Jazz 02 2023 Shooting con Pilar \u00a9Fondazione Musica Per Roma - Musacchio, Ianniello, Pasqualini &amp; Fucilla ******* NB la presente foto puo' essere utilizzata esclusivamente per l'avvenimento in oggetto o\u00a0 per pubblicazioni riguardanti\u00a0Fondazione Musica Per Roma"},{"@type":"BreadcrumbList","@id":"https:\/\/www.auditorium.com\/it\/productions\/terra-senza-terra\/#breadcrumb","itemListElement":[{"@type":"ListItem","position":1,"name":"Home","item":"https:\/\/www.auditorium.com\/it\/"},{"@type":"ListItem","position":2,"name":"Produzioni","item":"https:\/\/www.auditorium.com\/it\/productions\/"},{"@type":"ListItem","position":3,"name":"Terra senza Terra"}]},{"@type":"WebSite","@id":"https:\/\/www.auditorium.com\/it\/#website","url":"https:\/\/www.auditorium.com\/it\/","name":"Auditorium Parco della Musica Ennio Morricone","description":"Progettato da Renzo Piano, l&#039;Auditorium rappresenta una sofisticata architettura musicale e uno straordinario intervento di riqualificazione urbana.","publisher":{"@id":"https:\/\/www.auditorium.com\/it\/#organization"},"potentialAction":[{"@type":"SearchAction","target":{"@type":"EntryPoint","urlTemplate":"https:\/\/www.auditorium.com\/it\/?s={search_term_string}"},"query-input":"required name=search_term_string"}],"inLanguage":"it-IT"},{"@type":"Organization","@id":"https:\/\/www.auditorium.com\/it\/#organization","name":"Auditorium Parco della Musica Ennio Morricone","url":"https:\/\/www.auditorium.com\/it\/","logo":{"@type":"ImageObject","inLanguage":"it-IT","@id":"https:\/\/www.auditorium.com\/it\/#\/schema\/logo\/image\/","url":"https:\/\/www.auditorium.com\/wp-content\/uploads\/2022\/12\/logo-auditorium.svg","contentUrl":"https:\/\/www.auditorium.com\/wp-content\/uploads\/2022\/12\/logo-auditorium.svg","width":86,"height":79,"caption":"Auditorium Parco della Musica Ennio Morricone"},"image":{"@id":"https:\/\/www.auditorium.com\/it\/#\/schema\/logo\/image\/"},"sameAs":["https:\/\/www.facebook.com\/AuditoriumParcodellaMusica","https:\/\/x.com\/auditoriumpdm","https:\/\/www.instagram.com\/auditoriumparcodellamusica\/"]}]}},"_links":{"self":[{"href":"https:\/\/www.auditorium.com\/it\/wp-json\/wp\/v2\/productions\/6930","targetHints":{"allow":["GET"]}}],"collection":[{"href":"https:\/\/www.auditorium.com\/it\/wp-json\/wp\/v2\/productions"}],"about":[{"href":"https:\/\/www.auditorium.com\/it\/wp-json\/wp\/v2\/types\/productions"}],"wp:featuredmedia":[{"embeddable":true,"href":"https:\/\/www.auditorium.com\/it\/wp-json\/wp\/v2\/media\/6931"}],"wp:attachment":[{"href":"https:\/\/www.auditorium.com\/it\/wp-json\/wp\/v2\/media?parent=6930"}],"wp:term":[{"taxonomy":"production_categories","embeddable":true,"href":"https:\/\/www.auditorium.com\/it\/wp-json\/wp\/v2\/production_categories?post=6930"}],"curies":[{"name":"wp","href":"https:\/\/api.w.org\/{rel}","templated":true}]}}