{"id":42281,"date":"2025-10-07T10:50:24","date_gmt":"2025-10-07T08:50:24","guid":{"rendered":"https:\/\/www.auditorium.com\/?post_type=productions&#038;p=42281"},"modified":"2025-10-07T11:04:36","modified_gmt":"2025-10-07T09:04:36","slug":"francesco-bearzatti","status":"publish","type":"productions","link":"https:\/\/www.auditorium.com\/it\/productions\/francesco-bearzatti\/","title":{"rendered":"X (SUITE FOR MALCOLM)"},"content":{"rendered":"<p>A distanza di 15 anni, nel centesimo anniversario della nascita di Malcolm X, esce la ristampa in vinile del disco di Francesco Bearzatti Tinissima Quartet \u201cX (Suite for Malcolm)\u201d uno dei progetti della Parco della Musica Records che ha ottenuto pi\u00f9 riconoscimenti da parte del pubblico e della critica arrivando a conquistare anche il Top Jazz 2010 come miglior album e migliore formazione.<\/p>\n<p>Per celebrare l\u2019evento il gruppo si esibir\u00e0 dal vivo il 17 giugno nell\u2019ambito di Summertime 2025, la stagione estiva della Casa del Jazz.<\/p>\n<p>Come afferma Francesco Bearzatti \u201cA distanza di 15 anni la musica che ho composto per raccontare la storia di Malcolm X e omaggiare la musica afroamericana torna a risuonare con questa ristampa su vinile di un disco che, a suo tempo, \u00e8 stato foriero di enormi soddisfazioni, riconoscimenti e innumerevoli concerti con il Tinissima Quartet che qui, ancora una volta, ringrazio per il loro apporto e la loro amicizia\u201d.<\/p>\n<p>La Malcolm X Suite \u00e8 un concept album dedicato al leader afroamericano, realizzato come progetto multimediale che prevede la proiezione dal vivo delle illustrazioni di Francesco Chiacchio, durante l&#8217;esecuzione dei brani.<\/p>\n<p>\u00c8 un caleidoscopio di idee e di accenti che muta continuamente, dalle atmosfere pi\u00f9 liriche e raccolte alle sonorit\u00e0 pi\u00f9 rock, dance, hip hop, composto e arrangiato per esaltare le possibilit\u00e0 espressive di quattro fra i musicisti pi\u00f9 ispirati e versatili del panorama internazionale.<\/p>\n<p>\u00c8 un omaggio all\u2019uomo che con la sua azione e il suo pensiero ha contribuito a imprimere un cambiamento radicale nel rapporto fra cittadini bianchi e di colore negli Stati Uniti, il suo messaggio di libert\u00e0 e dignit\u00e0 \u00e8 andato ben oltre la difesa dei diritti contro il segregazionismo in America, nonostante le numerose manipolazioni e le interpretazioni riduttive che ne sono state date.<\/p>\n<p>La vita e l&#8217;impegno di Malcolm X sono tradotti in una musica intensa e incalzante, fatta di melodie struggenti e di accelerazioni improvvise, nel segno di una fortissima tensione. L\u2019energia che la band riesce a generare \u00e8 sorprendente: l\u2019assoluta libert\u00e0 espressiva e l\u2019interplay rodato in centinaia di concerti in tutto il mondo con la Suite for Tina Modotti fanno di ogni concerto del gruppo un\u2019esperienza musicale difficile da dimenticare, esaltata dalla bellezza e dall\u2019impatto delle immagini.<\/p>\n<p>\u201cLa storia di Malcolm X \u00e8 emozionante e profondamente umana\u201d ha detto Bearzatti. \u201cQuando ho iniziato a scrivere avevo in testa la sua vita e volevo raccontarla. Malcolm X e Tina Modotti sono personaggi importantissimi ma non abbastanza celebrati per la loro forza e capacit\u00e0. Malcolm \u00e8 uno degli uomini pi\u00f9 intelligenti e pi\u00f9 attivi che abbiano contribuito a cambiare l\u2019aspetto sociale degli afroamericani: mi \u00e8 sembrato giusto metterlo in risalto, dare un mio contributo per riscoprirlo.\u201d<\/p>\n<p><strong>Tinissima Quartet<\/strong><\/p>\n<p>Sassofonista, clarinettista e compositore, <strong>Francesco Bearzatti<\/strong> \u00e8 un artista versatile, sessionman prezioso e leader di alcuni dei gruppi pi\u00f9 innovativi degli ultimi anni. Dal rock al jazz alla musica elettronica, Bearzatti unisce ai suoi lavori una cultura versatile e inquieta, confluita nei suoi ultimi progetti pi\u00f9 trasversali, dal Bizart Trio alla rilettura dei brani dei Led Zeppelin dei Sax Pistols, fino al Tinissima Quartet.<\/p>\n<p>Trombettista e compositore, affermato sulla scena internazionale, <strong>Giovanni Falzone<\/strong> \u00e8 certamente oggi uno dei pi\u00f9 originali trombettisti in circolazione. Suona con orchestre e gruppi da camera dividendo le sue passioni tra il jazz e la musica classica. \u00c8 dotato di un suono unico e personale. Regala capitoli di straordinaria intensit\u00e0, come leader di alcune formazioni che incidono per Soul Note.<\/p>\n<p>Contrabbasso, basso acustico e elettrico, balalaika, <strong>Danilo Gallo<\/strong> \u00e8 nato a Foggia, ma \u00e8 da inquadrare nel forte movimento artistico-musicale che si sviluppa nel nord-est italiano.<\/p>\n<p>Con <strong>Zeno De Rossi<\/strong>, batterista leader di molteplici gruppi e musicista fra i pi\u00f9 richiesti in Italia, e una manciata di liberi pensatori fonda El Gallo Rojo Records, non solo una casa discografica indipendente, ma anche importante comunit\u00e0 di artisti, centro di riflessione e divulgazione di idee musicali.<\/p>\n<p><strong>Francesco Chiacchio<\/strong> \u00e8 un disegnatore fiorentino. Ha incontrato il jazz dalla pubblicazione delle prime illustrazioni per la rivista Jazzit, fino alla realizzazione del libro illustrato \u201c90 secondi all\u2019inferno. Storie Jazz\u201d di Gianluca Monastra e Massimo Basile.<\/p>\n","protected":false},"excerpt":{"rendered":"A distanza di 15 anni, nel centesimo anniversario della nascita di Malcolm X, esce la ristampa in vinile del disco di Francesco Bearzatti Tinissima Quartet \u201cX (Suite for Malcolm)\u201d uno dei progetti della Parco della Musica Records che ha ottenuto pi\u00f9 riconoscimenti da parte del pubblico e della critica arrivando a conquistare anche il Top [&hellip;]","protected":false},"featured_media":42282,"template":"","meta":{"_acf_changed":false,"inline_featured_image":false},"production_categories":[],"class_list":["post-42281","productions","type-productions","status-publish","has-post-thumbnail","hentry"],"acf":[],"yoast_head":"<!-- This site is optimized with the Yoast SEO plugin v22.6 - https:\/\/yoast.com\/wordpress\/plugins\/seo\/ -->\n<title>X (SUITE FOR MALCOLM) | Auditorium Parco della Musica Ennio Morricone<\/title>\n<meta name=\"robots\" content=\"index, follow, max-snippet:-1, max-image-preview:large, max-video-preview:-1\" \/>\n<link rel=\"canonical\" href=\"https:\/\/www.auditorium.com\/it\/productions\/francesco-bearzatti\/\" \/>\n<meta property=\"og:locale\" content=\"it_IT\" \/>\n<meta property=\"og:type\" content=\"article\" \/>\n<meta property=\"og:title\" content=\"X (SUITE FOR MALCOLM) | Auditorium Parco della Musica Ennio Morricone\" \/>\n<meta property=\"og:description\" content=\"A distanza di 15 anni, nel centesimo anniversario della nascita di Malcolm X, esce la ristampa in vinile del disco di Francesco Bearzatti Tinissima Quartet \u201cX (Suite for Malcolm)\u201d uno dei progetti della Parco della Musica Records che ha ottenuto pi\u00f9 riconoscimenti da parte del pubblico e della critica arrivando a conquistare anche il Top [&hellip;]\" \/>\n<meta property=\"og:url\" content=\"https:\/\/www.auditorium.com\/it\/productions\/francesco-bearzatti\/\" \/>\n<meta property=\"og:site_name\" content=\"Auditorium Parco della Musica Ennio Morricone\" \/>\n<meta property=\"article:publisher\" content=\"https:\/\/www.facebook.com\/AuditoriumParcodellaMusica\" \/>\n<meta property=\"article:modified_time\" content=\"2025-10-07T09:04:36+00:00\" \/>\n<meta property=\"og:image\" content=\"https:\/\/www.auditorium.com\/wp-content\/uploads\/2025\/10\/image002.jpg\" \/>\n\t<meta property=\"og:image:width\" content=\"2200\" \/>\n\t<meta property=\"og:image:height\" content=\"2200\" \/>\n\t<meta property=\"og:image:type\" content=\"image\/jpeg\" \/>\n<meta name=\"twitter:card\" content=\"summary_large_image\" \/>\n<meta name=\"twitter:site\" content=\"@auditoriumpdm\" \/>\n<meta name=\"twitter:label1\" content=\"Tempo di lettura stimato\" \/>\n\t<meta name=\"twitter:data1\" content=\"4 minuti\" \/>\n<script type=\"application\/ld+json\" class=\"yoast-schema-graph\">{\"@context\":\"https:\/\/schema.org\",\"@graph\":[{\"@type\":\"WebPage\",\"@id\":\"https:\/\/www.auditorium.com\/it\/productions\/francesco-bearzatti\/\",\"url\":\"https:\/\/www.auditorium.com\/it\/productions\/francesco-bearzatti\/\",\"name\":\"X (SUITE FOR MALCOLM) | Auditorium Parco della Musica Ennio Morricone\",\"isPartOf\":{\"@id\":\"https:\/\/www.auditorium.com\/it\/#website\"},\"primaryImageOfPage\":{\"@id\":\"https:\/\/www.auditorium.com\/it\/productions\/francesco-bearzatti\/#primaryimage\"},\"image\":{\"@id\":\"https:\/\/www.auditorium.com\/it\/productions\/francesco-bearzatti\/#primaryimage\"},\"thumbnailUrl\":\"https:\/\/www.auditorium.com\/wp-content\/uploads\/2025\/10\/image002.jpg\",\"datePublished\":\"2025-10-07T08:50:24+00:00\",\"dateModified\":\"2025-10-07T09:04:36+00:00\",\"breadcrumb\":{\"@id\":\"https:\/\/www.auditorium.com\/it\/productions\/francesco-bearzatti\/#breadcrumb\"},\"inLanguage\":\"it-IT\",\"potentialAction\":[{\"@type\":\"ReadAction\",\"target\":[\"https:\/\/www.auditorium.com\/it\/productions\/francesco-bearzatti\/\"]}]},{\"@type\":\"ImageObject\",\"inLanguage\":\"it-IT\",\"@id\":\"https:\/\/www.auditorium.com\/it\/productions\/francesco-bearzatti\/#primaryimage\",\"url\":\"https:\/\/www.auditorium.com\/wp-content\/uploads\/2025\/10\/image002.jpg\",\"contentUrl\":\"https:\/\/www.auditorium.com\/wp-content\/uploads\/2025\/10\/image002.jpg\",\"width\":2200,\"height\":2200},{\"@type\":\"BreadcrumbList\",\"@id\":\"https:\/\/www.auditorium.com\/it\/productions\/francesco-bearzatti\/#breadcrumb\",\"itemListElement\":[{\"@type\":\"ListItem\",\"position\":1,\"name\":\"Home\",\"item\":\"https:\/\/www.auditorium.com\/it\/\"},{\"@type\":\"ListItem\",\"position\":2,\"name\":\"Produzioni\",\"item\":\"https:\/\/www.auditorium.com\/it\/productions\/\"},{\"@type\":\"ListItem\",\"position\":3,\"name\":\"X (SUITE FOR MALCOLM)\"}]},{\"@type\":\"WebSite\",\"@id\":\"https:\/\/www.auditorium.com\/it\/#website\",\"url\":\"https:\/\/www.auditorium.com\/it\/\",\"name\":\"Auditorium Parco della Musica Ennio Morricone\",\"description\":\"Progettato da Renzo Piano, l&#039;Auditorium rappresenta una sofisticata architettura musicale e uno straordinario intervento di riqualificazione urbana.\",\"publisher\":{\"@id\":\"https:\/\/www.auditorium.com\/it\/#organization\"},\"potentialAction\":[{\"@type\":\"SearchAction\",\"target\":{\"@type\":\"EntryPoint\",\"urlTemplate\":\"https:\/\/www.auditorium.com\/it\/?s={search_term_string}\"},\"query-input\":\"required name=search_term_string\"}],\"inLanguage\":\"it-IT\"},{\"@type\":\"Organization\",\"@id\":\"https:\/\/www.auditorium.com\/it\/#organization\",\"name\":\"Auditorium Parco della Musica Ennio Morricone\",\"url\":\"https:\/\/www.auditorium.com\/it\/\",\"logo\":{\"@type\":\"ImageObject\",\"inLanguage\":\"it-IT\",\"@id\":\"https:\/\/www.auditorium.com\/it\/#\/schema\/logo\/image\/\",\"url\":\"https:\/\/www.auditorium.com\/wp-content\/uploads\/2022\/12\/logo-auditorium.svg\",\"contentUrl\":\"https:\/\/www.auditorium.com\/wp-content\/uploads\/2022\/12\/logo-auditorium.svg\",\"width\":86,\"height\":79,\"caption\":\"Auditorium Parco della Musica Ennio Morricone\"},\"image\":{\"@id\":\"https:\/\/www.auditorium.com\/it\/#\/schema\/logo\/image\/\"},\"sameAs\":[\"https:\/\/www.facebook.com\/AuditoriumParcodellaMusica\",\"https:\/\/x.com\/auditoriumpdm\",\"https:\/\/www.instagram.com\/auditoriumparcodellamusica\/\"]}]}<\/script>\n<!-- \/ Yoast SEO plugin. -->","yoast_head_json":{"title":"X (SUITE FOR MALCOLM) | Auditorium Parco della Musica Ennio Morricone","robots":{"index":"index","follow":"follow","max-snippet":"max-snippet:-1","max-image-preview":"max-image-preview:large","max-video-preview":"max-video-preview:-1"},"canonical":"https:\/\/www.auditorium.com\/it\/productions\/francesco-bearzatti\/","og_locale":"it_IT","og_type":"article","og_title":"X (SUITE FOR MALCOLM) | Auditorium Parco della Musica Ennio Morricone","og_description":"A distanza di 15 anni, nel centesimo anniversario della nascita di Malcolm X, esce la ristampa in vinile del disco di Francesco Bearzatti Tinissima Quartet \u201cX (Suite for Malcolm)\u201d uno dei progetti della Parco della Musica Records che ha ottenuto pi\u00f9 riconoscimenti da parte del pubblico e della critica arrivando a conquistare anche il Top [&hellip;]","og_url":"https:\/\/www.auditorium.com\/it\/productions\/francesco-bearzatti\/","og_site_name":"Auditorium Parco della Musica Ennio Morricone","article_publisher":"https:\/\/www.facebook.com\/AuditoriumParcodellaMusica","article_modified_time":"2025-10-07T09:04:36+00:00","og_image":[{"width":2200,"height":2200,"url":"https:\/\/www.auditorium.com\/wp-content\/uploads\/2025\/10\/image002.jpg","type":"image\/jpeg"}],"twitter_card":"summary_large_image","twitter_site":"@auditoriumpdm","twitter_misc":{"Tempo di lettura stimato":"4 minuti"},"schema":{"@context":"https:\/\/schema.org","@graph":[{"@type":"WebPage","@id":"https:\/\/www.auditorium.com\/it\/productions\/francesco-bearzatti\/","url":"https:\/\/www.auditorium.com\/it\/productions\/francesco-bearzatti\/","name":"X (SUITE FOR MALCOLM) | Auditorium Parco della Musica Ennio Morricone","isPartOf":{"@id":"https:\/\/www.auditorium.com\/it\/#website"},"primaryImageOfPage":{"@id":"https:\/\/www.auditorium.com\/it\/productions\/francesco-bearzatti\/#primaryimage"},"image":{"@id":"https:\/\/www.auditorium.com\/it\/productions\/francesco-bearzatti\/#primaryimage"},"thumbnailUrl":"https:\/\/www.auditorium.com\/wp-content\/uploads\/2025\/10\/image002.jpg","datePublished":"2025-10-07T08:50:24+00:00","dateModified":"2025-10-07T09:04:36+00:00","breadcrumb":{"@id":"https:\/\/www.auditorium.com\/it\/productions\/francesco-bearzatti\/#breadcrumb"},"inLanguage":"it-IT","potentialAction":[{"@type":"ReadAction","target":["https:\/\/www.auditorium.com\/it\/productions\/francesco-bearzatti\/"]}]},{"@type":"ImageObject","inLanguage":"it-IT","@id":"https:\/\/www.auditorium.com\/it\/productions\/francesco-bearzatti\/#primaryimage","url":"https:\/\/www.auditorium.com\/wp-content\/uploads\/2025\/10\/image002.jpg","contentUrl":"https:\/\/www.auditorium.com\/wp-content\/uploads\/2025\/10\/image002.jpg","width":2200,"height":2200},{"@type":"BreadcrumbList","@id":"https:\/\/www.auditorium.com\/it\/productions\/francesco-bearzatti\/#breadcrumb","itemListElement":[{"@type":"ListItem","position":1,"name":"Home","item":"https:\/\/www.auditorium.com\/it\/"},{"@type":"ListItem","position":2,"name":"Produzioni","item":"https:\/\/www.auditorium.com\/it\/productions\/"},{"@type":"ListItem","position":3,"name":"X (SUITE FOR MALCOLM)"}]},{"@type":"WebSite","@id":"https:\/\/www.auditorium.com\/it\/#website","url":"https:\/\/www.auditorium.com\/it\/","name":"Auditorium Parco della Musica Ennio Morricone","description":"Progettato da Renzo Piano, l&#039;Auditorium rappresenta una sofisticata architettura musicale e uno straordinario intervento di riqualificazione urbana.","publisher":{"@id":"https:\/\/www.auditorium.com\/it\/#organization"},"potentialAction":[{"@type":"SearchAction","target":{"@type":"EntryPoint","urlTemplate":"https:\/\/www.auditorium.com\/it\/?s={search_term_string}"},"query-input":"required name=search_term_string"}],"inLanguage":"it-IT"},{"@type":"Organization","@id":"https:\/\/www.auditorium.com\/it\/#organization","name":"Auditorium Parco della Musica Ennio Morricone","url":"https:\/\/www.auditorium.com\/it\/","logo":{"@type":"ImageObject","inLanguage":"it-IT","@id":"https:\/\/www.auditorium.com\/it\/#\/schema\/logo\/image\/","url":"https:\/\/www.auditorium.com\/wp-content\/uploads\/2022\/12\/logo-auditorium.svg","contentUrl":"https:\/\/www.auditorium.com\/wp-content\/uploads\/2022\/12\/logo-auditorium.svg","width":86,"height":79,"caption":"Auditorium Parco della Musica Ennio Morricone"},"image":{"@id":"https:\/\/www.auditorium.com\/it\/#\/schema\/logo\/image\/"},"sameAs":["https:\/\/www.facebook.com\/AuditoriumParcodellaMusica","https:\/\/x.com\/auditoriumpdm","https:\/\/www.instagram.com\/auditoriumparcodellamusica\/"]}]}},"_links":{"self":[{"href":"https:\/\/www.auditorium.com\/it\/wp-json\/wp\/v2\/productions\/42281","targetHints":{"allow":["GET"]}}],"collection":[{"href":"https:\/\/www.auditorium.com\/it\/wp-json\/wp\/v2\/productions"}],"about":[{"href":"https:\/\/www.auditorium.com\/it\/wp-json\/wp\/v2\/types\/productions"}],"wp:featuredmedia":[{"embeddable":true,"href":"https:\/\/www.auditorium.com\/it\/wp-json\/wp\/v2\/media\/42282"}],"wp:attachment":[{"href":"https:\/\/www.auditorium.com\/it\/wp-json\/wp\/v2\/media?parent=42281"}],"wp:term":[{"taxonomy":"production_categories","embeddable":true,"href":"https:\/\/www.auditorium.com\/it\/wp-json\/wp\/v2\/production_categories?post=42281"}],"curies":[{"name":"wp","href":"https:\/\/api.w.org\/{rel}","templated":true}]}}