{"id":9370,"date":"2023-06-08T16:11:50","date_gmt":"2023-06-08T15:11:50","guid":{"rendered":"https:\/\/www.auditorium.com\/?post_type=event&#038;p=9370"},"modified":"2023-06-10T12:29:50","modified_gmt":"2023-06-10T11:29:50","slug":"peter-brook-marie-helene-estienne-tempest-project-5","status":"publish","type":"event","link":"https:\/\/www.auditorium.com\/it\/event\/peter-brook-marie-helene-estienne-tempest-project-5\/","title":{"rendered":"Peter Brook &#038; Marie-H\u00e9l\u00e8ne Estienne: &#8220;Tempest Project&#8221;"},"content":{"rendered":"<p>A circa un anno dalla sua scomparsa, il Romaeuropa Festival omaggia il Maestro <strong>Peter Brook<\/strong>, tra le figure pi\u00f9 emblematiche e rivoluzionarie della storia del teatro contemporaneo e tra gli artisti che hanno segnato il percorso del festival stesso. Ultima rivisitazione del celebre testo shakespeariano (pi\u00f9 volte nel repertorio di <strong>Brook<\/strong>), &#8220;Tempest Project&#8221; sembra condensare estetiche e pratiche care al regista inglese.\u00a0\u00abLa tempesta \u00e8 un enigma, \u00e8 una favola in cui nulla sembra poter essere preso alla lettera e se rimani in superficie la sua qualit\u00e0 nascosta ti sfugge \u2013 aveva scritto nelle note di regia insieme alla regista, drammaturga e sua assistente <strong>Marie-H\u00e9l\u00e8ne Estienne<\/strong>. Una parola che ricorre molto spesso nella commedia \u00e8 la parola \u201clibert\u00e0\u201d e come sempre con Shakespeare la parola non \u00e8 usata in modo ovvio, diventa una suggestione che riecheggia in tutta la pi\u00e8ce come un\u2019eco. Calibano vuole la sua libert\u00e0, Ariel vuole una libert\u00e0 ancora differente e Prospero deve liberarsi dal compito che si \u00e8 prefisso, la vendetta e tutto ci\u00f2 che ne consegue e che gli impedisce di essere libero\u00bb. \u00c8 alla libert\u00e0 che si rivolge allora &#8220;The Tempest Project&#8221; radunando su una scena semplice e allo stesso potente (come nello straordinario vocabolario scenico di <strong>Brook<\/strong>) cinque interpreti di differenti nazionalit\u00e0 per aprire il senso del testo alla ricerca del mistero ardente racchiuso in questo concetto, del suo valore universale.<\/p>\n","protected":false},"excerpt":{"rendered":"A circa un anno dalla sua scomparsa, il Romaeuropa Festival omaggia il Maestro Peter Brook, tra le figure pi\u00f9 emblematiche e rivoluzionarie della storia del teatro contemporaneo e tra gli artisti che hanno segnato il percorso del festival stesso.","protected":false},"featured_media":9364,"template":"","meta":{"_acf_changed":false,"inline_featured_image":false},"event_categories":[16],"event_genre":[69],"event_themes":[],"event_format":[74],"event_consigliati":[],"class_list":["post-9370","event","type-event","status-publish","has-post-thumbnail","hentry","event_categories-teatro","event_genre-teatro","event_format-festival"],"acf":[],"yoast_head":"<!-- This site is optimized with the Yoast SEO plugin v22.6 - https:\/\/yoast.com\/wordpress\/plugins\/seo\/ -->\n<title>Peter Brook &amp; Marie-H\u00e9l\u00e8ne Estienne: &quot;Tempest Project&quot; | Auditorium Parco della Musica Ennio Morricone<\/title>\n<meta name=\"description\" content=\"A circa un anno dalla sua scomparsa, il Romaeuropa Festival omaggia il Maestro Peter Brook, tra le figure pi\u00f9 emblematiche e rivoluzionarie della storia del teatro contemporaneo e tra gli artisti che hanno segnato il percorso del festival stesso.\" \/>\n<meta name=\"robots\" content=\"index, follow, max-snippet:-1, max-image-preview:large, max-video-preview:-1\" \/>\n<link rel=\"canonical\" href=\"https:\/\/www.auditorium.com\/it\/event\/peter-brook-marie-helene-estienne-tempest-project-5\/\" \/>\n<meta property=\"og:locale\" content=\"it_IT\" \/>\n<meta property=\"og:type\" content=\"article\" \/>\n<meta property=\"og:title\" content=\"Peter Brook &amp; Marie-H\u00e9l\u00e8ne Estienne: &quot;Tempest Project&quot; | Auditorium Parco della Musica Ennio Morricone\" \/>\n<meta property=\"og:description\" content=\"A circa un anno dalla sua scomparsa, il Romaeuropa Festival omaggia il Maestro Peter Brook, tra le figure pi\u00f9 emblematiche e rivoluzionarie della storia del teatro contemporaneo e tra gli artisti che hanno segnato il percorso del festival stesso.\" \/>\n<meta property=\"og:url\" content=\"https:\/\/www.auditorium.com\/it\/event\/peter-brook-marie-helene-estienne-tempest-project-5\/\" \/>\n<meta property=\"og:site_name\" content=\"Auditorium Parco della Musica Ennio Morricone\" \/>\n<meta property=\"article:publisher\" content=\"https:\/\/www.facebook.com\/AuditoriumParcodellaMusica\" \/>\n<meta property=\"article:modified_time\" content=\"2023-06-10T11:29:50+00:00\" \/>\n<meta property=\"og:image\" content=\"https:\/\/www.auditorium.com\/wp-content\/uploads\/2023\/06\/Ery-Nzaramba-Sylvain-Levitte_Tempest-\u00a9-Marie-Clauzade-scaled-1-e1686236542432.jpg\" \/>\n\t<meta property=\"og:image:width\" content=\"2560\" \/>\n\t<meta property=\"og:image:height\" content=\"1190\" \/>\n\t<meta property=\"og:image:type\" content=\"image\/jpeg\" \/>\n<meta name=\"twitter:card\" content=\"summary_large_image\" \/>\n<meta name=\"twitter:site\" content=\"@auditoriumpdm\" \/>\n<meta name=\"twitter:label1\" content=\"Tempo di lettura stimato\" \/>\n\t<meta name=\"twitter:data1\" content=\"2 minuti\" \/>\n<script type=\"application\/ld+json\" class=\"yoast-schema-graph\">{\"@context\":\"https:\/\/schema.org\",\"@graph\":[{\"@type\":\"WebPage\",\"@id\":\"https:\/\/www.auditorium.com\/it\/event\/peter-brook-marie-helene-estienne-tempest-project-5\/\",\"url\":\"https:\/\/www.auditorium.com\/it\/event\/peter-brook-marie-helene-estienne-tempest-project-5\/\",\"name\":\"Peter Brook & Marie-H\u00e9l\u00e8ne Estienne: \\\"Tempest Project\\\" | Auditorium Parco della Musica Ennio Morricone\",\"isPartOf\":{\"@id\":\"https:\/\/www.auditorium.com\/it\/#website\"},\"primaryImageOfPage\":{\"@id\":\"https:\/\/www.auditorium.com\/it\/event\/peter-brook-marie-helene-estienne-tempest-project-5\/#primaryimage\"},\"image\":{\"@id\":\"https:\/\/www.auditorium.com\/it\/event\/peter-brook-marie-helene-estienne-tempest-project-5\/#primaryimage\"},\"thumbnailUrl\":\"https:\/\/www.auditorium.com\/wp-content\/uploads\/2023\/06\/Ery-Nzaramba-Sylvain-Levitte_Tempest-\u00a9-Marie-Clauzade-scaled-1-e1686236542432.jpg\",\"datePublished\":\"2023-06-08T15:11:50+00:00\",\"dateModified\":\"2023-06-10T11:29:50+00:00\",\"description\":\"A circa un anno dalla sua scomparsa, il Romaeuropa Festival omaggia il Maestro Peter Brook, tra le figure pi\u00f9 emblematiche e rivoluzionarie della storia del teatro contemporaneo e tra gli artisti che hanno segnato il percorso del festival stesso.\",\"breadcrumb\":{\"@id\":\"https:\/\/www.auditorium.com\/it\/event\/peter-brook-marie-helene-estienne-tempest-project-5\/#breadcrumb\"},\"inLanguage\":\"it-IT\",\"potentialAction\":[{\"@type\":\"ReadAction\",\"target\":[\"https:\/\/www.auditorium.com\/it\/event\/peter-brook-marie-helene-estienne-tempest-project-5\/\"]}]},{\"@type\":\"ImageObject\",\"inLanguage\":\"it-IT\",\"@id\":\"https:\/\/www.auditorium.com\/it\/event\/peter-brook-marie-helene-estienne-tempest-project-5\/#primaryimage\",\"url\":\"https:\/\/www.auditorium.com\/wp-content\/uploads\/2023\/06\/Ery-Nzaramba-Sylvain-Levitte_Tempest-\u00a9-Marie-Clauzade-scaled-1-e1686236542432.jpg\",\"contentUrl\":\"https:\/\/www.auditorium.com\/wp-content\/uploads\/2023\/06\/Ery-Nzaramba-Sylvain-Levitte_Tempest-\u00a9-Marie-Clauzade-scaled-1-e1686236542432.jpg\",\"width\":2560,\"height\":1190},{\"@type\":\"BreadcrumbList\",\"@id\":\"https:\/\/www.auditorium.com\/it\/event\/peter-brook-marie-helene-estienne-tempest-project-5\/#breadcrumb\",\"itemListElement\":[{\"@type\":\"ListItem\",\"position\":1,\"name\":\"Home\",\"item\":\"https:\/\/www.auditorium.com\/it\/\"},{\"@type\":\"ListItem\",\"position\":2,\"name\":\"Peter Brook &#038; Marie-H\u00e9l\u00e8ne Estienne: &#8220;Tempest Project&#8221;\"}]},{\"@type\":\"WebSite\",\"@id\":\"https:\/\/www.auditorium.com\/it\/#website\",\"url\":\"https:\/\/www.auditorium.com\/it\/\",\"name\":\"Auditorium Parco della Musica Ennio Morricone\",\"description\":\"Progettato da Renzo Piano, l&#039;Auditorium rappresenta una sofisticata architettura musicale e uno straordinario intervento di riqualificazione urbana.\",\"publisher\":{\"@id\":\"https:\/\/www.auditorium.com\/it\/#organization\"},\"potentialAction\":[{\"@type\":\"SearchAction\",\"target\":{\"@type\":\"EntryPoint\",\"urlTemplate\":\"https:\/\/www.auditorium.com\/it\/?s={search_term_string}\"},\"query-input\":\"required name=search_term_string\"}],\"inLanguage\":\"it-IT\"},{\"@type\":\"Organization\",\"@id\":\"https:\/\/www.auditorium.com\/it\/#organization\",\"name\":\"Auditorium Parco della Musica Ennio Morricone\",\"url\":\"https:\/\/www.auditorium.com\/it\/\",\"logo\":{\"@type\":\"ImageObject\",\"inLanguage\":\"it-IT\",\"@id\":\"https:\/\/www.auditorium.com\/it\/#\/schema\/logo\/image\/\",\"url\":\"https:\/\/www.auditorium.com\/wp-content\/uploads\/2022\/12\/logo-auditorium.svg\",\"contentUrl\":\"https:\/\/www.auditorium.com\/wp-content\/uploads\/2022\/12\/logo-auditorium.svg\",\"width\":86,\"height\":79,\"caption\":\"Auditorium Parco della Musica Ennio Morricone\"},\"image\":{\"@id\":\"https:\/\/www.auditorium.com\/it\/#\/schema\/logo\/image\/\"},\"sameAs\":[\"https:\/\/www.facebook.com\/AuditoriumParcodellaMusica\",\"https:\/\/x.com\/auditoriumpdm\",\"https:\/\/www.instagram.com\/auditoriumparcodellamusica\/\"]}]}<\/script>\n<!-- \/ Yoast SEO plugin. -->","yoast_head_json":{"title":"Peter Brook & Marie-H\u00e9l\u00e8ne Estienne: \"Tempest Project\" | Auditorium Parco della Musica Ennio Morricone","description":"A circa un anno dalla sua scomparsa, il Romaeuropa Festival omaggia il Maestro Peter Brook, tra le figure pi\u00f9 emblematiche e rivoluzionarie della storia del teatro contemporaneo e tra gli artisti che hanno segnato il percorso del festival stesso.","robots":{"index":"index","follow":"follow","max-snippet":"max-snippet:-1","max-image-preview":"max-image-preview:large","max-video-preview":"max-video-preview:-1"},"canonical":"https:\/\/www.auditorium.com\/it\/event\/peter-brook-marie-helene-estienne-tempest-project-5\/","og_locale":"it_IT","og_type":"article","og_title":"Peter Brook & Marie-H\u00e9l\u00e8ne Estienne: \"Tempest Project\" | Auditorium Parco della Musica Ennio Morricone","og_description":"A circa un anno dalla sua scomparsa, il Romaeuropa Festival omaggia il Maestro Peter Brook, tra le figure pi\u00f9 emblematiche e rivoluzionarie della storia del teatro contemporaneo e tra gli artisti che hanno segnato il percorso del festival stesso.","og_url":"https:\/\/www.auditorium.com\/it\/event\/peter-brook-marie-helene-estienne-tempest-project-5\/","og_site_name":"Auditorium Parco della Musica Ennio Morricone","article_publisher":"https:\/\/www.facebook.com\/AuditoriumParcodellaMusica","article_modified_time":"2023-06-10T11:29:50+00:00","og_image":[{"width":2560,"height":1190,"url":"https:\/\/www.auditorium.com\/wp-content\/uploads\/2023\/06\/Ery-Nzaramba-Sylvain-Levitte_Tempest-\u00a9-Marie-Clauzade-scaled-1-e1686236542432.jpg","type":"image\/jpeg"}],"twitter_card":"summary_large_image","twitter_site":"@auditoriumpdm","twitter_misc":{"Tempo di lettura stimato":"2 minuti"},"schema":{"@context":"https:\/\/schema.org","@graph":[{"@type":"WebPage","@id":"https:\/\/www.auditorium.com\/it\/event\/peter-brook-marie-helene-estienne-tempest-project-5\/","url":"https:\/\/www.auditorium.com\/it\/event\/peter-brook-marie-helene-estienne-tempest-project-5\/","name":"Peter Brook & Marie-H\u00e9l\u00e8ne Estienne: \"Tempest Project\" | Auditorium Parco della Musica Ennio Morricone","isPartOf":{"@id":"https:\/\/www.auditorium.com\/it\/#website"},"primaryImageOfPage":{"@id":"https:\/\/www.auditorium.com\/it\/event\/peter-brook-marie-helene-estienne-tempest-project-5\/#primaryimage"},"image":{"@id":"https:\/\/www.auditorium.com\/it\/event\/peter-brook-marie-helene-estienne-tempest-project-5\/#primaryimage"},"thumbnailUrl":"https:\/\/www.auditorium.com\/wp-content\/uploads\/2023\/06\/Ery-Nzaramba-Sylvain-Levitte_Tempest-\u00a9-Marie-Clauzade-scaled-1-e1686236542432.jpg","datePublished":"2023-06-08T15:11:50+00:00","dateModified":"2023-06-10T11:29:50+00:00","description":"A circa un anno dalla sua scomparsa, il Romaeuropa Festival omaggia il Maestro Peter Brook, tra le figure pi\u00f9 emblematiche e rivoluzionarie della storia del teatro contemporaneo e tra gli artisti che hanno segnato il percorso del festival stesso.","breadcrumb":{"@id":"https:\/\/www.auditorium.com\/it\/event\/peter-brook-marie-helene-estienne-tempest-project-5\/#breadcrumb"},"inLanguage":"it-IT","potentialAction":[{"@type":"ReadAction","target":["https:\/\/www.auditorium.com\/it\/event\/peter-brook-marie-helene-estienne-tempest-project-5\/"]}]},{"@type":"ImageObject","inLanguage":"it-IT","@id":"https:\/\/www.auditorium.com\/it\/event\/peter-brook-marie-helene-estienne-tempest-project-5\/#primaryimage","url":"https:\/\/www.auditorium.com\/wp-content\/uploads\/2023\/06\/Ery-Nzaramba-Sylvain-Levitte_Tempest-\u00a9-Marie-Clauzade-scaled-1-e1686236542432.jpg","contentUrl":"https:\/\/www.auditorium.com\/wp-content\/uploads\/2023\/06\/Ery-Nzaramba-Sylvain-Levitte_Tempest-\u00a9-Marie-Clauzade-scaled-1-e1686236542432.jpg","width":2560,"height":1190},{"@type":"BreadcrumbList","@id":"https:\/\/www.auditorium.com\/it\/event\/peter-brook-marie-helene-estienne-tempest-project-5\/#breadcrumb","itemListElement":[{"@type":"ListItem","position":1,"name":"Home","item":"https:\/\/www.auditorium.com\/it\/"},{"@type":"ListItem","position":2,"name":"Peter Brook &#038; Marie-H\u00e9l\u00e8ne Estienne: &#8220;Tempest Project&#8221;"}]},{"@type":"WebSite","@id":"https:\/\/www.auditorium.com\/it\/#website","url":"https:\/\/www.auditorium.com\/it\/","name":"Auditorium Parco della Musica Ennio Morricone","description":"Progettato da Renzo Piano, l&#039;Auditorium rappresenta una sofisticata architettura musicale e uno straordinario intervento di riqualificazione urbana.","publisher":{"@id":"https:\/\/www.auditorium.com\/it\/#organization"},"potentialAction":[{"@type":"SearchAction","target":{"@type":"EntryPoint","urlTemplate":"https:\/\/www.auditorium.com\/it\/?s={search_term_string}"},"query-input":"required name=search_term_string"}],"inLanguage":"it-IT"},{"@type":"Organization","@id":"https:\/\/www.auditorium.com\/it\/#organization","name":"Auditorium Parco della Musica Ennio Morricone","url":"https:\/\/www.auditorium.com\/it\/","logo":{"@type":"ImageObject","inLanguage":"it-IT","@id":"https:\/\/www.auditorium.com\/it\/#\/schema\/logo\/image\/","url":"https:\/\/www.auditorium.com\/wp-content\/uploads\/2022\/12\/logo-auditorium.svg","contentUrl":"https:\/\/www.auditorium.com\/wp-content\/uploads\/2022\/12\/logo-auditorium.svg","width":86,"height":79,"caption":"Auditorium Parco della Musica Ennio Morricone"},"image":{"@id":"https:\/\/www.auditorium.com\/it\/#\/schema\/logo\/image\/"},"sameAs":["https:\/\/www.facebook.com\/AuditoriumParcodellaMusica","https:\/\/x.com\/auditoriumpdm","https:\/\/www.instagram.com\/auditoriumparcodellamusica\/"]}]}},"_links":{"self":[{"href":"https:\/\/www.auditorium.com\/it\/wp-json\/wp\/v2\/event\/9370","targetHints":{"allow":["GET"]}}],"collection":[{"href":"https:\/\/www.auditorium.com\/it\/wp-json\/wp\/v2\/event"}],"about":[{"href":"https:\/\/www.auditorium.com\/it\/wp-json\/wp\/v2\/types\/event"}],"wp:featuredmedia":[{"embeddable":true,"href":"https:\/\/www.auditorium.com\/it\/wp-json\/wp\/v2\/media\/9364"}],"wp:attachment":[{"href":"https:\/\/www.auditorium.com\/it\/wp-json\/wp\/v2\/media?parent=9370"}],"wp:term":[{"taxonomy":"event_categories","embeddable":true,"href":"https:\/\/www.auditorium.com\/it\/wp-json\/wp\/v2\/event_categories?post=9370"},{"taxonomy":"event_genre","embeddable":true,"href":"https:\/\/www.auditorium.com\/it\/wp-json\/wp\/v2\/event_genre?post=9370"},{"taxonomy":"event_themes","embeddable":true,"href":"https:\/\/www.auditorium.com\/it\/wp-json\/wp\/v2\/event_themes?post=9370"},{"taxonomy":"event_format","embeddable":true,"href":"https:\/\/www.auditorium.com\/it\/wp-json\/wp\/v2\/event_format?post=9370"},{"taxonomy":"event_consigliati","embeddable":true,"href":"https:\/\/www.auditorium.com\/it\/wp-json\/wp\/v2\/event_consigliati?post=9370"}],"curies":[{"name":"wp","href":"https:\/\/api.w.org\/{rel}","templated":true}]}}