{"id":4982,"date":"2023-03-17T10:31:28","date_gmt":"2023-03-17T09:31:28","guid":{"rendered":"https:\/\/www.auditorium.com\/?post_type=event&#038;p=4982"},"modified":"2023-03-21T11:51:55","modified_gmt":"2023-03-21T10:51:55","slug":"igort-quaderni-ucraini-diario-di-un-invasione","status":"publish","type":"event","link":"https:\/\/www.auditorium.com\/it\/event\/igort-quaderni-ucraini-diario-di-un-invasione\/","title":{"rendered":"&#8220;Quaderni Ucraini. Diario di un\u2019invasione&#8221; di Igort"},"content":{"rendered":"<div class=\"elementToProof\"><\/div>\n<p class=\"elementToProof\"><span class=\"ContentPasted1\">La<span class=\"xcontentpasted0\"> tradizionale mostra di fumetti, che segue una linea iniziata molti anni fa e che ha portato in Auditorium Parco della Musica Ennio Morricone i lavori di autori e artisti come <strong>Altan<\/strong>, <strong>Zerocalcare<\/strong>, <strong>Makkox<\/strong>, <strong>Ellekappa<\/strong>, <strong>Mauro Biani<\/strong> e <strong>Gianluca Costantini<\/strong>, quest\u2019anno sar\u00e0 dedicata all\u2019Ucraina attraverso i disegni di <strong>Igort<\/strong>. &#8220;<\/span><\/span><span class=\"ContentPasted1\"><span class=\"xcontentpasted0\">Quaderni Ucraini. Diario di un\u2019invasione&#8221;\u00a0\u00e8 il titolo del suo ultimo libro e della mostra \u2013 a cura di <strong>Rosa Polacco<\/strong>, in collaborazione con Oblomov Edizioni \u2013\u00a0che ne abbiamo tratto: un testo che ci ricorda, come scrive l\u2019autore, che \u201cUna guerra \u00e8 sempre e solo una sporca guerra. Non c\u2019\u00e8 epica, non c\u2019\u00e8 gloria, solo miseria\u201d. <\/span>\u00a0<\/span><\/p>\n<p class=\"elementToProof\"><span class=\"ContentPasted1\"><strong>Igort<\/strong>, nome d\u2019arte di <strong>Igor Tuveri<\/strong>, \u00e8 personalit\u00e0 poliedrica di artista. Autore prolifico di graphic novel pluripremiati, regista, illustratore ed editore, \u00e8 anche autore di racconti, romanzi e musiche. \u00c8 stato il primo occidentale a disegnare un manga in Giappone e ha pubblicato su tutte le pi\u00f9 prestigiose riviste italiane e internazionali. Nutrendosi di lunghe permanenze in Giappone e nei paesi dell\u2019ex Unione Sovietica, ha maturato uno stile espressivo che unisce le peculiarit\u00e0 del graphic novel, di cui \u00e8 maestro riconosciuto, e del graphic journalism, diventando una voce tra le pi\u00f9 originali del panorama artistico internazionale.<br \/>\n<\/span><\/p>\n","protected":false},"excerpt":{"rendered":"La tradizionale mostra di fumetti, che segue una linea iniziata molti anni fa e che ha portato in Auditorium Parco della Musica Ennio Morricone i lavori di autori e artisti come Altan, Zerocalcare, Makkox, Ellekappa, Mauro Biani e Gianluca Costantini, quest\u2019anno sar\u00e0 dedicata all\u2019Ucraina attraverso i disegni di Igort. &#8220;Quaderni Ucraini. Diario di un\u2019invasione&#8221;\u00a0\u00e8 il [&hellip;]","protected":false},"featured_media":5186,"template":"","meta":{"_acf_changed":false,"inline_featured_image":false},"event_categories":[],"event_genre":[],"event_themes":[],"event_format":[78],"event_consigliati":[],"class_list":["post-4982","event","type-event","status-publish","has-post-thumbnail","hentry","event_format-mostre"],"acf":[],"yoast_head":"<!-- This site is optimized with the Yoast SEO plugin v22.6 - https:\/\/yoast.com\/wordpress\/plugins\/seo\/ -->\n<title>&quot;Quaderni Ucraini. Diario di un\u2019invasione&quot; di Igort | Auditorium Parco della Musica Ennio Morricone<\/title>\n<meta name=\"description\" content=\"La tradizionale mostra di fumetti quest\u2019anno sar\u00e0 dedicata all\u2019Ucraina attraverso i disegni di Igort.\u00a0\" \/>\n<meta name=\"robots\" content=\"index, follow, max-snippet:-1, max-image-preview:large, max-video-preview:-1\" \/>\n<link rel=\"canonical\" href=\"https:\/\/www.auditorium.com\/it\/event\/igort-quaderni-ucraini-diario-di-un-invasione\/\" \/>\n<meta property=\"og:locale\" content=\"it_IT\" \/>\n<meta property=\"og:type\" content=\"article\" \/>\n<meta property=\"og:title\" content=\"&quot;Quaderni Ucraini. Diario di un\u2019invasione&quot; di Igort | Auditorium Parco della Musica Ennio Morricone\" \/>\n<meta property=\"og:description\" content=\"La tradizionale mostra di fumetti quest\u2019anno sar\u00e0 dedicata all\u2019Ucraina attraverso i disegni di Igort.\u00a0\" \/>\n<meta property=\"og:url\" content=\"https:\/\/www.auditorium.com\/it\/event\/igort-quaderni-ucraini-diario-di-un-invasione\/\" \/>\n<meta property=\"og:site_name\" content=\"Auditorium Parco della Musica Ennio Morricone\" \/>\n<meta property=\"article:publisher\" content=\"https:\/\/www.facebook.com\/AuditoriumParcodellaMusica\" \/>\n<meta property=\"article:modified_time\" content=\"2023-03-21T10:51:55+00:00\" \/>\n<meta property=\"og:image\" content=\"https:\/\/www.auditorium.com\/wp-content\/uploads\/2023\/03\/igort--scaled.jpg\" \/>\n\t<meta property=\"og:image:width\" content=\"2560\" \/>\n\t<meta property=\"og:image:height\" content=\"1440\" \/>\n\t<meta property=\"og:image:type\" content=\"image\/jpeg\" \/>\n<meta name=\"twitter:card\" content=\"summary_large_image\" \/>\n<meta name=\"twitter:site\" content=\"@auditoriumpdm\" \/>\n<meta name=\"twitter:label1\" content=\"Tempo di lettura stimato\" \/>\n\t<meta name=\"twitter:data1\" content=\"2 minuti\" \/>\n<script type=\"application\/ld+json\" class=\"yoast-schema-graph\">{\"@context\":\"https:\/\/schema.org\",\"@graph\":[{\"@type\":\"WebPage\",\"@id\":\"https:\/\/www.auditorium.com\/it\/event\/igort-quaderni-ucraini-diario-di-un-invasione\/\",\"url\":\"https:\/\/www.auditorium.com\/it\/event\/igort-quaderni-ucraini-diario-di-un-invasione\/\",\"name\":\"\\\"Quaderni Ucraini. Diario di un\u2019invasione\\\" di Igort | Auditorium Parco della Musica Ennio Morricone\",\"isPartOf\":{\"@id\":\"https:\/\/www.auditorium.com\/it\/#website\"},\"primaryImageOfPage\":{\"@id\":\"https:\/\/www.auditorium.com\/it\/event\/igort-quaderni-ucraini-diario-di-un-invasione\/#primaryimage\"},\"image\":{\"@id\":\"https:\/\/www.auditorium.com\/it\/event\/igort-quaderni-ucraini-diario-di-un-invasione\/#primaryimage\"},\"thumbnailUrl\":\"https:\/\/www.auditorium.com\/wp-content\/uploads\/2023\/03\/igort--scaled.jpg\",\"datePublished\":\"2023-03-17T09:31:28+00:00\",\"dateModified\":\"2023-03-21T10:51:55+00:00\",\"description\":\"La tradizionale mostra di fumetti quest\u2019anno sar\u00e0 dedicata all\u2019Ucraina attraverso i disegni di Igort.\u00a0\",\"breadcrumb\":{\"@id\":\"https:\/\/www.auditorium.com\/it\/event\/igort-quaderni-ucraini-diario-di-un-invasione\/#breadcrumb\"},\"inLanguage\":\"it-IT\",\"potentialAction\":[{\"@type\":\"ReadAction\",\"target\":[\"https:\/\/www.auditorium.com\/it\/event\/igort-quaderni-ucraini-diario-di-un-invasione\/\"]}]},{\"@type\":\"ImageObject\",\"inLanguage\":\"it-IT\",\"@id\":\"https:\/\/www.auditorium.com\/it\/event\/igort-quaderni-ucraini-diario-di-un-invasione\/#primaryimage\",\"url\":\"https:\/\/www.auditorium.com\/wp-content\/uploads\/2023\/03\/igort--scaled.jpg\",\"contentUrl\":\"https:\/\/www.auditorium.com\/wp-content\/uploads\/2023\/03\/igort--scaled.jpg\",\"width\":2560,\"height\":1440},{\"@type\":\"BreadcrumbList\",\"@id\":\"https:\/\/www.auditorium.com\/it\/event\/igort-quaderni-ucraini-diario-di-un-invasione\/#breadcrumb\",\"itemListElement\":[{\"@type\":\"ListItem\",\"position\":1,\"name\":\"Home\",\"item\":\"https:\/\/www.auditorium.com\/it\/\"},{\"@type\":\"ListItem\",\"position\":2,\"name\":\"&#8220;Quaderni Ucraini. Diario di un\u2019invasione&#8221; di Igort\"}]},{\"@type\":\"WebSite\",\"@id\":\"https:\/\/www.auditorium.com\/it\/#website\",\"url\":\"https:\/\/www.auditorium.com\/it\/\",\"name\":\"Auditorium Parco della Musica Ennio Morricone\",\"description\":\"Progettato da Renzo Piano, l&#039;Auditorium rappresenta una sofisticata architettura musicale e uno straordinario intervento di riqualificazione urbana.\",\"publisher\":{\"@id\":\"https:\/\/www.auditorium.com\/it\/#organization\"},\"potentialAction\":[{\"@type\":\"SearchAction\",\"target\":{\"@type\":\"EntryPoint\",\"urlTemplate\":\"https:\/\/www.auditorium.com\/it\/?s={search_term_string}\"},\"query-input\":\"required name=search_term_string\"}],\"inLanguage\":\"it-IT\"},{\"@type\":\"Organization\",\"@id\":\"https:\/\/www.auditorium.com\/it\/#organization\",\"name\":\"Auditorium Parco della Musica Ennio Morricone\",\"url\":\"https:\/\/www.auditorium.com\/it\/\",\"logo\":{\"@type\":\"ImageObject\",\"inLanguage\":\"it-IT\",\"@id\":\"https:\/\/www.auditorium.com\/it\/#\/schema\/logo\/image\/\",\"url\":\"https:\/\/www.auditorium.com\/wp-content\/uploads\/2022\/12\/logo-auditorium.svg\",\"contentUrl\":\"https:\/\/www.auditorium.com\/wp-content\/uploads\/2022\/12\/logo-auditorium.svg\",\"width\":86,\"height\":79,\"caption\":\"Auditorium Parco della Musica Ennio Morricone\"},\"image\":{\"@id\":\"https:\/\/www.auditorium.com\/it\/#\/schema\/logo\/image\/\"},\"sameAs\":[\"https:\/\/www.facebook.com\/AuditoriumParcodellaMusica\",\"https:\/\/x.com\/auditoriumpdm\",\"https:\/\/www.instagram.com\/auditoriumparcodellamusica\/\"]}]}<\/script>\n<!-- \/ Yoast SEO plugin. -->","yoast_head_json":{"title":"\"Quaderni Ucraini. Diario di un\u2019invasione\" di Igort | Auditorium Parco della Musica Ennio Morricone","description":"La tradizionale mostra di fumetti quest\u2019anno sar\u00e0 dedicata all\u2019Ucraina attraverso i disegni di Igort.\u00a0","robots":{"index":"index","follow":"follow","max-snippet":"max-snippet:-1","max-image-preview":"max-image-preview:large","max-video-preview":"max-video-preview:-1"},"canonical":"https:\/\/www.auditorium.com\/it\/event\/igort-quaderni-ucraini-diario-di-un-invasione\/","og_locale":"it_IT","og_type":"article","og_title":"\"Quaderni Ucraini. Diario di un\u2019invasione\" di Igort | Auditorium Parco della Musica Ennio Morricone","og_description":"La tradizionale mostra di fumetti quest\u2019anno sar\u00e0 dedicata all\u2019Ucraina attraverso i disegni di Igort.\u00a0","og_url":"https:\/\/www.auditorium.com\/it\/event\/igort-quaderni-ucraini-diario-di-un-invasione\/","og_site_name":"Auditorium Parco della Musica Ennio Morricone","article_publisher":"https:\/\/www.facebook.com\/AuditoriumParcodellaMusica","article_modified_time":"2023-03-21T10:51:55+00:00","og_image":[{"width":2560,"height":1440,"url":"https:\/\/www.auditorium.com\/wp-content\/uploads\/2023\/03\/igort--scaled.jpg","type":"image\/jpeg"}],"twitter_card":"summary_large_image","twitter_site":"@auditoriumpdm","twitter_misc":{"Tempo di lettura stimato":"2 minuti"},"schema":{"@context":"https:\/\/schema.org","@graph":[{"@type":"WebPage","@id":"https:\/\/www.auditorium.com\/it\/event\/igort-quaderni-ucraini-diario-di-un-invasione\/","url":"https:\/\/www.auditorium.com\/it\/event\/igort-quaderni-ucraini-diario-di-un-invasione\/","name":"\"Quaderni Ucraini. Diario di un\u2019invasione\" di Igort | Auditorium Parco della Musica Ennio Morricone","isPartOf":{"@id":"https:\/\/www.auditorium.com\/it\/#website"},"primaryImageOfPage":{"@id":"https:\/\/www.auditorium.com\/it\/event\/igort-quaderni-ucraini-diario-di-un-invasione\/#primaryimage"},"image":{"@id":"https:\/\/www.auditorium.com\/it\/event\/igort-quaderni-ucraini-diario-di-un-invasione\/#primaryimage"},"thumbnailUrl":"https:\/\/www.auditorium.com\/wp-content\/uploads\/2023\/03\/igort--scaled.jpg","datePublished":"2023-03-17T09:31:28+00:00","dateModified":"2023-03-21T10:51:55+00:00","description":"La tradizionale mostra di fumetti quest\u2019anno sar\u00e0 dedicata all\u2019Ucraina attraverso i disegni di Igort.\u00a0","breadcrumb":{"@id":"https:\/\/www.auditorium.com\/it\/event\/igort-quaderni-ucraini-diario-di-un-invasione\/#breadcrumb"},"inLanguage":"it-IT","potentialAction":[{"@type":"ReadAction","target":["https:\/\/www.auditorium.com\/it\/event\/igort-quaderni-ucraini-diario-di-un-invasione\/"]}]},{"@type":"ImageObject","inLanguage":"it-IT","@id":"https:\/\/www.auditorium.com\/it\/event\/igort-quaderni-ucraini-diario-di-un-invasione\/#primaryimage","url":"https:\/\/www.auditorium.com\/wp-content\/uploads\/2023\/03\/igort--scaled.jpg","contentUrl":"https:\/\/www.auditorium.com\/wp-content\/uploads\/2023\/03\/igort--scaled.jpg","width":2560,"height":1440},{"@type":"BreadcrumbList","@id":"https:\/\/www.auditorium.com\/it\/event\/igort-quaderni-ucraini-diario-di-un-invasione\/#breadcrumb","itemListElement":[{"@type":"ListItem","position":1,"name":"Home","item":"https:\/\/www.auditorium.com\/it\/"},{"@type":"ListItem","position":2,"name":"&#8220;Quaderni Ucraini. Diario di un\u2019invasione&#8221; di Igort"}]},{"@type":"WebSite","@id":"https:\/\/www.auditorium.com\/it\/#website","url":"https:\/\/www.auditorium.com\/it\/","name":"Auditorium Parco della Musica Ennio Morricone","description":"Progettato da Renzo Piano, l&#039;Auditorium rappresenta una sofisticata architettura musicale e uno straordinario intervento di riqualificazione urbana.","publisher":{"@id":"https:\/\/www.auditorium.com\/it\/#organization"},"potentialAction":[{"@type":"SearchAction","target":{"@type":"EntryPoint","urlTemplate":"https:\/\/www.auditorium.com\/it\/?s={search_term_string}"},"query-input":"required name=search_term_string"}],"inLanguage":"it-IT"},{"@type":"Organization","@id":"https:\/\/www.auditorium.com\/it\/#organization","name":"Auditorium Parco della Musica Ennio Morricone","url":"https:\/\/www.auditorium.com\/it\/","logo":{"@type":"ImageObject","inLanguage":"it-IT","@id":"https:\/\/www.auditorium.com\/it\/#\/schema\/logo\/image\/","url":"https:\/\/www.auditorium.com\/wp-content\/uploads\/2022\/12\/logo-auditorium.svg","contentUrl":"https:\/\/www.auditorium.com\/wp-content\/uploads\/2022\/12\/logo-auditorium.svg","width":86,"height":79,"caption":"Auditorium Parco della Musica Ennio Morricone"},"image":{"@id":"https:\/\/www.auditorium.com\/it\/#\/schema\/logo\/image\/"},"sameAs":["https:\/\/www.facebook.com\/AuditoriumParcodellaMusica","https:\/\/x.com\/auditoriumpdm","https:\/\/www.instagram.com\/auditoriumparcodellamusica\/"]}]}},"_links":{"self":[{"href":"https:\/\/www.auditorium.com\/it\/wp-json\/wp\/v2\/event\/4982","targetHints":{"allow":["GET"]}}],"collection":[{"href":"https:\/\/www.auditorium.com\/it\/wp-json\/wp\/v2\/event"}],"about":[{"href":"https:\/\/www.auditorium.com\/it\/wp-json\/wp\/v2\/types\/event"}],"wp:featuredmedia":[{"embeddable":true,"href":"https:\/\/www.auditorium.com\/it\/wp-json\/wp\/v2\/media\/5186"}],"wp:attachment":[{"href":"https:\/\/www.auditorium.com\/it\/wp-json\/wp\/v2\/media?parent=4982"}],"wp:term":[{"taxonomy":"event_categories","embeddable":true,"href":"https:\/\/www.auditorium.com\/it\/wp-json\/wp\/v2\/event_categories?post=4982"},{"taxonomy":"event_genre","embeddable":true,"href":"https:\/\/www.auditorium.com\/it\/wp-json\/wp\/v2\/event_genre?post=4982"},{"taxonomy":"event_themes","embeddable":true,"href":"https:\/\/www.auditorium.com\/it\/wp-json\/wp\/v2\/event_themes?post=4982"},{"taxonomy":"event_format","embeddable":true,"href":"https:\/\/www.auditorium.com\/it\/wp-json\/wp\/v2\/event_format?post=4982"},{"taxonomy":"event_consigliati","embeddable":true,"href":"https:\/\/www.auditorium.com\/it\/wp-json\/wp\/v2\/event_consigliati?post=4982"}],"curies":[{"name":"wp","href":"https:\/\/api.w.org\/{rel}","templated":true}]}}