{"id":48984,"date":"2026-08-31T11:15:47","date_gmt":"2026-08-31T10:15:47","guid":{"rendered":"https:\/\/www.auditorium.com\/?post_type=event&#038;p=48984"},"modified":"2026-08-31T11:15:47","modified_gmt":"2026-08-31T10:15:47","slug":"ghemon-la-prima-volta-lultima-volta-lunica-volta","status":"publish","type":"event","link":"https:\/\/www.auditorium.com\/it\/event\/ghemon-la-prima-volta-lultima-volta-lunica-volta\/","title":{"rendered":"Ghemon &#8211; &#8220;La prima volta, l&#8217;ultima volta, l&#8217;unica volta&#8221;"},"content":{"rendered":"<p><span style=\"font-weight: 400;\"><strong><em>La prima volta, l\u2019ultima volta, l\u2019unica volta<\/em><\/strong> \u00e8 il secondo spettacolo di <strong>stand-up comedy<\/strong> di <strong>Ghemon<\/strong>.<\/span><\/p>\n<p><span style=\"font-weight: 400;\">Segue il successo di <em>Una Cosetta Cos\u00ec<\/em>, che ha superato le 70 repliche e ha aperto, di fatto, una nuova fase artistica oltre quella musicale.<\/span><\/p>\n<p><span style=\"font-weight: 400;\">Uno show che parla di vita, di paure e di contraddizioni della quotidianit\u00e0.<\/span><\/p>\n<p><span style=\"font-weight: 400;\">Un racconto comico, diretto ma personale, di chi si lancia senza paracadute e si apre a vivere ogni esperienza come se fosse la prima, l\u2019ultima e l\u2019unica.<\/span><\/p>\n<p>&nbsp;<\/p>\n<p><span style=\"font-weight: 400;\">GHEMON \u00e8 uno dei pi\u00f9 talentuosi e apprezzati artisti italiani. Partito dal mondo hip hop, negli anni ha saputo rinnovare il suo personalissimo stile musicale, rendendolo unico e caratterizzante, mescolando, soul, jazz, rap e cantautorato italiano.\u00a0<\/span><\/p>\n<p><span style=\"font-weight: 400;\">La discografia di Ghemon \u00e8 un segno tangibile della sua grande vena artistica, in continua evoluzione: negli anni si \u00e8 affermato come uno dei nomi emergenti pi\u00f9 importanti della scena musicale italiana, \u00e8 stato consacrato da pubblico e critica, un suo brano (&#8220;Adesso Sono Qui&#8221;) \u00e8 stato inserito da &#8220;NBA2k&#8221; &#8211; videogioco di basket pi\u00f9 venduto al mondo &#8211; nella colonna sonora internazionale e ha partecipato a due edizioni del Festival di Sanremo (nel 2019 con &#8220;Rose Viola&#8221; e nel 2021 con &#8220;Momento Perfetto&#8221;).<\/span><\/p>\n<p><span style=\"font-weight: 400;\">La caratteristica che pi\u00f9 contraddistingue Ghemon \u00e8 la versatilit\u00e0: oltre alla musica, ha fatto radio e podcast, e ha scritto due libri\u00a0 (\u201cIo Sono, Diario Anticonformista di tutte le volte che ho cambiato pelle&#8221;, HarperCollins &#8211; 2018 e \u201cNessuno \u00e8 Una Cosa Sola\u201d, Rizzoli 2025) ed \u00e8 da sempre legato al mondo sport (grande appassionato di calcio e basket, negli ultimi anni ha iniziato anche a correre maratone).<\/span><\/p>\n<p><span style=\"font-weight: 400;\">Dal 2023 si mostra in una nuova veste ancora, quella di stand-up comedian, e porta sui palchi di club e teatri di tutta Italia il suo nuovo progetto artistico, uno spettacolo intitolato \u201cUna Cosetta Cos\u00ec&#8221;: un monologo che racchiude stand-up comedy, teatro e musica, e che ha collezionato oltre 74 repliche in tutta Italia, fino alla data-evento finale dell\u20198 novembre 2024 al Teatro Arcimboldi di Milano.<\/span><\/p>\n<p><span style=\"font-weight: 400;\">Il 10 gennaio 2025 \u201cUna Cosetta Cos\u00ec\u201d prende nuova vita in un disco che riprende la tradizione americana dei comedy album, la cui tracklist mette insieme i monologhi portati in scena durante lo spettacolo dal vivo e cinque brani, appositamente scritti per lo spettacolo, che spaziano tra hip hop,\u00a0 neo-soul e jazz contemporaneo, confermando, ancora una volta, l\u2019impronta unica dell\u2019artista.<\/span><span style=\"font-weight: 400;\"><br \/>\n<\/span><span style=\"font-weight: 400;\"><br \/>\n<\/span><span style=\"font-weight: 400;\">Il 15 aprile 2025 esce \u201cNessuno \u00e8 una cosa sola\u201d (Rizzoli), il suo nuovo libro a met\u00e0 tra diario e racconto personale, in cui ripercorre la propria storia artistica e umana attraverso testi, fotografie e riflessioni. Un invito a esplorare la propria molteplicit\u00e0 senza paura, tra successi, crisi e rinascite.<\/span><\/p>\n<p>&nbsp;<\/p>\n","protected":false},"excerpt":{"rendered":"La prima volta, l\u2019ultima volta, l\u2019unica volta \u00e8 il secondo spettacolo di stand-up comedy di Ghemon. Segue il successo di Una Cosetta Cos\u00ec, che ha superato le 70 repliche e ha aperto, di fatto, una nuova fase artistica oltre quella musicale. Uno show che parla di vita, di paure e di contraddizioni della quotidianit\u00e0. Un [&hellip;]","protected":false},"featured_media":48985,"template":"","meta":{"_acf_changed":false,"inline_featured_image":false},"event_categories":[16],"event_genre":[69],"event_themes":[],"event_format":[],"event_consigliati":[],"class_list":["post-48984","event","type-event","status-publish","has-post-thumbnail","hentry","event_categories-teatro","event_genre-teatro"],"acf":[],"yoast_head":"<!-- This site is optimized with the Yoast SEO plugin v27.5 - https:\/\/yoast.com\/product\/yoast-seo-wordpress\/ -->\n<title>Ghemon - &quot;La prima volta, l&#039;ultima volta, l&#039;unica volta&quot; | Auditorium Parco della Musica Ennio Morricone<\/title>\n<meta name=\"robots\" content=\"index, follow, max-snippet:-1, max-image-preview:large, max-video-preview:-1\" \/>\n<link rel=\"canonical\" href=\"https:\/\/www.auditorium.com\/it\/event\/ghemon-la-prima-volta-lultima-volta-lunica-volta\/\" \/>\n<meta property=\"og:locale\" content=\"it_IT\" \/>\n<meta property=\"og:type\" content=\"article\" \/>\n<meta property=\"og:title\" content=\"Ghemon - &quot;La prima volta, l&#039;ultima volta, l&#039;unica volta&quot; | Auditorium Parco della Musica Ennio Morricone\" \/>\n<meta property=\"og:description\" content=\"La prima volta, l\u2019ultima volta, l\u2019unica volta \u00e8 il secondo spettacolo di stand-up comedy di Ghemon. Segue il successo di Una Cosetta Cos\u00ec, che ha superato le 70 repliche e ha aperto, di fatto, una nuova fase artistica oltre quella musicale. Uno show che parla di vita, di paure e di contraddizioni della quotidianit\u00e0. Un [&hellip;]\" \/>\n<meta property=\"og:url\" content=\"https:\/\/www.auditorium.com\/it\/event\/ghemon-la-prima-volta-lultima-volta-lunica-volta\/\" \/>\n<meta property=\"og:site_name\" content=\"Auditorium Parco della Musica Ennio Morricone\" \/>\n<meta property=\"article:publisher\" content=\"https:\/\/www.facebook.com\/AuditoriumParcodellaMusica\" \/>\n<meta property=\"og:image\" content=\"https:\/\/www.auditorium.com\/wp-content\/uploads\/2026\/08\/Matteo-Mora-024-e1788171286422.jpg\" \/>\n\t<meta property=\"og:image:width\" content=\"1240\" \/>\n\t<meta property=\"og:image:height\" content=\"947\" \/>\n\t<meta property=\"og:image:type\" content=\"image\/jpeg\" \/>\n<meta name=\"twitter:card\" content=\"summary_large_image\" \/>\n<meta name=\"twitter:site\" content=\"@auditoriumpdm\" \/>\n<meta name=\"twitter:label1\" content=\"Tempo di lettura stimato\" \/>\n\t<meta name=\"twitter:data1\" content=\"3 minuti\" \/>\n<script type=\"application\/ld+json\" class=\"yoast-schema-graph\">{\"@context\":\"https:\\\/\\\/schema.org\",\"@graph\":[{\"@type\":\"WebPage\",\"@id\":\"https:\\\/\\\/www.auditorium.com\\\/it\\\/event\\\/ghemon-la-prima-volta-lultima-volta-lunica-volta\\\/\",\"url\":\"https:\\\/\\\/www.auditorium.com\\\/it\\\/event\\\/ghemon-la-prima-volta-lultima-volta-lunica-volta\\\/\",\"name\":\"Ghemon - \\\"La prima volta, l'ultima volta, l'unica volta\\\" | Auditorium Parco della Musica Ennio Morricone\",\"isPartOf\":{\"@id\":\"https:\\\/\\\/www.auditorium.com\\\/it\\\/#website\"},\"primaryImageOfPage\":{\"@id\":\"https:\\\/\\\/www.auditorium.com\\\/it\\\/event\\\/ghemon-la-prima-volta-lultima-volta-lunica-volta\\\/#primaryimage\"},\"image\":{\"@id\":\"https:\\\/\\\/www.auditorium.com\\\/it\\\/event\\\/ghemon-la-prima-volta-lultima-volta-lunica-volta\\\/#primaryimage\"},\"thumbnailUrl\":\"https:\\\/\\\/www.auditorium.com\\\/wp-content\\\/uploads\\\/2026\\\/08\\\/Matteo-Mora-024-e1788171286422.jpg\",\"datePublished\":\"2026-08-31T10:15:47+00:00\",\"breadcrumb\":{\"@id\":\"https:\\\/\\\/www.auditorium.com\\\/it\\\/event\\\/ghemon-la-prima-volta-lultima-volta-lunica-volta\\\/#breadcrumb\"},\"inLanguage\":\"it-IT\",\"potentialAction\":[{\"@type\":\"ReadAction\",\"target\":[\"https:\\\/\\\/www.auditorium.com\\\/it\\\/event\\\/ghemon-la-prima-volta-lultima-volta-lunica-volta\\\/\"]}]},{\"@type\":\"ImageObject\",\"inLanguage\":\"it-IT\",\"@id\":\"https:\\\/\\\/www.auditorium.com\\\/it\\\/event\\\/ghemon-la-prima-volta-lultima-volta-lunica-volta\\\/#primaryimage\",\"url\":\"https:\\\/\\\/www.auditorium.com\\\/wp-content\\\/uploads\\\/2026\\\/08\\\/Matteo-Mora-024-e1788171286422.jpg\",\"contentUrl\":\"https:\\\/\\\/www.auditorium.com\\\/wp-content\\\/uploads\\\/2026\\\/08\\\/Matteo-Mora-024-e1788171286422.jpg\",\"width\":1240,\"height\":947},{\"@type\":\"BreadcrumbList\",\"@id\":\"https:\\\/\\\/www.auditorium.com\\\/it\\\/event\\\/ghemon-la-prima-volta-lultima-volta-lunica-volta\\\/#breadcrumb\",\"itemListElement\":[{\"@type\":\"ListItem\",\"position\":1,\"name\":\"Home\",\"item\":\"https:\\\/\\\/www.auditorium.com\\\/it\\\/\"},{\"@type\":\"ListItem\",\"position\":2,\"name\":\"Ghemon &#8211; &#8220;La prima volta, l&#8217;ultima volta, l&#8217;unica volta&#8221;\"}]},{\"@type\":\"WebSite\",\"@id\":\"https:\\\/\\\/www.auditorium.com\\\/it\\\/#website\",\"url\":\"https:\\\/\\\/www.auditorium.com\\\/it\\\/\",\"name\":\"Auditorium Parco della Musica Ennio Morricone\",\"description\":\"Progettato da Renzo Piano, l&#039;Auditorium rappresenta una sofisticata architettura musicale e uno straordinario intervento di riqualificazione urbana.\",\"publisher\":{\"@id\":\"https:\\\/\\\/www.auditorium.com\\\/it\\\/#organization\"},\"potentialAction\":[{\"@type\":\"SearchAction\",\"target\":{\"@type\":\"EntryPoint\",\"urlTemplate\":\"https:\\\/\\\/www.auditorium.com\\\/it\\\/?s={search_term_string}\"},\"query-input\":{\"@type\":\"PropertyValueSpecification\",\"valueRequired\":true,\"valueName\":\"search_term_string\"}}],\"inLanguage\":\"it-IT\"},{\"@type\":\"Organization\",\"@id\":\"https:\\\/\\\/www.auditorium.com\\\/it\\\/#organization\",\"name\":\"Auditorium Parco della Musica Ennio Morricone\",\"url\":\"https:\\\/\\\/www.auditorium.com\\\/it\\\/\",\"logo\":{\"@type\":\"ImageObject\",\"inLanguage\":\"it-IT\",\"@id\":\"https:\\\/\\\/www.auditorium.com\\\/it\\\/#\\\/schema\\\/logo\\\/image\\\/\",\"url\":\"https:\\\/\\\/www.auditorium.com\\\/wp-content\\\/uploads\\\/2022\\\/12\\\/logo-auditorium.svg\",\"contentUrl\":\"https:\\\/\\\/www.auditorium.com\\\/wp-content\\\/uploads\\\/2022\\\/12\\\/logo-auditorium.svg\",\"width\":86,\"height\":79,\"caption\":\"Auditorium Parco della Musica Ennio Morricone\"},\"image\":{\"@id\":\"https:\\\/\\\/www.auditorium.com\\\/it\\\/#\\\/schema\\\/logo\\\/image\\\/\"},\"sameAs\":[\"https:\\\/\\\/www.facebook.com\\\/AuditoriumParcodellaMusica\",\"https:\\\/\\\/x.com\\\/auditoriumpdm\",\"https:\\\/\\\/www.instagram.com\\\/auditoriumparcodellamusica\\\/\"]}]}<\/script>\n<!-- \/ Yoast SEO plugin. -->","yoast_head_json":{"title":"Ghemon - \"La prima volta, l'ultima volta, l'unica volta\" | Auditorium Parco della Musica Ennio Morricone","robots":{"index":"index","follow":"follow","max-snippet":"max-snippet:-1","max-image-preview":"max-image-preview:large","max-video-preview":"max-video-preview:-1"},"canonical":"https:\/\/www.auditorium.com\/it\/event\/ghemon-la-prima-volta-lultima-volta-lunica-volta\/","og_locale":"it_IT","og_type":"article","og_title":"Ghemon - \"La prima volta, l'ultima volta, l'unica volta\" | Auditorium Parco della Musica Ennio Morricone","og_description":"La prima volta, l\u2019ultima volta, l\u2019unica volta \u00e8 il secondo spettacolo di stand-up comedy di Ghemon. Segue il successo di Una Cosetta Cos\u00ec, che ha superato le 70 repliche e ha aperto, di fatto, una nuova fase artistica oltre quella musicale. Uno show che parla di vita, di paure e di contraddizioni della quotidianit\u00e0. Un [&hellip;]","og_url":"https:\/\/www.auditorium.com\/it\/event\/ghemon-la-prima-volta-lultima-volta-lunica-volta\/","og_site_name":"Auditorium Parco della Musica Ennio Morricone","article_publisher":"https:\/\/www.facebook.com\/AuditoriumParcodellaMusica","og_image":[{"width":1240,"height":947,"url":"https:\/\/www.auditorium.com\/wp-content\/uploads\/2026\/08\/Matteo-Mora-024-e1788171286422.jpg","type":"image\/jpeg"}],"twitter_card":"summary_large_image","twitter_site":"@auditoriumpdm","twitter_misc":{"Tempo di lettura stimato":"3 minuti"},"schema":{"@context":"https:\/\/schema.org","@graph":[{"@type":"WebPage","@id":"https:\/\/www.auditorium.com\/it\/event\/ghemon-la-prima-volta-lultima-volta-lunica-volta\/","url":"https:\/\/www.auditorium.com\/it\/event\/ghemon-la-prima-volta-lultima-volta-lunica-volta\/","name":"Ghemon - \"La prima volta, l'ultima volta, l'unica volta\" | Auditorium Parco della Musica Ennio Morricone","isPartOf":{"@id":"https:\/\/www.auditorium.com\/it\/#website"},"primaryImageOfPage":{"@id":"https:\/\/www.auditorium.com\/it\/event\/ghemon-la-prima-volta-lultima-volta-lunica-volta\/#primaryimage"},"image":{"@id":"https:\/\/www.auditorium.com\/it\/event\/ghemon-la-prima-volta-lultima-volta-lunica-volta\/#primaryimage"},"thumbnailUrl":"https:\/\/www.auditorium.com\/wp-content\/uploads\/2026\/08\/Matteo-Mora-024-e1788171286422.jpg","datePublished":"2026-08-31T10:15:47+00:00","breadcrumb":{"@id":"https:\/\/www.auditorium.com\/it\/event\/ghemon-la-prima-volta-lultima-volta-lunica-volta\/#breadcrumb"},"inLanguage":"it-IT","potentialAction":[{"@type":"ReadAction","target":["https:\/\/www.auditorium.com\/it\/event\/ghemon-la-prima-volta-lultima-volta-lunica-volta\/"]}]},{"@type":"ImageObject","inLanguage":"it-IT","@id":"https:\/\/www.auditorium.com\/it\/event\/ghemon-la-prima-volta-lultima-volta-lunica-volta\/#primaryimage","url":"https:\/\/www.auditorium.com\/wp-content\/uploads\/2026\/08\/Matteo-Mora-024-e1788171286422.jpg","contentUrl":"https:\/\/www.auditorium.com\/wp-content\/uploads\/2026\/08\/Matteo-Mora-024-e1788171286422.jpg","width":1240,"height":947},{"@type":"BreadcrumbList","@id":"https:\/\/www.auditorium.com\/it\/event\/ghemon-la-prima-volta-lultima-volta-lunica-volta\/#breadcrumb","itemListElement":[{"@type":"ListItem","position":1,"name":"Home","item":"https:\/\/www.auditorium.com\/it\/"},{"@type":"ListItem","position":2,"name":"Ghemon &#8211; &#8220;La prima volta, l&#8217;ultima volta, l&#8217;unica volta&#8221;"}]},{"@type":"WebSite","@id":"https:\/\/www.auditorium.com\/it\/#website","url":"https:\/\/www.auditorium.com\/it\/","name":"Auditorium Parco della Musica Ennio Morricone","description":"Progettato da Renzo Piano, l&#039;Auditorium rappresenta una sofisticata architettura musicale e uno straordinario intervento di riqualificazione urbana.","publisher":{"@id":"https:\/\/www.auditorium.com\/it\/#organization"},"potentialAction":[{"@type":"SearchAction","target":{"@type":"EntryPoint","urlTemplate":"https:\/\/www.auditorium.com\/it\/?s={search_term_string}"},"query-input":{"@type":"PropertyValueSpecification","valueRequired":true,"valueName":"search_term_string"}}],"inLanguage":"it-IT"},{"@type":"Organization","@id":"https:\/\/www.auditorium.com\/it\/#organization","name":"Auditorium Parco della Musica Ennio Morricone","url":"https:\/\/www.auditorium.com\/it\/","logo":{"@type":"ImageObject","inLanguage":"it-IT","@id":"https:\/\/www.auditorium.com\/it\/#\/schema\/logo\/image\/","url":"https:\/\/www.auditorium.com\/wp-content\/uploads\/2022\/12\/logo-auditorium.svg","contentUrl":"https:\/\/www.auditorium.com\/wp-content\/uploads\/2022\/12\/logo-auditorium.svg","width":86,"height":79,"caption":"Auditorium Parco della Musica Ennio Morricone"},"image":{"@id":"https:\/\/www.auditorium.com\/it\/#\/schema\/logo\/image\/"},"sameAs":["https:\/\/www.facebook.com\/AuditoriumParcodellaMusica","https:\/\/x.com\/auditoriumpdm","https:\/\/www.instagram.com\/auditoriumparcodellamusica\/"]}]}},"_links":{"self":[{"href":"https:\/\/www.auditorium.com\/it\/wp-json\/wp\/v2\/event\/48984","targetHints":{"allow":["GET"]}}],"collection":[{"href":"https:\/\/www.auditorium.com\/it\/wp-json\/wp\/v2\/event"}],"about":[{"href":"https:\/\/www.auditorium.com\/it\/wp-json\/wp\/v2\/types\/event"}],"wp:featuredmedia":[{"embeddable":true,"href":"https:\/\/www.auditorium.com\/it\/wp-json\/wp\/v2\/media\/48985"}],"wp:attachment":[{"href":"https:\/\/www.auditorium.com\/it\/wp-json\/wp\/v2\/media?parent=48984"}],"wp:term":[{"taxonomy":"event_categories","embeddable":true,"href":"https:\/\/www.auditorium.com\/it\/wp-json\/wp\/v2\/event_categories?post=48984"},{"taxonomy":"event_genre","embeddable":true,"href":"https:\/\/www.auditorium.com\/it\/wp-json\/wp\/v2\/event_genre?post=48984"},{"taxonomy":"event_themes","embeddable":true,"href":"https:\/\/www.auditorium.com\/it\/wp-json\/wp\/v2\/event_themes?post=48984"},{"taxonomy":"event_format","embeddable":true,"href":"https:\/\/www.auditorium.com\/it\/wp-json\/wp\/v2\/event_format?post=48984"},{"taxonomy":"event_consigliati","embeddable":true,"href":"https:\/\/www.auditorium.com\/it\/wp-json\/wp\/v2\/event_consigliati?post=48984"}],"curies":[{"name":"wp","href":"https:\/\/api.w.org\/{rel}","templated":true}]}}