{"id":48957,"date":"2026-08-31T16:09:11","date_gmt":"2026-08-31T15:09:11","guid":{"rendered":"https:\/\/www.auditorium.com\/?post_type=event&#038;p=48957"},"modified":"2026-08-31T16:48:41","modified_gmt":"2026-08-31T15:48:41","slug":"lambiente-e-un-componente-importante-dellimpianto-hi-fi-2","status":"publish","type":"event","link":"https:\/\/www.auditorium.com\/it\/event\/lambiente-e-un-componente-importante-dellimpianto-hi-fi-2\/","title":{"rendered":"Il subwoofer: molto pi\u00f9 di una questione di bassi"},"content":{"rendered":"<p class=\"p1\"><b><span style=\"font-size: 13.5pt; font-family: 'Times New Roman',serif;\">Il subwoofer: molto pi\u00f9 di una questione di bassi<\/span><\/b><\/p>\n<p class=\"p2\"><span style=\"font-size: 13.5pt; font-family: 'Times New Roman',serif;\">Quando si parla di subwoofer, il pensiero corre subito a bassi potenti e spettacolari. In realt\u00e0, il suo vero compito \u00e8 molto pi\u00f9 affascinante: migliorare l\u2019intero equilibrio dell\u2019impianto Hi-Fi, rendendo la riproduzione pi\u00f9 naturale, credibile e coinvolgente. In questo incontro scopriremo come il subwoofer possa diventare uno degli strumenti pi\u00f9 efficaci per combattere i problemi acustici dell\u2019ambiente domestico, spesso il principale limite alla qualit\u00e0 dell\u2019ascolto. Attraverso dimostrazioni pratiche verr\u00e0 mostrato come il corretto posizionamento, la giusta taratura e, quando possibile, l\u2019impiego di pi\u00f9 subwoofer consentano di ottenere una risposta in frequenza pi\u00f9 lineare, una scena sonora pi\u00f9 stabile e un basso veloce, articolato e perfettamente integrato con i diffusori principali. Si parler\u00e0 inoltre del ruolo dei sistemi di correzione ambientale e di come sia possibile migliorare in modo significativo le prestazioni del proprio impianto senza interventi invasivi sull\u2019ambiente. Una lezione che cambier\u00e0 il modo di considerare il subwoofer, dimostrando come, se utilizzato correttamente, rappresenti uno dei pi\u00f9 efficaci strumenti per avvicinarsi a un ascolto realmente ad alta fedelt\u00e0.<\/span><\/p>\n<p class=\"p2\"><span style=\"font-size: 13.5pt; font-family: 'Times New Roman',serif;\">A cura di Giancarlo Valletta e Giulio Salvioni, giornalisti.<\/span><\/p>\n<p>&nbsp;<\/p>\n","protected":false},"excerpt":{"rendered":"Il subwoofer: molto pi\u00f9 di una questione di bassi Quando si parla di subwoofer, il pensiero corre subito a bassi potenti e spettacolari. In realt\u00e0, il suo vero compito \u00e8 molto pi\u00f9 affascinante: migliorare l\u2019intero equilibrio dell\u2019impianto Hi-Fi, rendendo la riproduzione pi\u00f9 naturale, credibile e coinvolgente. In questo incontro scopriremo come il subwoofer possa diventare [&hellip;]","protected":false},"featured_media":48992,"template":"","meta":{"_acf_changed":false,"inline_featured_image":false},"event_categories":[218],"event_genre":[],"event_themes":[],"event_format":[75],"event_consigliati":[],"class_list":["post-48957","event","type-event","status-publish","has-post-thumbnail","hentry","event_categories-incontri","event_format-rassegne"],"acf":[],"yoast_head":"<!-- This site is optimized with the Yoast SEO plugin v27.5 - https:\/\/yoast.com\/product\/yoast-seo-wordpress\/ -->\n<title>Il subwoofer: molto pi\u00f9 di una questione di bassi | Auditorium Parco della Musica Ennio Morricone<\/title>\n<meta name=\"robots\" content=\"index, follow, max-snippet:-1, max-image-preview:large, max-video-preview:-1\" \/>\n<link rel=\"canonical\" href=\"https:\/\/www.auditorium.com\/it\/event\/lambiente-e-un-componente-importante-dellimpianto-hi-fi-2\/\" \/>\n<meta property=\"og:locale\" content=\"it_IT\" \/>\n<meta property=\"og:type\" content=\"article\" \/>\n<meta property=\"og:title\" content=\"Il subwoofer: molto pi\u00f9 di una questione di bassi | Auditorium Parco della Musica Ennio Morricone\" \/>\n<meta property=\"og:description\" content=\"Il subwoofer: molto pi\u00f9 di una questione di bassi Quando si parla di subwoofer, il pensiero corre subito a bassi potenti e spettacolari. In realt\u00e0, il suo vero compito \u00e8 molto pi\u00f9 affascinante: migliorare l\u2019intero equilibrio dell\u2019impianto Hi-Fi, rendendo la riproduzione pi\u00f9 naturale, credibile e coinvolgente. In questo incontro scopriremo come il subwoofer possa diventare [&hellip;]\" \/>\n<meta property=\"og:url\" content=\"https:\/\/www.auditorium.com\/it\/event\/lambiente-e-un-componente-importante-dellimpianto-hi-fi-2\/\" \/>\n<meta property=\"og:site_name\" content=\"Auditorium Parco della Musica Ennio Morricone\" \/>\n<meta property=\"article:publisher\" content=\"https:\/\/www.facebook.com\/AuditoriumParcodellaMusica\" \/>\n<meta property=\"article:modified_time\" content=\"2026-08-31T15:48:41+00:00\" \/>\n<meta property=\"og:image\" content=\"https:\/\/www.auditorium.com\/wp-content\/uploads\/2026\/08\/Lezioni-di-ascolto-700x394.png\" \/>\n\t<meta property=\"og:image:width\" content=\"700\" \/>\n\t<meta property=\"og:image:height\" content=\"394\" \/>\n\t<meta property=\"og:image:type\" content=\"image\/png\" \/>\n<meta name=\"twitter:card\" content=\"summary_large_image\" \/>\n<meta name=\"twitter:site\" content=\"@auditoriumpdm\" \/>\n<meta name=\"twitter:label1\" content=\"Tempo di lettura stimato\" \/>\n\t<meta name=\"twitter:data1\" content=\"2 minuti\" \/>\n<script type=\"application\/ld+json\" class=\"yoast-schema-graph\">{\"@context\":\"https:\\\/\\\/schema.org\",\"@graph\":[{\"@type\":\"WebPage\",\"@id\":\"https:\\\/\\\/www.auditorium.com\\\/it\\\/event\\\/lambiente-e-un-componente-importante-dellimpianto-hi-fi-2\\\/\",\"url\":\"https:\\\/\\\/www.auditorium.com\\\/it\\\/event\\\/lambiente-e-un-componente-importante-dellimpianto-hi-fi-2\\\/\",\"name\":\"Il subwoofer: molto pi\u00f9 di una questione di bassi | Auditorium Parco della Musica Ennio Morricone\",\"isPartOf\":{\"@id\":\"https:\\\/\\\/www.auditorium.com\\\/it\\\/#website\"},\"primaryImageOfPage\":{\"@id\":\"https:\\\/\\\/www.auditorium.com\\\/it\\\/event\\\/lambiente-e-un-componente-importante-dellimpianto-hi-fi-2\\\/#primaryimage\"},\"image\":{\"@id\":\"https:\\\/\\\/www.auditorium.com\\\/it\\\/event\\\/lambiente-e-un-componente-importante-dellimpianto-hi-fi-2\\\/#primaryimage\"},\"thumbnailUrl\":\"https:\\\/\\\/www.auditorium.com\\\/wp-content\\\/uploads\\\/2026\\\/08\\\/Lezioni-di-ascolto.png\",\"datePublished\":\"2026-08-31T15:09:11+00:00\",\"dateModified\":\"2026-08-31T15:48:41+00:00\",\"breadcrumb\":{\"@id\":\"https:\\\/\\\/www.auditorium.com\\\/it\\\/event\\\/lambiente-e-un-componente-importante-dellimpianto-hi-fi-2\\\/#breadcrumb\"},\"inLanguage\":\"it-IT\",\"potentialAction\":[{\"@type\":\"ReadAction\",\"target\":[\"https:\\\/\\\/www.auditorium.com\\\/it\\\/event\\\/lambiente-e-un-componente-importante-dellimpianto-hi-fi-2\\\/\"]}]},{\"@type\":\"ImageObject\",\"inLanguage\":\"it-IT\",\"@id\":\"https:\\\/\\\/www.auditorium.com\\\/it\\\/event\\\/lambiente-e-un-componente-importante-dellimpianto-hi-fi-2\\\/#primaryimage\",\"url\":\"https:\\\/\\\/www.auditorium.com\\\/wp-content\\\/uploads\\\/2026\\\/08\\\/Lezioni-di-ascolto.png\",\"contentUrl\":\"https:\\\/\\\/www.auditorium.com\\\/wp-content\\\/uploads\\\/2026\\\/08\\\/Lezioni-di-ascolto.png\",\"width\":1672,\"height\":941},{\"@type\":\"BreadcrumbList\",\"@id\":\"https:\\\/\\\/www.auditorium.com\\\/it\\\/event\\\/lambiente-e-un-componente-importante-dellimpianto-hi-fi-2\\\/#breadcrumb\",\"itemListElement\":[{\"@type\":\"ListItem\",\"position\":1,\"name\":\"Home\",\"item\":\"https:\\\/\\\/www.auditorium.com\\\/it\\\/\"},{\"@type\":\"ListItem\",\"position\":2,\"name\":\"Il subwoofer: molto pi\u00f9 di una questione di bassi\"}]},{\"@type\":\"WebSite\",\"@id\":\"https:\\\/\\\/www.auditorium.com\\\/it\\\/#website\",\"url\":\"https:\\\/\\\/www.auditorium.com\\\/it\\\/\",\"name\":\"Auditorium Parco della Musica Ennio Morricone\",\"description\":\"Progettato da Renzo Piano, l&#039;Auditorium rappresenta una sofisticata architettura musicale e uno straordinario intervento di riqualificazione urbana.\",\"publisher\":{\"@id\":\"https:\\\/\\\/www.auditorium.com\\\/it\\\/#organization\"},\"potentialAction\":[{\"@type\":\"SearchAction\",\"target\":{\"@type\":\"EntryPoint\",\"urlTemplate\":\"https:\\\/\\\/www.auditorium.com\\\/it\\\/?s={search_term_string}\"},\"query-input\":{\"@type\":\"PropertyValueSpecification\",\"valueRequired\":true,\"valueName\":\"search_term_string\"}}],\"inLanguage\":\"it-IT\"},{\"@type\":\"Organization\",\"@id\":\"https:\\\/\\\/www.auditorium.com\\\/it\\\/#organization\",\"name\":\"Auditorium Parco della Musica Ennio Morricone\",\"url\":\"https:\\\/\\\/www.auditorium.com\\\/it\\\/\",\"logo\":{\"@type\":\"ImageObject\",\"inLanguage\":\"it-IT\",\"@id\":\"https:\\\/\\\/www.auditorium.com\\\/it\\\/#\\\/schema\\\/logo\\\/image\\\/\",\"url\":\"https:\\\/\\\/www.auditorium.com\\\/wp-content\\\/uploads\\\/2022\\\/12\\\/logo-auditorium.svg\",\"contentUrl\":\"https:\\\/\\\/www.auditorium.com\\\/wp-content\\\/uploads\\\/2022\\\/12\\\/logo-auditorium.svg\",\"width\":86,\"height\":79,\"caption\":\"Auditorium Parco della Musica Ennio Morricone\"},\"image\":{\"@id\":\"https:\\\/\\\/www.auditorium.com\\\/it\\\/#\\\/schema\\\/logo\\\/image\\\/\"},\"sameAs\":[\"https:\\\/\\\/www.facebook.com\\\/AuditoriumParcodellaMusica\",\"https:\\\/\\\/x.com\\\/auditoriumpdm\",\"https:\\\/\\\/www.instagram.com\\\/auditoriumparcodellamusica\\\/\"]}]}<\/script>\n<!-- \/ Yoast SEO plugin. -->","yoast_head_json":{"title":"Il subwoofer: molto pi\u00f9 di una questione di bassi | Auditorium Parco della Musica Ennio Morricone","robots":{"index":"index","follow":"follow","max-snippet":"max-snippet:-1","max-image-preview":"max-image-preview:large","max-video-preview":"max-video-preview:-1"},"canonical":"https:\/\/www.auditorium.com\/it\/event\/lambiente-e-un-componente-importante-dellimpianto-hi-fi-2\/","og_locale":"it_IT","og_type":"article","og_title":"Il subwoofer: molto pi\u00f9 di una questione di bassi | Auditorium Parco della Musica Ennio Morricone","og_description":"Il subwoofer: molto pi\u00f9 di una questione di bassi Quando si parla di subwoofer, il pensiero corre subito a bassi potenti e spettacolari. In realt\u00e0, il suo vero compito \u00e8 molto pi\u00f9 affascinante: migliorare l\u2019intero equilibrio dell\u2019impianto Hi-Fi, rendendo la riproduzione pi\u00f9 naturale, credibile e coinvolgente. In questo incontro scopriremo come il subwoofer possa diventare [&hellip;]","og_url":"https:\/\/www.auditorium.com\/it\/event\/lambiente-e-un-componente-importante-dellimpianto-hi-fi-2\/","og_site_name":"Auditorium Parco della Musica Ennio Morricone","article_publisher":"https:\/\/www.facebook.com\/AuditoriumParcodellaMusica","article_modified_time":"2026-08-31T15:48:41+00:00","og_image":[{"width":700,"height":394,"url":"https:\/\/www.auditorium.com\/wp-content\/uploads\/2026\/08\/Lezioni-di-ascolto-700x394.png","type":"image\/png"}],"twitter_card":"summary_large_image","twitter_site":"@auditoriumpdm","twitter_misc":{"Tempo di lettura stimato":"2 minuti"},"schema":{"@context":"https:\/\/schema.org","@graph":[{"@type":"WebPage","@id":"https:\/\/www.auditorium.com\/it\/event\/lambiente-e-un-componente-importante-dellimpianto-hi-fi-2\/","url":"https:\/\/www.auditorium.com\/it\/event\/lambiente-e-un-componente-importante-dellimpianto-hi-fi-2\/","name":"Il subwoofer: molto pi\u00f9 di una questione di bassi | Auditorium Parco della Musica Ennio Morricone","isPartOf":{"@id":"https:\/\/www.auditorium.com\/it\/#website"},"primaryImageOfPage":{"@id":"https:\/\/www.auditorium.com\/it\/event\/lambiente-e-un-componente-importante-dellimpianto-hi-fi-2\/#primaryimage"},"image":{"@id":"https:\/\/www.auditorium.com\/it\/event\/lambiente-e-un-componente-importante-dellimpianto-hi-fi-2\/#primaryimage"},"thumbnailUrl":"https:\/\/www.auditorium.com\/wp-content\/uploads\/2026\/08\/Lezioni-di-ascolto.png","datePublished":"2026-08-31T15:09:11+00:00","dateModified":"2026-08-31T15:48:41+00:00","breadcrumb":{"@id":"https:\/\/www.auditorium.com\/it\/event\/lambiente-e-un-componente-importante-dellimpianto-hi-fi-2\/#breadcrumb"},"inLanguage":"it-IT","potentialAction":[{"@type":"ReadAction","target":["https:\/\/www.auditorium.com\/it\/event\/lambiente-e-un-componente-importante-dellimpianto-hi-fi-2\/"]}]},{"@type":"ImageObject","inLanguage":"it-IT","@id":"https:\/\/www.auditorium.com\/it\/event\/lambiente-e-un-componente-importante-dellimpianto-hi-fi-2\/#primaryimage","url":"https:\/\/www.auditorium.com\/wp-content\/uploads\/2026\/08\/Lezioni-di-ascolto.png","contentUrl":"https:\/\/www.auditorium.com\/wp-content\/uploads\/2026\/08\/Lezioni-di-ascolto.png","width":1672,"height":941},{"@type":"BreadcrumbList","@id":"https:\/\/www.auditorium.com\/it\/event\/lambiente-e-un-componente-importante-dellimpianto-hi-fi-2\/#breadcrumb","itemListElement":[{"@type":"ListItem","position":1,"name":"Home","item":"https:\/\/www.auditorium.com\/it\/"},{"@type":"ListItem","position":2,"name":"Il subwoofer: molto pi\u00f9 di una questione di bassi"}]},{"@type":"WebSite","@id":"https:\/\/www.auditorium.com\/it\/#website","url":"https:\/\/www.auditorium.com\/it\/","name":"Auditorium Parco della Musica Ennio Morricone","description":"Progettato da Renzo Piano, l&#039;Auditorium rappresenta una sofisticata architettura musicale e uno straordinario intervento di riqualificazione urbana.","publisher":{"@id":"https:\/\/www.auditorium.com\/it\/#organization"},"potentialAction":[{"@type":"SearchAction","target":{"@type":"EntryPoint","urlTemplate":"https:\/\/www.auditorium.com\/it\/?s={search_term_string}"},"query-input":{"@type":"PropertyValueSpecification","valueRequired":true,"valueName":"search_term_string"}}],"inLanguage":"it-IT"},{"@type":"Organization","@id":"https:\/\/www.auditorium.com\/it\/#organization","name":"Auditorium Parco della Musica Ennio Morricone","url":"https:\/\/www.auditorium.com\/it\/","logo":{"@type":"ImageObject","inLanguage":"it-IT","@id":"https:\/\/www.auditorium.com\/it\/#\/schema\/logo\/image\/","url":"https:\/\/www.auditorium.com\/wp-content\/uploads\/2022\/12\/logo-auditorium.svg","contentUrl":"https:\/\/www.auditorium.com\/wp-content\/uploads\/2022\/12\/logo-auditorium.svg","width":86,"height":79,"caption":"Auditorium Parco della Musica Ennio Morricone"},"image":{"@id":"https:\/\/www.auditorium.com\/it\/#\/schema\/logo\/image\/"},"sameAs":["https:\/\/www.facebook.com\/AuditoriumParcodellaMusica","https:\/\/x.com\/auditoriumpdm","https:\/\/www.instagram.com\/auditoriumparcodellamusica\/"]}]}},"_links":{"self":[{"href":"https:\/\/www.auditorium.com\/it\/wp-json\/wp\/v2\/event\/48957","targetHints":{"allow":["GET"]}}],"collection":[{"href":"https:\/\/www.auditorium.com\/it\/wp-json\/wp\/v2\/event"}],"about":[{"href":"https:\/\/www.auditorium.com\/it\/wp-json\/wp\/v2\/types\/event"}],"wp:featuredmedia":[{"embeddable":true,"href":"https:\/\/www.auditorium.com\/it\/wp-json\/wp\/v2\/media\/48992"}],"wp:attachment":[{"href":"https:\/\/www.auditorium.com\/it\/wp-json\/wp\/v2\/media?parent=48957"}],"wp:term":[{"taxonomy":"event_categories","embeddable":true,"href":"https:\/\/www.auditorium.com\/it\/wp-json\/wp\/v2\/event_categories?post=48957"},{"taxonomy":"event_genre","embeddable":true,"href":"https:\/\/www.auditorium.com\/it\/wp-json\/wp\/v2\/event_genre?post=48957"},{"taxonomy":"event_themes","embeddable":true,"href":"https:\/\/www.auditorium.com\/it\/wp-json\/wp\/v2\/event_themes?post=48957"},{"taxonomy":"event_format","embeddable":true,"href":"https:\/\/www.auditorium.com\/it\/wp-json\/wp\/v2\/event_format?post=48957"},{"taxonomy":"event_consigliati","embeddable":true,"href":"https:\/\/www.auditorium.com\/it\/wp-json\/wp\/v2\/event_consigliati?post=48957"}],"curies":[{"name":"wp","href":"https:\/\/api.w.org\/{rel}","templated":true}]}}