{"id":48947,"date":"2026-09-01T13:54:48","date_gmt":"2026-09-01T12:54:48","guid":{"rendered":"https:\/\/www.auditorium.com\/?post_type=event&#038;p=48947"},"modified":"2026-09-01T13:54:48","modified_gmt":"2026-09-01T12:54:48","slug":"giovanni-grasso-presenta-finche-durera-la-terra","status":"publish","type":"event","link":"https:\/\/www.auditorium.com\/it\/event\/giovanni-grasso-presenta-finche-durera-la-terra\/","title":{"rendered":"Giovanni Grasso presenta &#8220;Finch\u00e9 durer\u00e0 la terra&#8221;"},"content":{"rendered":"<p style=\"text-align: center;\"><strong>Giovanni Grasso<\/strong> presenta il romanzo <em><strong>Finch\u00e9 durer\u00e0 la terra<\/strong> <\/em>in dialogo con <strong>Giancarlo De Cataldo<\/strong><\/p>\n<p style=\"text-align: center;\">Con letture di <strong>Cesare Bocci<\/strong> e le musiche di <strong>Danilo Rea<\/strong> e <strong>Oona Rea<\/strong><\/p>\n<p style=\"text-align: left;\"><em>Autoironico e colto, ma irrimediabilmente maldestro, No\u00e8 Simenoni \u00e8 un uomo irrisolto per colpa del destino che gli ha giocato brutti scherzi. Ex seminarista, conduce una vita dimessa, tenuta insieme con fatica, fatta di frustrazioni, conti che non tornano e responsabilit\u00e0 familiari: una sorella scapestrata, Valeria, e una nipotina gravemente malata, Greta, che per lui \u00e8 una figlia a tutti gli effetti. Quando un potente cardinale lo convoca in Vaticano e gli propone un compito rischioso, ma ben retribuito, capisce che la sua esistenza e quella dei suoi cari potrebbe essere a un punto di svolta. Dovr\u00e0 infiltrarsi in una misteriosa comunit\u00e0, guidata da due improbabili veggenti, e ossessionata da un nuovo Diluvio, attorno alla quale ruotano e si intrecciano sentimenti genuini e condizionamenti psicologici, misticismo e interessi molto terreni. Nei panni di agente segreto al servizio di Sua Santit\u00e0, sar\u00e0 costretto a fingere e mentire, ad accettare continui compromessi con la sua coscienza e finir\u00e0 per cacciarsi in un mare di guai. Giovanni Grasso d\u00e0 vita a una storia avvincente e a personaggi umanissimi, mettendo a nudo il cortocircuito tra la religiosit\u00e0 autentica e uno spregiudicato uso del sacro come fonte di potere e di arricchimento. Un\u2019indagine profonda e insieme scanzonata che ci interroga sul bisogno di credere e sulla necessit\u00e0 di dubitare.<\/em><\/p>\n<p>Giovanni Grasso<br \/>\n(Roma, 1962), giornalista e scrittore, \u00e8 dal 2015 consigliere del Presidente della Repubblica Sergio Mattarella per la stampa e la comunicazione. \u00c8 autore di numerosi saggi, tra cui la biografia di Piersanti Mattarella. Per Rizzoli ha pubblicato <em>Il caso Kaufmann<\/em> (2019), <em>Icaro. Il volo su Roma<\/em> (2021), <em>Il segreto del tenente Giardina<\/em> (2023) e <em>L\u2019amore non lo vede nessuno<\/em> (2024), disponibili in BUR e vincitori di diversi premi. Ha scritto anche per il teatro, con <em>Fuoriusciti<\/em>, <em>Il caso Kaufmann<\/em> e <em>L\u2019amore non lo vede nessuno<\/em>.<\/p>\n","protected":false},"excerpt":{"rendered":"Giovanni Grasso presenta il romanzo Finch\u00e9 durer\u00e0 la terra in dialogo con Giancarlo De Cataldo Con letture di Cesare Bocci e le musiche di Danilo Rea e Oona Rea Autoironico e colto, ma irrimediabilmente maldestro, No\u00e8 Simenoni \u00e8 un uomo irrisolto per colpa del destino che gli ha giocato brutti scherzi. Ex seminarista, conduce una [&hellip;]","protected":false},"featured_media":48948,"template":"","meta":{"_acf_changed":false,"inline_featured_image":false},"event_categories":[218],"event_genre":[],"event_themes":[],"event_format":[79],"event_consigliati":[],"class_list":["post-48947","event","type-event","status-publish","has-post-thumbnail","hentry","event_categories-incontri","event_format-incontri"],"acf":[],"yoast_head":"<!-- This site is optimized with the Yoast SEO plugin v27.5 - https:\/\/yoast.com\/product\/yoast-seo-wordpress\/ -->\n<title>Giovanni Grasso presenta &quot;Finch\u00e9 durer\u00e0 la terra&quot; | Auditorium Parco della Musica Ennio Morricone<\/title>\n<meta name=\"robots\" content=\"index, follow, max-snippet:-1, max-image-preview:large, max-video-preview:-1\" \/>\n<link rel=\"canonical\" href=\"https:\/\/www.auditorium.com\/it\/event\/giovanni-grasso-presenta-finche-durera-la-terra\/\" \/>\n<meta property=\"og:locale\" content=\"it_IT\" \/>\n<meta property=\"og:type\" content=\"article\" \/>\n<meta property=\"og:title\" content=\"Giovanni Grasso presenta &quot;Finch\u00e9 durer\u00e0 la terra&quot; | Auditorium Parco della Musica Ennio Morricone\" \/>\n<meta property=\"og:description\" content=\"Giovanni Grasso presenta il romanzo Finch\u00e9 durer\u00e0 la terra in dialogo con Giancarlo De Cataldo Con letture di Cesare Bocci e le musiche di Danilo Rea e Oona Rea Autoironico e colto, ma irrimediabilmente maldestro, No\u00e8 Simenoni \u00e8 un uomo irrisolto per colpa del destino che gli ha giocato brutti scherzi. Ex seminarista, conduce una [&hellip;]\" \/>\n<meta property=\"og:url\" content=\"https:\/\/www.auditorium.com\/it\/event\/giovanni-grasso-presenta-finche-durera-la-terra\/\" \/>\n<meta property=\"og:site_name\" content=\"Auditorium Parco della Musica Ennio Morricone\" \/>\n<meta property=\"article:publisher\" content=\"https:\/\/www.facebook.com\/AuditoriumParcodellaMusica\" \/>\n<meta property=\"og:image\" content=\"https:\/\/www.auditorium.com\/wp-content\/uploads\/2026\/08\/Grasso_finche-durera-la-terra_cover300dpi-002-scaled-e1787737546739-700x669.jpg\" \/>\n\t<meta property=\"og:image:width\" content=\"700\" \/>\n\t<meta property=\"og:image:height\" content=\"669\" \/>\n\t<meta property=\"og:image:type\" content=\"image\/jpeg\" \/>\n<meta name=\"twitter:card\" content=\"summary_large_image\" \/>\n<meta name=\"twitter:site\" content=\"@auditoriumpdm\" \/>\n<meta name=\"twitter:label1\" content=\"Tempo di lettura stimato\" \/>\n\t<meta name=\"twitter:data1\" content=\"2 minuti\" \/>\n<script type=\"application\/ld+json\" class=\"yoast-schema-graph\">{\"@context\":\"https:\\\/\\\/schema.org\",\"@graph\":[{\"@type\":\"WebPage\",\"@id\":\"https:\\\/\\\/www.auditorium.com\\\/it\\\/event\\\/giovanni-grasso-presenta-finche-durera-la-terra\\\/\",\"url\":\"https:\\\/\\\/www.auditorium.com\\\/it\\\/event\\\/giovanni-grasso-presenta-finche-durera-la-terra\\\/\",\"name\":\"Giovanni Grasso presenta \\\"Finch\u00e9 durer\u00e0 la terra\\\" | Auditorium Parco della Musica Ennio Morricone\",\"isPartOf\":{\"@id\":\"https:\\\/\\\/www.auditorium.com\\\/it\\\/#website\"},\"primaryImageOfPage\":{\"@id\":\"https:\\\/\\\/www.auditorium.com\\\/it\\\/event\\\/giovanni-grasso-presenta-finche-durera-la-terra\\\/#primaryimage\"},\"image\":{\"@id\":\"https:\\\/\\\/www.auditorium.com\\\/it\\\/event\\\/giovanni-grasso-presenta-finche-durera-la-terra\\\/#primaryimage\"},\"thumbnailUrl\":\"https:\\\/\\\/www.auditorium.com\\\/wp-content\\\/uploads\\\/2026\\\/08\\\/Grasso_finche-durera-la-terra_cover300dpi-002-scaled-e1787737546739.jpg\",\"datePublished\":\"2026-09-01T12:54:48+00:00\",\"breadcrumb\":{\"@id\":\"https:\\\/\\\/www.auditorium.com\\\/it\\\/event\\\/giovanni-grasso-presenta-finche-durera-la-terra\\\/#breadcrumb\"},\"inLanguage\":\"it-IT\",\"potentialAction\":[{\"@type\":\"ReadAction\",\"target\":[\"https:\\\/\\\/www.auditorium.com\\\/it\\\/event\\\/giovanni-grasso-presenta-finche-durera-la-terra\\\/\"]}]},{\"@type\":\"ImageObject\",\"inLanguage\":\"it-IT\",\"@id\":\"https:\\\/\\\/www.auditorium.com\\\/it\\\/event\\\/giovanni-grasso-presenta-finche-durera-la-terra\\\/#primaryimage\",\"url\":\"https:\\\/\\\/www.auditorium.com\\\/wp-content\\\/uploads\\\/2026\\\/08\\\/Grasso_finche-durera-la-terra_cover300dpi-002-scaled-e1787737546739.jpg\",\"contentUrl\":\"https:\\\/\\\/www.auditorium.com\\\/wp-content\\\/uploads\\\/2026\\\/08\\\/Grasso_finche-durera-la-terra_cover300dpi-002-scaled-e1787737546739.jpg\",\"width\":1630,\"height\":1557},{\"@type\":\"BreadcrumbList\",\"@id\":\"https:\\\/\\\/www.auditorium.com\\\/it\\\/event\\\/giovanni-grasso-presenta-finche-durera-la-terra\\\/#breadcrumb\",\"itemListElement\":[{\"@type\":\"ListItem\",\"position\":1,\"name\":\"Home\",\"item\":\"https:\\\/\\\/www.auditorium.com\\\/it\\\/\"},{\"@type\":\"ListItem\",\"position\":2,\"name\":\"Giovanni Grasso presenta &#8220;Finch\u00e9 durer\u00e0 la terra&#8221;\"}]},{\"@type\":\"WebSite\",\"@id\":\"https:\\\/\\\/www.auditorium.com\\\/it\\\/#website\",\"url\":\"https:\\\/\\\/www.auditorium.com\\\/it\\\/\",\"name\":\"Auditorium Parco della Musica Ennio Morricone\",\"description\":\"Progettato da Renzo Piano, l&#039;Auditorium rappresenta una sofisticata architettura musicale e uno straordinario intervento di riqualificazione urbana.\",\"publisher\":{\"@id\":\"https:\\\/\\\/www.auditorium.com\\\/it\\\/#organization\"},\"potentialAction\":[{\"@type\":\"SearchAction\",\"target\":{\"@type\":\"EntryPoint\",\"urlTemplate\":\"https:\\\/\\\/www.auditorium.com\\\/it\\\/?s={search_term_string}\"},\"query-input\":{\"@type\":\"PropertyValueSpecification\",\"valueRequired\":true,\"valueName\":\"search_term_string\"}}],\"inLanguage\":\"it-IT\"},{\"@type\":\"Organization\",\"@id\":\"https:\\\/\\\/www.auditorium.com\\\/it\\\/#organization\",\"name\":\"Auditorium Parco della Musica Ennio Morricone\",\"url\":\"https:\\\/\\\/www.auditorium.com\\\/it\\\/\",\"logo\":{\"@type\":\"ImageObject\",\"inLanguage\":\"it-IT\",\"@id\":\"https:\\\/\\\/www.auditorium.com\\\/it\\\/#\\\/schema\\\/logo\\\/image\\\/\",\"url\":\"https:\\\/\\\/www.auditorium.com\\\/wp-content\\\/uploads\\\/2022\\\/12\\\/logo-auditorium.svg\",\"contentUrl\":\"https:\\\/\\\/www.auditorium.com\\\/wp-content\\\/uploads\\\/2022\\\/12\\\/logo-auditorium.svg\",\"width\":86,\"height\":79,\"caption\":\"Auditorium Parco della Musica Ennio Morricone\"},\"image\":{\"@id\":\"https:\\\/\\\/www.auditorium.com\\\/it\\\/#\\\/schema\\\/logo\\\/image\\\/\"},\"sameAs\":[\"https:\\\/\\\/www.facebook.com\\\/AuditoriumParcodellaMusica\",\"https:\\\/\\\/x.com\\\/auditoriumpdm\",\"https:\\\/\\\/www.instagram.com\\\/auditoriumparcodellamusica\\\/\"]}]}<\/script>\n<!-- \/ Yoast SEO plugin. -->","yoast_head_json":{"title":"Giovanni Grasso presenta \"Finch\u00e9 durer\u00e0 la terra\" | Auditorium Parco della Musica Ennio Morricone","robots":{"index":"index","follow":"follow","max-snippet":"max-snippet:-1","max-image-preview":"max-image-preview:large","max-video-preview":"max-video-preview:-1"},"canonical":"https:\/\/www.auditorium.com\/it\/event\/giovanni-grasso-presenta-finche-durera-la-terra\/","og_locale":"it_IT","og_type":"article","og_title":"Giovanni Grasso presenta \"Finch\u00e9 durer\u00e0 la terra\" | Auditorium Parco della Musica Ennio Morricone","og_description":"Giovanni Grasso presenta il romanzo Finch\u00e9 durer\u00e0 la terra in dialogo con Giancarlo De Cataldo Con letture di Cesare Bocci e le musiche di Danilo Rea e Oona Rea Autoironico e colto, ma irrimediabilmente maldestro, No\u00e8 Simenoni \u00e8 un uomo irrisolto per colpa del destino che gli ha giocato brutti scherzi. Ex seminarista, conduce una [&hellip;]","og_url":"https:\/\/www.auditorium.com\/it\/event\/giovanni-grasso-presenta-finche-durera-la-terra\/","og_site_name":"Auditorium Parco della Musica Ennio Morricone","article_publisher":"https:\/\/www.facebook.com\/AuditoriumParcodellaMusica","og_image":[{"width":700,"height":669,"url":"https:\/\/www.auditorium.com\/wp-content\/uploads\/2026\/08\/Grasso_finche-durera-la-terra_cover300dpi-002-scaled-e1787737546739-700x669.jpg","type":"image\/jpeg"}],"twitter_card":"summary_large_image","twitter_site":"@auditoriumpdm","twitter_misc":{"Tempo di lettura stimato":"2 minuti"},"schema":{"@context":"https:\/\/schema.org","@graph":[{"@type":"WebPage","@id":"https:\/\/www.auditorium.com\/it\/event\/giovanni-grasso-presenta-finche-durera-la-terra\/","url":"https:\/\/www.auditorium.com\/it\/event\/giovanni-grasso-presenta-finche-durera-la-terra\/","name":"Giovanni Grasso presenta \"Finch\u00e9 durer\u00e0 la terra\" | Auditorium Parco della Musica Ennio Morricone","isPartOf":{"@id":"https:\/\/www.auditorium.com\/it\/#website"},"primaryImageOfPage":{"@id":"https:\/\/www.auditorium.com\/it\/event\/giovanni-grasso-presenta-finche-durera-la-terra\/#primaryimage"},"image":{"@id":"https:\/\/www.auditorium.com\/it\/event\/giovanni-grasso-presenta-finche-durera-la-terra\/#primaryimage"},"thumbnailUrl":"https:\/\/www.auditorium.com\/wp-content\/uploads\/2026\/08\/Grasso_finche-durera-la-terra_cover300dpi-002-scaled-e1787737546739.jpg","datePublished":"2026-09-01T12:54:48+00:00","breadcrumb":{"@id":"https:\/\/www.auditorium.com\/it\/event\/giovanni-grasso-presenta-finche-durera-la-terra\/#breadcrumb"},"inLanguage":"it-IT","potentialAction":[{"@type":"ReadAction","target":["https:\/\/www.auditorium.com\/it\/event\/giovanni-grasso-presenta-finche-durera-la-terra\/"]}]},{"@type":"ImageObject","inLanguage":"it-IT","@id":"https:\/\/www.auditorium.com\/it\/event\/giovanni-grasso-presenta-finche-durera-la-terra\/#primaryimage","url":"https:\/\/www.auditorium.com\/wp-content\/uploads\/2026\/08\/Grasso_finche-durera-la-terra_cover300dpi-002-scaled-e1787737546739.jpg","contentUrl":"https:\/\/www.auditorium.com\/wp-content\/uploads\/2026\/08\/Grasso_finche-durera-la-terra_cover300dpi-002-scaled-e1787737546739.jpg","width":1630,"height":1557},{"@type":"BreadcrumbList","@id":"https:\/\/www.auditorium.com\/it\/event\/giovanni-grasso-presenta-finche-durera-la-terra\/#breadcrumb","itemListElement":[{"@type":"ListItem","position":1,"name":"Home","item":"https:\/\/www.auditorium.com\/it\/"},{"@type":"ListItem","position":2,"name":"Giovanni Grasso presenta &#8220;Finch\u00e9 durer\u00e0 la terra&#8221;"}]},{"@type":"WebSite","@id":"https:\/\/www.auditorium.com\/it\/#website","url":"https:\/\/www.auditorium.com\/it\/","name":"Auditorium Parco della Musica Ennio Morricone","description":"Progettato da Renzo Piano, l&#039;Auditorium rappresenta una sofisticata architettura musicale e uno straordinario intervento di riqualificazione urbana.","publisher":{"@id":"https:\/\/www.auditorium.com\/it\/#organization"},"potentialAction":[{"@type":"SearchAction","target":{"@type":"EntryPoint","urlTemplate":"https:\/\/www.auditorium.com\/it\/?s={search_term_string}"},"query-input":{"@type":"PropertyValueSpecification","valueRequired":true,"valueName":"search_term_string"}}],"inLanguage":"it-IT"},{"@type":"Organization","@id":"https:\/\/www.auditorium.com\/it\/#organization","name":"Auditorium Parco della Musica Ennio Morricone","url":"https:\/\/www.auditorium.com\/it\/","logo":{"@type":"ImageObject","inLanguage":"it-IT","@id":"https:\/\/www.auditorium.com\/it\/#\/schema\/logo\/image\/","url":"https:\/\/www.auditorium.com\/wp-content\/uploads\/2022\/12\/logo-auditorium.svg","contentUrl":"https:\/\/www.auditorium.com\/wp-content\/uploads\/2022\/12\/logo-auditorium.svg","width":86,"height":79,"caption":"Auditorium Parco della Musica Ennio Morricone"},"image":{"@id":"https:\/\/www.auditorium.com\/it\/#\/schema\/logo\/image\/"},"sameAs":["https:\/\/www.facebook.com\/AuditoriumParcodellaMusica","https:\/\/x.com\/auditoriumpdm","https:\/\/www.instagram.com\/auditoriumparcodellamusica\/"]}]}},"_links":{"self":[{"href":"https:\/\/www.auditorium.com\/it\/wp-json\/wp\/v2\/event\/48947","targetHints":{"allow":["GET"]}}],"collection":[{"href":"https:\/\/www.auditorium.com\/it\/wp-json\/wp\/v2\/event"}],"about":[{"href":"https:\/\/www.auditorium.com\/it\/wp-json\/wp\/v2\/types\/event"}],"wp:featuredmedia":[{"embeddable":true,"href":"https:\/\/www.auditorium.com\/it\/wp-json\/wp\/v2\/media\/48948"}],"wp:attachment":[{"href":"https:\/\/www.auditorium.com\/it\/wp-json\/wp\/v2\/media?parent=48947"}],"wp:term":[{"taxonomy":"event_categories","embeddable":true,"href":"https:\/\/www.auditorium.com\/it\/wp-json\/wp\/v2\/event_categories?post=48947"},{"taxonomy":"event_genre","embeddable":true,"href":"https:\/\/www.auditorium.com\/it\/wp-json\/wp\/v2\/event_genre?post=48947"},{"taxonomy":"event_themes","embeddable":true,"href":"https:\/\/www.auditorium.com\/it\/wp-json\/wp\/v2\/event_themes?post=48947"},{"taxonomy":"event_format","embeddable":true,"href":"https:\/\/www.auditorium.com\/it\/wp-json\/wp\/v2\/event_format?post=48947"},{"taxonomy":"event_consigliati","embeddable":true,"href":"https:\/\/www.auditorium.com\/it\/wp-json\/wp\/v2\/event_consigliati?post=48947"}],"curies":[{"name":"wp","href":"https:\/\/api.w.org\/{rel}","templated":true}]}}