{"id":46145,"date":"2026-04-30T13:05:27","date_gmt":"2026-04-30T12:05:27","guid":{"rendered":"https:\/\/www.auditorium.com\/?post_type=event&#038;p=46145"},"modified":"2026-04-30T13:06:24","modified_gmt":"2026-04-30T12:06:24","slug":"pane-ar-pane-artisti-per-santegidio","status":"publish","type":"event","link":"https:\/\/www.auditorium.com\/it\/event\/pane-ar-pane-artisti-per-santegidio\/","title":{"rendered":"Pane ar Pane &#8211; Artisti per Sant&#8217;Egidio"},"content":{"rendered":"<p><strong>Un concerto che diventa gesto.<\/strong><br \/>\nIl 25 giugno alla Cavea, la musica diventa un\u2019azione concreta.<br \/>\n<em><strong>Pane ar Pane<\/strong><\/em>, ideato da <strong>Elio Germano<\/strong> con la <strong>Comunit\u00e0 di Sant\u2019Egidio<\/strong>, \u00e8 un evento che unisce spettacolo e responsabilit\u00e0: meno retorica, pi\u00f9 necessit\u00e0.<\/p>\n<p>Il titolo richiama l\u2019essenziale: dire le cose come stanno, condividere, non lasciare indietro nessuno.<\/p>\n<p><strong>Gli artisti<\/strong><br \/>\n<strong>Brunori Sas, Paola Cortellesi, Danno, Elio Germano con gli Ardecore, Giancane, Noemi, Willie Peyote, Margherita Vicario, Il Muro del Canto<\/strong>.<br \/>\nAltri ospiti si aggiungeranno. Tutti partecipano gratuitamente.<\/p>\n<p><strong>Il progetto musicale<\/strong><br \/>\nClassici internazionali tradotti in romanesco, curati da Elio Germano e riarrangiati dagli Ardecore.<br \/>\nNe nasce un disco, incluso nel biglietto e consegnato la sera del concerto, con voci come Elio e le Storie Tese, Lillo, Corrado Guzzanti e altri artisti.<\/p>\n<p><strong>A cosa serve<\/strong><br \/>\nL\u2019intero ricavato sostiene le attivit\u00e0 di Sant\u2019Egidio: mense, accoglienza, contrasto alla povert\u00e0 educativa, corridoi umanitari.<\/p>\n<p><strong>Una rete che lo rende possibile<\/strong><br \/>\nProfessionisti e realt\u00e0 del settore lavorano gratuitamente, con il supporto di Roma Capitale e Fondazione Musica per Roma, per destinare tutto il ricavato alla solidariet\u00e0.<\/p>\n<p><strong>Biglietti<\/strong><br \/>\n33 \u20ac (platea in piedi)<br \/>\n37 \u20ac (tribuna)<br \/>\nDisco incluso.<\/p>\n<p>Partecipare significa sostenere concretamente un lavoro che continua ogni giorno.<\/p>\n","protected":false},"excerpt":{"rendered":"Un concerto che diventa gesto. Il 25 giugno alla Cavea, la musica diventa un\u2019azione concreta. Pane ar Pane, ideato da Elio Germano con la Comunit\u00e0 di Sant\u2019Egidio, \u00e8 un evento che unisce spettacolo e responsabilit\u00e0: meno retorica, pi\u00f9 necessit\u00e0. Il titolo richiama l\u2019essenziale: dire le cose come stanno, condividere, non lasciare indietro nessuno. Gli artisti [&hellip;]","protected":false},"featured_media":46148,"template":"","meta":{"_acf_changed":false,"inline_featured_image":false},"event_categories":[],"event_genre":[],"event_themes":[],"event_format":[275],"event_consigliati":[],"class_list":["post-46145","event","type-event","status-publish","has-post-thumbnail","hentry","event_format-extra"],"acf":[],"yoast_head":"<!-- This site is optimized with the Yoast SEO plugin v22.6 - https:\/\/yoast.com\/wordpress\/plugins\/seo\/ -->\n<title>Pane ar Pane - Artisti per Sant&#039;Egidio | Auditorium Parco della Musica Ennio Morricone<\/title>\n<meta name=\"robots\" content=\"index, follow, max-snippet:-1, max-image-preview:large, max-video-preview:-1\" \/>\n<link rel=\"canonical\" href=\"https:\/\/www.auditorium.com\/it\/event\/pane-ar-pane-artisti-per-santegidio\/\" \/>\n<meta property=\"og:locale\" content=\"it_IT\" \/>\n<meta property=\"og:type\" content=\"article\" \/>\n<meta property=\"og:title\" content=\"Pane ar Pane - Artisti per Sant&#039;Egidio | Auditorium Parco della Musica Ennio Morricone\" \/>\n<meta property=\"og:description\" content=\"Un concerto che diventa gesto. Il 25 giugno alla Cavea, la musica diventa un\u2019azione concreta. Pane ar Pane, ideato da Elio Germano con la Comunit\u00e0 di Sant\u2019Egidio, \u00e8 un evento che unisce spettacolo e responsabilit\u00e0: meno retorica, pi\u00f9 necessit\u00e0. Il titolo richiama l\u2019essenziale: dire le cose come stanno, condividere, non lasciare indietro nessuno. Gli artisti [&hellip;]\" \/>\n<meta property=\"og:url\" content=\"https:\/\/www.auditorium.com\/it\/event\/pane-ar-pane-artisti-per-santegidio\/\" \/>\n<meta property=\"og:site_name\" content=\"Auditorium Parco della Musica Ennio Morricone\" \/>\n<meta property=\"article:publisher\" content=\"https:\/\/www.facebook.com\/AuditoriumParcodellaMusica\" \/>\n<meta property=\"article:modified_time\" content=\"2026-04-30T12:06:24+00:00\" \/>\n<meta property=\"og:image\" content=\"https:\/\/www.auditorium.com\/wp-content\/uploads\/2026\/04\/1920x1080-pane-ar-pane.jpg\" \/>\n\t<meta property=\"og:image:width\" content=\"1920\" \/>\n\t<meta property=\"og:image:height\" content=\"1080\" \/>\n\t<meta property=\"og:image:type\" content=\"image\/jpeg\" \/>\n<meta name=\"twitter:card\" content=\"summary_large_image\" \/>\n<meta name=\"twitter:site\" content=\"@auditoriumpdm\" \/>\n<meta name=\"twitter:label1\" content=\"Tempo di lettura stimato\" \/>\n\t<meta name=\"twitter:data1\" content=\"2 minuti\" \/>\n<script type=\"application\/ld+json\" class=\"yoast-schema-graph\">{\"@context\":\"https:\/\/schema.org\",\"@graph\":[{\"@type\":\"WebPage\",\"@id\":\"https:\/\/www.auditorium.com\/it\/event\/pane-ar-pane-artisti-per-santegidio\/\",\"url\":\"https:\/\/www.auditorium.com\/it\/event\/pane-ar-pane-artisti-per-santegidio\/\",\"name\":\"Pane ar Pane - Artisti per Sant'Egidio | Auditorium Parco della Musica Ennio Morricone\",\"isPartOf\":{\"@id\":\"https:\/\/www.auditorium.com\/it\/#website\"},\"primaryImageOfPage\":{\"@id\":\"https:\/\/www.auditorium.com\/it\/event\/pane-ar-pane-artisti-per-santegidio\/#primaryimage\"},\"image\":{\"@id\":\"https:\/\/www.auditorium.com\/it\/event\/pane-ar-pane-artisti-per-santegidio\/#primaryimage\"},\"thumbnailUrl\":\"https:\/\/www.auditorium.com\/wp-content\/uploads\/2026\/04\/1920x1080-pane-ar-pane.jpg\",\"datePublished\":\"2026-04-30T12:05:27+00:00\",\"dateModified\":\"2026-04-30T12:06:24+00:00\",\"breadcrumb\":{\"@id\":\"https:\/\/www.auditorium.com\/it\/event\/pane-ar-pane-artisti-per-santegidio\/#breadcrumb\"},\"inLanguage\":\"it-IT\",\"potentialAction\":[{\"@type\":\"ReadAction\",\"target\":[\"https:\/\/www.auditorium.com\/it\/event\/pane-ar-pane-artisti-per-santegidio\/\"]}]},{\"@type\":\"ImageObject\",\"inLanguage\":\"it-IT\",\"@id\":\"https:\/\/www.auditorium.com\/it\/event\/pane-ar-pane-artisti-per-santegidio\/#primaryimage\",\"url\":\"https:\/\/www.auditorium.com\/wp-content\/uploads\/2026\/04\/1920x1080-pane-ar-pane.jpg\",\"contentUrl\":\"https:\/\/www.auditorium.com\/wp-content\/uploads\/2026\/04\/1920x1080-pane-ar-pane.jpg\",\"width\":1920,\"height\":1080},{\"@type\":\"BreadcrumbList\",\"@id\":\"https:\/\/www.auditorium.com\/it\/event\/pane-ar-pane-artisti-per-santegidio\/#breadcrumb\",\"itemListElement\":[{\"@type\":\"ListItem\",\"position\":1,\"name\":\"Home\",\"item\":\"https:\/\/www.auditorium.com\/it\/\"},{\"@type\":\"ListItem\",\"position\":2,\"name\":\"Pane ar Pane &#8211; Artisti per Sant&#8217;Egidio\"}]},{\"@type\":\"WebSite\",\"@id\":\"https:\/\/www.auditorium.com\/it\/#website\",\"url\":\"https:\/\/www.auditorium.com\/it\/\",\"name\":\"Auditorium Parco della Musica Ennio Morricone\",\"description\":\"Progettato da Renzo Piano, l&#039;Auditorium rappresenta una sofisticata architettura musicale e uno straordinario intervento di riqualificazione urbana.\",\"publisher\":{\"@id\":\"https:\/\/www.auditorium.com\/it\/#organization\"},\"potentialAction\":[{\"@type\":\"SearchAction\",\"target\":{\"@type\":\"EntryPoint\",\"urlTemplate\":\"https:\/\/www.auditorium.com\/it\/?s={search_term_string}\"},\"query-input\":\"required name=search_term_string\"}],\"inLanguage\":\"it-IT\"},{\"@type\":\"Organization\",\"@id\":\"https:\/\/www.auditorium.com\/it\/#organization\",\"name\":\"Auditorium Parco della Musica Ennio Morricone\",\"url\":\"https:\/\/www.auditorium.com\/it\/\",\"logo\":{\"@type\":\"ImageObject\",\"inLanguage\":\"it-IT\",\"@id\":\"https:\/\/www.auditorium.com\/it\/#\/schema\/logo\/image\/\",\"url\":\"https:\/\/www.auditorium.com\/wp-content\/uploads\/2022\/12\/logo-auditorium.svg\",\"contentUrl\":\"https:\/\/www.auditorium.com\/wp-content\/uploads\/2022\/12\/logo-auditorium.svg\",\"width\":86,\"height\":79,\"caption\":\"Auditorium Parco della Musica Ennio Morricone\"},\"image\":{\"@id\":\"https:\/\/www.auditorium.com\/it\/#\/schema\/logo\/image\/\"},\"sameAs\":[\"https:\/\/www.facebook.com\/AuditoriumParcodellaMusica\",\"https:\/\/x.com\/auditoriumpdm\",\"https:\/\/www.instagram.com\/auditoriumparcodellamusica\/\"]}]}<\/script>\n<!-- \/ Yoast SEO plugin. -->","yoast_head_json":{"title":"Pane ar Pane - Artisti per Sant'Egidio | Auditorium Parco della Musica Ennio Morricone","robots":{"index":"index","follow":"follow","max-snippet":"max-snippet:-1","max-image-preview":"max-image-preview:large","max-video-preview":"max-video-preview:-1"},"canonical":"https:\/\/www.auditorium.com\/it\/event\/pane-ar-pane-artisti-per-santegidio\/","og_locale":"it_IT","og_type":"article","og_title":"Pane ar Pane - Artisti per Sant'Egidio | Auditorium Parco della Musica Ennio Morricone","og_description":"Un concerto che diventa gesto. Il 25 giugno alla Cavea, la musica diventa un\u2019azione concreta. Pane ar Pane, ideato da Elio Germano con la Comunit\u00e0 di Sant\u2019Egidio, \u00e8 un evento che unisce spettacolo e responsabilit\u00e0: meno retorica, pi\u00f9 necessit\u00e0. Il titolo richiama l\u2019essenziale: dire le cose come stanno, condividere, non lasciare indietro nessuno. Gli artisti [&hellip;]","og_url":"https:\/\/www.auditorium.com\/it\/event\/pane-ar-pane-artisti-per-santegidio\/","og_site_name":"Auditorium Parco della Musica Ennio Morricone","article_publisher":"https:\/\/www.facebook.com\/AuditoriumParcodellaMusica","article_modified_time":"2026-04-30T12:06:24+00:00","og_image":[{"width":1920,"height":1080,"url":"https:\/\/www.auditorium.com\/wp-content\/uploads\/2026\/04\/1920x1080-pane-ar-pane.jpg","type":"image\/jpeg"}],"twitter_card":"summary_large_image","twitter_site":"@auditoriumpdm","twitter_misc":{"Tempo di lettura stimato":"2 minuti"},"schema":{"@context":"https:\/\/schema.org","@graph":[{"@type":"WebPage","@id":"https:\/\/www.auditorium.com\/it\/event\/pane-ar-pane-artisti-per-santegidio\/","url":"https:\/\/www.auditorium.com\/it\/event\/pane-ar-pane-artisti-per-santegidio\/","name":"Pane ar Pane - Artisti per Sant'Egidio | Auditorium Parco della Musica Ennio Morricone","isPartOf":{"@id":"https:\/\/www.auditorium.com\/it\/#website"},"primaryImageOfPage":{"@id":"https:\/\/www.auditorium.com\/it\/event\/pane-ar-pane-artisti-per-santegidio\/#primaryimage"},"image":{"@id":"https:\/\/www.auditorium.com\/it\/event\/pane-ar-pane-artisti-per-santegidio\/#primaryimage"},"thumbnailUrl":"https:\/\/www.auditorium.com\/wp-content\/uploads\/2026\/04\/1920x1080-pane-ar-pane.jpg","datePublished":"2026-04-30T12:05:27+00:00","dateModified":"2026-04-30T12:06:24+00:00","breadcrumb":{"@id":"https:\/\/www.auditorium.com\/it\/event\/pane-ar-pane-artisti-per-santegidio\/#breadcrumb"},"inLanguage":"it-IT","potentialAction":[{"@type":"ReadAction","target":["https:\/\/www.auditorium.com\/it\/event\/pane-ar-pane-artisti-per-santegidio\/"]}]},{"@type":"ImageObject","inLanguage":"it-IT","@id":"https:\/\/www.auditorium.com\/it\/event\/pane-ar-pane-artisti-per-santegidio\/#primaryimage","url":"https:\/\/www.auditorium.com\/wp-content\/uploads\/2026\/04\/1920x1080-pane-ar-pane.jpg","contentUrl":"https:\/\/www.auditorium.com\/wp-content\/uploads\/2026\/04\/1920x1080-pane-ar-pane.jpg","width":1920,"height":1080},{"@type":"BreadcrumbList","@id":"https:\/\/www.auditorium.com\/it\/event\/pane-ar-pane-artisti-per-santegidio\/#breadcrumb","itemListElement":[{"@type":"ListItem","position":1,"name":"Home","item":"https:\/\/www.auditorium.com\/it\/"},{"@type":"ListItem","position":2,"name":"Pane ar Pane &#8211; Artisti per Sant&#8217;Egidio"}]},{"@type":"WebSite","@id":"https:\/\/www.auditorium.com\/it\/#website","url":"https:\/\/www.auditorium.com\/it\/","name":"Auditorium Parco della Musica Ennio Morricone","description":"Progettato da Renzo Piano, l&#039;Auditorium rappresenta una sofisticata architettura musicale e uno straordinario intervento di riqualificazione urbana.","publisher":{"@id":"https:\/\/www.auditorium.com\/it\/#organization"},"potentialAction":[{"@type":"SearchAction","target":{"@type":"EntryPoint","urlTemplate":"https:\/\/www.auditorium.com\/it\/?s={search_term_string}"},"query-input":"required name=search_term_string"}],"inLanguage":"it-IT"},{"@type":"Organization","@id":"https:\/\/www.auditorium.com\/it\/#organization","name":"Auditorium Parco della Musica Ennio Morricone","url":"https:\/\/www.auditorium.com\/it\/","logo":{"@type":"ImageObject","inLanguage":"it-IT","@id":"https:\/\/www.auditorium.com\/it\/#\/schema\/logo\/image\/","url":"https:\/\/www.auditorium.com\/wp-content\/uploads\/2022\/12\/logo-auditorium.svg","contentUrl":"https:\/\/www.auditorium.com\/wp-content\/uploads\/2022\/12\/logo-auditorium.svg","width":86,"height":79,"caption":"Auditorium Parco della Musica Ennio Morricone"},"image":{"@id":"https:\/\/www.auditorium.com\/it\/#\/schema\/logo\/image\/"},"sameAs":["https:\/\/www.facebook.com\/AuditoriumParcodellaMusica","https:\/\/x.com\/auditoriumpdm","https:\/\/www.instagram.com\/auditoriumparcodellamusica\/"]}]}},"_links":{"self":[{"href":"https:\/\/www.auditorium.com\/it\/wp-json\/wp\/v2\/event\/46145","targetHints":{"allow":["GET"]}}],"collection":[{"href":"https:\/\/www.auditorium.com\/it\/wp-json\/wp\/v2\/event"}],"about":[{"href":"https:\/\/www.auditorium.com\/it\/wp-json\/wp\/v2\/types\/event"}],"wp:featuredmedia":[{"embeddable":true,"href":"https:\/\/www.auditorium.com\/it\/wp-json\/wp\/v2\/media\/46148"}],"wp:attachment":[{"href":"https:\/\/www.auditorium.com\/it\/wp-json\/wp\/v2\/media?parent=46145"}],"wp:term":[{"taxonomy":"event_categories","embeddable":true,"href":"https:\/\/www.auditorium.com\/it\/wp-json\/wp\/v2\/event_categories?post=46145"},{"taxonomy":"event_genre","embeddable":true,"href":"https:\/\/www.auditorium.com\/it\/wp-json\/wp\/v2\/event_genre?post=46145"},{"taxonomy":"event_themes","embeddable":true,"href":"https:\/\/www.auditorium.com\/it\/wp-json\/wp\/v2\/event_themes?post=46145"},{"taxonomy":"event_format","embeddable":true,"href":"https:\/\/www.auditorium.com\/it\/wp-json\/wp\/v2\/event_format?post=46145"},{"taxonomy":"event_consigliati","embeddable":true,"href":"https:\/\/www.auditorium.com\/it\/wp-json\/wp\/v2\/event_consigliati?post=46145"}],"curies":[{"name":"wp","href":"https:\/\/api.w.org\/{rel}","templated":true}]}}