{"id":43835,"date":"2025-12-23T16:00:23","date_gmt":"2025-12-23T15:00:23","guid":{"rendered":"https:\/\/www.auditorium.com\/?post_type=event&#038;p=43835"},"modified":"2026-04-27T11:53:06","modified_gmt":"2026-04-27T10:53:06","slug":"sergio-cammariere-8","status":"publish","type":"event","link":"https:\/\/www.auditorium.com\/it\/event\/sergio-cammariere-8\/","title":{"rendered":"Sergio Cammariere &#8211; EVENTO RINVIATO"},"content":{"rendered":"<p style=\"text-align: center;\"><strong>EVENTO RINVIATO<\/strong><\/p>\n<p>A causa di sopraggiunti imprevisti di natura organizzativa, non dipendenti dalla responsabilit\u00e0 della Fondazione Musica per Roma, n\u00e9 dell&#8217;artista, n\u00e9 della sua produzione, il concerto di Sergio Cammariere, inizialmente previsto per il 5 maggio 2026 in Sala Sinopoli alle ore 20:00, viene posticipato all\u2019 <strong>11 dicembre 2026 ore 20.00<\/strong>, Sala Sinopoli.<\/p>\n<p>I biglietti restano validi per la<a href=\"https:\/\/www.auditorium.com\/it\/event\/sergio-cammariere-9\/\"> nuova data<\/a>.<\/p>\n<p>In caso di impossibilit\u00e0 a partecipare alla nuova data, \u00e8 possibile richiedere il rimborso nelle seguenti modalit\u00e0:<\/p>\n<p>&nbsp;<\/p>\n<ol>\n<li>gli spettatori che hanno acquistato il biglietto sul sito\u00a0<a href=\"https:\/\/eur03.safelinks.protection.outlook.com\/?url=http%3A%2F%2Fticketone.it%2F&amp;data=05%7C02%7CN.quarantelli%40musicaperroma.it%7C7c21491f4f914d4b65cd08de8a9f48b1%7C8bdd8412dbce4c66988af4d7df740609%7C0%7C0%7C639100613911890540%7CUnknown%7CTWFpbGZsb3d8eyJFbXB0eU1hcGkiOnRydWUsIlYiOiIwLjAuMDAwMCIsIlAiOiJXaW4zMiIsIkFOIjoiTWFpbCIsIldUIjoyfQ%3D%3D%7C0%7C%7C%7C&amp;sdata=ML7Satzv8CK33DftS6jFvqzhI2ukKB%2B1bf%2Fq9BvE05M%3D&amp;reserved=0\">TicketOne.it<\/a>\u00a0, tramite Call Center e presso uno dei Punti Vendita Ticketone\u00a0<u>dovranno fare richiesta di rimborso entro e non oltre il 06\/05\/2026<\/u>,\u00a0secondo le procedure riportate alla pagina\u00a0 <a href=\"https:\/\/eur03.safelinks.protection.outlook.com\/?url=http%3A%2F%2Fwww.rimborso.info%2F&amp;data=05%7C02%7CN.quarantelli%40musicaperroma.it%7C7c21491f4f914d4b65cd08de8a9f48b1%7C8bdd8412dbce4c66988af4d7df740609%7C0%7C0%7C639100613911916550%7CUnknown%7CTWFpbGZsb3d8eyJFbXB0eU1hcGkiOnRydWUsIlYiOiIwLjAuMDAwMCIsIlAiOiJXaW4zMiIsIkFOIjoiTWFpbCIsIldUIjoyfQ%3D%3D%7C0%7C%7C%7C&amp;sdata=shvGhSdVcw7ZFK23ArVsZlcKGCZh%2F%2Flgyx849PwT34M%3D&amp;reserved=0\">www.rimborso.info<\/a><\/li>\n<li>gli spettatori che hanno acquistato il biglietto presso la biglietteria dell\u2019Auditorium Parco della Musica\/ biglietteria Casa del Jazz\u00a0dovranno presentarsi allo stesso botteghino muniti del biglietto per ottenerne il rimborso<u>, entro e non oltre il 06\/05\/2026<\/u><\/li>\n<\/ol>\n<p>&nbsp;<\/p>\n<p>&nbsp;<\/p>\n<p class=\"p1\"><strong>Sergio<\/strong>, insieme ai musicisti che lo affiancano da sempre<strong> Amedeo Ariano<\/strong> (che in alcuni concerti verr\u00e0 sostituito da <strong>Michele Santoleri<\/strong>, giovane batterista di grande talento), <strong>Luca Bulgarelli<\/strong> al contrabbasso e <strong>Daniele Tittarelli<\/strong> al sax soprano, ripercorrer\u00e0 la sua carriera, ormai ventennale attraverso i suoi brani pi\u00f9 noti e alcune sue composizioni strumentali appartenenti ai suoi album in piano solo nei quali si aggiunge il violoncello di <strong>Giovanna Famulari<\/strong>, musicista dotata di grande sensibilit\u00e0 che da quattro anni collabora con lui. Oltre ai suoi brani pi\u00f9 amati trovano spazio anche alcune delle sue ultime creazioni raccolte nell\u2019album \u201cLa pioggia che non cade mai\u201d uscito il 28 novembre 2025 e che da il titolo al nuovo tour 2026. Lo spettacolo rispecchia l&#8217;animo e l&#8217;approccio musicale unico dell&#8217;artista, una perfetta combinazione tra intensi momenti di poesia, intrisi di suadenti atmosfere jazz e coinvolgenti ritmi latini che accendono il live con calde <span class=\"s1\">atmosfere <\/span>bossanova.<\/p>\n","protected":false},"excerpt":{"rendered":"EVENTO RINVIATO A causa di sopraggiunti imprevisti di natura organizzativa, non dipendenti dalla responsabilit\u00e0 della Fondazione Musica per Roma, n\u00e9 dell&#8217;artista, n\u00e9 della sua produzione, il concerto di Sergio Cammariere, inizialmente previsto per il 5 maggio 2026 in Sala Sinopoli alle ore 20:00, viene posticipato all\u2019 11 dicembre 2026 ore 20.00, Sala Sinopoli. I biglietti [&hellip;]","protected":false},"featured_media":43836,"template":"","meta":{"_acf_changed":false,"inline_featured_image":false},"event_categories":[82],"event_genre":[],"event_themes":[],"event_format":[],"event_consigliati":[],"class_list":["post-43835","event","type-event","status-publish","has-post-thumbnail","hentry","event_categories-dautore"],"acf":[],"yoast_head":"<!-- This site is optimized with the Yoast SEO plugin v22.6 - https:\/\/yoast.com\/wordpress\/plugins\/seo\/ -->\n<title>Sergio Cammariere - EVENTO RINVIATO | Auditorium Parco della Musica Ennio Morricone<\/title>\n<meta name=\"description\" content=\"Oltre ai suoi brani pi\u00f9 amati trovano spazio anche alcune delle sue ultime creazioni raccolte nell\u2019album \u201cLa pioggia che non cade mai\u201d uscito il 28 novembre 2025 e che da il titolo al nuovo tour 2026.\" \/>\n<meta name=\"robots\" content=\"index, follow, max-snippet:-1, max-image-preview:large, max-video-preview:-1\" \/>\n<link rel=\"canonical\" href=\"https:\/\/www.auditorium.com\/it\/event\/sergio-cammariere-8\/\" \/>\n<meta property=\"og:locale\" content=\"it_IT\" \/>\n<meta property=\"og:type\" content=\"article\" \/>\n<meta property=\"og:title\" content=\"Sergio Cammariere - EVENTO RINVIATO | Auditorium Parco della Musica Ennio Morricone\" \/>\n<meta property=\"og:description\" content=\"Oltre ai suoi brani pi\u00f9 amati trovano spazio anche alcune delle sue ultime creazioni raccolte nell\u2019album \u201cLa pioggia che non cade mai\u201d uscito il 28 novembre 2025 e che da il titolo al nuovo tour 2026.\" \/>\n<meta property=\"og:url\" content=\"https:\/\/www.auditorium.com\/it\/event\/sergio-cammariere-8\/\" \/>\n<meta property=\"og:site_name\" content=\"Auditorium Parco della Musica Ennio Morricone\" \/>\n<meta property=\"article:publisher\" content=\"https:\/\/www.facebook.com\/AuditoriumParcodellaMusica\" \/>\n<meta property=\"article:modified_time\" content=\"2026-04-27T10:53:06+00:00\" \/>\n<meta property=\"og:image\" content=\"https:\/\/www.auditorium.com\/wp-content\/uploads\/2025\/12\/cammariere-700x407.png\" \/>\n\t<meta property=\"og:image:width\" content=\"700\" \/>\n\t<meta property=\"og:image:height\" content=\"407\" \/>\n\t<meta property=\"og:image:type\" content=\"image\/png\" \/>\n<meta name=\"twitter:card\" content=\"summary_large_image\" \/>\n<meta name=\"twitter:site\" content=\"@auditoriumpdm\" \/>\n<meta name=\"twitter:label1\" content=\"Tempo di lettura stimato\" \/>\n\t<meta name=\"twitter:data1\" content=\"2 minuti\" \/>\n<script type=\"application\/ld+json\" class=\"yoast-schema-graph\">{\"@context\":\"https:\/\/schema.org\",\"@graph\":[{\"@type\":\"WebPage\",\"@id\":\"https:\/\/www.auditorium.com\/it\/event\/sergio-cammariere-8\/\",\"url\":\"https:\/\/www.auditorium.com\/it\/event\/sergio-cammariere-8\/\",\"name\":\"Sergio Cammariere - EVENTO RINVIATO | Auditorium Parco della Musica Ennio Morricone\",\"isPartOf\":{\"@id\":\"https:\/\/www.auditorium.com\/it\/#website\"},\"primaryImageOfPage\":{\"@id\":\"https:\/\/www.auditorium.com\/it\/event\/sergio-cammariere-8\/#primaryimage\"},\"image\":{\"@id\":\"https:\/\/www.auditorium.com\/it\/event\/sergio-cammariere-8\/#primaryimage\"},\"thumbnailUrl\":\"https:\/\/www.auditorium.com\/wp-content\/uploads\/2025\/12\/cammariere.png\",\"datePublished\":\"2025-12-23T15:00:23+00:00\",\"dateModified\":\"2026-04-27T10:53:06+00:00\",\"description\":\"Oltre ai suoi brani pi\u00f9 amati trovano spazio anche alcune delle sue ultime creazioni raccolte nell\u2019album \u201cLa pioggia che non cade mai\u201d uscito il 28 novembre 2025 e che da il titolo al nuovo tour 2026.\",\"breadcrumb\":{\"@id\":\"https:\/\/www.auditorium.com\/it\/event\/sergio-cammariere-8\/#breadcrumb\"},\"inLanguage\":\"it-IT\",\"potentialAction\":[{\"@type\":\"ReadAction\",\"target\":[\"https:\/\/www.auditorium.com\/it\/event\/sergio-cammariere-8\/\"]}]},{\"@type\":\"ImageObject\",\"inLanguage\":\"it-IT\",\"@id\":\"https:\/\/www.auditorium.com\/it\/event\/sergio-cammariere-8\/#primaryimage\",\"url\":\"https:\/\/www.auditorium.com\/wp-content\/uploads\/2025\/12\/cammariere.png\",\"contentUrl\":\"https:\/\/www.auditorium.com\/wp-content\/uploads\/2025\/12\/cammariere.png\",\"width\":2342,\"height\":1363},{\"@type\":\"BreadcrumbList\",\"@id\":\"https:\/\/www.auditorium.com\/it\/event\/sergio-cammariere-8\/#breadcrumb\",\"itemListElement\":[{\"@type\":\"ListItem\",\"position\":1,\"name\":\"Home\",\"item\":\"https:\/\/www.auditorium.com\/it\/\"},{\"@type\":\"ListItem\",\"position\":2,\"name\":\"Sergio Cammariere &#8211; EVENTO RINVIATO\"}]},{\"@type\":\"WebSite\",\"@id\":\"https:\/\/www.auditorium.com\/it\/#website\",\"url\":\"https:\/\/www.auditorium.com\/it\/\",\"name\":\"Auditorium Parco della Musica Ennio Morricone\",\"description\":\"Progettato da Renzo Piano, l&#039;Auditorium rappresenta una sofisticata architettura musicale e uno straordinario intervento di riqualificazione urbana.\",\"publisher\":{\"@id\":\"https:\/\/www.auditorium.com\/it\/#organization\"},\"potentialAction\":[{\"@type\":\"SearchAction\",\"target\":{\"@type\":\"EntryPoint\",\"urlTemplate\":\"https:\/\/www.auditorium.com\/it\/?s={search_term_string}\"},\"query-input\":\"required name=search_term_string\"}],\"inLanguage\":\"it-IT\"},{\"@type\":\"Organization\",\"@id\":\"https:\/\/www.auditorium.com\/it\/#organization\",\"name\":\"Auditorium Parco della Musica Ennio Morricone\",\"url\":\"https:\/\/www.auditorium.com\/it\/\",\"logo\":{\"@type\":\"ImageObject\",\"inLanguage\":\"it-IT\",\"@id\":\"https:\/\/www.auditorium.com\/it\/#\/schema\/logo\/image\/\",\"url\":\"https:\/\/www.auditorium.com\/wp-content\/uploads\/2022\/12\/logo-auditorium.svg\",\"contentUrl\":\"https:\/\/www.auditorium.com\/wp-content\/uploads\/2022\/12\/logo-auditorium.svg\",\"width\":86,\"height\":79,\"caption\":\"Auditorium Parco della Musica Ennio Morricone\"},\"image\":{\"@id\":\"https:\/\/www.auditorium.com\/it\/#\/schema\/logo\/image\/\"},\"sameAs\":[\"https:\/\/www.facebook.com\/AuditoriumParcodellaMusica\",\"https:\/\/x.com\/auditoriumpdm\",\"https:\/\/www.instagram.com\/auditoriumparcodellamusica\/\"]}]}<\/script>\n<!-- \/ Yoast SEO plugin. -->","yoast_head_json":{"title":"Sergio Cammariere - EVENTO RINVIATO | Auditorium Parco della Musica Ennio Morricone","description":"Oltre ai suoi brani pi\u00f9 amati trovano spazio anche alcune delle sue ultime creazioni raccolte nell\u2019album \u201cLa pioggia che non cade mai\u201d uscito il 28 novembre 2025 e che da il titolo al nuovo tour 2026.","robots":{"index":"index","follow":"follow","max-snippet":"max-snippet:-1","max-image-preview":"max-image-preview:large","max-video-preview":"max-video-preview:-1"},"canonical":"https:\/\/www.auditorium.com\/it\/event\/sergio-cammariere-8\/","og_locale":"it_IT","og_type":"article","og_title":"Sergio Cammariere - EVENTO RINVIATO | Auditorium Parco della Musica Ennio Morricone","og_description":"Oltre ai suoi brani pi\u00f9 amati trovano spazio anche alcune delle sue ultime creazioni raccolte nell\u2019album \u201cLa pioggia che non cade mai\u201d uscito il 28 novembre 2025 e che da il titolo al nuovo tour 2026.","og_url":"https:\/\/www.auditorium.com\/it\/event\/sergio-cammariere-8\/","og_site_name":"Auditorium Parco della Musica Ennio Morricone","article_publisher":"https:\/\/www.facebook.com\/AuditoriumParcodellaMusica","article_modified_time":"2026-04-27T10:53:06+00:00","og_image":[{"width":700,"height":407,"url":"https:\/\/www.auditorium.com\/wp-content\/uploads\/2025\/12\/cammariere-700x407.png","type":"image\/png"}],"twitter_card":"summary_large_image","twitter_site":"@auditoriumpdm","twitter_misc":{"Tempo di lettura stimato":"2 minuti"},"schema":{"@context":"https:\/\/schema.org","@graph":[{"@type":"WebPage","@id":"https:\/\/www.auditorium.com\/it\/event\/sergio-cammariere-8\/","url":"https:\/\/www.auditorium.com\/it\/event\/sergio-cammariere-8\/","name":"Sergio Cammariere - EVENTO RINVIATO | Auditorium Parco della Musica Ennio Morricone","isPartOf":{"@id":"https:\/\/www.auditorium.com\/it\/#website"},"primaryImageOfPage":{"@id":"https:\/\/www.auditorium.com\/it\/event\/sergio-cammariere-8\/#primaryimage"},"image":{"@id":"https:\/\/www.auditorium.com\/it\/event\/sergio-cammariere-8\/#primaryimage"},"thumbnailUrl":"https:\/\/www.auditorium.com\/wp-content\/uploads\/2025\/12\/cammariere.png","datePublished":"2025-12-23T15:00:23+00:00","dateModified":"2026-04-27T10:53:06+00:00","description":"Oltre ai suoi brani pi\u00f9 amati trovano spazio anche alcune delle sue ultime creazioni raccolte nell\u2019album \u201cLa pioggia che non cade mai\u201d uscito il 28 novembre 2025 e che da il titolo al nuovo tour 2026.","breadcrumb":{"@id":"https:\/\/www.auditorium.com\/it\/event\/sergio-cammariere-8\/#breadcrumb"},"inLanguage":"it-IT","potentialAction":[{"@type":"ReadAction","target":["https:\/\/www.auditorium.com\/it\/event\/sergio-cammariere-8\/"]}]},{"@type":"ImageObject","inLanguage":"it-IT","@id":"https:\/\/www.auditorium.com\/it\/event\/sergio-cammariere-8\/#primaryimage","url":"https:\/\/www.auditorium.com\/wp-content\/uploads\/2025\/12\/cammariere.png","contentUrl":"https:\/\/www.auditorium.com\/wp-content\/uploads\/2025\/12\/cammariere.png","width":2342,"height":1363},{"@type":"BreadcrumbList","@id":"https:\/\/www.auditorium.com\/it\/event\/sergio-cammariere-8\/#breadcrumb","itemListElement":[{"@type":"ListItem","position":1,"name":"Home","item":"https:\/\/www.auditorium.com\/it\/"},{"@type":"ListItem","position":2,"name":"Sergio Cammariere &#8211; EVENTO RINVIATO"}]},{"@type":"WebSite","@id":"https:\/\/www.auditorium.com\/it\/#website","url":"https:\/\/www.auditorium.com\/it\/","name":"Auditorium Parco della Musica Ennio Morricone","description":"Progettato da Renzo Piano, l&#039;Auditorium rappresenta una sofisticata architettura musicale e uno straordinario intervento di riqualificazione urbana.","publisher":{"@id":"https:\/\/www.auditorium.com\/it\/#organization"},"potentialAction":[{"@type":"SearchAction","target":{"@type":"EntryPoint","urlTemplate":"https:\/\/www.auditorium.com\/it\/?s={search_term_string}"},"query-input":"required name=search_term_string"}],"inLanguage":"it-IT"},{"@type":"Organization","@id":"https:\/\/www.auditorium.com\/it\/#organization","name":"Auditorium Parco della Musica Ennio Morricone","url":"https:\/\/www.auditorium.com\/it\/","logo":{"@type":"ImageObject","inLanguage":"it-IT","@id":"https:\/\/www.auditorium.com\/it\/#\/schema\/logo\/image\/","url":"https:\/\/www.auditorium.com\/wp-content\/uploads\/2022\/12\/logo-auditorium.svg","contentUrl":"https:\/\/www.auditorium.com\/wp-content\/uploads\/2022\/12\/logo-auditorium.svg","width":86,"height":79,"caption":"Auditorium Parco della Musica Ennio Morricone"},"image":{"@id":"https:\/\/www.auditorium.com\/it\/#\/schema\/logo\/image\/"},"sameAs":["https:\/\/www.facebook.com\/AuditoriumParcodellaMusica","https:\/\/x.com\/auditoriumpdm","https:\/\/www.instagram.com\/auditoriumparcodellamusica\/"]}]}},"_links":{"self":[{"href":"https:\/\/www.auditorium.com\/it\/wp-json\/wp\/v2\/event\/43835","targetHints":{"allow":["GET"]}}],"collection":[{"href":"https:\/\/www.auditorium.com\/it\/wp-json\/wp\/v2\/event"}],"about":[{"href":"https:\/\/www.auditorium.com\/it\/wp-json\/wp\/v2\/types\/event"}],"wp:featuredmedia":[{"embeddable":true,"href":"https:\/\/www.auditorium.com\/it\/wp-json\/wp\/v2\/media\/43836"}],"wp:attachment":[{"href":"https:\/\/www.auditorium.com\/it\/wp-json\/wp\/v2\/media?parent=43835"}],"wp:term":[{"taxonomy":"event_categories","embeddable":true,"href":"https:\/\/www.auditorium.com\/it\/wp-json\/wp\/v2\/event_categories?post=43835"},{"taxonomy":"event_genre","embeddable":true,"href":"https:\/\/www.auditorium.com\/it\/wp-json\/wp\/v2\/event_genre?post=43835"},{"taxonomy":"event_themes","embeddable":true,"href":"https:\/\/www.auditorium.com\/it\/wp-json\/wp\/v2\/event_themes?post=43835"},{"taxonomy":"event_format","embeddable":true,"href":"https:\/\/www.auditorium.com\/it\/wp-json\/wp\/v2\/event_format?post=43835"},{"taxonomy":"event_consigliati","embeddable":true,"href":"https:\/\/www.auditorium.com\/it\/wp-json\/wp\/v2\/event_consigliati?post=43835"}],"curies":[{"name":"wp","href":"https:\/\/api.w.org\/{rel}","templated":true}]}}