{"id":43667,"date":"2025-12-09T11:53:59","date_gmt":"2025-12-09T09:53:59","guid":{"rendered":"https:\/\/www.auditorium.com\/?post_type=event&#038;p=43667"},"modified":"2025-12-20T17:58:43","modified_gmt":"2025-12-20T16:58:43","slug":"caterina-silva-sette-tele","status":"publish","type":"event","link":"https:\/\/www.auditorium.com\/it\/event\/caterina-silva-sette-tele\/","title":{"rendered":"Caterina Silva \u2013 &#8220;Sette tele&#8221;"},"content":{"rendered":"<p style=\"font-weight: 400;\">La mostra di<strong> Caterina Silva<\/strong> a cura di <strong>Anna Cestelli Guidi <\/strong>si inserisce all\u2019interno del progetto espositivo prodotto da <strong>Fondazione Musica per Roma<\/strong> per le grandi pareti del Foyer Sinopoli: &#8220;The Female Gaze&#8221;, una serie di mostre dedicate allo sguardo femminile che, negli anni, ha visto succedersi gli interventi site-specific di artiste come <strong>Alessandra Giovannoni<\/strong> (2017), <strong>Elisa Montessori<\/strong> (2018), <strong>Donatella Spaziani<\/strong> (2019) e <strong>Paola Gandolfi<\/strong> (2024).<\/p>\n<p style=\"font-weight: 400;\">Il titolo della mostra \u2013 &#8220;Sette tele&#8221; \u2013 che si potr\u00e0 visitare nel Foyer dal 20 dicembre 2025 all\u20198 febbraio 2026, insiste sull\u2019attenzione, quasi alchemica, alla trasformazione della materia pittorica che contraddistingue la pratica di <strong>Caterina Silva<\/strong>, e in modo particolare i lavori esposti, appartenenti a periodi diversi, tutti contraddistinti dalla non preparazione della tela e in alcuni casi, come &#8220;Survivor&#8221; e &#8220;Mouth&#8221; del 2019 o &#8220;O (Egg)&#8221; e &#8220;O (Molti)&#8221; del 2020, allestiti senza telaio sulle pareti di mattoncini del Foyer.In tutti questi dipinti la tela, da materia tradizionalmente neutra, puro supporto, nuda canvas, si trasforma nella matrice del processo creativo di Silva, il suolo su cui ha luogo quel confronto fisico e gestuale con la materia pittorica che \u00e8 la cifra del modus operandi dell\u2019artista, sempre in delicato equilibrio tra performance e caos controllato.<\/p>\n<p style=\"font-weight: 400;\">Le tele non preparate assorbono e reagiscono come una pelle; i pigmenti mischiati a elementi organici sono capaci di cambiamento; le tracce di processi diversi testimoniano il passaggio del tempo: tutti questi elementi trasformano le tele in superfici viventi, organismi in continuo mutamento da cui emerge una sorta di potenza vitale autonoma, sempre aperta all\u2019incontro emotivo e alle suggestioni dello spettatore. L\u2019approccio intuitivo e rapido dell\u2019artista e il suo apparente abbandonarsi alla fluidit\u00e0 della pittura, all\u2019acqua e al colore, sembrano i dispositivi messi in atto da Silva per far emergere i flussi meditativi che la connettono con il processo pittorico per cercare di decostruire la propria soggettivit\u00e0 e liberarsi da forme mentali prestabilite.<\/p>\n<p style=\"font-weight: 400;\">In questo processo, la tela diventa quella membrana sensibile, porosa e reattiva dove si condensano e prendono forma in maniera ipnotica, estatica quasi, i flussi di energia e il pensiero dell\u2019artista: \u201cLa pittura \u00e8 il corpo materiale attraverso cui decostruisco me stessa e metto in pratica riflessioni teoriche ed esercizi spirituali\u201d.<\/p>\n<p style=\"font-weight: 400;\"><strong>Caterina Silva<\/strong> \u00e8 nata a Roma nel 1983, lavora al confine tra pittura e performance. \u00c8 stata artista in residenza presso Cit\u00e9 des arts, Parigi 2012; Rijksakademie van beeldende kunsten, Amsterdam 2014 \u2013 2015; Asia Culture Center, Gwangju 2016; NKD, Norvegia 2018. Nel 2022 \u00e8 vincitrice del bando di ricerca dell\u2019Italian Council. Suoi lavori sono stati esposti e performati presso Galleria Eugenia Delfini, Roma; Bosse&amp;Baum, Londra; Terra, Burgundy, Francia; Plataforma Festival, Santiago de Compostela; Lateral, Roma; Fondazione Giuliani, Roma; Rugby art gallery and Museum, Rugby, UK; La Galleria Nazionale, Roma; MACTE Digital, Termoli; Fondazione Spinola Banna, Poirino; Centrale Montemartini, Roma; Rozenstraat a rose is a rose, Amsterdam,Galleria Valentina Bonomo, Roma.<\/p>\n<p><strong>La mostra \u00e8 accessibile al pubblico con ingresso libero negli orari di parco e prima degli spettacoli.<\/strong><\/p>\n","protected":false},"excerpt":{"rendered":"La mostra di Caterina Silva a cura di Anna Cestelli Guidi si inserisce all\u2019interno del progetto espositivo prodotto da Fondazione Musica per Roma per le grandi pareti del Foyer Sinopoli: &#8220;The Female Gaze&#8221;, una serie di mostre dedicate allo sguardo femminile che, negli anni, ha visto succedersi gli interventi site-specific di artiste come Alessandra Giovannoni [&hellip;]","protected":false},"featured_media":43668,"template":"","meta":{"_acf_changed":false,"inline_featured_image":false},"event_categories":[233],"event_genre":[],"event_themes":[],"event_format":[78],"event_consigliati":[],"class_list":["post-43667","event","type-event","status-publish","has-post-thumbnail","hentry","event_categories-mostre","event_format-mostre"],"acf":[],"yoast_head":"<!-- This site is optimized with the Yoast SEO plugin v22.6 - https:\/\/yoast.com\/wordpress\/plugins\/seo\/ -->\n<title>Caterina Silva \u2013 &quot;Sette tele&quot; | Auditorium Parco della Musica Ennio Morricone<\/title>\n<meta name=\"robots\" content=\"index, follow, max-snippet:-1, max-image-preview:large, max-video-preview:-1\" \/>\n<link rel=\"canonical\" href=\"https:\/\/www.auditorium.com\/it\/event\/caterina-silva-sette-tele\/\" \/>\n<meta property=\"og:locale\" content=\"it_IT\" \/>\n<meta property=\"og:type\" content=\"article\" \/>\n<meta property=\"og:title\" content=\"Caterina Silva \u2013 &quot;Sette tele&quot; | Auditorium Parco della Musica Ennio Morricone\" \/>\n<meta property=\"og:description\" content=\"La mostra di Caterina Silva a cura di Anna Cestelli Guidi si inserisce all\u2019interno del progetto espositivo prodotto da Fondazione Musica per Roma per le grandi pareti del Foyer Sinopoli: &#8220;The Female Gaze&#8221;, una serie di mostre dedicate allo sguardo femminile che, negli anni, ha visto succedersi gli interventi site-specific di artiste come Alessandra Giovannoni [&hellip;]\" \/>\n<meta property=\"og:url\" content=\"https:\/\/www.auditorium.com\/it\/event\/caterina-silva-sette-tele\/\" \/>\n<meta property=\"og:site_name\" content=\"Auditorium Parco della Musica Ennio Morricone\" \/>\n<meta property=\"article:publisher\" content=\"https:\/\/www.facebook.com\/AuditoriumParcodellaMusica\" \/>\n<meta property=\"article:modified_time\" content=\"2025-12-20T16:58:43+00:00\" \/>\n<meta property=\"og:image\" content=\"https:\/\/www.auditorium.com\/wp-content\/uploads\/2025\/12\/Screenshot-2025-12-09-alle-10.44.39.png\" \/>\n\t<meta property=\"og:image:width\" content=\"1920\" \/>\n\t<meta property=\"og:image:height\" content=\"1080\" \/>\n\t<meta property=\"og:image:type\" content=\"image\/png\" \/>\n<meta name=\"twitter:card\" content=\"summary_large_image\" \/>\n<meta name=\"twitter:site\" content=\"@auditoriumpdm\" \/>\n<meta name=\"twitter:label1\" content=\"Tempo di lettura stimato\" \/>\n\t<meta name=\"twitter:data1\" content=\"3 minuti\" \/>\n<script type=\"application\/ld+json\" class=\"yoast-schema-graph\">{\"@context\":\"https:\/\/schema.org\",\"@graph\":[{\"@type\":\"WebPage\",\"@id\":\"https:\/\/www.auditorium.com\/it\/event\/caterina-silva-sette-tele\/\",\"url\":\"https:\/\/www.auditorium.com\/it\/event\/caterina-silva-sette-tele\/\",\"name\":\"Caterina Silva \u2013 \\\"Sette tele\\\" | Auditorium Parco della Musica Ennio Morricone\",\"isPartOf\":{\"@id\":\"https:\/\/www.auditorium.com\/it\/#website\"},\"primaryImageOfPage\":{\"@id\":\"https:\/\/www.auditorium.com\/it\/event\/caterina-silva-sette-tele\/#primaryimage\"},\"image\":{\"@id\":\"https:\/\/www.auditorium.com\/it\/event\/caterina-silva-sette-tele\/#primaryimage\"},\"thumbnailUrl\":\"https:\/\/www.auditorium.com\/wp-content\/uploads\/2025\/12\/Screenshot-2025-12-09-alle-10.44.39.png\",\"datePublished\":\"2025-12-09T09:53:59+00:00\",\"dateModified\":\"2025-12-20T16:58:43+00:00\",\"breadcrumb\":{\"@id\":\"https:\/\/www.auditorium.com\/it\/event\/caterina-silva-sette-tele\/#breadcrumb\"},\"inLanguage\":\"it-IT\",\"potentialAction\":[{\"@type\":\"ReadAction\",\"target\":[\"https:\/\/www.auditorium.com\/it\/event\/caterina-silva-sette-tele\/\"]}]},{\"@type\":\"ImageObject\",\"inLanguage\":\"it-IT\",\"@id\":\"https:\/\/www.auditorium.com\/it\/event\/caterina-silva-sette-tele\/#primaryimage\",\"url\":\"https:\/\/www.auditorium.com\/wp-content\/uploads\/2025\/12\/Screenshot-2025-12-09-alle-10.44.39.png\",\"contentUrl\":\"https:\/\/www.auditorium.com\/wp-content\/uploads\/2025\/12\/Screenshot-2025-12-09-alle-10.44.39.png\",\"width\":1920,\"height\":1080},{\"@type\":\"BreadcrumbList\",\"@id\":\"https:\/\/www.auditorium.com\/it\/event\/caterina-silva-sette-tele\/#breadcrumb\",\"itemListElement\":[{\"@type\":\"ListItem\",\"position\":1,\"name\":\"Home\",\"item\":\"https:\/\/www.auditorium.com\/it\/\"},{\"@type\":\"ListItem\",\"position\":2,\"name\":\"Caterina Silva \u2013 &#8220;Sette tele&#8221;\"}]},{\"@type\":\"WebSite\",\"@id\":\"https:\/\/www.auditorium.com\/it\/#website\",\"url\":\"https:\/\/www.auditorium.com\/it\/\",\"name\":\"Auditorium Parco della Musica Ennio Morricone\",\"description\":\"Progettato da Renzo Piano, l&#039;Auditorium rappresenta una sofisticata architettura musicale e uno straordinario intervento di riqualificazione urbana.\",\"publisher\":{\"@id\":\"https:\/\/www.auditorium.com\/it\/#organization\"},\"potentialAction\":[{\"@type\":\"SearchAction\",\"target\":{\"@type\":\"EntryPoint\",\"urlTemplate\":\"https:\/\/www.auditorium.com\/it\/?s={search_term_string}\"},\"query-input\":\"required name=search_term_string\"}],\"inLanguage\":\"it-IT\"},{\"@type\":\"Organization\",\"@id\":\"https:\/\/www.auditorium.com\/it\/#organization\",\"name\":\"Auditorium Parco della Musica Ennio Morricone\",\"url\":\"https:\/\/www.auditorium.com\/it\/\",\"logo\":{\"@type\":\"ImageObject\",\"inLanguage\":\"it-IT\",\"@id\":\"https:\/\/www.auditorium.com\/it\/#\/schema\/logo\/image\/\",\"url\":\"https:\/\/www.auditorium.com\/wp-content\/uploads\/2022\/12\/logo-auditorium.svg\",\"contentUrl\":\"https:\/\/www.auditorium.com\/wp-content\/uploads\/2022\/12\/logo-auditorium.svg\",\"width\":86,\"height\":79,\"caption\":\"Auditorium Parco della Musica Ennio Morricone\"},\"image\":{\"@id\":\"https:\/\/www.auditorium.com\/it\/#\/schema\/logo\/image\/\"},\"sameAs\":[\"https:\/\/www.facebook.com\/AuditoriumParcodellaMusica\",\"https:\/\/x.com\/auditoriumpdm\",\"https:\/\/www.instagram.com\/auditoriumparcodellamusica\/\"]}]}<\/script>\n<!-- \/ Yoast SEO plugin. -->","yoast_head_json":{"title":"Caterina Silva \u2013 \"Sette tele\" | Auditorium Parco della Musica Ennio Morricone","robots":{"index":"index","follow":"follow","max-snippet":"max-snippet:-1","max-image-preview":"max-image-preview:large","max-video-preview":"max-video-preview:-1"},"canonical":"https:\/\/www.auditorium.com\/it\/event\/caterina-silva-sette-tele\/","og_locale":"it_IT","og_type":"article","og_title":"Caterina Silva \u2013 \"Sette tele\" | Auditorium Parco della Musica Ennio Morricone","og_description":"La mostra di Caterina Silva a cura di Anna Cestelli Guidi si inserisce all\u2019interno del progetto espositivo prodotto da Fondazione Musica per Roma per le grandi pareti del Foyer Sinopoli: &#8220;The Female Gaze&#8221;, una serie di mostre dedicate allo sguardo femminile che, negli anni, ha visto succedersi gli interventi site-specific di artiste come Alessandra Giovannoni [&hellip;]","og_url":"https:\/\/www.auditorium.com\/it\/event\/caterina-silva-sette-tele\/","og_site_name":"Auditorium Parco della Musica Ennio Morricone","article_publisher":"https:\/\/www.facebook.com\/AuditoriumParcodellaMusica","article_modified_time":"2025-12-20T16:58:43+00:00","og_image":[{"width":1920,"height":1080,"url":"https:\/\/www.auditorium.com\/wp-content\/uploads\/2025\/12\/Screenshot-2025-12-09-alle-10.44.39.png","type":"image\/png"}],"twitter_card":"summary_large_image","twitter_site":"@auditoriumpdm","twitter_misc":{"Tempo di lettura stimato":"3 minuti"},"schema":{"@context":"https:\/\/schema.org","@graph":[{"@type":"WebPage","@id":"https:\/\/www.auditorium.com\/it\/event\/caterina-silva-sette-tele\/","url":"https:\/\/www.auditorium.com\/it\/event\/caterina-silva-sette-tele\/","name":"Caterina Silva \u2013 \"Sette tele\" | Auditorium Parco della Musica Ennio Morricone","isPartOf":{"@id":"https:\/\/www.auditorium.com\/it\/#website"},"primaryImageOfPage":{"@id":"https:\/\/www.auditorium.com\/it\/event\/caterina-silva-sette-tele\/#primaryimage"},"image":{"@id":"https:\/\/www.auditorium.com\/it\/event\/caterina-silva-sette-tele\/#primaryimage"},"thumbnailUrl":"https:\/\/www.auditorium.com\/wp-content\/uploads\/2025\/12\/Screenshot-2025-12-09-alle-10.44.39.png","datePublished":"2025-12-09T09:53:59+00:00","dateModified":"2025-12-20T16:58:43+00:00","breadcrumb":{"@id":"https:\/\/www.auditorium.com\/it\/event\/caterina-silva-sette-tele\/#breadcrumb"},"inLanguage":"it-IT","potentialAction":[{"@type":"ReadAction","target":["https:\/\/www.auditorium.com\/it\/event\/caterina-silva-sette-tele\/"]}]},{"@type":"ImageObject","inLanguage":"it-IT","@id":"https:\/\/www.auditorium.com\/it\/event\/caterina-silva-sette-tele\/#primaryimage","url":"https:\/\/www.auditorium.com\/wp-content\/uploads\/2025\/12\/Screenshot-2025-12-09-alle-10.44.39.png","contentUrl":"https:\/\/www.auditorium.com\/wp-content\/uploads\/2025\/12\/Screenshot-2025-12-09-alle-10.44.39.png","width":1920,"height":1080},{"@type":"BreadcrumbList","@id":"https:\/\/www.auditorium.com\/it\/event\/caterina-silva-sette-tele\/#breadcrumb","itemListElement":[{"@type":"ListItem","position":1,"name":"Home","item":"https:\/\/www.auditorium.com\/it\/"},{"@type":"ListItem","position":2,"name":"Caterina Silva \u2013 &#8220;Sette tele&#8221;"}]},{"@type":"WebSite","@id":"https:\/\/www.auditorium.com\/it\/#website","url":"https:\/\/www.auditorium.com\/it\/","name":"Auditorium Parco della Musica Ennio Morricone","description":"Progettato da Renzo Piano, l&#039;Auditorium rappresenta una sofisticata architettura musicale e uno straordinario intervento di riqualificazione urbana.","publisher":{"@id":"https:\/\/www.auditorium.com\/it\/#organization"},"potentialAction":[{"@type":"SearchAction","target":{"@type":"EntryPoint","urlTemplate":"https:\/\/www.auditorium.com\/it\/?s={search_term_string}"},"query-input":"required name=search_term_string"}],"inLanguage":"it-IT"},{"@type":"Organization","@id":"https:\/\/www.auditorium.com\/it\/#organization","name":"Auditorium Parco della Musica Ennio Morricone","url":"https:\/\/www.auditorium.com\/it\/","logo":{"@type":"ImageObject","inLanguage":"it-IT","@id":"https:\/\/www.auditorium.com\/it\/#\/schema\/logo\/image\/","url":"https:\/\/www.auditorium.com\/wp-content\/uploads\/2022\/12\/logo-auditorium.svg","contentUrl":"https:\/\/www.auditorium.com\/wp-content\/uploads\/2022\/12\/logo-auditorium.svg","width":86,"height":79,"caption":"Auditorium Parco della Musica Ennio Morricone"},"image":{"@id":"https:\/\/www.auditorium.com\/it\/#\/schema\/logo\/image\/"},"sameAs":["https:\/\/www.facebook.com\/AuditoriumParcodellaMusica","https:\/\/x.com\/auditoriumpdm","https:\/\/www.instagram.com\/auditoriumparcodellamusica\/"]}]}},"_links":{"self":[{"href":"https:\/\/www.auditorium.com\/it\/wp-json\/wp\/v2\/event\/43667","targetHints":{"allow":["GET"]}}],"collection":[{"href":"https:\/\/www.auditorium.com\/it\/wp-json\/wp\/v2\/event"}],"about":[{"href":"https:\/\/www.auditorium.com\/it\/wp-json\/wp\/v2\/types\/event"}],"wp:featuredmedia":[{"embeddable":true,"href":"https:\/\/www.auditorium.com\/it\/wp-json\/wp\/v2\/media\/43668"}],"wp:attachment":[{"href":"https:\/\/www.auditorium.com\/it\/wp-json\/wp\/v2\/media?parent=43667"}],"wp:term":[{"taxonomy":"event_categories","embeddable":true,"href":"https:\/\/www.auditorium.com\/it\/wp-json\/wp\/v2\/event_categories?post=43667"},{"taxonomy":"event_genre","embeddable":true,"href":"https:\/\/www.auditorium.com\/it\/wp-json\/wp\/v2\/event_genre?post=43667"},{"taxonomy":"event_themes","embeddable":true,"href":"https:\/\/www.auditorium.com\/it\/wp-json\/wp\/v2\/event_themes?post=43667"},{"taxonomy":"event_format","embeddable":true,"href":"https:\/\/www.auditorium.com\/it\/wp-json\/wp\/v2\/event_format?post=43667"},{"taxonomy":"event_consigliati","embeddable":true,"href":"https:\/\/www.auditorium.com\/it\/wp-json\/wp\/v2\/event_consigliati?post=43667"}],"curies":[{"name":"wp","href":"https:\/\/api.w.org\/{rel}","templated":true}]}}