{"id":43655,"date":"2025-12-04T16:51:12","date_gmt":"2025-12-04T14:51:12","guid":{"rendered":"https:\/\/www.auditorium.com\/?post_type=event&#038;p=43655"},"modified":"2025-12-05T20:29:12","modified_gmt":"2025-12-05T18:29:12","slug":"alberto-angela-2","status":"publish","type":"event","link":"https:\/\/www.auditorium.com\/it\/event\/alberto-angela-2\/","title":{"rendered":"Alberto Angela \u2013 \u201cCesare. La conquista dell\u2019eternit\u00e0\u201d"},"content":{"rendered":"<p style=\"font-weight: 400;\">Si terr\u00e0 sabato 13 dicembre alle ore 17.30 nella Sala Sinopoli dell\u2019Auditorium Parco della Musica l\u2019anteprima di <strong>Libri Come \u2013 Festa del Libro e della Lettura<\/strong>, promossa dalla <strong>Fondazione Musica per Roma<\/strong> e curata da <strong>Michele De Mieri, Rosa Polacco e Marino Sinibaldi<\/strong>. L\u2019incontro sar\u00e0 l\u2019occasione per ascoltare <strong>Alberto Angela<\/strong>, che presenter\u00e0 il suo nuovo libro, edito Mondadori, \u201cCesare. La conquista dell\u2019eternit\u00e0\u201d, disponibile in libreria dal 18 novembre 2025. Il volume propone un viaggio appassionante nel De Bello Gallico, combinando storia, avventura e innovazione tecnologica grazie all\u2019uso dell\u2019intelligenza artificiale.<\/p>\n<p style=\"font-weight: 400;\">La 17\u00aa edizione di <strong>Libri Come<\/strong>, che si svolger\u00e0 dal 20 al 22 marzo 2026, avr\u00e0 come parola guida <strong>Democrazia<\/strong>, una parola-mondo che dalla Grecia classica fino a oggi ha rappresentato oltre che un regime politico un modo di vivere insieme agli altri, secondo regole di partecipazione e di discussione. Oggi la Democrazia, e quello che ha pi\u00f9 o meno rappresentato, ha bisogno di essere difesa e ricompresa mentre i suoi tanti nemici ne minano la credibilit\u00e0. Come sempre attraverso incontri, letture e dibattiti, la <strong>Festa del Libro<\/strong> offrir\u00e0 strumenti di conoscenza e confronto, esplorando la Democrazia non solo come principio politico, ma anche come elemento culturale, capace di unire persone, idee e generazioni.<\/p>\n<p style=\"font-weight: 400;\"><strong>Cesare. La conquista dell\u2019eternit\u00e0\u201d: un racconto tra Storia e spettacolo<\/strong><\/p>\n<p style=\"font-weight: 400;\">Immaginate di partire con <strong>Cesare e le sue legioni<\/strong>. \u00c8 il 58 a.C.: la Gallia \u00e8 una terra misteriosa, abitata da popolazioni bellicose che hanno gi\u00e0 sconfitto i Romani. Cesare vuole conquistarla, affrontando <strong>marce nella neve, battaglie sanguinose, tradimenti, ponti da costruire, flotte da creare, foreste che si credono stregate e santuari popolati da scheletri decapitati<\/strong>. Le pagine si susseguono con il ritmo e le atmosfere dei grandi kolossal: <strong>luoghi che sembrano usciti da Indiana Jones, battaglie degne de Il Gladiatore, intrighi politici alla Game of Thrones<\/strong>. Ma, come sottolinea Angela, \u201c<strong>la differenza \u00e8 che tutto \u00e8 vero<\/strong>\u201d.<\/p>\n<p style=\"font-weight: 400;\"><strong>L\u2019intelligenza artificiale al servizio della Storia<\/strong><\/p>\n<p style=\"font-weight: 400;\">In un approccio innovativo, Alberto Angela utilizza\u00a0l\u2019intelligenza artificiale come strumento di valorizzazione della divulgazione storica. Le ricostruzioni di volti, scene di battaglia e vita quotidiana <strong>presenti nel libro e nel trailer della copertina sono state realizzate grazie all\u2019IA, guidata da un\u2019approfondita ricerca storico-scientifica. <\/strong>\u00abAbbiamo adottato un approccio innovativo. L\u2019intelligenza artificiale, guidata da un\u2019indagine storica, ha trasformato le parole in immagini, permettendo di rivedere, quasi fossero scatti di un fotoreporter, pezzi di vita andati perduti. Continuiamo sulla strada che utilizza la tecnologia per aiutare la divulgazione, restando fedeli al principio che bisogna usare lo spettacolo per fare scienza e non viceversa\u00bb, racconta Angela. Ne nasce una storia immersiva, <strong>in cui narrazione e immagini si fondono<\/strong>, unendo il linguaggio televisivo e la scrittura per restituire al lettore l\u2019emozione di un viaggio nel tempo.<\/p>\n<p style=\"font-weight: 400;\"><em>Ingresso gratuito fino ad esaurimento posti disponibili.<\/em><\/p>\n<p>&nbsp;<\/p>\n","protected":false},"excerpt":{"rendered":"Si terr\u00e0 sabato 13 dicembre alle ore 17.30 nella Sala Sinopoli dell\u2019Auditorium Parco della Musica l\u2019anteprima di Libri Come \u2013 Festa del Libro e della Lettura, promossa dalla Fondazione Musica per Roma e curata da Michele De Mieri, Rosa Polacco e Marino Sinibaldi. L\u2019incontro sar\u00e0 l\u2019occasione per ascoltare Alberto Angela, che presenter\u00e0 il suo nuovo [&hellip;]","protected":false},"featured_media":43656,"template":"","meta":{"_acf_changed":false,"inline_featured_image":false},"event_categories":[218],"event_genre":[],"event_themes":[],"event_format":[73],"event_consigliati":[],"class_list":["post-43655","event","type-event","status-publish","has-post-thumbnail","hentry","event_categories-incontri","event_format-lezioni"],"acf":[],"yoast_head":"<!-- This site is optimized with the Yoast SEO plugin v22.6 - https:\/\/yoast.com\/wordpress\/plugins\/seo\/ -->\n<title>Alberto Angela \u2013 \u201cCesare. La conquista dell\u2019eternit\u00e0\u201d | Auditorium Parco della Musica Ennio Morricone<\/title>\n<meta name=\"robots\" content=\"index, follow, max-snippet:-1, max-image-preview:large, max-video-preview:-1\" \/>\n<link rel=\"canonical\" href=\"https:\/\/www.auditorium.com\/it\/event\/alberto-angela-2\/\" \/>\n<meta property=\"og:locale\" content=\"it_IT\" \/>\n<meta property=\"og:type\" content=\"article\" \/>\n<meta property=\"og:title\" content=\"Alberto Angela \u2013 \u201cCesare. La conquista dell\u2019eternit\u00e0\u201d | Auditorium Parco della Musica Ennio Morricone\" \/>\n<meta property=\"og:description\" content=\"Si terr\u00e0 sabato 13 dicembre alle ore 17.30 nella Sala Sinopoli dell\u2019Auditorium Parco della Musica l\u2019anteprima di Libri Come \u2013 Festa del Libro e della Lettura, promossa dalla Fondazione Musica per Roma e curata da Michele De Mieri, Rosa Polacco e Marino Sinibaldi. L\u2019incontro sar\u00e0 l\u2019occasione per ascoltare Alberto Angela, che presenter\u00e0 il suo nuovo [&hellip;]\" \/>\n<meta property=\"og:url\" content=\"https:\/\/www.auditorium.com\/it\/event\/alberto-angela-2\/\" \/>\n<meta property=\"og:site_name\" content=\"Auditorium Parco della Musica Ennio Morricone\" \/>\n<meta property=\"article:publisher\" content=\"https:\/\/www.facebook.com\/AuditoriumParcodellaMusica\" \/>\n<meta property=\"article:modified_time\" content=\"2025-12-05T18:29:12+00:00\" \/>\n<meta property=\"og:image\" content=\"https:\/\/www.auditorium.com\/wp-content\/uploads\/2025\/12\/DSC_1039-\u00a9-Barbara-Ledda-scaled-e1764847203307.jpg\" \/>\n\t<meta property=\"og:image:width\" content=\"1707\" \/>\n\t<meta property=\"og:image:height\" content=\"940\" \/>\n\t<meta property=\"og:image:type\" content=\"image\/jpeg\" \/>\n<meta name=\"twitter:card\" content=\"summary_large_image\" \/>\n<meta name=\"twitter:site\" content=\"@auditoriumpdm\" \/>\n<meta name=\"twitter:label1\" content=\"Tempo di lettura stimato\" \/>\n\t<meta name=\"twitter:data1\" content=\"3 minuti\" \/>\n<script type=\"application\/ld+json\" class=\"yoast-schema-graph\">{\"@context\":\"https:\/\/schema.org\",\"@graph\":[{\"@type\":\"WebPage\",\"@id\":\"https:\/\/www.auditorium.com\/it\/event\/alberto-angela-2\/\",\"url\":\"https:\/\/www.auditorium.com\/it\/event\/alberto-angela-2\/\",\"name\":\"Alberto Angela \u2013 \u201cCesare. La conquista dell\u2019eternit\u00e0\u201d | Auditorium Parco della Musica Ennio Morricone\",\"isPartOf\":{\"@id\":\"https:\/\/www.auditorium.com\/it\/#website\"},\"primaryImageOfPage\":{\"@id\":\"https:\/\/www.auditorium.com\/it\/event\/alberto-angela-2\/#primaryimage\"},\"image\":{\"@id\":\"https:\/\/www.auditorium.com\/it\/event\/alberto-angela-2\/#primaryimage\"},\"thumbnailUrl\":\"https:\/\/www.auditorium.com\/wp-content\/uploads\/2025\/12\/DSC_1039-\u00a9-Barbara-Ledda-scaled-e1764847203307.jpg\",\"datePublished\":\"2025-12-04T14:51:12+00:00\",\"dateModified\":\"2025-12-05T18:29:12+00:00\",\"breadcrumb\":{\"@id\":\"https:\/\/www.auditorium.com\/it\/event\/alberto-angela-2\/#breadcrumb\"},\"inLanguage\":\"it-IT\",\"potentialAction\":[{\"@type\":\"ReadAction\",\"target\":[\"https:\/\/www.auditorium.com\/it\/event\/alberto-angela-2\/\"]}]},{\"@type\":\"ImageObject\",\"inLanguage\":\"it-IT\",\"@id\":\"https:\/\/www.auditorium.com\/it\/event\/alberto-angela-2\/#primaryimage\",\"url\":\"https:\/\/www.auditorium.com\/wp-content\/uploads\/2025\/12\/DSC_1039-\u00a9-Barbara-Ledda-scaled-e1764847203307.jpg\",\"contentUrl\":\"https:\/\/www.auditorium.com\/wp-content\/uploads\/2025\/12\/DSC_1039-\u00a9-Barbara-Ledda-scaled-e1764847203307.jpg\",\"width\":1707,\"height\":940},{\"@type\":\"BreadcrumbList\",\"@id\":\"https:\/\/www.auditorium.com\/it\/event\/alberto-angela-2\/#breadcrumb\",\"itemListElement\":[{\"@type\":\"ListItem\",\"position\":1,\"name\":\"Home\",\"item\":\"https:\/\/www.auditorium.com\/it\/\"},{\"@type\":\"ListItem\",\"position\":2,\"name\":\"Alberto Angela \u2013 \u201cCesare. La conquista dell\u2019eternit\u00e0\u201d\"}]},{\"@type\":\"WebSite\",\"@id\":\"https:\/\/www.auditorium.com\/it\/#website\",\"url\":\"https:\/\/www.auditorium.com\/it\/\",\"name\":\"Auditorium Parco della Musica Ennio Morricone\",\"description\":\"Progettato da Renzo Piano, l&#039;Auditorium rappresenta una sofisticata architettura musicale e uno straordinario intervento di riqualificazione urbana.\",\"publisher\":{\"@id\":\"https:\/\/www.auditorium.com\/it\/#organization\"},\"potentialAction\":[{\"@type\":\"SearchAction\",\"target\":{\"@type\":\"EntryPoint\",\"urlTemplate\":\"https:\/\/www.auditorium.com\/it\/?s={search_term_string}\"},\"query-input\":\"required name=search_term_string\"}],\"inLanguage\":\"it-IT\"},{\"@type\":\"Organization\",\"@id\":\"https:\/\/www.auditorium.com\/it\/#organization\",\"name\":\"Auditorium Parco della Musica Ennio Morricone\",\"url\":\"https:\/\/www.auditorium.com\/it\/\",\"logo\":{\"@type\":\"ImageObject\",\"inLanguage\":\"it-IT\",\"@id\":\"https:\/\/www.auditorium.com\/it\/#\/schema\/logo\/image\/\",\"url\":\"https:\/\/www.auditorium.com\/wp-content\/uploads\/2022\/12\/logo-auditorium.svg\",\"contentUrl\":\"https:\/\/www.auditorium.com\/wp-content\/uploads\/2022\/12\/logo-auditorium.svg\",\"width\":86,\"height\":79,\"caption\":\"Auditorium Parco della Musica Ennio Morricone\"},\"image\":{\"@id\":\"https:\/\/www.auditorium.com\/it\/#\/schema\/logo\/image\/\"},\"sameAs\":[\"https:\/\/www.facebook.com\/AuditoriumParcodellaMusica\",\"https:\/\/x.com\/auditoriumpdm\",\"https:\/\/www.instagram.com\/auditoriumparcodellamusica\/\"]}]}<\/script>\n<!-- \/ Yoast SEO plugin. -->","yoast_head_json":{"title":"Alberto Angela \u2013 \u201cCesare. La conquista dell\u2019eternit\u00e0\u201d | Auditorium Parco della Musica Ennio Morricone","robots":{"index":"index","follow":"follow","max-snippet":"max-snippet:-1","max-image-preview":"max-image-preview:large","max-video-preview":"max-video-preview:-1"},"canonical":"https:\/\/www.auditorium.com\/it\/event\/alberto-angela-2\/","og_locale":"it_IT","og_type":"article","og_title":"Alberto Angela \u2013 \u201cCesare. La conquista dell\u2019eternit\u00e0\u201d | Auditorium Parco della Musica Ennio Morricone","og_description":"Si terr\u00e0 sabato 13 dicembre alle ore 17.30 nella Sala Sinopoli dell\u2019Auditorium Parco della Musica l\u2019anteprima di Libri Come \u2013 Festa del Libro e della Lettura, promossa dalla Fondazione Musica per Roma e curata da Michele De Mieri, Rosa Polacco e Marino Sinibaldi. L\u2019incontro sar\u00e0 l\u2019occasione per ascoltare Alberto Angela, che presenter\u00e0 il suo nuovo [&hellip;]","og_url":"https:\/\/www.auditorium.com\/it\/event\/alberto-angela-2\/","og_site_name":"Auditorium Parco della Musica Ennio Morricone","article_publisher":"https:\/\/www.facebook.com\/AuditoriumParcodellaMusica","article_modified_time":"2025-12-05T18:29:12+00:00","og_image":[{"width":1707,"height":940,"url":"https:\/\/www.auditorium.com\/wp-content\/uploads\/2025\/12\/DSC_1039-\u00a9-Barbara-Ledda-scaled-e1764847203307.jpg","type":"image\/jpeg"}],"twitter_card":"summary_large_image","twitter_site":"@auditoriumpdm","twitter_misc":{"Tempo di lettura stimato":"3 minuti"},"schema":{"@context":"https:\/\/schema.org","@graph":[{"@type":"WebPage","@id":"https:\/\/www.auditorium.com\/it\/event\/alberto-angela-2\/","url":"https:\/\/www.auditorium.com\/it\/event\/alberto-angela-2\/","name":"Alberto Angela \u2013 \u201cCesare. La conquista dell\u2019eternit\u00e0\u201d | Auditorium Parco della Musica Ennio Morricone","isPartOf":{"@id":"https:\/\/www.auditorium.com\/it\/#website"},"primaryImageOfPage":{"@id":"https:\/\/www.auditorium.com\/it\/event\/alberto-angela-2\/#primaryimage"},"image":{"@id":"https:\/\/www.auditorium.com\/it\/event\/alberto-angela-2\/#primaryimage"},"thumbnailUrl":"https:\/\/www.auditorium.com\/wp-content\/uploads\/2025\/12\/DSC_1039-\u00a9-Barbara-Ledda-scaled-e1764847203307.jpg","datePublished":"2025-12-04T14:51:12+00:00","dateModified":"2025-12-05T18:29:12+00:00","breadcrumb":{"@id":"https:\/\/www.auditorium.com\/it\/event\/alberto-angela-2\/#breadcrumb"},"inLanguage":"it-IT","potentialAction":[{"@type":"ReadAction","target":["https:\/\/www.auditorium.com\/it\/event\/alberto-angela-2\/"]}]},{"@type":"ImageObject","inLanguage":"it-IT","@id":"https:\/\/www.auditorium.com\/it\/event\/alberto-angela-2\/#primaryimage","url":"https:\/\/www.auditorium.com\/wp-content\/uploads\/2025\/12\/DSC_1039-\u00a9-Barbara-Ledda-scaled-e1764847203307.jpg","contentUrl":"https:\/\/www.auditorium.com\/wp-content\/uploads\/2025\/12\/DSC_1039-\u00a9-Barbara-Ledda-scaled-e1764847203307.jpg","width":1707,"height":940},{"@type":"BreadcrumbList","@id":"https:\/\/www.auditorium.com\/it\/event\/alberto-angela-2\/#breadcrumb","itemListElement":[{"@type":"ListItem","position":1,"name":"Home","item":"https:\/\/www.auditorium.com\/it\/"},{"@type":"ListItem","position":2,"name":"Alberto Angela \u2013 \u201cCesare. La conquista dell\u2019eternit\u00e0\u201d"}]},{"@type":"WebSite","@id":"https:\/\/www.auditorium.com\/it\/#website","url":"https:\/\/www.auditorium.com\/it\/","name":"Auditorium Parco della Musica Ennio Morricone","description":"Progettato da Renzo Piano, l&#039;Auditorium rappresenta una sofisticata architettura musicale e uno straordinario intervento di riqualificazione urbana.","publisher":{"@id":"https:\/\/www.auditorium.com\/it\/#organization"},"potentialAction":[{"@type":"SearchAction","target":{"@type":"EntryPoint","urlTemplate":"https:\/\/www.auditorium.com\/it\/?s={search_term_string}"},"query-input":"required name=search_term_string"}],"inLanguage":"it-IT"},{"@type":"Organization","@id":"https:\/\/www.auditorium.com\/it\/#organization","name":"Auditorium Parco della Musica Ennio Morricone","url":"https:\/\/www.auditorium.com\/it\/","logo":{"@type":"ImageObject","inLanguage":"it-IT","@id":"https:\/\/www.auditorium.com\/it\/#\/schema\/logo\/image\/","url":"https:\/\/www.auditorium.com\/wp-content\/uploads\/2022\/12\/logo-auditorium.svg","contentUrl":"https:\/\/www.auditorium.com\/wp-content\/uploads\/2022\/12\/logo-auditorium.svg","width":86,"height":79,"caption":"Auditorium Parco della Musica Ennio Morricone"},"image":{"@id":"https:\/\/www.auditorium.com\/it\/#\/schema\/logo\/image\/"},"sameAs":["https:\/\/www.facebook.com\/AuditoriumParcodellaMusica","https:\/\/x.com\/auditoriumpdm","https:\/\/www.instagram.com\/auditoriumparcodellamusica\/"]}]}},"_links":{"self":[{"href":"https:\/\/www.auditorium.com\/it\/wp-json\/wp\/v2\/event\/43655","targetHints":{"allow":["GET"]}}],"collection":[{"href":"https:\/\/www.auditorium.com\/it\/wp-json\/wp\/v2\/event"}],"about":[{"href":"https:\/\/www.auditorium.com\/it\/wp-json\/wp\/v2\/types\/event"}],"wp:featuredmedia":[{"embeddable":true,"href":"https:\/\/www.auditorium.com\/it\/wp-json\/wp\/v2\/media\/43656"}],"wp:attachment":[{"href":"https:\/\/www.auditorium.com\/it\/wp-json\/wp\/v2\/media?parent=43655"}],"wp:term":[{"taxonomy":"event_categories","embeddable":true,"href":"https:\/\/www.auditorium.com\/it\/wp-json\/wp\/v2\/event_categories?post=43655"},{"taxonomy":"event_genre","embeddable":true,"href":"https:\/\/www.auditorium.com\/it\/wp-json\/wp\/v2\/event_genre?post=43655"},{"taxonomy":"event_themes","embeddable":true,"href":"https:\/\/www.auditorium.com\/it\/wp-json\/wp\/v2\/event_themes?post=43655"},{"taxonomy":"event_format","embeddable":true,"href":"https:\/\/www.auditorium.com\/it\/wp-json\/wp\/v2\/event_format?post=43655"},{"taxonomy":"event_consigliati","embeddable":true,"href":"https:\/\/www.auditorium.com\/it\/wp-json\/wp\/v2\/event_consigliati?post=43655"}],"curies":[{"name":"wp","href":"https:\/\/api.w.org\/{rel}","templated":true}]}}