{"id":43567,"date":"2025-11-26T16:14:10","date_gmt":"2025-11-26T14:14:10","guid":{"rendered":"https:\/\/www.auditorium.com\/?post_type=event&#038;p=43567"},"modified":"2025-11-26T18:22:12","modified_gmt":"2025-11-26T16:22:12","slug":"fabio-concato2026","status":"publish","type":"event","link":"https:\/\/www.auditorium.com\/it\/event\/fabio-concato2026\/","title":{"rendered":"Fabio Concato"},"content":{"rendered":"<p style=\"font-weight: 400;\">Il concerto di Concato inizialmente previsto il 26 Dicembre 2025 in sala Santa Cecilia ore 18:00 viene posticipato al <strong>24 Maggio 2026 ore 20.00<\/strong>, stessa sala.<br \/>\nI biglietti restano validi per la nuova data.<\/p>\n<p style=\"font-weight: 400;\">In caso di impossibilit\u00e0 a partecipare alla nuova data, \u00e8 possibile richiedere il rimborso nelle seguenti modalit\u00e0:<\/p>\n<ul style=\"font-weight: 400;\">\n<li>gli spettatori che hanno acquistato il biglietto sul sito\u00a0<a href=\"http:\/\/ticketone.it\/\">TicketOne.it<\/a>\u00a0, tramite Call Center e presso uno dei Punti Vendita Ticketone\u00a0<u>dovranno fare richiesta di rimborso entro e non oltre il 26\/12\/2025<\/u>,\u00a0secondo le procedure riportate alla pagina\u00a0 <a href=\"http:\/\/www.rimborso.info\/\">www.rimborso.info<\/a><\/li>\n<li>gli spettatori che hanno acquistato il biglietto presso la biglietteria dell\u2019Auditorium Parco della Musica\u00a0<u>dovranno presentarsi allo stesso botteghino muniti del biglietto per ottenerne il rimborso, entro e non oltre il 26\/12\/2025<\/u><\/li>\n<\/ul>\n","protected":false},"excerpt":{"rendered":"Fabio Concato sar\u00e0 protagonista  all\u2019Auditorium Parco della Musica di un concerto improntato sulla musica e sulla parola.","protected":false},"featured_media":1103,"template":"","meta":{"_acf_changed":false,"inline_featured_image":false},"event_categories":[],"event_genre":[63],"event_themes":[],"event_format":[],"event_consigliati":[],"class_list":["post-43567","event","type-event","status-publish","has-post-thumbnail","hentry","event_genre-autore"],"acf":[],"yoast_head":"<!-- This site is optimized with the Yoast SEO plugin v22.6 - https:\/\/yoast.com\/wordpress\/plugins\/seo\/ -->\n<title>Fabio Concato | Auditorium Parco della Musica Ennio Morricone<\/title>\n<meta name=\"description\" content=\"Fabio Concato sar\u00e0 protagonista all\u2019Auditorium Parco della Musica di un concerto improntato sulla musica e sulla parola.\" \/>\n<meta name=\"robots\" content=\"index, follow, max-snippet:-1, max-image-preview:large, max-video-preview:-1\" \/>\n<link rel=\"canonical\" href=\"https:\/\/www.auditorium.com\/it\/event\/fabio-concato2026\/\" \/>\n<meta property=\"og:locale\" content=\"it_IT\" \/>\n<meta property=\"og:type\" content=\"article\" \/>\n<meta property=\"og:title\" content=\"Fabio Concato | Auditorium Parco della Musica Ennio Morricone\" \/>\n<meta property=\"og:description\" content=\"Fabio Concato sar\u00e0 protagonista l&#039;1 dicembre all\u2019Auditorium Parco della Musica di un concerto improntato sulla musica e sulla parola.\" \/>\n<meta property=\"og:url\" content=\"https:\/\/www.auditorium.com\/it\/event\/fabio-concato2026\/\" \/>\n<meta property=\"og:site_name\" content=\"Auditorium Parco della Musica Ennio Morricone\" \/>\n<meta property=\"article:publisher\" content=\"https:\/\/www.facebook.com\/AuditoriumParcodellaMusica\" \/>\n<meta property=\"article:modified_time\" content=\"2025-11-26T16:22:12+00:00\" \/>\n<meta property=\"og:image\" content=\"https:\/\/www.auditorium.com\/wp-content\/uploads\/2022\/12\/11-marzo_concato.jpg\" \/>\n\t<meta property=\"og:image:width\" content=\"1920\" \/>\n\t<meta property=\"og:image:height\" content=\"1080\" \/>\n\t<meta property=\"og:image:type\" content=\"image\/jpeg\" \/>\n<meta name=\"twitter:card\" content=\"summary_large_image\" \/>\n<meta name=\"twitter:site\" content=\"@auditoriumpdm\" \/>\n<meta name=\"twitter:label1\" content=\"Tempo di lettura stimato\" \/>\n\t<meta name=\"twitter:data1\" content=\"1 minuto\" \/>\n<script type=\"application\/ld+json\" class=\"yoast-schema-graph\">{\"@context\":\"https:\/\/schema.org\",\"@graph\":[{\"@type\":\"WebPage\",\"@id\":\"https:\/\/www.auditorium.com\/it\/event\/fabio-concato2026\/\",\"url\":\"https:\/\/www.auditorium.com\/it\/event\/fabio-concato2026\/\",\"name\":\"Fabio Concato | Auditorium Parco della Musica Ennio Morricone\",\"isPartOf\":{\"@id\":\"https:\/\/www.auditorium.com\/it\/#website\"},\"primaryImageOfPage\":{\"@id\":\"https:\/\/www.auditorium.com\/it\/event\/fabio-concato2026\/#primaryimage\"},\"image\":{\"@id\":\"https:\/\/www.auditorium.com\/it\/event\/fabio-concato2026\/#primaryimage\"},\"thumbnailUrl\":\"https:\/\/www.auditorium.com\/wp-content\/uploads\/2022\/12\/11-marzo_concato.jpg\",\"datePublished\":\"2025-11-26T14:14:10+00:00\",\"dateModified\":\"2025-11-26T16:22:12+00:00\",\"description\":\"Fabio Concato sar\u00e0 protagonista all\u2019Auditorium Parco della Musica di un concerto improntato sulla musica e sulla parola.\",\"breadcrumb\":{\"@id\":\"https:\/\/www.auditorium.com\/it\/event\/fabio-concato2026\/#breadcrumb\"},\"inLanguage\":\"it-IT\",\"potentialAction\":[{\"@type\":\"ReadAction\",\"target\":[\"https:\/\/www.auditorium.com\/it\/event\/fabio-concato2026\/\"]}]},{\"@type\":\"ImageObject\",\"inLanguage\":\"it-IT\",\"@id\":\"https:\/\/www.auditorium.com\/it\/event\/fabio-concato2026\/#primaryimage\",\"url\":\"https:\/\/www.auditorium.com\/wp-content\/uploads\/2022\/12\/11-marzo_concato.jpg\",\"contentUrl\":\"https:\/\/www.auditorium.com\/wp-content\/uploads\/2022\/12\/11-marzo_concato.jpg\",\"width\":1920,\"height\":1080},{\"@type\":\"BreadcrumbList\",\"@id\":\"https:\/\/www.auditorium.com\/it\/event\/fabio-concato2026\/#breadcrumb\",\"itemListElement\":[{\"@type\":\"ListItem\",\"position\":1,\"name\":\"Home\",\"item\":\"https:\/\/www.auditorium.com\/it\/\"},{\"@type\":\"ListItem\",\"position\":2,\"name\":\"Fabio Concato\"}]},{\"@type\":\"WebSite\",\"@id\":\"https:\/\/www.auditorium.com\/it\/#website\",\"url\":\"https:\/\/www.auditorium.com\/it\/\",\"name\":\"Auditorium Parco della Musica Ennio Morricone\",\"description\":\"Progettato da Renzo Piano, l&#039;Auditorium rappresenta una sofisticata architettura musicale e uno straordinario intervento di riqualificazione urbana.\",\"publisher\":{\"@id\":\"https:\/\/www.auditorium.com\/it\/#organization\"},\"potentialAction\":[{\"@type\":\"SearchAction\",\"target\":{\"@type\":\"EntryPoint\",\"urlTemplate\":\"https:\/\/www.auditorium.com\/it\/?s={search_term_string}\"},\"query-input\":\"required name=search_term_string\"}],\"inLanguage\":\"it-IT\"},{\"@type\":\"Organization\",\"@id\":\"https:\/\/www.auditorium.com\/it\/#organization\",\"name\":\"Auditorium Parco della Musica Ennio Morricone\",\"url\":\"https:\/\/www.auditorium.com\/it\/\",\"logo\":{\"@type\":\"ImageObject\",\"inLanguage\":\"it-IT\",\"@id\":\"https:\/\/www.auditorium.com\/it\/#\/schema\/logo\/image\/\",\"url\":\"https:\/\/www.auditorium.com\/wp-content\/uploads\/2022\/12\/logo-auditorium.svg\",\"contentUrl\":\"https:\/\/www.auditorium.com\/wp-content\/uploads\/2022\/12\/logo-auditorium.svg\",\"width\":86,\"height\":79,\"caption\":\"Auditorium Parco della Musica Ennio Morricone\"},\"image\":{\"@id\":\"https:\/\/www.auditorium.com\/it\/#\/schema\/logo\/image\/\"},\"sameAs\":[\"https:\/\/www.facebook.com\/AuditoriumParcodellaMusica\",\"https:\/\/x.com\/auditoriumpdm\",\"https:\/\/www.instagram.com\/auditoriumparcodellamusica\/\"]}]}<\/script>\n<!-- \/ Yoast SEO plugin. -->","yoast_head_json":{"title":"Fabio Concato | Auditorium Parco della Musica Ennio Morricone","description":"Fabio Concato sar\u00e0 protagonista all\u2019Auditorium Parco della Musica di un concerto improntato sulla musica e sulla parola.","robots":{"index":"index","follow":"follow","max-snippet":"max-snippet:-1","max-image-preview":"max-image-preview:large","max-video-preview":"max-video-preview:-1"},"canonical":"https:\/\/www.auditorium.com\/it\/event\/fabio-concato2026\/","og_locale":"it_IT","og_type":"article","og_title":"Fabio Concato | Auditorium Parco della Musica Ennio Morricone","og_description":"Fabio Concato sar\u00e0 protagonista l'1 dicembre all\u2019Auditorium Parco della Musica di un concerto improntato sulla musica e sulla parola.","og_url":"https:\/\/www.auditorium.com\/it\/event\/fabio-concato2026\/","og_site_name":"Auditorium Parco della Musica Ennio Morricone","article_publisher":"https:\/\/www.facebook.com\/AuditoriumParcodellaMusica","article_modified_time":"2025-11-26T16:22:12+00:00","og_image":[{"width":1920,"height":1080,"url":"https:\/\/www.auditorium.com\/wp-content\/uploads\/2022\/12\/11-marzo_concato.jpg","type":"image\/jpeg"}],"twitter_card":"summary_large_image","twitter_site":"@auditoriumpdm","twitter_misc":{"Tempo di lettura stimato":"1 minuto"},"schema":{"@context":"https:\/\/schema.org","@graph":[{"@type":"WebPage","@id":"https:\/\/www.auditorium.com\/it\/event\/fabio-concato2026\/","url":"https:\/\/www.auditorium.com\/it\/event\/fabio-concato2026\/","name":"Fabio Concato | Auditorium Parco della Musica Ennio Morricone","isPartOf":{"@id":"https:\/\/www.auditorium.com\/it\/#website"},"primaryImageOfPage":{"@id":"https:\/\/www.auditorium.com\/it\/event\/fabio-concato2026\/#primaryimage"},"image":{"@id":"https:\/\/www.auditorium.com\/it\/event\/fabio-concato2026\/#primaryimage"},"thumbnailUrl":"https:\/\/www.auditorium.com\/wp-content\/uploads\/2022\/12\/11-marzo_concato.jpg","datePublished":"2025-11-26T14:14:10+00:00","dateModified":"2025-11-26T16:22:12+00:00","description":"Fabio Concato sar\u00e0 protagonista all\u2019Auditorium Parco della Musica di un concerto improntato sulla musica e sulla parola.","breadcrumb":{"@id":"https:\/\/www.auditorium.com\/it\/event\/fabio-concato2026\/#breadcrumb"},"inLanguage":"it-IT","potentialAction":[{"@type":"ReadAction","target":["https:\/\/www.auditorium.com\/it\/event\/fabio-concato2026\/"]}]},{"@type":"ImageObject","inLanguage":"it-IT","@id":"https:\/\/www.auditorium.com\/it\/event\/fabio-concato2026\/#primaryimage","url":"https:\/\/www.auditorium.com\/wp-content\/uploads\/2022\/12\/11-marzo_concato.jpg","contentUrl":"https:\/\/www.auditorium.com\/wp-content\/uploads\/2022\/12\/11-marzo_concato.jpg","width":1920,"height":1080},{"@type":"BreadcrumbList","@id":"https:\/\/www.auditorium.com\/it\/event\/fabio-concato2026\/#breadcrumb","itemListElement":[{"@type":"ListItem","position":1,"name":"Home","item":"https:\/\/www.auditorium.com\/it\/"},{"@type":"ListItem","position":2,"name":"Fabio Concato"}]},{"@type":"WebSite","@id":"https:\/\/www.auditorium.com\/it\/#website","url":"https:\/\/www.auditorium.com\/it\/","name":"Auditorium Parco della Musica Ennio Morricone","description":"Progettato da Renzo Piano, l&#039;Auditorium rappresenta una sofisticata architettura musicale e uno straordinario intervento di riqualificazione urbana.","publisher":{"@id":"https:\/\/www.auditorium.com\/it\/#organization"},"potentialAction":[{"@type":"SearchAction","target":{"@type":"EntryPoint","urlTemplate":"https:\/\/www.auditorium.com\/it\/?s={search_term_string}"},"query-input":"required name=search_term_string"}],"inLanguage":"it-IT"},{"@type":"Organization","@id":"https:\/\/www.auditorium.com\/it\/#organization","name":"Auditorium Parco della Musica Ennio Morricone","url":"https:\/\/www.auditorium.com\/it\/","logo":{"@type":"ImageObject","inLanguage":"it-IT","@id":"https:\/\/www.auditorium.com\/it\/#\/schema\/logo\/image\/","url":"https:\/\/www.auditorium.com\/wp-content\/uploads\/2022\/12\/logo-auditorium.svg","contentUrl":"https:\/\/www.auditorium.com\/wp-content\/uploads\/2022\/12\/logo-auditorium.svg","width":86,"height":79,"caption":"Auditorium Parco della Musica Ennio Morricone"},"image":{"@id":"https:\/\/www.auditorium.com\/it\/#\/schema\/logo\/image\/"},"sameAs":["https:\/\/www.facebook.com\/AuditoriumParcodellaMusica","https:\/\/x.com\/auditoriumpdm","https:\/\/www.instagram.com\/auditoriumparcodellamusica\/"]}]}},"_links":{"self":[{"href":"https:\/\/www.auditorium.com\/it\/wp-json\/wp\/v2\/event\/43567","targetHints":{"allow":["GET"]}}],"collection":[{"href":"https:\/\/www.auditorium.com\/it\/wp-json\/wp\/v2\/event"}],"about":[{"href":"https:\/\/www.auditorium.com\/it\/wp-json\/wp\/v2\/types\/event"}],"wp:featuredmedia":[{"embeddable":true,"href":"https:\/\/www.auditorium.com\/it\/wp-json\/wp\/v2\/media\/1103"}],"wp:attachment":[{"href":"https:\/\/www.auditorium.com\/it\/wp-json\/wp\/v2\/media?parent=43567"}],"wp:term":[{"taxonomy":"event_categories","embeddable":true,"href":"https:\/\/www.auditorium.com\/it\/wp-json\/wp\/v2\/event_categories?post=43567"},{"taxonomy":"event_genre","embeddable":true,"href":"https:\/\/www.auditorium.com\/it\/wp-json\/wp\/v2\/event_genre?post=43567"},{"taxonomy":"event_themes","embeddable":true,"href":"https:\/\/www.auditorium.com\/it\/wp-json\/wp\/v2\/event_themes?post=43567"},{"taxonomy":"event_format","embeddable":true,"href":"https:\/\/www.auditorium.com\/it\/wp-json\/wp\/v2\/event_format?post=43567"},{"taxonomy":"event_consigliati","embeddable":true,"href":"https:\/\/www.auditorium.com\/it\/wp-json\/wp\/v2\/event_consigliati?post=43567"}],"curies":[{"name":"wp","href":"https:\/\/api.w.org\/{rel}","templated":true}]}}