{"id":43407,"date":"2025-11-13T17:41:31","date_gmt":"2025-11-13T15:41:31","guid":{"rendered":"https:\/\/www.auditorium.com\/?post_type=event&#038;p=43407"},"modified":"2026-02-12T08:16:58","modified_gmt":"2026-02-12T07:16:58","slug":"roberto-cacciapaglia-aural-songs-on-reality","status":"publish","type":"event","link":"https:\/\/www.auditorium.com\/it\/event\/roberto-cacciapaglia-aural-songs-on-reality\/","title":{"rendered":"Roberto Cacciapaglia \u201cOlympia\u201d"},"content":{"rendered":"<p style=\"font-weight: 400;\"><strong>Roberto Cacciapaglia<\/strong> ha diretto e composto le musiche del Gran Finale della cerimonia di apertura delle Olimpiadi invernali a Milano lo scorso 6 febbraio \u00a0firmando <em>\u00a0\u201cOlympia\u201d <\/em>\u00a0poema sinfonico in quattro movimenti che racconta arrivo, viaggio e ascesa della fiamma olimpica fino alla sua accensione e celebrazione finale con i bracieri olimpici; il momento pi\u00f9 simbolico dell\u2019apertura delle Olimpiadi Invernali 2026.<\/p>\n<p style=\"font-weight: 400;\"><em>\u00abQuando ho iniziato a lavorare al progetto, ho pensato subito a una composizione musicale, un poema sinfonico che potesse sostenere il momento pi\u00f9 importante, celebrativo e simbolico dell\u2019apertura delle Olimpiadi Milano Cortina 2026. Nell\u2019antichit\u00e0 le Olimpiadi fermavano le guerre e i conflitti, la \u201ctregua olimpica\u201d.\u00a0 In un\u2019epoca oscura e tragica come quella che stiamo vivendo, la musica pu\u00f2 ancora celebrare ci\u00f2 che di pi\u00f9 alto esiste nell\u2019essere umano: la capacit\u00e0 di ascoltare, di condividere, di camminare uniti verso il futuro. Nella pace\u00bb. <\/em><\/p>\n<p style=\"font-weight: 400;\"><strong>Roberto Cacciapaglia<\/strong> compositore e pianista, \u00e8 tra i protagonisti pi\u00f9 innovativi della scena musicale internazionale. Nella sua musica convivono scrittura classica e sperimentazione elettronica, tradizione e contemporaneit\u00e0, in una ricerca continua dell\u2019essenza che unisce i linguaggi oltre ogni distinzione di genere. Il suo lavoro indaga il potere primordiale del suono \u2013 melodia, armonia, vibrazione \u2013 come forza capace di generare emozione, consapevolezza e comunione spirituale.<\/p>\n","protected":false},"excerpt":{"rendered":"Roberto Cacciapaglia ha diretto e composto le musiche del Gran Finale della cerimonia di apertura delle Olimpiadi invernali a Milano lo scorso 6 febbraio \u00a0firmando \u00a0\u201cOlympia\u201d \u00a0poema sinfonico in quattro movimenti che racconta arrivo, viaggio e ascesa della fiamma olimpica fino alla sua accensione e celebrazione finale con i bracieri olimpici; il momento pi\u00f9 simbolico [&hellip;]","protected":false},"featured_media":43408,"template":"","meta":{"_acf_changed":false,"inline_featured_image":false},"event_categories":[81],"event_genre":[62],"event_themes":[],"event_format":[],"event_consigliati":[],"class_list":["post-43407","event","type-event","status-publish","has-post-thumbnail","hentry","event_categories-crossover","event_genre-crossover"],"acf":[],"yoast_head":"<!-- This site is optimized with the Yoast SEO plugin v22.6 - https:\/\/yoast.com\/wordpress\/plugins\/seo\/ -->\n<title>Roberto Cacciapaglia \u201cOlympia\u201d | Auditorium Parco della Musica Ennio Morricone<\/title>\n<meta name=\"robots\" content=\"index, follow, max-snippet:-1, max-image-preview:large, max-video-preview:-1\" \/>\n<link rel=\"canonical\" href=\"https:\/\/www.auditorium.com\/it\/event\/roberto-cacciapaglia-aural-songs-on-reality\/\" \/>\n<meta property=\"og:locale\" content=\"it_IT\" \/>\n<meta property=\"og:type\" content=\"article\" \/>\n<meta property=\"og:title\" content=\"Roberto Cacciapaglia \u201cOlympia\u201d | Auditorium Parco della Musica Ennio Morricone\" \/>\n<meta property=\"og:description\" content=\"Roberto Cacciapaglia ha diretto e composto le musiche del Gran Finale della cerimonia di apertura delle Olimpiadi invernali a Milano lo scorso 6 febbraio \u00a0firmando \u00a0\u201cOlympia\u201d \u00a0poema sinfonico in quattro movimenti che racconta arrivo, viaggio e ascesa della fiamma olimpica fino alla sua accensione e celebrazione finale con i bracieri olimpici; il momento pi\u00f9 simbolico [&hellip;]\" \/>\n<meta property=\"og:url\" content=\"https:\/\/www.auditorium.com\/it\/event\/roberto-cacciapaglia-aural-songs-on-reality\/\" \/>\n<meta property=\"og:site_name\" content=\"Auditorium Parco della Musica Ennio Morricone\" \/>\n<meta property=\"article:publisher\" content=\"https:\/\/www.facebook.com\/AuditoriumParcodellaMusica\" \/>\n<meta property=\"article:modified_time\" content=\"2026-02-12T07:16:58+00:00\" \/>\n<meta property=\"og:image\" content=\"https:\/\/www.auditorium.com\/wp-content\/uploads\/2025\/11\/01.Roberto-Cacciapaglia-scaled.jpg\" \/>\n\t<meta property=\"og:image:width\" content=\"1984\" \/>\n\t<meta property=\"og:image:height\" content=\"2560\" \/>\n\t<meta property=\"og:image:type\" content=\"image\/jpeg\" \/>\n<meta name=\"twitter:card\" content=\"summary_large_image\" \/>\n<meta name=\"twitter:site\" content=\"@auditoriumpdm\" \/>\n<meta name=\"twitter:label1\" content=\"Tempo di lettura stimato\" \/>\n\t<meta name=\"twitter:data1\" content=\"2 minuti\" \/>\n<script type=\"application\/ld+json\" class=\"yoast-schema-graph\">{\"@context\":\"https:\/\/schema.org\",\"@graph\":[{\"@type\":\"WebPage\",\"@id\":\"https:\/\/www.auditorium.com\/it\/event\/roberto-cacciapaglia-aural-songs-on-reality\/\",\"url\":\"https:\/\/www.auditorium.com\/it\/event\/roberto-cacciapaglia-aural-songs-on-reality\/\",\"name\":\"Roberto Cacciapaglia \u201cOlympia\u201d | Auditorium Parco della Musica Ennio Morricone\",\"isPartOf\":{\"@id\":\"https:\/\/www.auditorium.com\/it\/#website\"},\"primaryImageOfPage\":{\"@id\":\"https:\/\/www.auditorium.com\/it\/event\/roberto-cacciapaglia-aural-songs-on-reality\/#primaryimage\"},\"image\":{\"@id\":\"https:\/\/www.auditorium.com\/it\/event\/roberto-cacciapaglia-aural-songs-on-reality\/#primaryimage\"},\"thumbnailUrl\":\"https:\/\/www.auditorium.com\/wp-content\/uploads\/2025\/11\/01.Roberto-Cacciapaglia-scaled.jpg\",\"datePublished\":\"2025-11-13T15:41:31+00:00\",\"dateModified\":\"2026-02-12T07:16:58+00:00\",\"breadcrumb\":{\"@id\":\"https:\/\/www.auditorium.com\/it\/event\/roberto-cacciapaglia-aural-songs-on-reality\/#breadcrumb\"},\"inLanguage\":\"it-IT\",\"potentialAction\":[{\"@type\":\"ReadAction\",\"target\":[\"https:\/\/www.auditorium.com\/it\/event\/roberto-cacciapaglia-aural-songs-on-reality\/\"]}]},{\"@type\":\"ImageObject\",\"inLanguage\":\"it-IT\",\"@id\":\"https:\/\/www.auditorium.com\/it\/event\/roberto-cacciapaglia-aural-songs-on-reality\/#primaryimage\",\"url\":\"https:\/\/www.auditorium.com\/wp-content\/uploads\/2025\/11\/01.Roberto-Cacciapaglia-scaled.jpg\",\"contentUrl\":\"https:\/\/www.auditorium.com\/wp-content\/uploads\/2025\/11\/01.Roberto-Cacciapaglia-scaled.jpg\",\"width\":1984,\"height\":2560},{\"@type\":\"BreadcrumbList\",\"@id\":\"https:\/\/www.auditorium.com\/it\/event\/roberto-cacciapaglia-aural-songs-on-reality\/#breadcrumb\",\"itemListElement\":[{\"@type\":\"ListItem\",\"position\":1,\"name\":\"Home\",\"item\":\"https:\/\/www.auditorium.com\/it\/\"},{\"@type\":\"ListItem\",\"position\":2,\"name\":\"Roberto Cacciapaglia \u201cOlympia\u201d\"}]},{\"@type\":\"WebSite\",\"@id\":\"https:\/\/www.auditorium.com\/it\/#website\",\"url\":\"https:\/\/www.auditorium.com\/it\/\",\"name\":\"Auditorium Parco della Musica Ennio Morricone\",\"description\":\"Progettato da Renzo Piano, l&#039;Auditorium rappresenta una sofisticata architettura musicale e uno straordinario intervento di riqualificazione urbana.\",\"publisher\":{\"@id\":\"https:\/\/www.auditorium.com\/it\/#organization\"},\"potentialAction\":[{\"@type\":\"SearchAction\",\"target\":{\"@type\":\"EntryPoint\",\"urlTemplate\":\"https:\/\/www.auditorium.com\/it\/?s={search_term_string}\"},\"query-input\":\"required name=search_term_string\"}],\"inLanguage\":\"it-IT\"},{\"@type\":\"Organization\",\"@id\":\"https:\/\/www.auditorium.com\/it\/#organization\",\"name\":\"Auditorium Parco della Musica Ennio Morricone\",\"url\":\"https:\/\/www.auditorium.com\/it\/\",\"logo\":{\"@type\":\"ImageObject\",\"inLanguage\":\"it-IT\",\"@id\":\"https:\/\/www.auditorium.com\/it\/#\/schema\/logo\/image\/\",\"url\":\"https:\/\/www.auditorium.com\/wp-content\/uploads\/2022\/12\/logo-auditorium.svg\",\"contentUrl\":\"https:\/\/www.auditorium.com\/wp-content\/uploads\/2022\/12\/logo-auditorium.svg\",\"width\":86,\"height\":79,\"caption\":\"Auditorium Parco della Musica Ennio Morricone\"},\"image\":{\"@id\":\"https:\/\/www.auditorium.com\/it\/#\/schema\/logo\/image\/\"},\"sameAs\":[\"https:\/\/www.facebook.com\/AuditoriumParcodellaMusica\",\"https:\/\/x.com\/auditoriumpdm\",\"https:\/\/www.instagram.com\/auditoriumparcodellamusica\/\"]}]}<\/script>\n<!-- \/ Yoast SEO plugin. -->","yoast_head_json":{"title":"Roberto Cacciapaglia \u201cOlympia\u201d | Auditorium Parco della Musica Ennio Morricone","robots":{"index":"index","follow":"follow","max-snippet":"max-snippet:-1","max-image-preview":"max-image-preview:large","max-video-preview":"max-video-preview:-1"},"canonical":"https:\/\/www.auditorium.com\/it\/event\/roberto-cacciapaglia-aural-songs-on-reality\/","og_locale":"it_IT","og_type":"article","og_title":"Roberto Cacciapaglia \u201cOlympia\u201d | Auditorium Parco della Musica Ennio Morricone","og_description":"Roberto Cacciapaglia ha diretto e composto le musiche del Gran Finale della cerimonia di apertura delle Olimpiadi invernali a Milano lo scorso 6 febbraio \u00a0firmando \u00a0\u201cOlympia\u201d \u00a0poema sinfonico in quattro movimenti che racconta arrivo, viaggio e ascesa della fiamma olimpica fino alla sua accensione e celebrazione finale con i bracieri olimpici; il momento pi\u00f9 simbolico [&hellip;]","og_url":"https:\/\/www.auditorium.com\/it\/event\/roberto-cacciapaglia-aural-songs-on-reality\/","og_site_name":"Auditorium Parco della Musica Ennio Morricone","article_publisher":"https:\/\/www.facebook.com\/AuditoriumParcodellaMusica","article_modified_time":"2026-02-12T07:16:58+00:00","og_image":[{"width":1984,"height":2560,"url":"https:\/\/www.auditorium.com\/wp-content\/uploads\/2025\/11\/01.Roberto-Cacciapaglia-scaled.jpg","type":"image\/jpeg"}],"twitter_card":"summary_large_image","twitter_site":"@auditoriumpdm","twitter_misc":{"Tempo di lettura stimato":"2 minuti"},"schema":{"@context":"https:\/\/schema.org","@graph":[{"@type":"WebPage","@id":"https:\/\/www.auditorium.com\/it\/event\/roberto-cacciapaglia-aural-songs-on-reality\/","url":"https:\/\/www.auditorium.com\/it\/event\/roberto-cacciapaglia-aural-songs-on-reality\/","name":"Roberto Cacciapaglia \u201cOlympia\u201d | Auditorium Parco della Musica Ennio Morricone","isPartOf":{"@id":"https:\/\/www.auditorium.com\/it\/#website"},"primaryImageOfPage":{"@id":"https:\/\/www.auditorium.com\/it\/event\/roberto-cacciapaglia-aural-songs-on-reality\/#primaryimage"},"image":{"@id":"https:\/\/www.auditorium.com\/it\/event\/roberto-cacciapaglia-aural-songs-on-reality\/#primaryimage"},"thumbnailUrl":"https:\/\/www.auditorium.com\/wp-content\/uploads\/2025\/11\/01.Roberto-Cacciapaglia-scaled.jpg","datePublished":"2025-11-13T15:41:31+00:00","dateModified":"2026-02-12T07:16:58+00:00","breadcrumb":{"@id":"https:\/\/www.auditorium.com\/it\/event\/roberto-cacciapaglia-aural-songs-on-reality\/#breadcrumb"},"inLanguage":"it-IT","potentialAction":[{"@type":"ReadAction","target":["https:\/\/www.auditorium.com\/it\/event\/roberto-cacciapaglia-aural-songs-on-reality\/"]}]},{"@type":"ImageObject","inLanguage":"it-IT","@id":"https:\/\/www.auditorium.com\/it\/event\/roberto-cacciapaglia-aural-songs-on-reality\/#primaryimage","url":"https:\/\/www.auditorium.com\/wp-content\/uploads\/2025\/11\/01.Roberto-Cacciapaglia-scaled.jpg","contentUrl":"https:\/\/www.auditorium.com\/wp-content\/uploads\/2025\/11\/01.Roberto-Cacciapaglia-scaled.jpg","width":1984,"height":2560},{"@type":"BreadcrumbList","@id":"https:\/\/www.auditorium.com\/it\/event\/roberto-cacciapaglia-aural-songs-on-reality\/#breadcrumb","itemListElement":[{"@type":"ListItem","position":1,"name":"Home","item":"https:\/\/www.auditorium.com\/it\/"},{"@type":"ListItem","position":2,"name":"Roberto Cacciapaglia \u201cOlympia\u201d"}]},{"@type":"WebSite","@id":"https:\/\/www.auditorium.com\/it\/#website","url":"https:\/\/www.auditorium.com\/it\/","name":"Auditorium Parco della Musica Ennio Morricone","description":"Progettato da Renzo Piano, l&#039;Auditorium rappresenta una sofisticata architettura musicale e uno straordinario intervento di riqualificazione urbana.","publisher":{"@id":"https:\/\/www.auditorium.com\/it\/#organization"},"potentialAction":[{"@type":"SearchAction","target":{"@type":"EntryPoint","urlTemplate":"https:\/\/www.auditorium.com\/it\/?s={search_term_string}"},"query-input":"required name=search_term_string"}],"inLanguage":"it-IT"},{"@type":"Organization","@id":"https:\/\/www.auditorium.com\/it\/#organization","name":"Auditorium Parco della Musica Ennio Morricone","url":"https:\/\/www.auditorium.com\/it\/","logo":{"@type":"ImageObject","inLanguage":"it-IT","@id":"https:\/\/www.auditorium.com\/it\/#\/schema\/logo\/image\/","url":"https:\/\/www.auditorium.com\/wp-content\/uploads\/2022\/12\/logo-auditorium.svg","contentUrl":"https:\/\/www.auditorium.com\/wp-content\/uploads\/2022\/12\/logo-auditorium.svg","width":86,"height":79,"caption":"Auditorium Parco della Musica Ennio Morricone"},"image":{"@id":"https:\/\/www.auditorium.com\/it\/#\/schema\/logo\/image\/"},"sameAs":["https:\/\/www.facebook.com\/AuditoriumParcodellaMusica","https:\/\/x.com\/auditoriumpdm","https:\/\/www.instagram.com\/auditoriumparcodellamusica\/"]}]}},"_links":{"self":[{"href":"https:\/\/www.auditorium.com\/it\/wp-json\/wp\/v2\/event\/43407","targetHints":{"allow":["GET"]}}],"collection":[{"href":"https:\/\/www.auditorium.com\/it\/wp-json\/wp\/v2\/event"}],"about":[{"href":"https:\/\/www.auditorium.com\/it\/wp-json\/wp\/v2\/types\/event"}],"wp:featuredmedia":[{"embeddable":true,"href":"https:\/\/www.auditorium.com\/it\/wp-json\/wp\/v2\/media\/43408"}],"wp:attachment":[{"href":"https:\/\/www.auditorium.com\/it\/wp-json\/wp\/v2\/media?parent=43407"}],"wp:term":[{"taxonomy":"event_categories","embeddable":true,"href":"https:\/\/www.auditorium.com\/it\/wp-json\/wp\/v2\/event_categories?post=43407"},{"taxonomy":"event_genre","embeddable":true,"href":"https:\/\/www.auditorium.com\/it\/wp-json\/wp\/v2\/event_genre?post=43407"},{"taxonomy":"event_themes","embeddable":true,"href":"https:\/\/www.auditorium.com\/it\/wp-json\/wp\/v2\/event_themes?post=43407"},{"taxonomy":"event_format","embeddable":true,"href":"https:\/\/www.auditorium.com\/it\/wp-json\/wp\/v2\/event_format?post=43407"},{"taxonomy":"event_consigliati","embeddable":true,"href":"https:\/\/www.auditorium.com\/it\/wp-json\/wp\/v2\/event_consigliati?post=43407"}],"curies":[{"name":"wp","href":"https:\/\/api.w.org\/{rel}","templated":true}]}}