{"id":43347,"date":"2025-12-10T17:16:59","date_gmt":"2025-12-10T15:16:59","guid":{"rendered":"https:\/\/www.auditorium.com\/?post_type=event&#038;p=43347"},"modified":"2025-12-12T09:51:24","modified_gmt":"2025-12-12T08:51:24","slug":"massimo-cacciari-il-processo-di-franz-kafka","status":"publish","type":"event","link":"https:\/\/www.auditorium.com\/it\/event\/massimo-cacciari-il-processo-di-franz-kafka\/","title":{"rendered":"Massimo Cacciari \u2013 \u201cIl Processo\u201d di Franz Kafka"},"content":{"rendered":"<p class=\"p1\">Nato a Venezia nel 1944, Massimo Cacciari si \u00e8 laureato a Padova in Filosofia, con una tesi sulla \u201cCritica del Giudizio\u201d di Kant. Dall\u2019anno accademico 1970-1971 ha avuto un incarico di Letteratura artistica presso l\u2019Istituto Universitario di Architettura di Venezia ed \u00e8 iniziata in quegli anni la sua amicizia e collaborazione con Manfredo Tafuri. Nel 1980 \u00e8 diventato associato di Estetica e nel 1985 ordinario della stessa materia. Nel 2002 fonda con don Luigi M. Verz\u00e9 la Facolt\u00e0 di Filosofia dell\u2019Universit\u00e0 Vita-Salute San Raffaele di Milano e ne diviene primo Preside. Attualmente \u00e8 collocato a riposo. Nell\u2019ottobre 2012 riceve il titolo di Professore emerito. Dal 1998 al 2006 \u00e8 stato inoltre Direttore del Dipartimento di Filosofia dell\u2019Accademia di Architettura dell\u2019Universit\u00e0 di Lugano in Svizzera. E\u2019 stato deputato al Parlamento italiano dal 1976 al 1983; sindaco di Venezia dal 1993 al 2000; deputato al Parlamento Europeo nel 1999-2000, carica da cui si dimise in quanto eletto consigliere regionale del Veneto (2000). E\u2019 nuovamente sindaco di Venezia dal 2005 fino al marzo 2010. Ha tenuto corsi e conferenze in tutte le principali sedi del dibattito filosofico europeo. E\u2019 stretto collaboratore dell\u2019Istituto Italiano per gli Studi Filosofici di Napoli e del Coll\u00e9ge de Philosophie di Parigi.<\/p>\n","protected":false},"excerpt":{"rendered":"Nato a Venezia nel 1944, Massimo Cacciari si \u00e8 laureato a Padova in Filosofia, con una tesi sulla \u201cCritica del Giudizio\u201d di Kant. Dall\u2019anno accademico 1970-1971 ha avuto un incarico di Letteratura artistica presso l\u2019Istituto Universitario di Architettura di Venezia ed \u00e8 iniziata in quegli anni la sua amicizia e collaborazione con Manfredo Tafuri. Nel [&hellip;]","protected":false},"featured_media":43348,"template":"","meta":{"_acf_changed":false,"inline_featured_image":false},"event_categories":[],"event_genre":[],"event_themes":[],"event_format":[],"event_consigliati":[],"class_list":["post-43347","event","type-event","status-publish","has-post-thumbnail","hentry"],"acf":[],"yoast_head":"<!-- This site is optimized with the Yoast SEO plugin v22.6 - https:\/\/yoast.com\/wordpress\/plugins\/seo\/ -->\n<title>Massimo Cacciari \u2013 \u201cIl Processo\u201d di Franz Kafka | Auditorium Parco della Musica Ennio Morricone<\/title>\n<meta name=\"robots\" content=\"index, follow, max-snippet:-1, max-image-preview:large, max-video-preview:-1\" \/>\n<link rel=\"canonical\" href=\"https:\/\/www.auditorium.com\/it\/event\/massimo-cacciari-il-processo-di-franz-kafka\/\" \/>\n<meta property=\"og:locale\" content=\"it_IT\" \/>\n<meta property=\"og:type\" content=\"article\" \/>\n<meta property=\"og:title\" content=\"Massimo Cacciari \u2013 \u201cIl Processo\u201d di Franz Kafka | Auditorium Parco della Musica Ennio Morricone\" \/>\n<meta property=\"og:description\" content=\"Nato a Venezia nel 1944, Massimo Cacciari si \u00e8 laureato a Padova in Filosofia, con una tesi sulla \u201cCritica del Giudizio\u201d di Kant. Dall\u2019anno accademico 1970-1971 ha avuto un incarico di Letteratura artistica presso l\u2019Istituto Universitario di Architettura di Venezia ed \u00e8 iniziata in quegli anni la sua amicizia e collaborazione con Manfredo Tafuri. Nel [&hellip;]\" \/>\n<meta property=\"og:url\" content=\"https:\/\/www.auditorium.com\/it\/event\/massimo-cacciari-il-processo-di-franz-kafka\/\" \/>\n<meta property=\"og:site_name\" content=\"Auditorium Parco della Musica Ennio Morricone\" \/>\n<meta property=\"article:publisher\" content=\"https:\/\/www.facebook.com\/AuditoriumParcodellaMusica\" \/>\n<meta property=\"article:modified_time\" content=\"2025-12-12T08:51:24+00:00\" \/>\n<meta property=\"og:image\" content=\"https:\/\/www.auditorium.com\/wp-content\/uploads\/2025\/11\/CACCIARI_001-scaled.jpg\" \/>\n\t<meta property=\"og:image:width\" content=\"2560\" \/>\n\t<meta property=\"og:image:height\" content=\"1707\" \/>\n\t<meta property=\"og:image:type\" content=\"image\/jpeg\" \/>\n<meta name=\"twitter:card\" content=\"summary_large_image\" \/>\n<meta name=\"twitter:site\" content=\"@auditoriumpdm\" \/>\n<meta name=\"twitter:label1\" content=\"Tempo di lettura stimato\" \/>\n\t<meta name=\"twitter:data1\" content=\"2 minuti\" \/>\n<script type=\"application\/ld+json\" class=\"yoast-schema-graph\">{\"@context\":\"https:\/\/schema.org\",\"@graph\":[{\"@type\":\"WebPage\",\"@id\":\"https:\/\/www.auditorium.com\/it\/event\/massimo-cacciari-il-processo-di-franz-kafka\/\",\"url\":\"https:\/\/www.auditorium.com\/it\/event\/massimo-cacciari-il-processo-di-franz-kafka\/\",\"name\":\"Massimo Cacciari \u2013 \u201cIl Processo\u201d di Franz Kafka | Auditorium Parco della Musica Ennio Morricone\",\"isPartOf\":{\"@id\":\"https:\/\/www.auditorium.com\/it\/#website\"},\"primaryImageOfPage\":{\"@id\":\"https:\/\/www.auditorium.com\/it\/event\/massimo-cacciari-il-processo-di-franz-kafka\/#primaryimage\"},\"image\":{\"@id\":\"https:\/\/www.auditorium.com\/it\/event\/massimo-cacciari-il-processo-di-franz-kafka\/#primaryimage\"},\"thumbnailUrl\":\"https:\/\/www.auditorium.com\/wp-content\/uploads\/2025\/11\/CACCIARI_001-scaled.jpg\",\"datePublished\":\"2025-12-10T15:16:59+00:00\",\"dateModified\":\"2025-12-12T08:51:24+00:00\",\"breadcrumb\":{\"@id\":\"https:\/\/www.auditorium.com\/it\/event\/massimo-cacciari-il-processo-di-franz-kafka\/#breadcrumb\"},\"inLanguage\":\"it-IT\",\"potentialAction\":[{\"@type\":\"ReadAction\",\"target\":[\"https:\/\/www.auditorium.com\/it\/event\/massimo-cacciari-il-processo-di-franz-kafka\/\"]}]},{\"@type\":\"ImageObject\",\"inLanguage\":\"it-IT\",\"@id\":\"https:\/\/www.auditorium.com\/it\/event\/massimo-cacciari-il-processo-di-franz-kafka\/#primaryimage\",\"url\":\"https:\/\/www.auditorium.com\/wp-content\/uploads\/2025\/11\/CACCIARI_001-scaled.jpg\",\"contentUrl\":\"https:\/\/www.auditorium.com\/wp-content\/uploads\/2025\/11\/CACCIARI_001-scaled.jpg\",\"width\":2560,\"height\":1707,\"caption\":\"Roma, Auditorium Parco della Musica 25 03 2021 LEZIONI DI LETTERATURA MASSIMO CACCIARI \\\"Il Principe\\\" \u00a9Fondazione Musica Per Roma - Musacchio, Ianniello &amp; Pasqualini ******************* NB la presente foto puo' essere utilizzata esclusivamente per l'avvenimento in oggetto o per pubblicazioni riguardanti Fondazione Musica Per Roma\"},{\"@type\":\"BreadcrumbList\",\"@id\":\"https:\/\/www.auditorium.com\/it\/event\/massimo-cacciari-il-processo-di-franz-kafka\/#breadcrumb\",\"itemListElement\":[{\"@type\":\"ListItem\",\"position\":1,\"name\":\"Home\",\"item\":\"https:\/\/www.auditorium.com\/it\/\"},{\"@type\":\"ListItem\",\"position\":2,\"name\":\"Massimo Cacciari \u2013 \u201cIl Processo\u201d di Franz Kafka\"}]},{\"@type\":\"WebSite\",\"@id\":\"https:\/\/www.auditorium.com\/it\/#website\",\"url\":\"https:\/\/www.auditorium.com\/it\/\",\"name\":\"Auditorium Parco della Musica Ennio Morricone\",\"description\":\"Progettato da Renzo Piano, l&#039;Auditorium rappresenta una sofisticata architettura musicale e uno straordinario intervento di riqualificazione urbana.\",\"publisher\":{\"@id\":\"https:\/\/www.auditorium.com\/it\/#organization\"},\"potentialAction\":[{\"@type\":\"SearchAction\",\"target\":{\"@type\":\"EntryPoint\",\"urlTemplate\":\"https:\/\/www.auditorium.com\/it\/?s={search_term_string}\"},\"query-input\":\"required name=search_term_string\"}],\"inLanguage\":\"it-IT\"},{\"@type\":\"Organization\",\"@id\":\"https:\/\/www.auditorium.com\/it\/#organization\",\"name\":\"Auditorium Parco della Musica Ennio Morricone\",\"url\":\"https:\/\/www.auditorium.com\/it\/\",\"logo\":{\"@type\":\"ImageObject\",\"inLanguage\":\"it-IT\",\"@id\":\"https:\/\/www.auditorium.com\/it\/#\/schema\/logo\/image\/\",\"url\":\"https:\/\/www.auditorium.com\/wp-content\/uploads\/2022\/12\/logo-auditorium.svg\",\"contentUrl\":\"https:\/\/www.auditorium.com\/wp-content\/uploads\/2022\/12\/logo-auditorium.svg\",\"width\":86,\"height\":79,\"caption\":\"Auditorium Parco della Musica Ennio Morricone\"},\"image\":{\"@id\":\"https:\/\/www.auditorium.com\/it\/#\/schema\/logo\/image\/\"},\"sameAs\":[\"https:\/\/www.facebook.com\/AuditoriumParcodellaMusica\",\"https:\/\/x.com\/auditoriumpdm\",\"https:\/\/www.instagram.com\/auditoriumparcodellamusica\/\"]}]}<\/script>\n<!-- \/ Yoast SEO plugin. -->","yoast_head_json":{"title":"Massimo Cacciari \u2013 \u201cIl Processo\u201d di Franz Kafka | Auditorium Parco della Musica Ennio Morricone","robots":{"index":"index","follow":"follow","max-snippet":"max-snippet:-1","max-image-preview":"max-image-preview:large","max-video-preview":"max-video-preview:-1"},"canonical":"https:\/\/www.auditorium.com\/it\/event\/massimo-cacciari-il-processo-di-franz-kafka\/","og_locale":"it_IT","og_type":"article","og_title":"Massimo Cacciari \u2013 \u201cIl Processo\u201d di Franz Kafka | Auditorium Parco della Musica Ennio Morricone","og_description":"Nato a Venezia nel 1944, Massimo Cacciari si \u00e8 laureato a Padova in Filosofia, con una tesi sulla \u201cCritica del Giudizio\u201d di Kant. Dall\u2019anno accademico 1970-1971 ha avuto un incarico di Letteratura artistica presso l\u2019Istituto Universitario di Architettura di Venezia ed \u00e8 iniziata in quegli anni la sua amicizia e collaborazione con Manfredo Tafuri. Nel [&hellip;]","og_url":"https:\/\/www.auditorium.com\/it\/event\/massimo-cacciari-il-processo-di-franz-kafka\/","og_site_name":"Auditorium Parco della Musica Ennio Morricone","article_publisher":"https:\/\/www.facebook.com\/AuditoriumParcodellaMusica","article_modified_time":"2025-12-12T08:51:24+00:00","og_image":[{"width":2560,"height":1707,"url":"https:\/\/www.auditorium.com\/wp-content\/uploads\/2025\/11\/CACCIARI_001-scaled.jpg","type":"image\/jpeg"}],"twitter_card":"summary_large_image","twitter_site":"@auditoriumpdm","twitter_misc":{"Tempo di lettura stimato":"2 minuti"},"schema":{"@context":"https:\/\/schema.org","@graph":[{"@type":"WebPage","@id":"https:\/\/www.auditorium.com\/it\/event\/massimo-cacciari-il-processo-di-franz-kafka\/","url":"https:\/\/www.auditorium.com\/it\/event\/massimo-cacciari-il-processo-di-franz-kafka\/","name":"Massimo Cacciari \u2013 \u201cIl Processo\u201d di Franz Kafka | Auditorium Parco della Musica Ennio Morricone","isPartOf":{"@id":"https:\/\/www.auditorium.com\/it\/#website"},"primaryImageOfPage":{"@id":"https:\/\/www.auditorium.com\/it\/event\/massimo-cacciari-il-processo-di-franz-kafka\/#primaryimage"},"image":{"@id":"https:\/\/www.auditorium.com\/it\/event\/massimo-cacciari-il-processo-di-franz-kafka\/#primaryimage"},"thumbnailUrl":"https:\/\/www.auditorium.com\/wp-content\/uploads\/2025\/11\/CACCIARI_001-scaled.jpg","datePublished":"2025-12-10T15:16:59+00:00","dateModified":"2025-12-12T08:51:24+00:00","breadcrumb":{"@id":"https:\/\/www.auditorium.com\/it\/event\/massimo-cacciari-il-processo-di-franz-kafka\/#breadcrumb"},"inLanguage":"it-IT","potentialAction":[{"@type":"ReadAction","target":["https:\/\/www.auditorium.com\/it\/event\/massimo-cacciari-il-processo-di-franz-kafka\/"]}]},{"@type":"ImageObject","inLanguage":"it-IT","@id":"https:\/\/www.auditorium.com\/it\/event\/massimo-cacciari-il-processo-di-franz-kafka\/#primaryimage","url":"https:\/\/www.auditorium.com\/wp-content\/uploads\/2025\/11\/CACCIARI_001-scaled.jpg","contentUrl":"https:\/\/www.auditorium.com\/wp-content\/uploads\/2025\/11\/CACCIARI_001-scaled.jpg","width":2560,"height":1707,"caption":"Roma, Auditorium Parco della Musica 25 03 2021 LEZIONI DI LETTERATURA MASSIMO CACCIARI \"Il Principe\" \u00a9Fondazione Musica Per Roma - Musacchio, Ianniello &amp; Pasqualini ******************* NB la presente foto puo' essere utilizzata esclusivamente per l'avvenimento in oggetto o per pubblicazioni riguardanti Fondazione Musica Per Roma"},{"@type":"BreadcrumbList","@id":"https:\/\/www.auditorium.com\/it\/event\/massimo-cacciari-il-processo-di-franz-kafka\/#breadcrumb","itemListElement":[{"@type":"ListItem","position":1,"name":"Home","item":"https:\/\/www.auditorium.com\/it\/"},{"@type":"ListItem","position":2,"name":"Massimo Cacciari \u2013 \u201cIl Processo\u201d di Franz Kafka"}]},{"@type":"WebSite","@id":"https:\/\/www.auditorium.com\/it\/#website","url":"https:\/\/www.auditorium.com\/it\/","name":"Auditorium Parco della Musica Ennio Morricone","description":"Progettato da Renzo Piano, l&#039;Auditorium rappresenta una sofisticata architettura musicale e uno straordinario intervento di riqualificazione urbana.","publisher":{"@id":"https:\/\/www.auditorium.com\/it\/#organization"},"potentialAction":[{"@type":"SearchAction","target":{"@type":"EntryPoint","urlTemplate":"https:\/\/www.auditorium.com\/it\/?s={search_term_string}"},"query-input":"required name=search_term_string"}],"inLanguage":"it-IT"},{"@type":"Organization","@id":"https:\/\/www.auditorium.com\/it\/#organization","name":"Auditorium Parco della Musica Ennio Morricone","url":"https:\/\/www.auditorium.com\/it\/","logo":{"@type":"ImageObject","inLanguage":"it-IT","@id":"https:\/\/www.auditorium.com\/it\/#\/schema\/logo\/image\/","url":"https:\/\/www.auditorium.com\/wp-content\/uploads\/2022\/12\/logo-auditorium.svg","contentUrl":"https:\/\/www.auditorium.com\/wp-content\/uploads\/2022\/12\/logo-auditorium.svg","width":86,"height":79,"caption":"Auditorium Parco della Musica Ennio Morricone"},"image":{"@id":"https:\/\/www.auditorium.com\/it\/#\/schema\/logo\/image\/"},"sameAs":["https:\/\/www.facebook.com\/AuditoriumParcodellaMusica","https:\/\/x.com\/auditoriumpdm","https:\/\/www.instagram.com\/auditoriumparcodellamusica\/"]}]}},"_links":{"self":[{"href":"https:\/\/www.auditorium.com\/it\/wp-json\/wp\/v2\/event\/43347","targetHints":{"allow":["GET"]}}],"collection":[{"href":"https:\/\/www.auditorium.com\/it\/wp-json\/wp\/v2\/event"}],"about":[{"href":"https:\/\/www.auditorium.com\/it\/wp-json\/wp\/v2\/types\/event"}],"wp:featuredmedia":[{"embeddable":true,"href":"https:\/\/www.auditorium.com\/it\/wp-json\/wp\/v2\/media\/43348"}],"wp:attachment":[{"href":"https:\/\/www.auditorium.com\/it\/wp-json\/wp\/v2\/media?parent=43347"}],"wp:term":[{"taxonomy":"event_categories","embeddable":true,"href":"https:\/\/www.auditorium.com\/it\/wp-json\/wp\/v2\/event_categories?post=43347"},{"taxonomy":"event_genre","embeddable":true,"href":"https:\/\/www.auditorium.com\/it\/wp-json\/wp\/v2\/event_genre?post=43347"},{"taxonomy":"event_themes","embeddable":true,"href":"https:\/\/www.auditorium.com\/it\/wp-json\/wp\/v2\/event_themes?post=43347"},{"taxonomy":"event_format","embeddable":true,"href":"https:\/\/www.auditorium.com\/it\/wp-json\/wp\/v2\/event_format?post=43347"},{"taxonomy":"event_consigliati","embeddable":true,"href":"https:\/\/www.auditorium.com\/it\/wp-json\/wp\/v2\/event_consigliati?post=43347"}],"curies":[{"name":"wp","href":"https:\/\/api.w.org\/{rel}","templated":true}]}}