{"id":43297,"date":"2025-11-11T13:59:17","date_gmt":"2025-11-11T11:59:17","guid":{"rendered":"https:\/\/www.auditorium.com\/?post_type=event&#038;p=43297"},"modified":"2026-01-13T15:13:47","modified_gmt":"2026-01-13T14:13:47","slug":"gli-occhiali-di-sostakovic","status":"publish","type":"event","link":"https:\/\/www.auditorium.com\/it\/event\/gli-occhiali-di-sostakovic\/","title":{"rendered":"Sergio Rubini &#8211; Gli occhiali di \u0160ostakovi\u010d"},"content":{"rendered":"<p style=\"text-align: center;\"><strong><em>Gli occhiali di \u0160ostakovi\u010d <\/em><\/strong><\/p>\n<p style=\"text-align: center;\"><strong><em>Spettacolo multimediale<\/em><\/strong><\/p>\n<p><em><strong>Gli occhiali di \u0160ostakovi\u010d<\/strong> <\/em>\u00a0\u00e8 un testo teatrale di <strong>Valerio Cappelli<\/strong> dedicato a Dmitrij \u0160ostakovi\u010d , il grande compositore russo (1906-1975), vissuto durante il regime staliniano.<\/p>\n<p>Lo spettacolo, con <strong>Sergio Rubini<\/strong>, sar\u00e0 arricchito da musica registrata, immagini, fotografie, arredi scenici. \u0160ostakovi\u010d ha avuto i massimi onori e le maggiori umiliazioni, ha avuto i funerali da eroe di Stato ma dormiva con la valigia accanto al letto, temendo di essere arrestato da un momento all\u2019altro. \u0160ostakovi\u010d \u00e8 stato il compositore pi\u00f9 decorato e frainteso, pi\u00f9 premiato e minacciato. Ha dovuto fare i conti con i condizionamenti del potere, cercando di mantenere per quanto possibile la sua verit\u00e0 artistica..\u00a0 La sua vita \u00e8 gi\u00e0, essa stessa, un corto circuito drammaturgico. Fu accusato dalla Pravda di formalismo, contravvenendo al diktat del partito comunista che chiedeva opere musicali patriottiche inneggianti al realismo socialista e all\u2019ottimismo rivoluzionario. Gli commissionarono la Nona Sinfonia, doveva essere la risposta sovietica alla Nona di Beethoven, e lui compose un breve irriverente componimento di venti minuti. Della sua opera Lady Macbeth, la Pravda scrisse un articolo intitolato &#8220;Caos anzich\u00e9 musica&#8221;.<\/p>\n<p>\u00c8 la Russia di Putin moltiplicata per mille.<\/p>\n<p><em>Spettacolo in coproduzione con l\u2019Accademia Nazionale di Santa Cecilia<\/em><\/p>\n","protected":false},"excerpt":{"rendered":"Gli occhiali di \u0160ostakovi\u010d Spettacolo multimediale Gli occhiali di \u0160ostakovi\u010d \u00a0\u00e8 un testo teatrale di Valerio Cappelli dedicato a Dmitrij \u0160ostakovi\u010d , il grande compositore russo (1906-1975), vissuto durante il regime staliniano. Lo spettacolo, con Sergio Rubini, sar\u00e0 arricchito da musica registrata, immagini, fotografie, arredi scenici. \u0160ostakovi\u010d ha avuto i massimi onori e le maggiori [&hellip;]","protected":false},"featured_media":43300,"template":"","meta":{"_acf_changed":false,"inline_featured_image":false},"event_categories":[16],"event_genre":[69],"event_themes":[],"event_format":[],"event_consigliati":[],"class_list":["post-43297","event","type-event","status-publish","has-post-thumbnail","hentry","event_categories-teatro","event_genre-teatro"],"acf":[],"yoast_head":"<!-- This site is optimized with the Yoast SEO plugin v22.6 - https:\/\/yoast.com\/wordpress\/plugins\/seo\/ -->\n<title>Sergio Rubini - Gli occhiali di \u0160ostakovi\u010d | Auditorium Parco della Musica Ennio Morricone<\/title>\n<meta name=\"robots\" content=\"index, follow, max-snippet:-1, max-image-preview:large, max-video-preview:-1\" \/>\n<link rel=\"canonical\" href=\"https:\/\/www.auditorium.com\/it\/event\/gli-occhiali-di-sostakovic\/\" \/>\n<meta property=\"og:locale\" content=\"it_IT\" \/>\n<meta property=\"og:type\" content=\"article\" \/>\n<meta property=\"og:title\" content=\"Sergio Rubini - Gli occhiali di \u0160ostakovi\u010d | Auditorium Parco della Musica Ennio Morricone\" \/>\n<meta property=\"og:description\" content=\"Gli occhiali di \u0160ostakovi\u010d Spettacolo multimediale Gli occhiali di \u0160ostakovi\u010d \u00a0\u00e8 un testo teatrale di Valerio Cappelli dedicato a Dmitrij \u0160ostakovi\u010d , il grande compositore russo (1906-1975), vissuto durante il regime staliniano. Lo spettacolo, con Sergio Rubini, sar\u00e0 arricchito da musica registrata, immagini, fotografie, arredi scenici. \u0160ostakovi\u010d ha avuto i massimi onori e le maggiori [&hellip;]\" \/>\n<meta property=\"og:url\" content=\"https:\/\/www.auditorium.com\/it\/event\/gli-occhiali-di-sostakovic\/\" \/>\n<meta property=\"og:site_name\" content=\"Auditorium Parco della Musica Ennio Morricone\" \/>\n<meta property=\"article:publisher\" content=\"https:\/\/www.facebook.com\/AuditoriumParcodellaMusica\" \/>\n<meta property=\"article:modified_time\" content=\"2026-01-13T14:13:47+00:00\" \/>\n<meta property=\"og:image\" content=\"https:\/\/www.auditorium.com\/wp-content\/uploads\/2025\/11\/occhiali-3.jpg\" \/>\n\t<meta property=\"og:image:width\" content=\"1600\" \/>\n\t<meta property=\"og:image:height\" content=\"1067\" \/>\n\t<meta property=\"og:image:type\" content=\"image\/jpeg\" \/>\n<meta name=\"twitter:card\" content=\"summary_large_image\" \/>\n<meta name=\"twitter:site\" content=\"@auditoriumpdm\" \/>\n<meta name=\"twitter:label1\" content=\"Tempo di lettura stimato\" \/>\n\t<meta name=\"twitter:data1\" content=\"2 minuti\" \/>\n<script type=\"application\/ld+json\" class=\"yoast-schema-graph\">{\"@context\":\"https:\/\/schema.org\",\"@graph\":[{\"@type\":\"WebPage\",\"@id\":\"https:\/\/www.auditorium.com\/it\/event\/gli-occhiali-di-sostakovic\/\",\"url\":\"https:\/\/www.auditorium.com\/it\/event\/gli-occhiali-di-sostakovic\/\",\"name\":\"Sergio Rubini - Gli occhiali di \u0160ostakovi\u010d | Auditorium Parco della Musica Ennio Morricone\",\"isPartOf\":{\"@id\":\"https:\/\/www.auditorium.com\/it\/#website\"},\"primaryImageOfPage\":{\"@id\":\"https:\/\/www.auditorium.com\/it\/event\/gli-occhiali-di-sostakovic\/#primaryimage\"},\"image\":{\"@id\":\"https:\/\/www.auditorium.com\/it\/event\/gli-occhiali-di-sostakovic\/#primaryimage\"},\"thumbnailUrl\":\"https:\/\/www.auditorium.com\/wp-content\/uploads\/2025\/11\/occhiali-3.jpg\",\"datePublished\":\"2025-11-11T11:59:17+00:00\",\"dateModified\":\"2026-01-13T14:13:47+00:00\",\"breadcrumb\":{\"@id\":\"https:\/\/www.auditorium.com\/it\/event\/gli-occhiali-di-sostakovic\/#breadcrumb\"},\"inLanguage\":\"it-IT\",\"potentialAction\":[{\"@type\":\"ReadAction\",\"target\":[\"https:\/\/www.auditorium.com\/it\/event\/gli-occhiali-di-sostakovic\/\"]}]},{\"@type\":\"ImageObject\",\"inLanguage\":\"it-IT\",\"@id\":\"https:\/\/www.auditorium.com\/it\/event\/gli-occhiali-di-sostakovic\/#primaryimage\",\"url\":\"https:\/\/www.auditorium.com\/wp-content\/uploads\/2025\/11\/occhiali-3.jpg\",\"contentUrl\":\"https:\/\/www.auditorium.com\/wp-content\/uploads\/2025\/11\/occhiali-3.jpg\",\"width\":1600,\"height\":1067},{\"@type\":\"BreadcrumbList\",\"@id\":\"https:\/\/www.auditorium.com\/it\/event\/gli-occhiali-di-sostakovic\/#breadcrumb\",\"itemListElement\":[{\"@type\":\"ListItem\",\"position\":1,\"name\":\"Home\",\"item\":\"https:\/\/www.auditorium.com\/it\/\"},{\"@type\":\"ListItem\",\"position\":2,\"name\":\"Sergio Rubini &#8211; Gli occhiali di \u0160ostakovi\u010d\"}]},{\"@type\":\"WebSite\",\"@id\":\"https:\/\/www.auditorium.com\/it\/#website\",\"url\":\"https:\/\/www.auditorium.com\/it\/\",\"name\":\"Auditorium Parco della Musica Ennio Morricone\",\"description\":\"Progettato da Renzo Piano, l&#039;Auditorium rappresenta una sofisticata architettura musicale e uno straordinario intervento di riqualificazione urbana.\",\"publisher\":{\"@id\":\"https:\/\/www.auditorium.com\/it\/#organization\"},\"potentialAction\":[{\"@type\":\"SearchAction\",\"target\":{\"@type\":\"EntryPoint\",\"urlTemplate\":\"https:\/\/www.auditorium.com\/it\/?s={search_term_string}\"},\"query-input\":\"required name=search_term_string\"}],\"inLanguage\":\"it-IT\"},{\"@type\":\"Organization\",\"@id\":\"https:\/\/www.auditorium.com\/it\/#organization\",\"name\":\"Auditorium Parco della Musica Ennio Morricone\",\"url\":\"https:\/\/www.auditorium.com\/it\/\",\"logo\":{\"@type\":\"ImageObject\",\"inLanguage\":\"it-IT\",\"@id\":\"https:\/\/www.auditorium.com\/it\/#\/schema\/logo\/image\/\",\"url\":\"https:\/\/www.auditorium.com\/wp-content\/uploads\/2022\/12\/logo-auditorium.svg\",\"contentUrl\":\"https:\/\/www.auditorium.com\/wp-content\/uploads\/2022\/12\/logo-auditorium.svg\",\"width\":86,\"height\":79,\"caption\":\"Auditorium Parco della Musica Ennio Morricone\"},\"image\":{\"@id\":\"https:\/\/www.auditorium.com\/it\/#\/schema\/logo\/image\/\"},\"sameAs\":[\"https:\/\/www.facebook.com\/AuditoriumParcodellaMusica\",\"https:\/\/x.com\/auditoriumpdm\",\"https:\/\/www.instagram.com\/auditoriumparcodellamusica\/\"]}]}<\/script>\n<!-- \/ Yoast SEO plugin. -->","yoast_head_json":{"title":"Sergio Rubini - Gli occhiali di \u0160ostakovi\u010d | Auditorium Parco della Musica Ennio Morricone","robots":{"index":"index","follow":"follow","max-snippet":"max-snippet:-1","max-image-preview":"max-image-preview:large","max-video-preview":"max-video-preview:-1"},"canonical":"https:\/\/www.auditorium.com\/it\/event\/gli-occhiali-di-sostakovic\/","og_locale":"it_IT","og_type":"article","og_title":"Sergio Rubini - Gli occhiali di \u0160ostakovi\u010d | Auditorium Parco della Musica Ennio Morricone","og_description":"Gli occhiali di \u0160ostakovi\u010d Spettacolo multimediale Gli occhiali di \u0160ostakovi\u010d \u00a0\u00e8 un testo teatrale di Valerio Cappelli dedicato a Dmitrij \u0160ostakovi\u010d , il grande compositore russo (1906-1975), vissuto durante il regime staliniano. Lo spettacolo, con Sergio Rubini, sar\u00e0 arricchito da musica registrata, immagini, fotografie, arredi scenici. \u0160ostakovi\u010d ha avuto i massimi onori e le maggiori [&hellip;]","og_url":"https:\/\/www.auditorium.com\/it\/event\/gli-occhiali-di-sostakovic\/","og_site_name":"Auditorium Parco della Musica Ennio Morricone","article_publisher":"https:\/\/www.facebook.com\/AuditoriumParcodellaMusica","article_modified_time":"2026-01-13T14:13:47+00:00","og_image":[{"width":1600,"height":1067,"url":"https:\/\/www.auditorium.com\/wp-content\/uploads\/2025\/11\/occhiali-3.jpg","type":"image\/jpeg"}],"twitter_card":"summary_large_image","twitter_site":"@auditoriumpdm","twitter_misc":{"Tempo di lettura stimato":"2 minuti"},"schema":{"@context":"https:\/\/schema.org","@graph":[{"@type":"WebPage","@id":"https:\/\/www.auditorium.com\/it\/event\/gli-occhiali-di-sostakovic\/","url":"https:\/\/www.auditorium.com\/it\/event\/gli-occhiali-di-sostakovic\/","name":"Sergio Rubini - Gli occhiali di \u0160ostakovi\u010d | Auditorium Parco della Musica Ennio Morricone","isPartOf":{"@id":"https:\/\/www.auditorium.com\/it\/#website"},"primaryImageOfPage":{"@id":"https:\/\/www.auditorium.com\/it\/event\/gli-occhiali-di-sostakovic\/#primaryimage"},"image":{"@id":"https:\/\/www.auditorium.com\/it\/event\/gli-occhiali-di-sostakovic\/#primaryimage"},"thumbnailUrl":"https:\/\/www.auditorium.com\/wp-content\/uploads\/2025\/11\/occhiali-3.jpg","datePublished":"2025-11-11T11:59:17+00:00","dateModified":"2026-01-13T14:13:47+00:00","breadcrumb":{"@id":"https:\/\/www.auditorium.com\/it\/event\/gli-occhiali-di-sostakovic\/#breadcrumb"},"inLanguage":"it-IT","potentialAction":[{"@type":"ReadAction","target":["https:\/\/www.auditorium.com\/it\/event\/gli-occhiali-di-sostakovic\/"]}]},{"@type":"ImageObject","inLanguage":"it-IT","@id":"https:\/\/www.auditorium.com\/it\/event\/gli-occhiali-di-sostakovic\/#primaryimage","url":"https:\/\/www.auditorium.com\/wp-content\/uploads\/2025\/11\/occhiali-3.jpg","contentUrl":"https:\/\/www.auditorium.com\/wp-content\/uploads\/2025\/11\/occhiali-3.jpg","width":1600,"height":1067},{"@type":"BreadcrumbList","@id":"https:\/\/www.auditorium.com\/it\/event\/gli-occhiali-di-sostakovic\/#breadcrumb","itemListElement":[{"@type":"ListItem","position":1,"name":"Home","item":"https:\/\/www.auditorium.com\/it\/"},{"@type":"ListItem","position":2,"name":"Sergio Rubini &#8211; Gli occhiali di \u0160ostakovi\u010d"}]},{"@type":"WebSite","@id":"https:\/\/www.auditorium.com\/it\/#website","url":"https:\/\/www.auditorium.com\/it\/","name":"Auditorium Parco della Musica Ennio Morricone","description":"Progettato da Renzo Piano, l&#039;Auditorium rappresenta una sofisticata architettura musicale e uno straordinario intervento di riqualificazione urbana.","publisher":{"@id":"https:\/\/www.auditorium.com\/it\/#organization"},"potentialAction":[{"@type":"SearchAction","target":{"@type":"EntryPoint","urlTemplate":"https:\/\/www.auditorium.com\/it\/?s={search_term_string}"},"query-input":"required name=search_term_string"}],"inLanguage":"it-IT"},{"@type":"Organization","@id":"https:\/\/www.auditorium.com\/it\/#organization","name":"Auditorium Parco della Musica Ennio Morricone","url":"https:\/\/www.auditorium.com\/it\/","logo":{"@type":"ImageObject","inLanguage":"it-IT","@id":"https:\/\/www.auditorium.com\/it\/#\/schema\/logo\/image\/","url":"https:\/\/www.auditorium.com\/wp-content\/uploads\/2022\/12\/logo-auditorium.svg","contentUrl":"https:\/\/www.auditorium.com\/wp-content\/uploads\/2022\/12\/logo-auditorium.svg","width":86,"height":79,"caption":"Auditorium Parco della Musica Ennio Morricone"},"image":{"@id":"https:\/\/www.auditorium.com\/it\/#\/schema\/logo\/image\/"},"sameAs":["https:\/\/www.facebook.com\/AuditoriumParcodellaMusica","https:\/\/x.com\/auditoriumpdm","https:\/\/www.instagram.com\/auditoriumparcodellamusica\/"]}]}},"_links":{"self":[{"href":"https:\/\/www.auditorium.com\/it\/wp-json\/wp\/v2\/event\/43297","targetHints":{"allow":["GET"]}}],"collection":[{"href":"https:\/\/www.auditorium.com\/it\/wp-json\/wp\/v2\/event"}],"about":[{"href":"https:\/\/www.auditorium.com\/it\/wp-json\/wp\/v2\/types\/event"}],"wp:featuredmedia":[{"embeddable":true,"href":"https:\/\/www.auditorium.com\/it\/wp-json\/wp\/v2\/media\/43300"}],"wp:attachment":[{"href":"https:\/\/www.auditorium.com\/it\/wp-json\/wp\/v2\/media?parent=43297"}],"wp:term":[{"taxonomy":"event_categories","embeddable":true,"href":"https:\/\/www.auditorium.com\/it\/wp-json\/wp\/v2\/event_categories?post=43297"},{"taxonomy":"event_genre","embeddable":true,"href":"https:\/\/www.auditorium.com\/it\/wp-json\/wp\/v2\/event_genre?post=43297"},{"taxonomy":"event_themes","embeddable":true,"href":"https:\/\/www.auditorium.com\/it\/wp-json\/wp\/v2\/event_themes?post=43297"},{"taxonomy":"event_format","embeddable":true,"href":"https:\/\/www.auditorium.com\/it\/wp-json\/wp\/v2\/event_format?post=43297"},{"taxonomy":"event_consigliati","embeddable":true,"href":"https:\/\/www.auditorium.com\/it\/wp-json\/wp\/v2\/event_consigliati?post=43297"}],"curies":[{"name":"wp","href":"https:\/\/api.w.org\/{rel}","templated":true}]}}