{"id":43287,"date":"2025-11-11T12:44:16","date_gmt":"2025-11-11T10:44:16","guid":{"rendered":"https:\/\/www.auditorium.com\/?post_type=event&#038;p=43287"},"modified":"2025-11-17T16:33:35","modified_gmt":"2025-11-17T14:33:35","slug":"etnomusa-musica-altra","status":"publish","type":"event","link":"https:\/\/www.auditorium.com\/it\/event\/etnomusa-musica-altra\/","title":{"rendered":"EtnoMusa &#8211; Musica Altra"},"content":{"rendered":"<p style=\"text-align: center;\"><strong>Evento gratuito di <\/strong><strong>Natale Auditorium<\/strong><\/p>\n<p style=\"text-align: center;\"><em><strong>Musica Altra<\/strong><\/em><\/p>\n<p style=\"text-align: center;\"><em><strong>Storie e culture attraverso la musica popolare<\/strong><\/em><\/p>\n<p><strong>\u00a0<\/strong><\/p>\n<p><strong>Programma:<\/strong><\/p>\n<p><em>Procurade e moderare<\/em> (tradizionale)<\/p>\n<p><em>Pizzica Indiavolata<\/em> (tradizionale)<\/p>\n<p><em>Canto dei Battipali<\/em> (tradizionale)<\/p>\n<p><em>Madonna de lu mare<\/em> (Massimo Marangio)<\/p>\n<p><em>Sebben che siamo donne<\/em> (tradizionale)<\/p>\n<p><em>La canzone del Cormor<\/em> (tradizionale)<\/p>\n<p><em>Ay Carmela!<\/em> (tradizionale)<\/p>\n<p><em>Que nadie sepa me sufrir<\/em> (tradizionale)<\/p>\n<p><em>Leva Leva<\/em> (tradizionale)<\/p>\n<p>&nbsp;<\/p>\n<p>Durata: circa 50&#8242;<\/p>\n<p>&nbsp;<\/p>\n<p><strong>EtnoMuSa<\/strong> \u00e8 la <strong>prima ed unica orchestra universitaria in Europa di musica etnica<\/strong>.<br \/>\nL\u2019orchestra &#8211; formata da studenti, studentesse e personale amministrativo dell\u2019<strong>Universit\u00e0 La Sapienza di Roma<\/strong> &#8211; si occupa di <strong>musica di tradizione orale<\/strong>, memoria delle cosiddette \u201cculture subalterne\u201d, e di musica etnica e sociale. Fondata nel 2012 da Letizia Aprile, dal 2023 \u00e8 diretta da Francesco Berrafato. In questi anni l\u2019impegno costante dell\u2019orchestra \u00e8 sempre stato quello di mantenere viva una pratica musicale legata ad una memoria condivisa e collettiva della quale \u00e8 portatrice e che trova la sua espressione proprio nella musica di tradizione orale. Una musica che per sua natura non \u00e8 mai uguale poich\u00e9 sempre in divenire, pronta a modificarsi in base alle sensibilit\u00e0 e ai momenti storici nei quali viene ascoltata e riletta.<\/p>\n<p>EtnoMuSa si \u00e8 esibita in importanti e numerosi eventi istituzionali e in Festival come Classica al Tramonto della IUC di Roma; il Festival Ville Aperte di Treviso; il Festival IMUN presso l\u2019Auditorium della Conciliazione di Roma; il Festival Pifferi Muse e Zampogne di Arezzo; Il FIMU (Festival International de la Musique Universitaire) di Belfort, Francia; il Festival Capodarte presso il Teatro dell\u2019Opera di Roma.<br \/>\nNell\u2019ottobre 2025 l\u2019orchestra \u00e8 stata in tourne\u00e8 a Cuba per un progetto ideato da Arcs- Culture Solidali supportato dal MAECI. In questa occasione EtnoMuSa ha collaborato con l\u2019orchestra giovanile Swing Cubano diretta da Bruno Villalonga esibendosi presso Oficina del Conservador di Matanzas e presso Fabrica de Arte a L\u2019Avana in un concerto voluto dall\u2019Ambasciata italiana a Cuba per il lancio della Settimana della Lingua Italiana.<\/p>\n<p>&nbsp;<\/p>\n<p><strong>l\u2019evento \u00e8 gratuito senza necessit\u00e0 di prenotazione fino ad esaurimento posti disponibili.<\/strong><\/p>\n","protected":false},"excerpt":{"rendered":"Evento gratuito di Natale Auditorium Musica Altra Storie e culture attraverso la musica popolare \u00a0 Programma: Procurade e moderare (tradizionale) Pizzica Indiavolata (tradizionale) Canto dei Battipali (tradizionale) Madonna de lu mare (Massimo Marangio) Sebben che siamo donne (tradizionale) La canzone del Cormor (tradizionale) Ay Carmela! (tradizionale) Que nadie sepa me sufrir (tradizionale) Leva Leva (tradizionale) [&hellip;]","protected":false},"featured_media":43288,"template":"","meta":{"_acf_changed":false,"inline_featured_image":false},"event_categories":[86],"event_genre":[67],"event_themes":[],"event_format":[],"event_consigliati":[],"class_list":["post-43287","event","type-event","status-publish","has-post-thumbnail","hentry","event_categories-world","event_genre-world"],"acf":[],"yoast_head":"<!-- This site is optimized with the Yoast SEO plugin v22.6 - https:\/\/yoast.com\/wordpress\/plugins\/seo\/ -->\n<title>EtnoMusa - Musica Altra | Auditorium Parco della Musica Ennio Morricone<\/title>\n<meta name=\"robots\" content=\"index, follow, max-snippet:-1, max-image-preview:large, max-video-preview:-1\" \/>\n<link rel=\"canonical\" href=\"https:\/\/www.auditorium.com\/it\/event\/etnomusa-musica-altra\/\" \/>\n<meta property=\"og:locale\" content=\"it_IT\" \/>\n<meta property=\"og:type\" content=\"article\" \/>\n<meta property=\"og:title\" content=\"EtnoMusa - Musica Altra | Auditorium Parco della Musica Ennio Morricone\" \/>\n<meta property=\"og:description\" content=\"Evento gratuito di Natale Auditorium Musica Altra Storie e culture attraverso la musica popolare \u00a0 Programma: Procurade e moderare (tradizionale) Pizzica Indiavolata (tradizionale) Canto dei Battipali (tradizionale) Madonna de lu mare (Massimo Marangio) Sebben che siamo donne (tradizionale) La canzone del Cormor (tradizionale) Ay Carmela! (tradizionale) Que nadie sepa me sufrir (tradizionale) Leva Leva (tradizionale) [&hellip;]\" \/>\n<meta property=\"og:url\" content=\"https:\/\/www.auditorium.com\/it\/event\/etnomusa-musica-altra\/\" \/>\n<meta property=\"og:site_name\" content=\"Auditorium Parco della Musica Ennio Morricone\" \/>\n<meta property=\"article:publisher\" content=\"https:\/\/www.facebook.com\/AuditoriumParcodellaMusica\" \/>\n<meta property=\"article:modified_time\" content=\"2025-11-17T14:33:35+00:00\" \/>\n<meta property=\"og:image\" content=\"https:\/\/www.auditorium.com\/wp-content\/uploads\/2025\/11\/foto-EtnoMuSa-scaled.jpg\" \/>\n\t<meta property=\"og:image:width\" content=\"2560\" \/>\n\t<meta property=\"og:image:height\" content=\"1707\" \/>\n\t<meta property=\"og:image:type\" content=\"image\/jpeg\" \/>\n<meta name=\"twitter:card\" content=\"summary_large_image\" \/>\n<meta name=\"twitter:site\" content=\"@auditoriumpdm\" \/>\n<meta name=\"twitter:label1\" content=\"Tempo di lettura stimato\" \/>\n\t<meta name=\"twitter:data1\" content=\"2 minuti\" \/>\n<script type=\"application\/ld+json\" class=\"yoast-schema-graph\">{\"@context\":\"https:\/\/schema.org\",\"@graph\":[{\"@type\":\"WebPage\",\"@id\":\"https:\/\/www.auditorium.com\/it\/event\/etnomusa-musica-altra\/\",\"url\":\"https:\/\/www.auditorium.com\/it\/event\/etnomusa-musica-altra\/\",\"name\":\"EtnoMusa - Musica Altra | Auditorium Parco della Musica Ennio Morricone\",\"isPartOf\":{\"@id\":\"https:\/\/www.auditorium.com\/it\/#website\"},\"primaryImageOfPage\":{\"@id\":\"https:\/\/www.auditorium.com\/it\/event\/etnomusa-musica-altra\/#primaryimage\"},\"image\":{\"@id\":\"https:\/\/www.auditorium.com\/it\/event\/etnomusa-musica-altra\/#primaryimage\"},\"thumbnailUrl\":\"https:\/\/www.auditorium.com\/wp-content\/uploads\/2025\/11\/foto-EtnoMuSa-scaled.jpg\",\"datePublished\":\"2025-11-11T10:44:16+00:00\",\"dateModified\":\"2025-11-17T14:33:35+00:00\",\"breadcrumb\":{\"@id\":\"https:\/\/www.auditorium.com\/it\/event\/etnomusa-musica-altra\/#breadcrumb\"},\"inLanguage\":\"it-IT\",\"potentialAction\":[{\"@type\":\"ReadAction\",\"target\":[\"https:\/\/www.auditorium.com\/it\/event\/etnomusa-musica-altra\/\"]}]},{\"@type\":\"ImageObject\",\"inLanguage\":\"it-IT\",\"@id\":\"https:\/\/www.auditorium.com\/it\/event\/etnomusa-musica-altra\/#primaryimage\",\"url\":\"https:\/\/www.auditorium.com\/wp-content\/uploads\/2025\/11\/foto-EtnoMuSa-scaled.jpg\",\"contentUrl\":\"https:\/\/www.auditorium.com\/wp-content\/uploads\/2025\/11\/foto-EtnoMuSa-scaled.jpg\",\"width\":2560,\"height\":1707},{\"@type\":\"BreadcrumbList\",\"@id\":\"https:\/\/www.auditorium.com\/it\/event\/etnomusa-musica-altra\/#breadcrumb\",\"itemListElement\":[{\"@type\":\"ListItem\",\"position\":1,\"name\":\"Home\",\"item\":\"https:\/\/www.auditorium.com\/it\/\"},{\"@type\":\"ListItem\",\"position\":2,\"name\":\"EtnoMusa &#8211; Musica Altra\"}]},{\"@type\":\"WebSite\",\"@id\":\"https:\/\/www.auditorium.com\/it\/#website\",\"url\":\"https:\/\/www.auditorium.com\/it\/\",\"name\":\"Auditorium Parco della Musica Ennio Morricone\",\"description\":\"Progettato da Renzo Piano, l&#039;Auditorium rappresenta una sofisticata architettura musicale e uno straordinario intervento di riqualificazione urbana.\",\"publisher\":{\"@id\":\"https:\/\/www.auditorium.com\/it\/#organization\"},\"potentialAction\":[{\"@type\":\"SearchAction\",\"target\":{\"@type\":\"EntryPoint\",\"urlTemplate\":\"https:\/\/www.auditorium.com\/it\/?s={search_term_string}\"},\"query-input\":\"required name=search_term_string\"}],\"inLanguage\":\"it-IT\"},{\"@type\":\"Organization\",\"@id\":\"https:\/\/www.auditorium.com\/it\/#organization\",\"name\":\"Auditorium Parco della Musica Ennio Morricone\",\"url\":\"https:\/\/www.auditorium.com\/it\/\",\"logo\":{\"@type\":\"ImageObject\",\"inLanguage\":\"it-IT\",\"@id\":\"https:\/\/www.auditorium.com\/it\/#\/schema\/logo\/image\/\",\"url\":\"https:\/\/www.auditorium.com\/wp-content\/uploads\/2022\/12\/logo-auditorium.svg\",\"contentUrl\":\"https:\/\/www.auditorium.com\/wp-content\/uploads\/2022\/12\/logo-auditorium.svg\",\"width\":86,\"height\":79,\"caption\":\"Auditorium Parco della Musica Ennio Morricone\"},\"image\":{\"@id\":\"https:\/\/www.auditorium.com\/it\/#\/schema\/logo\/image\/\"},\"sameAs\":[\"https:\/\/www.facebook.com\/AuditoriumParcodellaMusica\",\"https:\/\/x.com\/auditoriumpdm\",\"https:\/\/www.instagram.com\/auditoriumparcodellamusica\/\"]}]}<\/script>\n<!-- \/ Yoast SEO plugin. -->","yoast_head_json":{"title":"EtnoMusa - Musica Altra | Auditorium Parco della Musica Ennio Morricone","robots":{"index":"index","follow":"follow","max-snippet":"max-snippet:-1","max-image-preview":"max-image-preview:large","max-video-preview":"max-video-preview:-1"},"canonical":"https:\/\/www.auditorium.com\/it\/event\/etnomusa-musica-altra\/","og_locale":"it_IT","og_type":"article","og_title":"EtnoMusa - Musica Altra | Auditorium Parco della Musica Ennio Morricone","og_description":"Evento gratuito di Natale Auditorium Musica Altra Storie e culture attraverso la musica popolare \u00a0 Programma: Procurade e moderare (tradizionale) Pizzica Indiavolata (tradizionale) Canto dei Battipali (tradizionale) Madonna de lu mare (Massimo Marangio) Sebben che siamo donne (tradizionale) La canzone del Cormor (tradizionale) Ay Carmela! (tradizionale) Que nadie sepa me sufrir (tradizionale) Leva Leva (tradizionale) [&hellip;]","og_url":"https:\/\/www.auditorium.com\/it\/event\/etnomusa-musica-altra\/","og_site_name":"Auditorium Parco della Musica Ennio Morricone","article_publisher":"https:\/\/www.facebook.com\/AuditoriumParcodellaMusica","article_modified_time":"2025-11-17T14:33:35+00:00","og_image":[{"width":2560,"height":1707,"url":"https:\/\/www.auditorium.com\/wp-content\/uploads\/2025\/11\/foto-EtnoMuSa-scaled.jpg","type":"image\/jpeg"}],"twitter_card":"summary_large_image","twitter_site":"@auditoriumpdm","twitter_misc":{"Tempo di lettura stimato":"2 minuti"},"schema":{"@context":"https:\/\/schema.org","@graph":[{"@type":"WebPage","@id":"https:\/\/www.auditorium.com\/it\/event\/etnomusa-musica-altra\/","url":"https:\/\/www.auditorium.com\/it\/event\/etnomusa-musica-altra\/","name":"EtnoMusa - Musica Altra | Auditorium Parco della Musica Ennio Morricone","isPartOf":{"@id":"https:\/\/www.auditorium.com\/it\/#website"},"primaryImageOfPage":{"@id":"https:\/\/www.auditorium.com\/it\/event\/etnomusa-musica-altra\/#primaryimage"},"image":{"@id":"https:\/\/www.auditorium.com\/it\/event\/etnomusa-musica-altra\/#primaryimage"},"thumbnailUrl":"https:\/\/www.auditorium.com\/wp-content\/uploads\/2025\/11\/foto-EtnoMuSa-scaled.jpg","datePublished":"2025-11-11T10:44:16+00:00","dateModified":"2025-11-17T14:33:35+00:00","breadcrumb":{"@id":"https:\/\/www.auditorium.com\/it\/event\/etnomusa-musica-altra\/#breadcrumb"},"inLanguage":"it-IT","potentialAction":[{"@type":"ReadAction","target":["https:\/\/www.auditorium.com\/it\/event\/etnomusa-musica-altra\/"]}]},{"@type":"ImageObject","inLanguage":"it-IT","@id":"https:\/\/www.auditorium.com\/it\/event\/etnomusa-musica-altra\/#primaryimage","url":"https:\/\/www.auditorium.com\/wp-content\/uploads\/2025\/11\/foto-EtnoMuSa-scaled.jpg","contentUrl":"https:\/\/www.auditorium.com\/wp-content\/uploads\/2025\/11\/foto-EtnoMuSa-scaled.jpg","width":2560,"height":1707},{"@type":"BreadcrumbList","@id":"https:\/\/www.auditorium.com\/it\/event\/etnomusa-musica-altra\/#breadcrumb","itemListElement":[{"@type":"ListItem","position":1,"name":"Home","item":"https:\/\/www.auditorium.com\/it\/"},{"@type":"ListItem","position":2,"name":"EtnoMusa &#8211; Musica Altra"}]},{"@type":"WebSite","@id":"https:\/\/www.auditorium.com\/it\/#website","url":"https:\/\/www.auditorium.com\/it\/","name":"Auditorium Parco della Musica Ennio Morricone","description":"Progettato da Renzo Piano, l&#039;Auditorium rappresenta una sofisticata architettura musicale e uno straordinario intervento di riqualificazione urbana.","publisher":{"@id":"https:\/\/www.auditorium.com\/it\/#organization"},"potentialAction":[{"@type":"SearchAction","target":{"@type":"EntryPoint","urlTemplate":"https:\/\/www.auditorium.com\/it\/?s={search_term_string}"},"query-input":"required name=search_term_string"}],"inLanguage":"it-IT"},{"@type":"Organization","@id":"https:\/\/www.auditorium.com\/it\/#organization","name":"Auditorium Parco della Musica Ennio Morricone","url":"https:\/\/www.auditorium.com\/it\/","logo":{"@type":"ImageObject","inLanguage":"it-IT","@id":"https:\/\/www.auditorium.com\/it\/#\/schema\/logo\/image\/","url":"https:\/\/www.auditorium.com\/wp-content\/uploads\/2022\/12\/logo-auditorium.svg","contentUrl":"https:\/\/www.auditorium.com\/wp-content\/uploads\/2022\/12\/logo-auditorium.svg","width":86,"height":79,"caption":"Auditorium Parco della Musica Ennio Morricone"},"image":{"@id":"https:\/\/www.auditorium.com\/it\/#\/schema\/logo\/image\/"},"sameAs":["https:\/\/www.facebook.com\/AuditoriumParcodellaMusica","https:\/\/x.com\/auditoriumpdm","https:\/\/www.instagram.com\/auditoriumparcodellamusica\/"]}]}},"_links":{"self":[{"href":"https:\/\/www.auditorium.com\/it\/wp-json\/wp\/v2\/event\/43287","targetHints":{"allow":["GET"]}}],"collection":[{"href":"https:\/\/www.auditorium.com\/it\/wp-json\/wp\/v2\/event"}],"about":[{"href":"https:\/\/www.auditorium.com\/it\/wp-json\/wp\/v2\/types\/event"}],"wp:featuredmedia":[{"embeddable":true,"href":"https:\/\/www.auditorium.com\/it\/wp-json\/wp\/v2\/media\/43288"}],"wp:attachment":[{"href":"https:\/\/www.auditorium.com\/it\/wp-json\/wp\/v2\/media?parent=43287"}],"wp:term":[{"taxonomy":"event_categories","embeddable":true,"href":"https:\/\/www.auditorium.com\/it\/wp-json\/wp\/v2\/event_categories?post=43287"},{"taxonomy":"event_genre","embeddable":true,"href":"https:\/\/www.auditorium.com\/it\/wp-json\/wp\/v2\/event_genre?post=43287"},{"taxonomy":"event_themes","embeddable":true,"href":"https:\/\/www.auditorium.com\/it\/wp-json\/wp\/v2\/event_themes?post=43287"},{"taxonomy":"event_format","embeddable":true,"href":"https:\/\/www.auditorium.com\/it\/wp-json\/wp\/v2\/event_format?post=43287"},{"taxonomy":"event_consigliati","embeddable":true,"href":"https:\/\/www.auditorium.com\/it\/wp-json\/wp\/v2\/event_consigliati?post=43287"}],"curies":[{"name":"wp","href":"https:\/\/api.w.org\/{rel}","templated":true}]}}