{"id":41597,"date":"2025-09-08T16:00:06","date_gmt":"2025-09-08T14:00:06","guid":{"rendered":"https:\/\/www.auditorium.com\/?post_type=event&#038;p=41597"},"modified":"2025-10-01T14:47:34","modified_gmt":"2025-10-01T12:47:34","slug":"napoli-nel-cuore-2025","status":"publish","type":"event","link":"https:\/\/www.auditorium.com\/it\/event\/napoli-nel-cuore-2025\/","title":{"rendered":"Napoli nel cuore 2025"},"content":{"rendered":"<h5 style=\"font-weight: 400;\">Torna al Parco della Musica Ennio Morricone l\u2019evento \u201c<a href=\"https:\/\/www.napoli-nel-cuore.it\/\"><strong>Napoli nel cuore<\/strong>\u201d<\/a> con nuovo affascinante viaggio nella cultura napoletana attraverso la testimonianza di grandi protagonisti della musica, del teatro e della cultura. Dopo dodici edizioni di successo che hanno affascinato il pubblico grazie alla partecipazione di grandi artisti come Renzo Arbore, Tosca, Alex Britti, Edoardo Bennato e tanti altri, approda di nuovo all\u2019Auditorium venerd\u00ec 3 ottobre la 13\u00aa edizione dell\u2019ormai nota e seguitissima rassegna benefica dedicata alla cultura napoletana. Tra i primi artisti ospiti di questa edizione le due \u201ccolonne portanti\u201d della rassegna: <strong>Pino Ammendola<\/strong> e <strong>Vittorio Viviani<\/strong>. C\u2019\u00e8 grande attesa poi per il ritorno di un grandissimo dello spettacolo italiano da sempre legato a Napoli e alla sua cultura. Basti pensare a come, con la sua Orchestra Italiana, abbia contribuito a far conoscere e valorizzare la musica napoletana in tutto il mondo. A lui, <strong>Renzo Arbore<\/strong>, sar\u00e0 conferito il premio Napoli nel cuore 2025 alla carriera. Cos\u00ec come \u00e8 atteso il ritorno di una grande artista partenopea come <strong>Marisa Laurito<\/strong> la cui lunga carriera \u00e8 permeata da sempre dalla cultura napoletana, dagli inizi in compagnia con Eduardo ai grandi successi proprio accanto ad Arbore e Luciano De Crescenzo. Ma quello di \u201cNapoli nel cuore\u201d \u00e8 da sempre un palco aperto non solo ad artisti partenopei. Il 2025 infatti segna il debutto nella rassegna anche per una delle pi\u00f9 grandi pianiste italiane apprezzate anche livello internazionale, <strong>Rita Marcotulli<\/strong>, che si esibir\u00e0 insieme ad un\u2019altra eccellenza della nostra musica sulle scene internazionali che torna per la terza volta a Napoli nel cuore: <strong>Maria Pia De Vito<\/strong>. Le loro performance dedicate a Napoli sono molto attese cos\u00ec come \u00e8 attesissima quest\u2019anno anche la video testimonianza, appositamente dedicata all\u2019evento, di uno dei pi\u00f9 grandi cantautori italiani di sempre: <strong>Riccardo Cocciante<\/strong>.L\u2019edizione 2025 poi, avr\u00e0 anche un momento di intensa emozione dedicato a Luca De Filippo, a dieci anni dalla sua scomparsa, con i ricordi di <strong>Carolina Rosi <\/strong>e di <strong>Antonio Sinagra<\/strong> grande compositore e storico collaboratore di protagonisti della Cultura Napoletana come Eduardo, Massimo Troisi oltre che dello stesso Luca. Prima volta a NNC per un altro attore napoletano oggi amatissimo anche per il suo successo in \u201cUn posto al sole\u201d come <strong>Patrizio Rispo <\/strong>e per il grande compositore e pianista che tanto ha dato alla sua Napoli <strong><b>Lorenzo Hengeller<\/b>. <\/strong>Altra novit\u00e0 di questa edizione la presenza sul palco di una grande orchestra come la <strong>Gerardo Di Lella Big Band<\/strong> che proporr\u00e0 il suo omaggio in musica alla cultura e la canzone napoletana. Ad arricchire la fitta scaletta, infine, tornano anche la classe di <strong>Giovanna Famulari<\/strong> al violoncello, <strong>Matteo Cappella<\/strong> alle chitarre e \u00a0<strong>Michele Simonelli<\/strong> reduce dal &#8220;Pino Daniele Opera\u201d e, dopo il successo delle passate edizioni, anche i contributi di <strong>Amedeo Colella<\/strong>, scrittore, storico ed umorista napoletano, seguitissimo per le sue pillole sulla cultura campana. E le sorprese non finiscono qui: altri artisti stanno confermando la loro presenza per rendere questa tredicesima edizione una delle pi\u00f9 ricche di sempre. La serata, ideata e condotta da <strong>Fabrizio Finamore<\/strong> e ricca di sorprese teatrali e musicali, sar\u00e0 cos\u00ec ancora una volta l\u2019occasione per raccontare quell\u2019universo culturale che Napoli ha espresso e che fa s\u00ec che alla Cultura Napoletana si rimanga profondamente legati com\u2019\u00e8 il caso della persona per la quale questa serata nacque, Mario Finamore, con la sua \u201cNapoli nel cuore\u201d nel suo quarantennale impegno in Rai. Fondamentale anche quest\u2019anno la finalit\u00e0 sociale di questo grande evento di cultura e solidariet\u00e0. La finalit\u00e0 concreta di quest\u2019anno torna a sostenere i significativi progetti della Comunit\u00e0 di Sant\u2019Egidio di Napoli in particolare completando il progetto de \u201cLa casa di Gigi\u201d ai Quartieri Spagnoli. I<strong>l ricavato dello spettacolo verr\u00e0 dunque ancora una volta devoluto alla Comunit\u00e0 di Sant\u2019Egidio di Napoli. <\/strong>Con un biglietto dunque il pubblico torner\u00e0 a vivere la magia di Napoli tra musica e teatro, regalando al tempo stesso un aiuto prezioso a chi ne ha pi\u00f9 bisogno. Tutte le info sulla manifestazione al sito <a href=\"http:\/\/www.napoli-nel-cuore.it\/\">www.napoli-nel-cuore.it <\/a><em>Il ricavato dello spettacolo verr\u00e0 devoluto alla Comunit\u00e0 di Sant\u2019Egidio di Napoli<\/em><\/h5>\n<p>&nbsp;<\/p>\n","protected":false},"excerpt":{"rendered":"Approda all&#8217;Auditorium Parco della Musica\u00a0la 12esima edizione di \u201cNapoli nel cuore\u201d, la rassegna benefica dedicata alla cultura napoletana.","protected":false},"featured_media":17197,"template":"","meta":{"_acf_changed":false,"inline_featured_image":false},"event_categories":[],"event_genre":[62],"event_themes":[],"event_format":[],"event_consigliati":[],"class_list":["post-41597","event","type-event","status-publish","has-post-thumbnail","hentry","event_genre-crossover"],"acf":[],"yoast_head":"<!-- This site is optimized with the Yoast SEO plugin v22.6 - https:\/\/yoast.com\/wordpress\/plugins\/seo\/ -->\n<title>Napoli nel cuore 2025 | Auditorium Parco della Musica Ennio Morricone<\/title>\n<meta name=\"description\" content=\"Approda all&#039;Auditorium Parco della Musica\u00a0la nuova edizione di \u201cNapoli nel cuore\u201d, la rassegna benefica dedicata alla cultura napoletana.\" \/>\n<meta name=\"robots\" content=\"index, follow, max-snippet:-1, max-image-preview:large, max-video-preview:-1\" \/>\n<link rel=\"canonical\" href=\"https:\/\/www.auditorium.com\/it\/event\/napoli-nel-cuore-2025\/\" \/>\n<meta property=\"og:locale\" content=\"it_IT\" \/>\n<meta property=\"og:type\" content=\"article\" \/>\n<meta property=\"og:title\" content=\"Napoli nel cuore 2025 | Auditorium Parco della Musica Ennio Morricone\" \/>\n<meta property=\"og:description\" content=\"Approda all&#039;Auditorium Parco della Musica\u00a0la nuova edizione di \u201cNapoli nel cuore\u201d, la rassegna benefica dedicata alla cultura napoletana.\" \/>\n<meta property=\"og:url\" content=\"https:\/\/www.auditorium.com\/it\/event\/napoli-nel-cuore-2025\/\" \/>\n<meta property=\"og:site_name\" content=\"Auditorium Parco della Musica Ennio Morricone\" \/>\n<meta property=\"article:publisher\" content=\"https:\/\/www.facebook.com\/AuditoriumParcodellaMusica\" \/>\n<meta property=\"article:modified_time\" content=\"2025-10-01T12:47:34+00:00\" \/>\n<meta property=\"og:image\" content=\"https:\/\/www.auditorium.com\/wp-content\/uploads\/2024\/07\/Napoli-Nel-Cuore-2023-@-Teatro-Arcobaleno-Roma-14102023-49-scaled.jpg\" \/>\n\t<meta property=\"og:image:width\" content=\"2560\" \/>\n\t<meta property=\"og:image:height\" content=\"1708\" \/>\n\t<meta property=\"og:image:type\" content=\"image\/jpeg\" \/>\n<meta name=\"twitter:card\" content=\"summary_large_image\" \/>\n<meta name=\"twitter:site\" content=\"@auditoriumpdm\" \/>\n<meta name=\"twitter:label1\" content=\"Tempo di lettura stimato\" \/>\n\t<meta name=\"twitter:data1\" content=\"4 minuti\" \/>\n<script type=\"application\/ld+json\" class=\"yoast-schema-graph\">{\"@context\":\"https:\/\/schema.org\",\"@graph\":[{\"@type\":\"WebPage\",\"@id\":\"https:\/\/www.auditorium.com\/it\/event\/napoli-nel-cuore-2025\/\",\"url\":\"https:\/\/www.auditorium.com\/it\/event\/napoli-nel-cuore-2025\/\",\"name\":\"Napoli nel cuore 2025 | Auditorium Parco della Musica Ennio Morricone\",\"isPartOf\":{\"@id\":\"https:\/\/www.auditorium.com\/it\/#website\"},\"primaryImageOfPage\":{\"@id\":\"https:\/\/www.auditorium.com\/it\/event\/napoli-nel-cuore-2025\/#primaryimage\"},\"image\":{\"@id\":\"https:\/\/www.auditorium.com\/it\/event\/napoli-nel-cuore-2025\/#primaryimage\"},\"thumbnailUrl\":\"https:\/\/www.auditorium.com\/wp-content\/uploads\/2024\/07\/Napoli-Nel-Cuore-2023-@-Teatro-Arcobaleno-Roma-14102023-49-scaled.jpg\",\"datePublished\":\"2025-09-08T14:00:06+00:00\",\"dateModified\":\"2025-10-01T12:47:34+00:00\",\"description\":\"Approda all'Auditorium Parco della Musica\u00a0la nuova edizione di \u201cNapoli nel cuore\u201d, la rassegna benefica dedicata alla cultura napoletana.\",\"breadcrumb\":{\"@id\":\"https:\/\/www.auditorium.com\/it\/event\/napoli-nel-cuore-2025\/#breadcrumb\"},\"inLanguage\":\"it-IT\",\"potentialAction\":[{\"@type\":\"ReadAction\",\"target\":[\"https:\/\/www.auditorium.com\/it\/event\/napoli-nel-cuore-2025\/\"]}]},{\"@type\":\"ImageObject\",\"inLanguage\":\"it-IT\",\"@id\":\"https:\/\/www.auditorium.com\/it\/event\/napoli-nel-cuore-2025\/#primaryimage\",\"url\":\"https:\/\/www.auditorium.com\/wp-content\/uploads\/2024\/07\/Napoli-Nel-Cuore-2023-@-Teatro-Arcobaleno-Roma-14102023-49-scaled.jpg\",\"contentUrl\":\"https:\/\/www.auditorium.com\/wp-content\/uploads\/2024\/07\/Napoli-Nel-Cuore-2023-@-Teatro-Arcobaleno-Roma-14102023-49-scaled.jpg\",\"width\":2560,\"height\":1708},{\"@type\":\"BreadcrumbList\",\"@id\":\"https:\/\/www.auditorium.com\/it\/event\/napoli-nel-cuore-2025\/#breadcrumb\",\"itemListElement\":[{\"@type\":\"ListItem\",\"position\":1,\"name\":\"Home\",\"item\":\"https:\/\/www.auditorium.com\/it\/\"},{\"@type\":\"ListItem\",\"position\":2,\"name\":\"Napoli nel cuore 2025\"}]},{\"@type\":\"WebSite\",\"@id\":\"https:\/\/www.auditorium.com\/it\/#website\",\"url\":\"https:\/\/www.auditorium.com\/it\/\",\"name\":\"Auditorium Parco della Musica Ennio Morricone\",\"description\":\"Progettato da Renzo Piano, l&#039;Auditorium rappresenta una sofisticata architettura musicale e uno straordinario intervento di riqualificazione urbana.\",\"publisher\":{\"@id\":\"https:\/\/www.auditorium.com\/it\/#organization\"},\"potentialAction\":[{\"@type\":\"SearchAction\",\"target\":{\"@type\":\"EntryPoint\",\"urlTemplate\":\"https:\/\/www.auditorium.com\/it\/?s={search_term_string}\"},\"query-input\":\"required name=search_term_string\"}],\"inLanguage\":\"it-IT\"},{\"@type\":\"Organization\",\"@id\":\"https:\/\/www.auditorium.com\/it\/#organization\",\"name\":\"Auditorium Parco della Musica Ennio Morricone\",\"url\":\"https:\/\/www.auditorium.com\/it\/\",\"logo\":{\"@type\":\"ImageObject\",\"inLanguage\":\"it-IT\",\"@id\":\"https:\/\/www.auditorium.com\/it\/#\/schema\/logo\/image\/\",\"url\":\"https:\/\/www.auditorium.com\/wp-content\/uploads\/2022\/12\/logo-auditorium.svg\",\"contentUrl\":\"https:\/\/www.auditorium.com\/wp-content\/uploads\/2022\/12\/logo-auditorium.svg\",\"width\":86,\"height\":79,\"caption\":\"Auditorium Parco della Musica Ennio Morricone\"},\"image\":{\"@id\":\"https:\/\/www.auditorium.com\/it\/#\/schema\/logo\/image\/\"},\"sameAs\":[\"https:\/\/www.facebook.com\/AuditoriumParcodellaMusica\",\"https:\/\/x.com\/auditoriumpdm\",\"https:\/\/www.instagram.com\/auditoriumparcodellamusica\/\"]}]}<\/script>\n<!-- \/ Yoast SEO plugin. -->","yoast_head_json":{"title":"Napoli nel cuore 2025 | Auditorium Parco della Musica Ennio Morricone","description":"Approda all'Auditorium Parco della Musica\u00a0la nuova edizione di \u201cNapoli nel cuore\u201d, la rassegna benefica dedicata alla cultura napoletana.","robots":{"index":"index","follow":"follow","max-snippet":"max-snippet:-1","max-image-preview":"max-image-preview:large","max-video-preview":"max-video-preview:-1"},"canonical":"https:\/\/www.auditorium.com\/it\/event\/napoli-nel-cuore-2025\/","og_locale":"it_IT","og_type":"article","og_title":"Napoli nel cuore 2025 | Auditorium Parco della Musica Ennio Morricone","og_description":"Approda all'Auditorium Parco della Musica\u00a0la nuova edizione di \u201cNapoli nel cuore\u201d, la rassegna benefica dedicata alla cultura napoletana.","og_url":"https:\/\/www.auditorium.com\/it\/event\/napoli-nel-cuore-2025\/","og_site_name":"Auditorium Parco della Musica Ennio Morricone","article_publisher":"https:\/\/www.facebook.com\/AuditoriumParcodellaMusica","article_modified_time":"2025-10-01T12:47:34+00:00","og_image":[{"width":2560,"height":1708,"url":"https:\/\/www.auditorium.com\/wp-content\/uploads\/2024\/07\/Napoli-Nel-Cuore-2023-@-Teatro-Arcobaleno-Roma-14102023-49-scaled.jpg","type":"image\/jpeg"}],"twitter_card":"summary_large_image","twitter_site":"@auditoriumpdm","twitter_misc":{"Tempo di lettura stimato":"4 minuti"},"schema":{"@context":"https:\/\/schema.org","@graph":[{"@type":"WebPage","@id":"https:\/\/www.auditorium.com\/it\/event\/napoli-nel-cuore-2025\/","url":"https:\/\/www.auditorium.com\/it\/event\/napoli-nel-cuore-2025\/","name":"Napoli nel cuore 2025 | Auditorium Parco della Musica Ennio Morricone","isPartOf":{"@id":"https:\/\/www.auditorium.com\/it\/#website"},"primaryImageOfPage":{"@id":"https:\/\/www.auditorium.com\/it\/event\/napoli-nel-cuore-2025\/#primaryimage"},"image":{"@id":"https:\/\/www.auditorium.com\/it\/event\/napoli-nel-cuore-2025\/#primaryimage"},"thumbnailUrl":"https:\/\/www.auditorium.com\/wp-content\/uploads\/2024\/07\/Napoli-Nel-Cuore-2023-@-Teatro-Arcobaleno-Roma-14102023-49-scaled.jpg","datePublished":"2025-09-08T14:00:06+00:00","dateModified":"2025-10-01T12:47:34+00:00","description":"Approda all'Auditorium Parco della Musica\u00a0la nuova edizione di \u201cNapoli nel cuore\u201d, la rassegna benefica dedicata alla cultura napoletana.","breadcrumb":{"@id":"https:\/\/www.auditorium.com\/it\/event\/napoli-nel-cuore-2025\/#breadcrumb"},"inLanguage":"it-IT","potentialAction":[{"@type":"ReadAction","target":["https:\/\/www.auditorium.com\/it\/event\/napoli-nel-cuore-2025\/"]}]},{"@type":"ImageObject","inLanguage":"it-IT","@id":"https:\/\/www.auditorium.com\/it\/event\/napoli-nel-cuore-2025\/#primaryimage","url":"https:\/\/www.auditorium.com\/wp-content\/uploads\/2024\/07\/Napoli-Nel-Cuore-2023-@-Teatro-Arcobaleno-Roma-14102023-49-scaled.jpg","contentUrl":"https:\/\/www.auditorium.com\/wp-content\/uploads\/2024\/07\/Napoli-Nel-Cuore-2023-@-Teatro-Arcobaleno-Roma-14102023-49-scaled.jpg","width":2560,"height":1708},{"@type":"BreadcrumbList","@id":"https:\/\/www.auditorium.com\/it\/event\/napoli-nel-cuore-2025\/#breadcrumb","itemListElement":[{"@type":"ListItem","position":1,"name":"Home","item":"https:\/\/www.auditorium.com\/it\/"},{"@type":"ListItem","position":2,"name":"Napoli nel cuore 2025"}]},{"@type":"WebSite","@id":"https:\/\/www.auditorium.com\/it\/#website","url":"https:\/\/www.auditorium.com\/it\/","name":"Auditorium Parco della Musica Ennio Morricone","description":"Progettato da Renzo Piano, l&#039;Auditorium rappresenta una sofisticata architettura musicale e uno straordinario intervento di riqualificazione urbana.","publisher":{"@id":"https:\/\/www.auditorium.com\/it\/#organization"},"potentialAction":[{"@type":"SearchAction","target":{"@type":"EntryPoint","urlTemplate":"https:\/\/www.auditorium.com\/it\/?s={search_term_string}"},"query-input":"required name=search_term_string"}],"inLanguage":"it-IT"},{"@type":"Organization","@id":"https:\/\/www.auditorium.com\/it\/#organization","name":"Auditorium Parco della Musica Ennio Morricone","url":"https:\/\/www.auditorium.com\/it\/","logo":{"@type":"ImageObject","inLanguage":"it-IT","@id":"https:\/\/www.auditorium.com\/it\/#\/schema\/logo\/image\/","url":"https:\/\/www.auditorium.com\/wp-content\/uploads\/2022\/12\/logo-auditorium.svg","contentUrl":"https:\/\/www.auditorium.com\/wp-content\/uploads\/2022\/12\/logo-auditorium.svg","width":86,"height":79,"caption":"Auditorium Parco della Musica Ennio Morricone"},"image":{"@id":"https:\/\/www.auditorium.com\/it\/#\/schema\/logo\/image\/"},"sameAs":["https:\/\/www.facebook.com\/AuditoriumParcodellaMusica","https:\/\/x.com\/auditoriumpdm","https:\/\/www.instagram.com\/auditoriumparcodellamusica\/"]}]}},"_links":{"self":[{"href":"https:\/\/www.auditorium.com\/it\/wp-json\/wp\/v2\/event\/41597","targetHints":{"allow":["GET"]}}],"collection":[{"href":"https:\/\/www.auditorium.com\/it\/wp-json\/wp\/v2\/event"}],"about":[{"href":"https:\/\/www.auditorium.com\/it\/wp-json\/wp\/v2\/types\/event"}],"wp:featuredmedia":[{"embeddable":true,"href":"https:\/\/www.auditorium.com\/it\/wp-json\/wp\/v2\/media\/17197"}],"wp:attachment":[{"href":"https:\/\/www.auditorium.com\/it\/wp-json\/wp\/v2\/media?parent=41597"}],"wp:term":[{"taxonomy":"event_categories","embeddable":true,"href":"https:\/\/www.auditorium.com\/it\/wp-json\/wp\/v2\/event_categories?post=41597"},{"taxonomy":"event_genre","embeddable":true,"href":"https:\/\/www.auditorium.com\/it\/wp-json\/wp\/v2\/event_genre?post=41597"},{"taxonomy":"event_themes","embeddable":true,"href":"https:\/\/www.auditorium.com\/it\/wp-json\/wp\/v2\/event_themes?post=41597"},{"taxonomy":"event_format","embeddable":true,"href":"https:\/\/www.auditorium.com\/it\/wp-json\/wp\/v2\/event_format?post=41597"},{"taxonomy":"event_consigliati","embeddable":true,"href":"https:\/\/www.auditorium.com\/it\/wp-json\/wp\/v2\/event_consigliati?post=41597"}],"curies":[{"name":"wp","href":"https:\/\/api.w.org\/{rel}","templated":true}]}}