{"id":41403,"date":"2025-07-29T10:26:56","date_gmt":"2025-07-29T08:26:56","guid":{"rendered":"https:\/\/www.auditorium.com\/?post_type=event&#038;p=41403"},"modified":"2026-01-27T11:49:59","modified_gmt":"2026-01-27T10:49:59","slug":"teatro-patologico-la-commedia-divina","status":"publish","type":"event","link":"https:\/\/www.auditorium.com\/it\/event\/teatro-patologico-la-commedia-divina\/","title":{"rendered":"Teatro Patologico &#8211; La Commedia Divina"},"content":{"rendered":"<p style=\"text-align: center;\"><strong>La Commedia Divina<\/strong><\/p>\n<p style=\"text-align: center;\">Adattamento e regia di Dario D\u2019Ambrosi<br \/>\nmesso in scena dalla Compagnia Stabile degli attori disabili del Teatro Patologico<\/p>\n<p>&nbsp;<\/p>\n<p style=\"text-align: left;\">La Commedia Divina, ispirata all&#8217;opera di Dante Alighieri, \u00e8 un&#8217;opera di Dario D&#8217;Ambrosi e degli attori disabili della Compagnia Stabile del Teatro Patologico, l&#8217;impianto dello spettacolo nasce con l&#8217;idea di avvicinarsi quanto pi\u00f9 possibile all&#8217;esperienza interiore del sommo Poeta per cogliere, al di l\u00e0 del &#8220;velo&#8221; delle parole, il suo messaggio pi\u00f9 intimo e spirituale. Dante ci prende per mano e ci conduce nei meandri pi\u00f9 profondi dell&#8217;esperienza umana, spingendoci a &#8220;frugare&#8221; nelle &#8220;secrete cose&#8221;, in quelle parti private che ci sono sconosciute: i nostri conflitti, i nostri aspetti antisociali. Con l&#8217;incanto estetico della poesia, D&#8217;Ambrosi e il Teatro Patologico ci sollevano a contemplare i nostri sentimenti pi\u00f9 intimi: il dolore, l&#8217;ira, la paura, la violenza, lodio, l&#8217;inerzia, l&#8217;abulia, ma anche il piacere, la gioia, la beatitudine, la pace. Il Teatro Patologico vira verso un&#8217;interpretazione straordinaria dell\u2019opera Divina andando fuori dagli ordinari binari di lettura cui la Commedia \u00e8 solitamente sottoposta.<\/p>\n<p style=\"text-align: left;\">Nell&#8217;Inferno troviamo cos\u00ec personaggi ostici, incomprensibili e cervellotici, proprio perch\u00e9 lasciati vegetare nel profondo. Qui rivive il loro diritto a raccontare, a spiegare e &#8211; almeno sul palcoscenico &#8211; a tornar vivi nella coscienza di chi li osserva con nuova lente d&#8217;analisi e profondit\u00e0 di riflessione.<br \/>\nNel Purgatorio prendono forma i tentativi di tamponamento del disagio, tramite terapia psichica e farmacologica. Il diversamente abile, in una dimensione che gi\u00e0 odora di divinit\u00e0, ritrova la profondit\u00e0 del senso della speranza, indirizzando la relazione nella verit\u00e0 della manifestazione artistica. Masticando parole che non suonano pi\u00f9 incomprensibili a chi sanamente osserva. Ogni cornice scenica rappresenta un grado di comprensione terapeutica guadagnato vittoriosamente.<br \/>\nNel Paradiso si sviluppa l&#8217;immagine reale di ci\u00f2 che il diversamente abile desidera: la comprensione e l\u2019accettazione, in allegoria con le istanze spirituali che portano all&#8217;unione finale col Principio, cio\u00e8 con Dio, inteso come il pi\u00f9 elementare diritto all&#8217;Amore.<\/p>\n<p>&nbsp;<\/p>\n<p>Adattamento e regia: Dario D\u2019Ambrosi<\/p>\n<p>Cast: Giulia Bracciantini, Rosa Enginoli, Ilaria Serrato, Paolo Vaselli e gli attori della Compagnia Stabile del Teatro Patologico<\/p>\n<p>Accompagnamento musicale: Ilaria Serrato<\/p>\n<p>Scene e costumi: Raffaella Toni<br \/>\nAssistente costumista: Claudia De Lucia<\/p>\n<p>Luci: Danilo Facco<\/p>\n<p>Aiuto regista: Ilaria Serrato<\/p>\n<p>Assistenti alla regia:<br \/>\nMiriam Antonacci<br \/>\nEleonora Cuccu<br \/>\nMargherita Curzio<\/p>\n<p>Coordinamento: Alessandro Corazzi<\/p>\n<p>Organizzazione e comunicazione: Ines Berg<\/p>\n<p>&nbsp;<\/p>\n","protected":false},"excerpt":{"rendered":"La Commedia Divina Adattamento e regia di Dario D\u2019Ambrosi messo in scena dalla Compagnia Stabile degli attori disabili del Teatro Patologico &nbsp; La Commedia Divina, ispirata all&#8217;opera di Dante Alighieri, \u00e8 un&#8217;opera di Dario D&#8217;Ambrosi e degli attori disabili della Compagnia Stabile del Teatro Patologico, l&#8217;impianto dello spettacolo nasce con l&#8217;idea di avvicinarsi quanto pi\u00f9 [&hellip;]","protected":false},"featured_media":41412,"template":"","meta":{"_acf_changed":false,"inline_featured_image":false},"event_categories":[16],"event_genre":[69],"event_themes":[],"event_format":[],"event_consigliati":[],"class_list":["post-41403","event","type-event","status-publish","has-post-thumbnail","hentry","event_categories-teatro","event_genre-teatro"],"acf":[],"yoast_head":"<!-- This site is optimized with the Yoast SEO plugin v22.6 - https:\/\/yoast.com\/wordpress\/plugins\/seo\/ -->\n<title>Teatro Patologico - La Commedia Divina | Auditorium Parco della Musica Ennio Morricone<\/title>\n<meta name=\"robots\" content=\"index, follow, max-snippet:-1, max-image-preview:large, max-video-preview:-1\" \/>\n<link rel=\"canonical\" href=\"https:\/\/www.auditorium.com\/it\/event\/teatro-patologico-la-commedia-divina\/\" \/>\n<meta property=\"og:locale\" content=\"it_IT\" \/>\n<meta property=\"og:type\" content=\"article\" \/>\n<meta property=\"og:title\" content=\"Teatro Patologico - La Commedia Divina | Auditorium Parco della Musica Ennio Morricone\" \/>\n<meta property=\"og:description\" content=\"La Commedia Divina Adattamento e regia di Dario D\u2019Ambrosi messo in scena dalla Compagnia Stabile degli attori disabili del Teatro Patologico &nbsp; La Commedia Divina, ispirata all&#8217;opera di Dante Alighieri, \u00e8 un&#8217;opera di Dario D&#8217;Ambrosi e degli attori disabili della Compagnia Stabile del Teatro Patologico, l&#8217;impianto dello spettacolo nasce con l&#8217;idea di avvicinarsi quanto pi\u00f9 [&hellip;]\" \/>\n<meta property=\"og:url\" content=\"https:\/\/www.auditorium.com\/it\/event\/teatro-patologico-la-commedia-divina\/\" \/>\n<meta property=\"og:site_name\" content=\"Auditorium Parco della Musica Ennio Morricone\" \/>\n<meta property=\"article:publisher\" content=\"https:\/\/www.facebook.com\/AuditoriumParcodellaMusica\" \/>\n<meta property=\"article:modified_time\" content=\"2026-01-27T10:49:59+00:00\" \/>\n<meta property=\"og:image\" content=\"https:\/\/www.auditorium.com\/wp-content\/uploads\/2025\/07\/Commedia-divina-foto-lavorata.png\" \/>\n\t<meta property=\"og:image:width\" content=\"642\" \/>\n\t<meta property=\"og:image:height\" content=\"405\" \/>\n\t<meta property=\"og:image:type\" content=\"image\/png\" \/>\n<meta name=\"twitter:card\" content=\"summary_large_image\" \/>\n<meta name=\"twitter:site\" content=\"@auditoriumpdm\" \/>\n<meta name=\"twitter:label1\" content=\"Tempo di lettura stimato\" \/>\n\t<meta name=\"twitter:data1\" content=\"3 minuti\" \/>\n<script type=\"application\/ld+json\" class=\"yoast-schema-graph\">{\"@context\":\"https:\/\/schema.org\",\"@graph\":[{\"@type\":\"WebPage\",\"@id\":\"https:\/\/www.auditorium.com\/it\/event\/teatro-patologico-la-commedia-divina\/\",\"url\":\"https:\/\/www.auditorium.com\/it\/event\/teatro-patologico-la-commedia-divina\/\",\"name\":\"Teatro Patologico - La Commedia Divina | Auditorium Parco della Musica Ennio Morricone\",\"isPartOf\":{\"@id\":\"https:\/\/www.auditorium.com\/it\/#website\"},\"primaryImageOfPage\":{\"@id\":\"https:\/\/www.auditorium.com\/it\/event\/teatro-patologico-la-commedia-divina\/#primaryimage\"},\"image\":{\"@id\":\"https:\/\/www.auditorium.com\/it\/event\/teatro-patologico-la-commedia-divina\/#primaryimage\"},\"thumbnailUrl\":\"https:\/\/www.auditorium.com\/wp-content\/uploads\/2025\/07\/Commedia-divina-foto-lavorata.png\",\"datePublished\":\"2025-07-29T08:26:56+00:00\",\"dateModified\":\"2026-01-27T10:49:59+00:00\",\"breadcrumb\":{\"@id\":\"https:\/\/www.auditorium.com\/it\/event\/teatro-patologico-la-commedia-divina\/#breadcrumb\"},\"inLanguage\":\"it-IT\",\"potentialAction\":[{\"@type\":\"ReadAction\",\"target\":[\"https:\/\/www.auditorium.com\/it\/event\/teatro-patologico-la-commedia-divina\/\"]}]},{\"@type\":\"ImageObject\",\"inLanguage\":\"it-IT\",\"@id\":\"https:\/\/www.auditorium.com\/it\/event\/teatro-patologico-la-commedia-divina\/#primaryimage\",\"url\":\"https:\/\/www.auditorium.com\/wp-content\/uploads\/2025\/07\/Commedia-divina-foto-lavorata.png\",\"contentUrl\":\"https:\/\/www.auditorium.com\/wp-content\/uploads\/2025\/07\/Commedia-divina-foto-lavorata.png\",\"width\":642,\"height\":405},{\"@type\":\"BreadcrumbList\",\"@id\":\"https:\/\/www.auditorium.com\/it\/event\/teatro-patologico-la-commedia-divina\/#breadcrumb\",\"itemListElement\":[{\"@type\":\"ListItem\",\"position\":1,\"name\":\"Home\",\"item\":\"https:\/\/www.auditorium.com\/it\/\"},{\"@type\":\"ListItem\",\"position\":2,\"name\":\"Teatro Patologico &#8211; La Commedia Divina\"}]},{\"@type\":\"WebSite\",\"@id\":\"https:\/\/www.auditorium.com\/it\/#website\",\"url\":\"https:\/\/www.auditorium.com\/it\/\",\"name\":\"Auditorium Parco della Musica Ennio Morricone\",\"description\":\"Progettato da Renzo Piano, l&#039;Auditorium rappresenta una sofisticata architettura musicale e uno straordinario intervento di riqualificazione urbana.\",\"publisher\":{\"@id\":\"https:\/\/www.auditorium.com\/it\/#organization\"},\"potentialAction\":[{\"@type\":\"SearchAction\",\"target\":{\"@type\":\"EntryPoint\",\"urlTemplate\":\"https:\/\/www.auditorium.com\/it\/?s={search_term_string}\"},\"query-input\":\"required name=search_term_string\"}],\"inLanguage\":\"it-IT\"},{\"@type\":\"Organization\",\"@id\":\"https:\/\/www.auditorium.com\/it\/#organization\",\"name\":\"Auditorium Parco della Musica Ennio Morricone\",\"url\":\"https:\/\/www.auditorium.com\/it\/\",\"logo\":{\"@type\":\"ImageObject\",\"inLanguage\":\"it-IT\",\"@id\":\"https:\/\/www.auditorium.com\/it\/#\/schema\/logo\/image\/\",\"url\":\"https:\/\/www.auditorium.com\/wp-content\/uploads\/2022\/12\/logo-auditorium.svg\",\"contentUrl\":\"https:\/\/www.auditorium.com\/wp-content\/uploads\/2022\/12\/logo-auditorium.svg\",\"width\":86,\"height\":79,\"caption\":\"Auditorium Parco della Musica Ennio Morricone\"},\"image\":{\"@id\":\"https:\/\/www.auditorium.com\/it\/#\/schema\/logo\/image\/\"},\"sameAs\":[\"https:\/\/www.facebook.com\/AuditoriumParcodellaMusica\",\"https:\/\/x.com\/auditoriumpdm\",\"https:\/\/www.instagram.com\/auditoriumparcodellamusica\/\"]}]}<\/script>\n<!-- \/ Yoast SEO plugin. -->","yoast_head_json":{"title":"Teatro Patologico - La Commedia Divina | Auditorium Parco della Musica Ennio Morricone","robots":{"index":"index","follow":"follow","max-snippet":"max-snippet:-1","max-image-preview":"max-image-preview:large","max-video-preview":"max-video-preview:-1"},"canonical":"https:\/\/www.auditorium.com\/it\/event\/teatro-patologico-la-commedia-divina\/","og_locale":"it_IT","og_type":"article","og_title":"Teatro Patologico - La Commedia Divina | Auditorium Parco della Musica Ennio Morricone","og_description":"La Commedia Divina Adattamento e regia di Dario D\u2019Ambrosi messo in scena dalla Compagnia Stabile degli attori disabili del Teatro Patologico &nbsp; La Commedia Divina, ispirata all&#8217;opera di Dante Alighieri, \u00e8 un&#8217;opera di Dario D&#8217;Ambrosi e degli attori disabili della Compagnia Stabile del Teatro Patologico, l&#8217;impianto dello spettacolo nasce con l&#8217;idea di avvicinarsi quanto pi\u00f9 [&hellip;]","og_url":"https:\/\/www.auditorium.com\/it\/event\/teatro-patologico-la-commedia-divina\/","og_site_name":"Auditorium Parco della Musica Ennio Morricone","article_publisher":"https:\/\/www.facebook.com\/AuditoriumParcodellaMusica","article_modified_time":"2026-01-27T10:49:59+00:00","og_image":[{"width":642,"height":405,"url":"https:\/\/www.auditorium.com\/wp-content\/uploads\/2025\/07\/Commedia-divina-foto-lavorata.png","type":"image\/png"}],"twitter_card":"summary_large_image","twitter_site":"@auditoriumpdm","twitter_misc":{"Tempo di lettura stimato":"3 minuti"},"schema":{"@context":"https:\/\/schema.org","@graph":[{"@type":"WebPage","@id":"https:\/\/www.auditorium.com\/it\/event\/teatro-patologico-la-commedia-divina\/","url":"https:\/\/www.auditorium.com\/it\/event\/teatro-patologico-la-commedia-divina\/","name":"Teatro Patologico - La Commedia Divina | Auditorium Parco della Musica Ennio Morricone","isPartOf":{"@id":"https:\/\/www.auditorium.com\/it\/#website"},"primaryImageOfPage":{"@id":"https:\/\/www.auditorium.com\/it\/event\/teatro-patologico-la-commedia-divina\/#primaryimage"},"image":{"@id":"https:\/\/www.auditorium.com\/it\/event\/teatro-patologico-la-commedia-divina\/#primaryimage"},"thumbnailUrl":"https:\/\/www.auditorium.com\/wp-content\/uploads\/2025\/07\/Commedia-divina-foto-lavorata.png","datePublished":"2025-07-29T08:26:56+00:00","dateModified":"2026-01-27T10:49:59+00:00","breadcrumb":{"@id":"https:\/\/www.auditorium.com\/it\/event\/teatro-patologico-la-commedia-divina\/#breadcrumb"},"inLanguage":"it-IT","potentialAction":[{"@type":"ReadAction","target":["https:\/\/www.auditorium.com\/it\/event\/teatro-patologico-la-commedia-divina\/"]}]},{"@type":"ImageObject","inLanguage":"it-IT","@id":"https:\/\/www.auditorium.com\/it\/event\/teatro-patologico-la-commedia-divina\/#primaryimage","url":"https:\/\/www.auditorium.com\/wp-content\/uploads\/2025\/07\/Commedia-divina-foto-lavorata.png","contentUrl":"https:\/\/www.auditorium.com\/wp-content\/uploads\/2025\/07\/Commedia-divina-foto-lavorata.png","width":642,"height":405},{"@type":"BreadcrumbList","@id":"https:\/\/www.auditorium.com\/it\/event\/teatro-patologico-la-commedia-divina\/#breadcrumb","itemListElement":[{"@type":"ListItem","position":1,"name":"Home","item":"https:\/\/www.auditorium.com\/it\/"},{"@type":"ListItem","position":2,"name":"Teatro Patologico &#8211; La Commedia Divina"}]},{"@type":"WebSite","@id":"https:\/\/www.auditorium.com\/it\/#website","url":"https:\/\/www.auditorium.com\/it\/","name":"Auditorium Parco della Musica Ennio Morricone","description":"Progettato da Renzo Piano, l&#039;Auditorium rappresenta una sofisticata architettura musicale e uno straordinario intervento di riqualificazione urbana.","publisher":{"@id":"https:\/\/www.auditorium.com\/it\/#organization"},"potentialAction":[{"@type":"SearchAction","target":{"@type":"EntryPoint","urlTemplate":"https:\/\/www.auditorium.com\/it\/?s={search_term_string}"},"query-input":"required name=search_term_string"}],"inLanguage":"it-IT"},{"@type":"Organization","@id":"https:\/\/www.auditorium.com\/it\/#organization","name":"Auditorium Parco della Musica Ennio Morricone","url":"https:\/\/www.auditorium.com\/it\/","logo":{"@type":"ImageObject","inLanguage":"it-IT","@id":"https:\/\/www.auditorium.com\/it\/#\/schema\/logo\/image\/","url":"https:\/\/www.auditorium.com\/wp-content\/uploads\/2022\/12\/logo-auditorium.svg","contentUrl":"https:\/\/www.auditorium.com\/wp-content\/uploads\/2022\/12\/logo-auditorium.svg","width":86,"height":79,"caption":"Auditorium Parco della Musica Ennio Morricone"},"image":{"@id":"https:\/\/www.auditorium.com\/it\/#\/schema\/logo\/image\/"},"sameAs":["https:\/\/www.facebook.com\/AuditoriumParcodellaMusica","https:\/\/x.com\/auditoriumpdm","https:\/\/www.instagram.com\/auditoriumparcodellamusica\/"]}]}},"_links":{"self":[{"href":"https:\/\/www.auditorium.com\/it\/wp-json\/wp\/v2\/event\/41403","targetHints":{"allow":["GET"]}}],"collection":[{"href":"https:\/\/www.auditorium.com\/it\/wp-json\/wp\/v2\/event"}],"about":[{"href":"https:\/\/www.auditorium.com\/it\/wp-json\/wp\/v2\/types\/event"}],"wp:featuredmedia":[{"embeddable":true,"href":"https:\/\/www.auditorium.com\/it\/wp-json\/wp\/v2\/media\/41412"}],"wp:attachment":[{"href":"https:\/\/www.auditorium.com\/it\/wp-json\/wp\/v2\/media?parent=41403"}],"wp:term":[{"taxonomy":"event_categories","embeddable":true,"href":"https:\/\/www.auditorium.com\/it\/wp-json\/wp\/v2\/event_categories?post=41403"},{"taxonomy":"event_genre","embeddable":true,"href":"https:\/\/www.auditorium.com\/it\/wp-json\/wp\/v2\/event_genre?post=41403"},{"taxonomy":"event_themes","embeddable":true,"href":"https:\/\/www.auditorium.com\/it\/wp-json\/wp\/v2\/event_themes?post=41403"},{"taxonomy":"event_format","embeddable":true,"href":"https:\/\/www.auditorium.com\/it\/wp-json\/wp\/v2\/event_format?post=41403"},{"taxonomy":"event_consigliati","embeddable":true,"href":"https:\/\/www.auditorium.com\/it\/wp-json\/wp\/v2\/event_consigliati?post=41403"}],"curies":[{"name":"wp","href":"https:\/\/api.w.org\/{rel}","templated":true}]}}