{"id":40486,"date":"2025-05-28T10:16:28","date_gmt":"2025-05-28T08:16:28","guid":{"rendered":"https:\/\/www.auditorium.com\/?post_type=event&#038;p=40486"},"modified":"2025-12-27T16:54:58","modified_gmt":"2025-12-27T15:54:58","slug":"las-estrellas-2","status":"publish","type":"event","link":"https:\/\/www.auditorium.com\/it\/event\/las-estrellas-2\/","title":{"rendered":"Las Estrellas"},"content":{"rendered":"<p class=\"xmprfxmsonormal\">Certe serate possono dare dipendenza. Stiamo parlando qui di\u00a0<b>Las Estrellas<\/b>, il gala di danze e musiche spagnole a cura di <b>Daniele Cipriani<\/b>, con<b>\u00a0<\/b>la consulenza di\u00a0<b>Sergio Bernal <\/b>e il prezioso<b>\u00a0<\/b>sostegno dell&#8217;<b>Ambasciata di Spagna in Italia<\/b>. Lo spettacolo ritorna per il terzo anno consecutivo, con un cast nuovo e fiammeggiante, all\u2019Auditorium Parco della Musica Ennio Morricone il 3 gennaio (alle ore 21) con replica il 4 gennaio (alle ore 18), date che daranno ai flamenco-dipendenti una valida scusa per prolungare i festeggiamenti di Capodanno, trasformandoli in una golosa fiesta di benvenuto al 2026. Il conto alla rovescia per <strong>Las Estrellas<\/strong> \u00e8 gi\u00e0 iniziato. Sul palco, lo spagnolo pi\u00f9 amato dagli italiani: <strong data-start=\"345\" data-end=\"362\">Sergio Bernal<\/strong>, il danzatore dagli occhi di ghiaccio e il fuoco nelle vene.<\/p>\n<p class=\"xmprfxmsonormal\">In quest&#8217;occasione, il divo madrileno sar\u00e0 accompagnato\u00a0dalla sua compagnia, la\u00a0<b>Sergio Bernal Dance Company<\/b>\u00a0con la quale danzer\u00e0 una trascinante versione, a firma del coreografo <strong>Rafael Aguilar<\/strong>, del\u00a0Bol\u00e9ro\u00a0di <strong>Maurice Ravel<\/strong>. Galvanizzante al punto di mandare gli spettatori in visibilio, si tratta di un brano di danza spagnola stilizzata, disciplina che unisce elementi di balletto classico con la danza tradizionale iberica. I cultori del flamenco gioiranno nello scoprire che quest&#8217;edizione di<strong>Las Estrellas\u00a0<\/strong>ospiter\u00e0 anche artisti del calibro di\u00a0<b>Eva Yerbabuena<\/b>,<b>\u00a0Jes\u00fas Carmona\u00a0<\/b>e<b>\u00a0Jos\u00e9 Maya<\/b>, quasi tutti accompagnati dai loro personali musicisti:\u00a0guitaristas, percusionistas\u00a0e\u00a0tocaores. \u0400 prevista anche la partecipazione della\u00a0cantaora\u00a0<b>Sandra Carrasco<\/b>. Questi i nomi finora annunciati, altri si aggiungeranno.\u00a0<strong>Las Estrellas<\/strong>\u00a0sar\u00e0 pertanto un&#8217;occasione unica per il pubblico della capitale di assistere a un&#8217;esibizione dal vivo dei nomi di punta nel panorama coreutico\/musicale spagnolo.<\/p>\n<p class=\"xmprfxmsonormal\"><strong>Cosa aspettarsi?<\/strong> Di sicuro il fruscio dello strascico della\u00a0bata de cola\u00a0(il vestito delle\u00a0bailaoras\u00a0di flamenco), i\u00a0taconeo\u00a0e\u00a0zapateo\u00a0(il ritmico battere sul suolo del tacco e della scarpa), il ticchettio delle nacchere, l\u2019arpeggio delle chitarre e i penetranti canti gitani. Nel mese pi\u00f9 freddo dell\u2019anno,\u00a0<strong>Las Estrellas\u00a0<\/strong>porta in palcoscenico il sole rovente dell&#8217;estate andalusa e i suoi forti colori: un tripudio di emozioni e colori, un\u2019esperienza dei sensi che si rivolge anche all\u2019anima degli spettatori. Ma c&#8217;\u00e8 di pi\u00f9, come tiene a sottolineare <strong>Sergio Bernal<\/strong>: \u00abQuesta edizione di\u00a0Las Estrellas \u00e8 straordinaria perch\u00e9 abbiamo voluto riunire insieme artisti molto speciali i quali, pur nel rispetto della forte tradizione in cui noi tutti siamo nati e ci siamo formati, condividono una visione contemporanea della danza iberica. Ognuno di noi ha un suo accento particolare, una sua cifra assolutamente personale, ma questa visione ci accomuna. Il gala che presentiamo sar\u00e0 una rivelazione per il pubblico perch\u00e9 mostreremo che\u00a0il flamenco del futuro \u00e8 gi\u00e0 qui!\u00bb.<\/p>\n","protected":false},"excerpt":{"rendered":"Certe serate possono dare dipendenza. Stiamo parlando qui di\u00a0Las Estrellas, il gala di danze e musiche spagnole a cura di Daniele Cipriani, con\u00a0la consulenza di\u00a0Sergio Bernal e il prezioso\u00a0sostegno dell&#8217;Ambasciata di Spagna in Italia. Lo spettacolo ritorna per il terzo anno consecutivo, con un cast nuovo e fiammeggiante, all\u2019Auditorium Parco della Musica Ennio Morricone il [&hellip;]","protected":false},"featured_media":43528,"template":"","meta":{"_acf_changed":false,"inline_featured_image":false},"event_categories":[51],"event_genre":[68],"event_themes":[],"event_format":[],"event_consigliati":[],"class_list":["post-40486","event","type-event","status-publish","has-post-thumbnail","hentry","event_categories-danza","event_genre-danza"],"acf":[],"yoast_head":"<!-- This site is optimized with the Yoast SEO plugin v22.6 - https:\/\/yoast.com\/wordpress\/plugins\/seo\/ -->\n<title>Las Estrellas | Auditorium Parco della Musica Ennio Morricone<\/title>\n<meta name=\"robots\" content=\"index, follow, max-snippet:-1, max-image-preview:large, max-video-preview:-1\" \/>\n<link rel=\"canonical\" href=\"https:\/\/www.auditorium.com\/it\/event\/las-estrellas-2\/\" \/>\n<meta property=\"og:locale\" content=\"it_IT\" \/>\n<meta property=\"og:type\" content=\"article\" \/>\n<meta property=\"og:title\" content=\"Las Estrellas | Auditorium Parco della Musica Ennio Morricone\" \/>\n<meta property=\"og:description\" content=\"Certe serate possono dare dipendenza. Stiamo parlando qui di\u00a0Las Estrellas, il gala di danze e musiche spagnole a cura di Daniele Cipriani, con\u00a0la consulenza di\u00a0Sergio Bernal e il prezioso\u00a0sostegno dell&#8217;Ambasciata di Spagna in Italia. Lo spettacolo ritorna per il terzo anno consecutivo, con un cast nuovo e fiammeggiante, all\u2019Auditorium Parco della Musica Ennio Morricone il [&hellip;]\" \/>\n<meta property=\"og:url\" content=\"https:\/\/www.auditorium.com\/it\/event\/las-estrellas-2\/\" \/>\n<meta property=\"og:site_name\" content=\"Auditorium Parco della Musica Ennio Morricone\" \/>\n<meta property=\"article:publisher\" content=\"https:\/\/www.facebook.com\/AuditoriumParcodellaMusica\" \/>\n<meta property=\"article:modified_time\" content=\"2025-12-27T15:54:58+00:00\" \/>\n<meta property=\"og:image\" content=\"https:\/\/www.auditorium.com\/wp-content\/uploads\/2025\/05\/1920x1080_lasestellas_foto.jpg\" \/>\n\t<meta property=\"og:image:width\" content=\"1920\" \/>\n\t<meta property=\"og:image:height\" content=\"1080\" \/>\n\t<meta property=\"og:image:type\" content=\"image\/jpeg\" \/>\n<meta name=\"twitter:card\" content=\"summary_large_image\" \/>\n<meta name=\"twitter:site\" content=\"@auditoriumpdm\" \/>\n<meta name=\"twitter:label1\" content=\"Tempo di lettura stimato\" \/>\n\t<meta name=\"twitter:data1\" content=\"3 minuti\" \/>\n<script type=\"application\/ld+json\" class=\"yoast-schema-graph\">{\"@context\":\"https:\/\/schema.org\",\"@graph\":[{\"@type\":\"WebPage\",\"@id\":\"https:\/\/www.auditorium.com\/it\/event\/las-estrellas-2\/\",\"url\":\"https:\/\/www.auditorium.com\/it\/event\/las-estrellas-2\/\",\"name\":\"Las Estrellas | Auditorium Parco della Musica Ennio Morricone\",\"isPartOf\":{\"@id\":\"https:\/\/www.auditorium.com\/it\/#website\"},\"primaryImageOfPage\":{\"@id\":\"https:\/\/www.auditorium.com\/it\/event\/las-estrellas-2\/#primaryimage\"},\"image\":{\"@id\":\"https:\/\/www.auditorium.com\/it\/event\/las-estrellas-2\/#primaryimage\"},\"thumbnailUrl\":\"https:\/\/www.auditorium.com\/wp-content\/uploads\/2025\/05\/1920x1080_lasestellas_foto.jpg\",\"datePublished\":\"2025-05-28T08:16:28+00:00\",\"dateModified\":\"2025-12-27T15:54:58+00:00\",\"breadcrumb\":{\"@id\":\"https:\/\/www.auditorium.com\/it\/event\/las-estrellas-2\/#breadcrumb\"},\"inLanguage\":\"it-IT\",\"potentialAction\":[{\"@type\":\"ReadAction\",\"target\":[\"https:\/\/www.auditorium.com\/it\/event\/las-estrellas-2\/\"]}]},{\"@type\":\"ImageObject\",\"inLanguage\":\"it-IT\",\"@id\":\"https:\/\/www.auditorium.com\/it\/event\/las-estrellas-2\/#primaryimage\",\"url\":\"https:\/\/www.auditorium.com\/wp-content\/uploads\/2025\/05\/1920x1080_lasestellas_foto.jpg\",\"contentUrl\":\"https:\/\/www.auditorium.com\/wp-content\/uploads\/2025\/05\/1920x1080_lasestellas_foto.jpg\",\"width\":1920,\"height\":1080},{\"@type\":\"BreadcrumbList\",\"@id\":\"https:\/\/www.auditorium.com\/it\/event\/las-estrellas-2\/#breadcrumb\",\"itemListElement\":[{\"@type\":\"ListItem\",\"position\":1,\"name\":\"Home\",\"item\":\"https:\/\/www.auditorium.com\/it\/\"},{\"@type\":\"ListItem\",\"position\":2,\"name\":\"Las Estrellas\"}]},{\"@type\":\"WebSite\",\"@id\":\"https:\/\/www.auditorium.com\/it\/#website\",\"url\":\"https:\/\/www.auditorium.com\/it\/\",\"name\":\"Auditorium Parco della Musica Ennio Morricone\",\"description\":\"Progettato da Renzo Piano, l&#039;Auditorium rappresenta una sofisticata architettura musicale e uno straordinario intervento di riqualificazione urbana.\",\"publisher\":{\"@id\":\"https:\/\/www.auditorium.com\/it\/#organization\"},\"potentialAction\":[{\"@type\":\"SearchAction\",\"target\":{\"@type\":\"EntryPoint\",\"urlTemplate\":\"https:\/\/www.auditorium.com\/it\/?s={search_term_string}\"},\"query-input\":\"required name=search_term_string\"}],\"inLanguage\":\"it-IT\"},{\"@type\":\"Organization\",\"@id\":\"https:\/\/www.auditorium.com\/it\/#organization\",\"name\":\"Auditorium Parco della Musica Ennio Morricone\",\"url\":\"https:\/\/www.auditorium.com\/it\/\",\"logo\":{\"@type\":\"ImageObject\",\"inLanguage\":\"it-IT\",\"@id\":\"https:\/\/www.auditorium.com\/it\/#\/schema\/logo\/image\/\",\"url\":\"https:\/\/www.auditorium.com\/wp-content\/uploads\/2022\/12\/logo-auditorium.svg\",\"contentUrl\":\"https:\/\/www.auditorium.com\/wp-content\/uploads\/2022\/12\/logo-auditorium.svg\",\"width\":86,\"height\":79,\"caption\":\"Auditorium Parco della Musica Ennio Morricone\"},\"image\":{\"@id\":\"https:\/\/www.auditorium.com\/it\/#\/schema\/logo\/image\/\"},\"sameAs\":[\"https:\/\/www.facebook.com\/AuditoriumParcodellaMusica\",\"https:\/\/x.com\/auditoriumpdm\",\"https:\/\/www.instagram.com\/auditoriumparcodellamusica\/\"]}]}<\/script>\n<!-- \/ Yoast SEO plugin. -->","yoast_head_json":{"title":"Las Estrellas | Auditorium Parco della Musica Ennio Morricone","robots":{"index":"index","follow":"follow","max-snippet":"max-snippet:-1","max-image-preview":"max-image-preview:large","max-video-preview":"max-video-preview:-1"},"canonical":"https:\/\/www.auditorium.com\/it\/event\/las-estrellas-2\/","og_locale":"it_IT","og_type":"article","og_title":"Las Estrellas | Auditorium Parco della Musica Ennio Morricone","og_description":"Certe serate possono dare dipendenza. Stiamo parlando qui di\u00a0Las Estrellas, il gala di danze e musiche spagnole a cura di Daniele Cipriani, con\u00a0la consulenza di\u00a0Sergio Bernal e il prezioso\u00a0sostegno dell&#8217;Ambasciata di Spagna in Italia. Lo spettacolo ritorna per il terzo anno consecutivo, con un cast nuovo e fiammeggiante, all\u2019Auditorium Parco della Musica Ennio Morricone il [&hellip;]","og_url":"https:\/\/www.auditorium.com\/it\/event\/las-estrellas-2\/","og_site_name":"Auditorium Parco della Musica Ennio Morricone","article_publisher":"https:\/\/www.facebook.com\/AuditoriumParcodellaMusica","article_modified_time":"2025-12-27T15:54:58+00:00","og_image":[{"width":1920,"height":1080,"url":"https:\/\/www.auditorium.com\/wp-content\/uploads\/2025\/05\/1920x1080_lasestellas_foto.jpg","type":"image\/jpeg"}],"twitter_card":"summary_large_image","twitter_site":"@auditoriumpdm","twitter_misc":{"Tempo di lettura stimato":"3 minuti"},"schema":{"@context":"https:\/\/schema.org","@graph":[{"@type":"WebPage","@id":"https:\/\/www.auditorium.com\/it\/event\/las-estrellas-2\/","url":"https:\/\/www.auditorium.com\/it\/event\/las-estrellas-2\/","name":"Las Estrellas | Auditorium Parco della Musica Ennio Morricone","isPartOf":{"@id":"https:\/\/www.auditorium.com\/it\/#website"},"primaryImageOfPage":{"@id":"https:\/\/www.auditorium.com\/it\/event\/las-estrellas-2\/#primaryimage"},"image":{"@id":"https:\/\/www.auditorium.com\/it\/event\/las-estrellas-2\/#primaryimage"},"thumbnailUrl":"https:\/\/www.auditorium.com\/wp-content\/uploads\/2025\/05\/1920x1080_lasestellas_foto.jpg","datePublished":"2025-05-28T08:16:28+00:00","dateModified":"2025-12-27T15:54:58+00:00","breadcrumb":{"@id":"https:\/\/www.auditorium.com\/it\/event\/las-estrellas-2\/#breadcrumb"},"inLanguage":"it-IT","potentialAction":[{"@type":"ReadAction","target":["https:\/\/www.auditorium.com\/it\/event\/las-estrellas-2\/"]}]},{"@type":"ImageObject","inLanguage":"it-IT","@id":"https:\/\/www.auditorium.com\/it\/event\/las-estrellas-2\/#primaryimage","url":"https:\/\/www.auditorium.com\/wp-content\/uploads\/2025\/05\/1920x1080_lasestellas_foto.jpg","contentUrl":"https:\/\/www.auditorium.com\/wp-content\/uploads\/2025\/05\/1920x1080_lasestellas_foto.jpg","width":1920,"height":1080},{"@type":"BreadcrumbList","@id":"https:\/\/www.auditorium.com\/it\/event\/las-estrellas-2\/#breadcrumb","itemListElement":[{"@type":"ListItem","position":1,"name":"Home","item":"https:\/\/www.auditorium.com\/it\/"},{"@type":"ListItem","position":2,"name":"Las Estrellas"}]},{"@type":"WebSite","@id":"https:\/\/www.auditorium.com\/it\/#website","url":"https:\/\/www.auditorium.com\/it\/","name":"Auditorium Parco della Musica Ennio Morricone","description":"Progettato da Renzo Piano, l&#039;Auditorium rappresenta una sofisticata architettura musicale e uno straordinario intervento di riqualificazione urbana.","publisher":{"@id":"https:\/\/www.auditorium.com\/it\/#organization"},"potentialAction":[{"@type":"SearchAction","target":{"@type":"EntryPoint","urlTemplate":"https:\/\/www.auditorium.com\/it\/?s={search_term_string}"},"query-input":"required name=search_term_string"}],"inLanguage":"it-IT"},{"@type":"Organization","@id":"https:\/\/www.auditorium.com\/it\/#organization","name":"Auditorium Parco della Musica Ennio Morricone","url":"https:\/\/www.auditorium.com\/it\/","logo":{"@type":"ImageObject","inLanguage":"it-IT","@id":"https:\/\/www.auditorium.com\/it\/#\/schema\/logo\/image\/","url":"https:\/\/www.auditorium.com\/wp-content\/uploads\/2022\/12\/logo-auditorium.svg","contentUrl":"https:\/\/www.auditorium.com\/wp-content\/uploads\/2022\/12\/logo-auditorium.svg","width":86,"height":79,"caption":"Auditorium Parco della Musica Ennio Morricone"},"image":{"@id":"https:\/\/www.auditorium.com\/it\/#\/schema\/logo\/image\/"},"sameAs":["https:\/\/www.facebook.com\/AuditoriumParcodellaMusica","https:\/\/x.com\/auditoriumpdm","https:\/\/www.instagram.com\/auditoriumparcodellamusica\/"]}]}},"_links":{"self":[{"href":"https:\/\/www.auditorium.com\/it\/wp-json\/wp\/v2\/event\/40486","targetHints":{"allow":["GET"]}}],"collection":[{"href":"https:\/\/www.auditorium.com\/it\/wp-json\/wp\/v2\/event"}],"about":[{"href":"https:\/\/www.auditorium.com\/it\/wp-json\/wp\/v2\/types\/event"}],"wp:featuredmedia":[{"embeddable":true,"href":"https:\/\/www.auditorium.com\/it\/wp-json\/wp\/v2\/media\/43528"}],"wp:attachment":[{"href":"https:\/\/www.auditorium.com\/it\/wp-json\/wp\/v2\/media?parent=40486"}],"wp:term":[{"taxonomy":"event_categories","embeddable":true,"href":"https:\/\/www.auditorium.com\/it\/wp-json\/wp\/v2\/event_categories?post=40486"},{"taxonomy":"event_genre","embeddable":true,"href":"https:\/\/www.auditorium.com\/it\/wp-json\/wp\/v2\/event_genre?post=40486"},{"taxonomy":"event_themes","embeddable":true,"href":"https:\/\/www.auditorium.com\/it\/wp-json\/wp\/v2\/event_themes?post=40486"},{"taxonomy":"event_format","embeddable":true,"href":"https:\/\/www.auditorium.com\/it\/wp-json\/wp\/v2\/event_format?post=40486"},{"taxonomy":"event_consigliati","embeddable":true,"href":"https:\/\/www.auditorium.com\/it\/wp-json\/wp\/v2\/event_consigliati?post=40486"}],"curies":[{"name":"wp","href":"https:\/\/api.w.org\/{rel}","templated":true}]}}