{"id":38845,"date":"2025-03-20T11:00:11","date_gmt":"2025-03-20T10:00:11","guid":{"rendered":"https:\/\/www.auditorium.com\/?post_type=event&#038;p=38845"},"modified":"2025-04-07T16:48:39","modified_gmt":"2025-04-07T14:48:39","slug":"comunita-che-si-adattano","status":"publish","type":"event","link":"https:\/\/www.auditorium.com\/it\/event\/comunita-che-si-adattano\/","title":{"rendered":"Comunit\u00e0 che si adattano"},"content":{"rendered":"<p style=\"font-weight: 400; text-align: center;\">A cura di <strong>CMCC<\/strong>, <strong>CNR<\/strong>, <strong>ISPRA<\/strong><\/p>\n<p style=\"font-weight: 400; text-align: center;\"><a href=\"https:\/\/www.auditorium.com\/it\/artist\/francesca-giordano\/\"><strong>Francesca Giordano<\/strong> <\/a>Ricercatrice ISPRA<\/p>\n<p style=\"font-weight: 400; text-align: center;\"><a href=\"https:\/\/www.auditorium.com\/it\/artist\/paola-mercogliano-2\/\"><strong>Paola Mercogliano<\/strong> <\/a>Ricercatrice senior Fondazione CMCC<\/p>\n<p style=\"font-weight: 400; text-align: center;\"><a href=\"https:\/\/www.auditorium.com\/it\/artist\/filomena-pietrapertosa\/\"><strong>Filomena Pietrapertosa<\/strong><\/a> Ricercatrice senior CNR &#8211; IMAA<\/p>\n<p style=\"font-weight: 400; text-align: center;\">Modera <a href=\"https:\/\/www.auditorium.com\/it\/artist\/andrea-bettini-2\/\"><strong>Andrea Bettini <\/strong><\/a>Giornalista scientifico RaiNews24<\/p>\n<p style=\"font-weight: 400;\">La crisi climatica richiede un forte impegno comune per fronteggiare gli eventi meteorologici estremi che sempre pi\u00f9 frequentemente colpiscono le nostre citt\u00e0, minacciando la societ\u00e0, gli ecosistemi e l\u2019economia. Parola d\u2019ordine per le citt\u00e0 \u00e8 adattarsi. Il mondo della ricerca \u00e8 impegnato a supportare e sviluppare strategie per rendere le nostre aree urbane resilienti, capaci di affrontare le minacce causate dal cambiamento climatico, come precipitazioni intense e ondate di calore, anche attraverso il coinvolgimento attivo di cittadini e cittadine.<\/p>\n<pre>Foto di Leon Huang da Pexels<\/pre>\n<p style=\"font-weight: 400;\"><em>Il biglietto \u00e8 valido per l\u2019ingresso, con fila prioritaria,\u00a0entro e non oltre 10 minuti prima dall\u2019orario di inizio dell\u2019evento.<br \/>\nTrascorso tale termine il biglietto perde la sua validit\u00e0, e priorit\u00e0 in ingresso viene data a chi sia eventualmente in fila d\u2019attesa<\/em><\/p>\n<p style=\"font-weight: 400;\">\n","protected":false},"excerpt":{"rendered":"A cura di CMCC, CNR, ISPRA Francesca Giordano Ricercatrice ISPRA Paola Mercogliano Ricercatrice senior Fondazione CMCC Filomena Pietrapertosa Ricercatrice senior CNR &#8211; IMAA Modera Andrea Bettini Giornalista scientifico RaiNews24 La crisi climatica richiede un forte impegno comune per fronteggiare gli eventi meteorologici estremi che sempre pi\u00f9 frequentemente colpiscono le nostre citt\u00e0, minacciando la societ\u00e0, gli [&hellip;]","protected":false},"featured_media":39139,"template":"","meta":{"_acf_changed":false,"inline_featured_image":false},"event_categories":[],"event_genre":[],"event_themes":[],"event_format":[],"event_consigliati":[],"class_list":["post-38845","event","type-event","status-publish","has-post-thumbnail","hentry"],"acf":[],"yoast_head":"<!-- This site is optimized with the Yoast SEO plugin v22.6 - https:\/\/yoast.com\/wordpress\/plugins\/seo\/ -->\n<title>Comunit\u00e0 che si adattano | Auditorium Parco della Musica Ennio Morricone<\/title>\n<meta name=\"robots\" content=\"index, follow, max-snippet:-1, max-image-preview:large, max-video-preview:-1\" \/>\n<link rel=\"canonical\" href=\"https:\/\/www.auditorium.com\/it\/event\/comunita-che-si-adattano\/\" \/>\n<meta property=\"og:locale\" content=\"it_IT\" \/>\n<meta property=\"og:type\" content=\"article\" \/>\n<meta property=\"og:title\" content=\"Comunit\u00e0 che si adattano | Auditorium Parco della Musica Ennio Morricone\" \/>\n<meta property=\"og:description\" content=\"A cura di CMCC, CNR, ISPRA Francesca Giordano Ricercatrice ISPRA Paola Mercogliano Ricercatrice senior Fondazione CMCC Filomena Pietrapertosa Ricercatrice senior CNR &#8211; IMAA Modera Andrea Bettini Giornalista scientifico RaiNews24 La crisi climatica richiede un forte impegno comune per fronteggiare gli eventi meteorologici estremi che sempre pi\u00f9 frequentemente colpiscono le nostre citt\u00e0, minacciando la societ\u00e0, gli [&hellip;]\" \/>\n<meta property=\"og:url\" content=\"https:\/\/www.auditorium.com\/it\/event\/comunita-che-si-adattano\/\" \/>\n<meta property=\"og:site_name\" content=\"Auditorium Parco della Musica Ennio Morricone\" \/>\n<meta property=\"article:publisher\" content=\"https:\/\/www.facebook.com\/AuditoriumParcodellaMusica\" \/>\n<meta property=\"article:modified_time\" content=\"2025-04-07T14:48:39+00:00\" \/>\n<meta property=\"og:image\" content=\"https:\/\/www.auditorium.com\/wp-content\/uploads\/2025\/03\/COMUNITA-CHE-SI-ADATTANO_Foto-di-Leon-Huang-da-Pexels.jpg\" \/>\n\t<meta property=\"og:image:width\" content=\"1280\" \/>\n\t<meta property=\"og:image:height\" content=\"851\" \/>\n\t<meta property=\"og:image:type\" content=\"image\/jpeg\" \/>\n<meta name=\"twitter:card\" content=\"summary_large_image\" \/>\n<meta name=\"twitter:site\" content=\"@auditoriumpdm\" \/>\n<meta name=\"twitter:label1\" content=\"Tempo di lettura stimato\" \/>\n\t<meta name=\"twitter:data1\" content=\"1 minuto\" \/>\n<script type=\"application\/ld+json\" class=\"yoast-schema-graph\">{\"@context\":\"https:\/\/schema.org\",\"@graph\":[{\"@type\":\"WebPage\",\"@id\":\"https:\/\/www.auditorium.com\/it\/event\/comunita-che-si-adattano\/\",\"url\":\"https:\/\/www.auditorium.com\/it\/event\/comunita-che-si-adattano\/\",\"name\":\"Comunit\u00e0 che si adattano | Auditorium Parco della Musica Ennio Morricone\",\"isPartOf\":{\"@id\":\"https:\/\/www.auditorium.com\/it\/#website\"},\"primaryImageOfPage\":{\"@id\":\"https:\/\/www.auditorium.com\/it\/event\/comunita-che-si-adattano\/#primaryimage\"},\"image\":{\"@id\":\"https:\/\/www.auditorium.com\/it\/event\/comunita-che-si-adattano\/#primaryimage\"},\"thumbnailUrl\":\"https:\/\/www.auditorium.com\/wp-content\/uploads\/2025\/03\/COMUNITA-CHE-SI-ADATTANO_Foto-di-Leon-Huang-da-Pexels.jpg\",\"datePublished\":\"2025-03-20T10:00:11+00:00\",\"dateModified\":\"2025-04-07T14:48:39+00:00\",\"breadcrumb\":{\"@id\":\"https:\/\/www.auditorium.com\/it\/event\/comunita-che-si-adattano\/#breadcrumb\"},\"inLanguage\":\"it-IT\",\"potentialAction\":[{\"@type\":\"ReadAction\",\"target\":[\"https:\/\/www.auditorium.com\/it\/event\/comunita-che-si-adattano\/\"]}]},{\"@type\":\"ImageObject\",\"inLanguage\":\"it-IT\",\"@id\":\"https:\/\/www.auditorium.com\/it\/event\/comunita-che-si-adattano\/#primaryimage\",\"url\":\"https:\/\/www.auditorium.com\/wp-content\/uploads\/2025\/03\/COMUNITA-CHE-SI-ADATTANO_Foto-di-Leon-Huang-da-Pexels.jpg\",\"contentUrl\":\"https:\/\/www.auditorium.com\/wp-content\/uploads\/2025\/03\/COMUNITA-CHE-SI-ADATTANO_Foto-di-Leon-Huang-da-Pexels.jpg\",\"width\":1280,\"height\":851},{\"@type\":\"BreadcrumbList\",\"@id\":\"https:\/\/www.auditorium.com\/it\/event\/comunita-che-si-adattano\/#breadcrumb\",\"itemListElement\":[{\"@type\":\"ListItem\",\"position\":1,\"name\":\"Home\",\"item\":\"https:\/\/www.auditorium.com\/it\/\"},{\"@type\":\"ListItem\",\"position\":2,\"name\":\"Comunit\u00e0 che si adattano\"}]},{\"@type\":\"WebSite\",\"@id\":\"https:\/\/www.auditorium.com\/it\/#website\",\"url\":\"https:\/\/www.auditorium.com\/it\/\",\"name\":\"Auditorium Parco della Musica Ennio Morricone\",\"description\":\"Progettato da Renzo Piano, l&#039;Auditorium rappresenta una sofisticata architettura musicale e uno straordinario intervento di riqualificazione urbana.\",\"publisher\":{\"@id\":\"https:\/\/www.auditorium.com\/it\/#organization\"},\"potentialAction\":[{\"@type\":\"SearchAction\",\"target\":{\"@type\":\"EntryPoint\",\"urlTemplate\":\"https:\/\/www.auditorium.com\/it\/?s={search_term_string}\"},\"query-input\":\"required name=search_term_string\"}],\"inLanguage\":\"it-IT\"},{\"@type\":\"Organization\",\"@id\":\"https:\/\/www.auditorium.com\/it\/#organization\",\"name\":\"Auditorium Parco della Musica Ennio Morricone\",\"url\":\"https:\/\/www.auditorium.com\/it\/\",\"logo\":{\"@type\":\"ImageObject\",\"inLanguage\":\"it-IT\",\"@id\":\"https:\/\/www.auditorium.com\/it\/#\/schema\/logo\/image\/\",\"url\":\"https:\/\/www.auditorium.com\/wp-content\/uploads\/2022\/12\/logo-auditorium.svg\",\"contentUrl\":\"https:\/\/www.auditorium.com\/wp-content\/uploads\/2022\/12\/logo-auditorium.svg\",\"width\":86,\"height\":79,\"caption\":\"Auditorium Parco della Musica Ennio Morricone\"},\"image\":{\"@id\":\"https:\/\/www.auditorium.com\/it\/#\/schema\/logo\/image\/\"},\"sameAs\":[\"https:\/\/www.facebook.com\/AuditoriumParcodellaMusica\",\"https:\/\/x.com\/auditoriumpdm\",\"https:\/\/www.instagram.com\/auditoriumparcodellamusica\/\"]}]}<\/script>\n<!-- \/ Yoast SEO plugin. -->","yoast_head_json":{"title":"Comunit\u00e0 che si adattano | Auditorium Parco della Musica Ennio Morricone","robots":{"index":"index","follow":"follow","max-snippet":"max-snippet:-1","max-image-preview":"max-image-preview:large","max-video-preview":"max-video-preview:-1"},"canonical":"https:\/\/www.auditorium.com\/it\/event\/comunita-che-si-adattano\/","og_locale":"it_IT","og_type":"article","og_title":"Comunit\u00e0 che si adattano | Auditorium Parco della Musica Ennio Morricone","og_description":"A cura di CMCC, CNR, ISPRA Francesca Giordano Ricercatrice ISPRA Paola Mercogliano Ricercatrice senior Fondazione CMCC Filomena Pietrapertosa Ricercatrice senior CNR &#8211; IMAA Modera Andrea Bettini Giornalista scientifico RaiNews24 La crisi climatica richiede un forte impegno comune per fronteggiare gli eventi meteorologici estremi che sempre pi\u00f9 frequentemente colpiscono le nostre citt\u00e0, minacciando la societ\u00e0, gli [&hellip;]","og_url":"https:\/\/www.auditorium.com\/it\/event\/comunita-che-si-adattano\/","og_site_name":"Auditorium Parco della Musica Ennio Morricone","article_publisher":"https:\/\/www.facebook.com\/AuditoriumParcodellaMusica","article_modified_time":"2025-04-07T14:48:39+00:00","og_image":[{"width":1280,"height":851,"url":"https:\/\/www.auditorium.com\/wp-content\/uploads\/2025\/03\/COMUNITA-CHE-SI-ADATTANO_Foto-di-Leon-Huang-da-Pexels.jpg","type":"image\/jpeg"}],"twitter_card":"summary_large_image","twitter_site":"@auditoriumpdm","twitter_misc":{"Tempo di lettura stimato":"1 minuto"},"schema":{"@context":"https:\/\/schema.org","@graph":[{"@type":"WebPage","@id":"https:\/\/www.auditorium.com\/it\/event\/comunita-che-si-adattano\/","url":"https:\/\/www.auditorium.com\/it\/event\/comunita-che-si-adattano\/","name":"Comunit\u00e0 che si adattano | Auditorium Parco della Musica Ennio Morricone","isPartOf":{"@id":"https:\/\/www.auditorium.com\/it\/#website"},"primaryImageOfPage":{"@id":"https:\/\/www.auditorium.com\/it\/event\/comunita-che-si-adattano\/#primaryimage"},"image":{"@id":"https:\/\/www.auditorium.com\/it\/event\/comunita-che-si-adattano\/#primaryimage"},"thumbnailUrl":"https:\/\/www.auditorium.com\/wp-content\/uploads\/2025\/03\/COMUNITA-CHE-SI-ADATTANO_Foto-di-Leon-Huang-da-Pexels.jpg","datePublished":"2025-03-20T10:00:11+00:00","dateModified":"2025-04-07T14:48:39+00:00","breadcrumb":{"@id":"https:\/\/www.auditorium.com\/it\/event\/comunita-che-si-adattano\/#breadcrumb"},"inLanguage":"it-IT","potentialAction":[{"@type":"ReadAction","target":["https:\/\/www.auditorium.com\/it\/event\/comunita-che-si-adattano\/"]}]},{"@type":"ImageObject","inLanguage":"it-IT","@id":"https:\/\/www.auditorium.com\/it\/event\/comunita-che-si-adattano\/#primaryimage","url":"https:\/\/www.auditorium.com\/wp-content\/uploads\/2025\/03\/COMUNITA-CHE-SI-ADATTANO_Foto-di-Leon-Huang-da-Pexels.jpg","contentUrl":"https:\/\/www.auditorium.com\/wp-content\/uploads\/2025\/03\/COMUNITA-CHE-SI-ADATTANO_Foto-di-Leon-Huang-da-Pexels.jpg","width":1280,"height":851},{"@type":"BreadcrumbList","@id":"https:\/\/www.auditorium.com\/it\/event\/comunita-che-si-adattano\/#breadcrumb","itemListElement":[{"@type":"ListItem","position":1,"name":"Home","item":"https:\/\/www.auditorium.com\/it\/"},{"@type":"ListItem","position":2,"name":"Comunit\u00e0 che si adattano"}]},{"@type":"WebSite","@id":"https:\/\/www.auditorium.com\/it\/#website","url":"https:\/\/www.auditorium.com\/it\/","name":"Auditorium Parco della Musica Ennio Morricone","description":"Progettato da Renzo Piano, l&#039;Auditorium rappresenta una sofisticata architettura musicale e uno straordinario intervento di riqualificazione urbana.","publisher":{"@id":"https:\/\/www.auditorium.com\/it\/#organization"},"potentialAction":[{"@type":"SearchAction","target":{"@type":"EntryPoint","urlTemplate":"https:\/\/www.auditorium.com\/it\/?s={search_term_string}"},"query-input":"required name=search_term_string"}],"inLanguage":"it-IT"},{"@type":"Organization","@id":"https:\/\/www.auditorium.com\/it\/#organization","name":"Auditorium Parco della Musica Ennio Morricone","url":"https:\/\/www.auditorium.com\/it\/","logo":{"@type":"ImageObject","inLanguage":"it-IT","@id":"https:\/\/www.auditorium.com\/it\/#\/schema\/logo\/image\/","url":"https:\/\/www.auditorium.com\/wp-content\/uploads\/2022\/12\/logo-auditorium.svg","contentUrl":"https:\/\/www.auditorium.com\/wp-content\/uploads\/2022\/12\/logo-auditorium.svg","width":86,"height":79,"caption":"Auditorium Parco della Musica Ennio Morricone"},"image":{"@id":"https:\/\/www.auditorium.com\/it\/#\/schema\/logo\/image\/"},"sameAs":["https:\/\/www.facebook.com\/AuditoriumParcodellaMusica","https:\/\/x.com\/auditoriumpdm","https:\/\/www.instagram.com\/auditoriumparcodellamusica\/"]}]}},"_links":{"self":[{"href":"https:\/\/www.auditorium.com\/it\/wp-json\/wp\/v2\/event\/38845","targetHints":{"allow":["GET"]}}],"collection":[{"href":"https:\/\/www.auditorium.com\/it\/wp-json\/wp\/v2\/event"}],"about":[{"href":"https:\/\/www.auditorium.com\/it\/wp-json\/wp\/v2\/types\/event"}],"wp:featuredmedia":[{"embeddable":true,"href":"https:\/\/www.auditorium.com\/it\/wp-json\/wp\/v2\/media\/39139"}],"wp:attachment":[{"href":"https:\/\/www.auditorium.com\/it\/wp-json\/wp\/v2\/media?parent=38845"}],"wp:term":[{"taxonomy":"event_categories","embeddable":true,"href":"https:\/\/www.auditorium.com\/it\/wp-json\/wp\/v2\/event_categories?post=38845"},{"taxonomy":"event_genre","embeddable":true,"href":"https:\/\/www.auditorium.com\/it\/wp-json\/wp\/v2\/event_genre?post=38845"},{"taxonomy":"event_themes","embeddable":true,"href":"https:\/\/www.auditorium.com\/it\/wp-json\/wp\/v2\/event_themes?post=38845"},{"taxonomy":"event_format","embeddable":true,"href":"https:\/\/www.auditorium.com\/it\/wp-json\/wp\/v2\/event_format?post=38845"},{"taxonomy":"event_consigliati","embeddable":true,"href":"https:\/\/www.auditorium.com\/it\/wp-json\/wp\/v2\/event_consigliati?post=38845"}],"curies":[{"name":"wp","href":"https:\/\/api.w.org\/{rel}","templated":true}]}}