{"id":3787,"date":"2023-03-03T11:20:53","date_gmt":"2023-03-03T10:20:53","guid":{"rendered":"https:\/\/www.auditorium.com\/?post_type=event&#038;p=3787"},"modified":"2023-03-16T09:25:02","modified_gmt":"2023-03-16T08:25:02","slug":"massimo-pasquini-con-tetes-de-bois","status":"publish","type":"event","link":"https:\/\/www.auditorium.com\/it\/event\/massimo-pasquini-con-tetes-de-bois\/","title":{"rendered":"Massimo Pasquini con T\u00eates de Bois &#8211; &#8221; La strada, il palco e i pedali. Trent&#8217;anni di storie dei T\u00eates de Bois&#8221;"},"content":{"rendered":"<p>Il biglietto \u00e8 valido per l\u2019ingresso, con fila prioritaria, entro e non oltre 10 minuti prima dall\u2019orario di inizio dell\u2019evento. Trascorso tale termine il biglietto perde la sua validit\u00e0, e priorit\u00e0 in ingresso viene data a chi sia eventualmente in fila d\u2019attesa.<\/p>\n<p>&nbsp;<\/p>\n<p>Massimo Pasquini con T\u00eates de Bois &#8211; &#8221; La strada, il palco e i pedali. Trent&#8217;anni di storie dei T\u00eates de Bois&#8221; (Squilibri)<\/p>\n<p>conduce Daniela Amenta<\/p>\n<p>&nbsp;<\/p>\n<p>&nbsp;<\/p>\n","protected":false},"excerpt":{"rendered":"Il biglietto \u00e8 valido per l\u2019ingresso, con fila prioritaria, entro e non oltre 10 minuti prima dall\u2019orario di inizio dell\u2019evento. Trascorso tale termine il biglietto perde la sua validit\u00e0, e priorit\u00e0 in ingresso viene data a chi sia eventualmente in fila d\u2019attesa. &nbsp; Massimo Pasquini con T\u00eates de Bois &#8211; &#8221; La strada, il palco [&hellip;]","protected":false},"featured_media":4051,"template":"","meta":{"_acf_changed":false,"inline_featured_image":false},"event_categories":[],"event_genre":[],"event_themes":[],"event_format":[77,74],"event_consigliati":[],"class_list":["post-3787","event","type-event","status-publish","has-post-thumbnail","hentry","event_format-educational","event_format-festival"],"acf":[],"yoast_head":"<!-- This site is optimized with the Yoast SEO plugin v22.6 - https:\/\/yoast.com\/wordpress\/plugins\/seo\/ -->\n<title>Massimo Pasquini con T\u00eates de Bois - &quot; La strada, il palco e i pedali. Trent&#039;anni di storie dei T\u00eates de Bois&quot; | Auditorium Parco della Musica Ennio Morricone<\/title>\n<meta name=\"description\" content=\"Torna all\u2019Auditorium Parco della Musica Ennio Morricone la festa del libro e della Lettura. Scopri il programma.\" \/>\n<meta name=\"robots\" content=\"index, follow, max-snippet:-1, max-image-preview:large, max-video-preview:-1\" \/>\n<link rel=\"canonical\" href=\"https:\/\/www.auditorium.com\/it\/event\/massimo-pasquini-con-tetes-de-bois\/\" \/>\n<meta property=\"og:locale\" content=\"it_IT\" \/>\n<meta property=\"og:type\" content=\"article\" \/>\n<meta property=\"og:title\" content=\"Massimo Pasquini con T\u00eates de Bois - &quot; La strada, il palco e i pedali. Trent&#039;anni di storie dei T\u00eates de Bois&quot; | Auditorium Parco della Musica Ennio Morricone\" \/>\n<meta property=\"og:description\" content=\"Torna all\u2019Auditorium Parco della Musica Ennio Morricone la festa del libro e della Lettura. Scopri il programma.\" \/>\n<meta property=\"og:url\" content=\"https:\/\/www.auditorium.com\/it\/event\/massimo-pasquini-con-tetes-de-bois\/\" \/>\n<meta property=\"og:site_name\" content=\"Auditorium Parco della Musica Ennio Morricone\" \/>\n<meta property=\"article:publisher\" content=\"https:\/\/www.facebook.com\/AuditoriumParcodellaMusica\" \/>\n<meta property=\"article:modified_time\" content=\"2023-03-16T08:25:02+00:00\" \/>\n<meta property=\"og:image\" content=\"https:\/\/www.auditorium.com\/wp-content\/uploads\/2023\/03\/tete_de_bois177-scaled.jpg\" \/>\n\t<meta property=\"og:image:width\" content=\"2560\" \/>\n\t<meta property=\"og:image:height\" content=\"1475\" \/>\n\t<meta property=\"og:image:type\" content=\"image\/jpeg\" \/>\n<meta name=\"twitter:card\" content=\"summary_large_image\" \/>\n<meta name=\"twitter:site\" content=\"@auditoriumpdm\" \/>\n<meta name=\"twitter:label1\" content=\"Tempo di lettura stimato\" \/>\n\t<meta name=\"twitter:data1\" content=\"1 minuto\" \/>\n<script type=\"application\/ld+json\" class=\"yoast-schema-graph\">{\"@context\":\"https:\/\/schema.org\",\"@graph\":[{\"@type\":\"WebPage\",\"@id\":\"https:\/\/www.auditorium.com\/it\/event\/massimo-pasquini-con-tetes-de-bois\/\",\"url\":\"https:\/\/www.auditorium.com\/it\/event\/massimo-pasquini-con-tetes-de-bois\/\",\"name\":\"Massimo Pasquini con T\u00eates de Bois - \\\" La strada, il palco e i pedali. Trent'anni di storie dei T\u00eates de Bois\\\" | Auditorium Parco della Musica Ennio Morricone\",\"isPartOf\":{\"@id\":\"https:\/\/www.auditorium.com\/it\/#website\"},\"primaryImageOfPage\":{\"@id\":\"https:\/\/www.auditorium.com\/it\/event\/massimo-pasquini-con-tetes-de-bois\/#primaryimage\"},\"image\":{\"@id\":\"https:\/\/www.auditorium.com\/it\/event\/massimo-pasquini-con-tetes-de-bois\/#primaryimage\"},\"thumbnailUrl\":\"https:\/\/www.auditorium.com\/wp-content\/uploads\/2023\/03\/tete_de_bois177-scaled.jpg\",\"datePublished\":\"2023-03-03T10:20:53+00:00\",\"dateModified\":\"2023-03-16T08:25:02+00:00\",\"description\":\"Torna all\u2019Auditorium Parco della Musica Ennio Morricone la festa del libro e della Lettura. Scopri il programma.\",\"breadcrumb\":{\"@id\":\"https:\/\/www.auditorium.com\/it\/event\/massimo-pasquini-con-tetes-de-bois\/#breadcrumb\"},\"inLanguage\":\"it-IT\",\"potentialAction\":[{\"@type\":\"ReadAction\",\"target\":[\"https:\/\/www.auditorium.com\/it\/event\/massimo-pasquini-con-tetes-de-bois\/\"]}]},{\"@type\":\"ImageObject\",\"inLanguage\":\"it-IT\",\"@id\":\"https:\/\/www.auditorium.com\/it\/event\/massimo-pasquini-con-tetes-de-bois\/#primaryimage\",\"url\":\"https:\/\/www.auditorium.com\/wp-content\/uploads\/2023\/03\/tete_de_bois177-scaled.jpg\",\"contentUrl\":\"https:\/\/www.auditorium.com\/wp-content\/uploads\/2023\/03\/tete_de_bois177-scaled.jpg\",\"width\":2560,\"height\":1475,\"caption\":\"Roma, Auditorium Parco della Musica 21 11 2012 Tetes de Bois: 'Mai di moda - Since 1992' \u00a9Musacchio &amp; Ianniello ******************************************************** NB la presente foto puo' essere utilizzata esclusivamente per l' avvenimento in oggetto o per pubblicazioni riguardanti la Fondazione Musica per Roma ********************************************************\"},{\"@type\":\"BreadcrumbList\",\"@id\":\"https:\/\/www.auditorium.com\/it\/event\/massimo-pasquini-con-tetes-de-bois\/#breadcrumb\",\"itemListElement\":[{\"@type\":\"ListItem\",\"position\":1,\"name\":\"Home\",\"item\":\"https:\/\/www.auditorium.com\/it\/\"},{\"@type\":\"ListItem\",\"position\":2,\"name\":\"Massimo Pasquini con T\u00eates de Bois &#8211; &#8221; La strada, il palco e i pedali. Trent&#8217;anni di storie dei T\u00eates de Bois&#8221;\"}]},{\"@type\":\"WebSite\",\"@id\":\"https:\/\/www.auditorium.com\/it\/#website\",\"url\":\"https:\/\/www.auditorium.com\/it\/\",\"name\":\"Auditorium Parco della Musica Ennio Morricone\",\"description\":\"Progettato da Renzo Piano, l&#039;Auditorium rappresenta una sofisticata architettura musicale e uno straordinario intervento di riqualificazione urbana.\",\"publisher\":{\"@id\":\"https:\/\/www.auditorium.com\/it\/#organization\"},\"potentialAction\":[{\"@type\":\"SearchAction\",\"target\":{\"@type\":\"EntryPoint\",\"urlTemplate\":\"https:\/\/www.auditorium.com\/it\/?s={search_term_string}\"},\"query-input\":\"required name=search_term_string\"}],\"inLanguage\":\"it-IT\"},{\"@type\":\"Organization\",\"@id\":\"https:\/\/www.auditorium.com\/it\/#organization\",\"name\":\"Auditorium Parco della Musica Ennio Morricone\",\"url\":\"https:\/\/www.auditorium.com\/it\/\",\"logo\":{\"@type\":\"ImageObject\",\"inLanguage\":\"it-IT\",\"@id\":\"https:\/\/www.auditorium.com\/it\/#\/schema\/logo\/image\/\",\"url\":\"https:\/\/www.auditorium.com\/wp-content\/uploads\/2022\/12\/logo-auditorium.svg\",\"contentUrl\":\"https:\/\/www.auditorium.com\/wp-content\/uploads\/2022\/12\/logo-auditorium.svg\",\"width\":86,\"height\":79,\"caption\":\"Auditorium Parco della Musica Ennio Morricone\"},\"image\":{\"@id\":\"https:\/\/www.auditorium.com\/it\/#\/schema\/logo\/image\/\"},\"sameAs\":[\"https:\/\/www.facebook.com\/AuditoriumParcodellaMusica\",\"https:\/\/x.com\/auditoriumpdm\",\"https:\/\/www.instagram.com\/auditoriumparcodellamusica\/\"]}]}<\/script>\n<!-- \/ Yoast SEO plugin. -->","yoast_head_json":{"title":"Massimo Pasquini con T\u00eates de Bois - \" La strada, il palco e i pedali. Trent'anni di storie dei T\u00eates de Bois\" | Auditorium Parco della Musica Ennio Morricone","description":"Torna all\u2019Auditorium Parco della Musica Ennio Morricone la festa del libro e della Lettura. Scopri il programma.","robots":{"index":"index","follow":"follow","max-snippet":"max-snippet:-1","max-image-preview":"max-image-preview:large","max-video-preview":"max-video-preview:-1"},"canonical":"https:\/\/www.auditorium.com\/it\/event\/massimo-pasquini-con-tetes-de-bois\/","og_locale":"it_IT","og_type":"article","og_title":"Massimo Pasquini con T\u00eates de Bois - \" La strada, il palco e i pedali. Trent'anni di storie dei T\u00eates de Bois\" | Auditorium Parco della Musica Ennio Morricone","og_description":"Torna all\u2019Auditorium Parco della Musica Ennio Morricone la festa del libro e della Lettura. Scopri il programma.","og_url":"https:\/\/www.auditorium.com\/it\/event\/massimo-pasquini-con-tetes-de-bois\/","og_site_name":"Auditorium Parco della Musica Ennio Morricone","article_publisher":"https:\/\/www.facebook.com\/AuditoriumParcodellaMusica","article_modified_time":"2023-03-16T08:25:02+00:00","og_image":[{"width":2560,"height":1475,"url":"https:\/\/www.auditorium.com\/wp-content\/uploads\/2023\/03\/tete_de_bois177-scaled.jpg","type":"image\/jpeg"}],"twitter_card":"summary_large_image","twitter_site":"@auditoriumpdm","twitter_misc":{"Tempo di lettura stimato":"1 minuto"},"schema":{"@context":"https:\/\/schema.org","@graph":[{"@type":"WebPage","@id":"https:\/\/www.auditorium.com\/it\/event\/massimo-pasquini-con-tetes-de-bois\/","url":"https:\/\/www.auditorium.com\/it\/event\/massimo-pasquini-con-tetes-de-bois\/","name":"Massimo Pasquini con T\u00eates de Bois - \" La strada, il palco e i pedali. Trent'anni di storie dei T\u00eates de Bois\" | Auditorium Parco della Musica Ennio Morricone","isPartOf":{"@id":"https:\/\/www.auditorium.com\/it\/#website"},"primaryImageOfPage":{"@id":"https:\/\/www.auditorium.com\/it\/event\/massimo-pasquini-con-tetes-de-bois\/#primaryimage"},"image":{"@id":"https:\/\/www.auditorium.com\/it\/event\/massimo-pasquini-con-tetes-de-bois\/#primaryimage"},"thumbnailUrl":"https:\/\/www.auditorium.com\/wp-content\/uploads\/2023\/03\/tete_de_bois177-scaled.jpg","datePublished":"2023-03-03T10:20:53+00:00","dateModified":"2023-03-16T08:25:02+00:00","description":"Torna all\u2019Auditorium Parco della Musica Ennio Morricone la festa del libro e della Lettura. Scopri il programma.","breadcrumb":{"@id":"https:\/\/www.auditorium.com\/it\/event\/massimo-pasquini-con-tetes-de-bois\/#breadcrumb"},"inLanguage":"it-IT","potentialAction":[{"@type":"ReadAction","target":["https:\/\/www.auditorium.com\/it\/event\/massimo-pasquini-con-tetes-de-bois\/"]}]},{"@type":"ImageObject","inLanguage":"it-IT","@id":"https:\/\/www.auditorium.com\/it\/event\/massimo-pasquini-con-tetes-de-bois\/#primaryimage","url":"https:\/\/www.auditorium.com\/wp-content\/uploads\/2023\/03\/tete_de_bois177-scaled.jpg","contentUrl":"https:\/\/www.auditorium.com\/wp-content\/uploads\/2023\/03\/tete_de_bois177-scaled.jpg","width":2560,"height":1475,"caption":"Roma, Auditorium Parco della Musica 21 11 2012 Tetes de Bois: 'Mai di moda - Since 1992' \u00a9Musacchio &amp; Ianniello ******************************************************** NB la presente foto puo' essere utilizzata esclusivamente per l' avvenimento in oggetto o per pubblicazioni riguardanti la Fondazione Musica per Roma ********************************************************"},{"@type":"BreadcrumbList","@id":"https:\/\/www.auditorium.com\/it\/event\/massimo-pasquini-con-tetes-de-bois\/#breadcrumb","itemListElement":[{"@type":"ListItem","position":1,"name":"Home","item":"https:\/\/www.auditorium.com\/it\/"},{"@type":"ListItem","position":2,"name":"Massimo Pasquini con T\u00eates de Bois &#8211; &#8221; La strada, il palco e i pedali. Trent&#8217;anni di storie dei T\u00eates de Bois&#8221;"}]},{"@type":"WebSite","@id":"https:\/\/www.auditorium.com\/it\/#website","url":"https:\/\/www.auditorium.com\/it\/","name":"Auditorium Parco della Musica Ennio Morricone","description":"Progettato da Renzo Piano, l&#039;Auditorium rappresenta una sofisticata architettura musicale e uno straordinario intervento di riqualificazione urbana.","publisher":{"@id":"https:\/\/www.auditorium.com\/it\/#organization"},"potentialAction":[{"@type":"SearchAction","target":{"@type":"EntryPoint","urlTemplate":"https:\/\/www.auditorium.com\/it\/?s={search_term_string}"},"query-input":"required name=search_term_string"}],"inLanguage":"it-IT"},{"@type":"Organization","@id":"https:\/\/www.auditorium.com\/it\/#organization","name":"Auditorium Parco della Musica Ennio Morricone","url":"https:\/\/www.auditorium.com\/it\/","logo":{"@type":"ImageObject","inLanguage":"it-IT","@id":"https:\/\/www.auditorium.com\/it\/#\/schema\/logo\/image\/","url":"https:\/\/www.auditorium.com\/wp-content\/uploads\/2022\/12\/logo-auditorium.svg","contentUrl":"https:\/\/www.auditorium.com\/wp-content\/uploads\/2022\/12\/logo-auditorium.svg","width":86,"height":79,"caption":"Auditorium Parco della Musica Ennio Morricone"},"image":{"@id":"https:\/\/www.auditorium.com\/it\/#\/schema\/logo\/image\/"},"sameAs":["https:\/\/www.facebook.com\/AuditoriumParcodellaMusica","https:\/\/x.com\/auditoriumpdm","https:\/\/www.instagram.com\/auditoriumparcodellamusica\/"]}]}},"_links":{"self":[{"href":"https:\/\/www.auditorium.com\/it\/wp-json\/wp\/v2\/event\/3787","targetHints":{"allow":["GET"]}}],"collection":[{"href":"https:\/\/www.auditorium.com\/it\/wp-json\/wp\/v2\/event"}],"about":[{"href":"https:\/\/www.auditorium.com\/it\/wp-json\/wp\/v2\/types\/event"}],"wp:featuredmedia":[{"embeddable":true,"href":"https:\/\/www.auditorium.com\/it\/wp-json\/wp\/v2\/media\/4051"}],"wp:attachment":[{"href":"https:\/\/www.auditorium.com\/it\/wp-json\/wp\/v2\/media?parent=3787"}],"wp:term":[{"taxonomy":"event_categories","embeddable":true,"href":"https:\/\/www.auditorium.com\/it\/wp-json\/wp\/v2\/event_categories?post=3787"},{"taxonomy":"event_genre","embeddable":true,"href":"https:\/\/www.auditorium.com\/it\/wp-json\/wp\/v2\/event_genre?post=3787"},{"taxonomy":"event_themes","embeddable":true,"href":"https:\/\/www.auditorium.com\/it\/wp-json\/wp\/v2\/event_themes?post=3787"},{"taxonomy":"event_format","embeddable":true,"href":"https:\/\/www.auditorium.com\/it\/wp-json\/wp\/v2\/event_format?post=3787"},{"taxonomy":"event_consigliati","embeddable":true,"href":"https:\/\/www.auditorium.com\/it\/wp-json\/wp\/v2\/event_consigliati?post=3787"}],"curies":[{"name":"wp","href":"https:\/\/api.w.org\/{rel}","templated":true}]}}