{"id":36088,"date":"2024-11-06T08:48:05","date_gmt":"2024-11-06T07:48:05","guid":{"rendered":"https:\/\/www.auditorium.com\/?post_type=event&#038;p=36088"},"modified":"2024-12-02T13:23:25","modified_gmt":"2024-12-02T12:23:25","slug":"abbondanza-bertoni-viro","status":"publish","type":"event","link":"https:\/\/www.auditorium.com\/it\/event\/abbondanza-bertoni-viro\/","title":{"rendered":"Abbondanza\/Bertoni \u2013 &#8220;Viro&#8221;"},"content":{"rendered":"<p>TEATRO PALLADIUM- ROMA<\/p>\n<p>&nbsp;<\/p>\n<p style=\"font-weight: 400;\"><strong><em>Viro<\/em> di Abbondanza\/Bertoni<\/strong><\/p>\n<p style=\"font-weight: 400;\"><strong>Presentato da ORBITA | Spellbound Centro Nazionale di Produzione della Danza in collaborazione con Fondazione Musica per Roma &#8211; Festival Equilibrio<\/strong><\/p>\n<p style=\"font-weight: 400;\">Di: Michele Abbondanza E Antonella Bertoni<br \/>\nCoreografia: Antonella Bertoni<br \/>\nRegia: Michele Abbondanza<br \/>\nCon: Cristian Cucco E Filippo Porro<br \/>\nDisegno luci: Andrea Gentili<br \/>\nDirezione tecnica; Claudio Modugno<br \/>\nMusiche: Byetone \u2013 Death Of A Typographer<br \/>\nSound Design; Giacomo Plotegher<br \/>\nConsulenza musicale: Marco Dalpane<br \/>\nOrganizzazione, strategia e sviluppo: Dalia Macii<br \/>\nAmministrazione e coordinamento: Francesca Leonelli<br \/>\nComunicazione e Ufficio Stampa: Francesca Venezia<br \/>\nProduzione: Compagnia Abbondanza\/Bertoni<br \/>\nCon il Sostegno Di Mic &#8211; Ministero Della Cultura, Provincia Autonoma Di Trento, Comune Di Rovereto, Fondazione Cassa Di Risparmio Di Trento E Rovereto<br \/>\nCon il contributo Di Cassa Rurale Vallagarina Bcc<br \/>\nSi ringrazia Danio Manfredini, Nadezhda Simenova, Orlando Cainelli<\/p>\n<p style=\"font-weight: 400;\"><em>Viro <\/em>\u00e8 un mostro, una creatura tagliata in due che ignara dello scisma, amplifica sdoppiandosi, la sua natura eroicamente autocompiaciuta e depressa. Moderno ferito centauro, contemporaneamente tata tatillo tatone*, virile e virale perch\u00e9 splendidamente banale; bello, sbarbato e ben pettinato, bipolarmente orientato, trascina le sue due parti in una sinergica continuit\u00e0 fisicamente sgrammaticata; con velleitaria movenza elegantemente chip, sciorina buone maniere da social e nel tormento di un pressante ritmo sonoro, agisce i suoi tic gestuali senza mai scomporre il grigio canna di fucile della capigliatura. Con i suoi pensieri, spettinati quelli s\u00ec, sfida gli interpreti e le loro maschere nel ciclo continuo dell\u2019incarnarsi in forme nuove, attraverso il destino di una partitura spietata, del resto accessibile ed esigibile solo in uno stato di apnea creativa, unico lasciapassare verso il nuovo stato di coscienza gemellare e lobotomizzato. Blasfemo offertorio di un\u2019eucarestia ribaltata di carne che diventa ostensione maschile senza soffio e spirito, inessenziale e vuota.<\/p>\n<p style=\"font-weight: 400;\">*Tata, tatillo, tatone=(Reg) I tre nomi sono impiegati nella lingua napoletana, per designare la figura paterna, seppur con alcune oscillazioni di significato.\u00a0 (Michele Abbondanza)<\/p>\n<p style=\"font-weight: 400;\">Dal 1989 <strong>Michele Abbondanza <\/strong>e <strong>Antonella Bertoni <\/strong>hanno tracciato un cammino che oggi li identifica indiscutibilmente come i maestri del teatro danza italiano. Con la Compagnia Abbondanza\/Bertoni hanno esplorato le pi\u00f9 diverse poetiche pur rimanendo sempre fedeli a un loro personalissimo e riconoscibile vocabolario coreografico e umano. Stanziali dal 2005 al <strong>Teatro alla Cartiera <\/strong>di Rovereto, ma sempre erranti nell\u2019animo, Michele e Antonella muovono la loro danza dall\u2019urgenza di dare forma a una visione che, attingendo a diverse esperienze, da quella con <strong>Alwin Nikolais <\/strong>agli studi con <strong>Dominique Dupuy<\/strong>, passando per il lavoro con <strong>Carolyn Carlson <\/strong>e per la <strong>pratica dello zen<\/strong>, contrappone immagini, corpi e suoni che vibrano attorno a un concetto, a un\u2019idea. \u00c8 da questi moti dell\u2019animo che nascono di volta in volta i pi\u00f9 svariati progetti. Quelli per e con i bambini ad esempio, da quel <em>Romanzo d\u2019Infanzia <\/em>del 1997 che oggi conta oltre 700 repliche. La creazione in forma di <strong>trilogia<\/strong>, in cui la compagnia sembra trovare il proprio equilibrio. <em>Ho male all\u2019altro<\/em>, progetto quinquennale (2000-2005) sul tema del sacrificio per amore. Il progetto Biologico sulla fragilit\u00e0 dell\u2019umano: <em>Le fumatrici di pecore <\/em>(2010), <em>Il Ballo del Qua <\/em>(2012), spettacolo per adulti interpretato da giovanissimi performer dai 7 ai 10 anni, <em>Scena Madre <\/em>(2012), in cui Antonella danza con la madre Paola. Il progetto Poiesis (2017-2019) \u00e8 invece la musica a dettare la direzione, quella di Franz Schubert nel trio al femminile <em>La morte e la fanciulla<\/em>, Charles Mingus nel virile <em>Erectus <\/em>e Arnold Sch\u00f6nberg nell\u2019ultimo capitolo <em>Pell\u00e9as e M\u00e9lisande<\/em>. Nel 2021 nasce <em>Doppelg\u00e4nger<\/em>, un progetto che vede in scena Filippo Porro, danzatore e Francesco Mastrocinque, attore con disabilit\u00e0. Il lavoro d\u00e0 forma all&#8217;incontro tra i due interpreti e racconta il doppio. <em>Doppelg\u00e4nger<\/em>, \u00e8 nato dalla collaborazione tra la Compagnia e Nerval Teatro, due nuclei artistici che si sono incontrati nel solco tra arte e diversit\u00e0. Lo spettacolo \u00e8 riconosciuto con il <strong>Premio Ubu<\/strong> come &#8220;Miglior spettacolo di danza 2021&#8221;. Del 2022, <em>Idem &#8211; Io contengo moltitudini<\/em>, primo spettacolo della trilogia sull\u2019indagine dell\u2019identit\u00e0, seguito poi nel 2023 con lo spettacolo <em>Femina, <\/em>che ha ricevuto la candidatura al <strong>Premio Ubu<\/strong> nella categoria \u201cMigliore spettacolo di danza 2023\u201d. Chiude la trilogia <em>Viro<\/em>, produzione dell\u2019anno 2024.<\/p>\n<p style=\"font-weight: 400;\">\n","protected":false},"excerpt":{"rendered":"TEATRO PALLADIUM- ROMA &nbsp; Viro di Abbondanza\/Bertoni Presentato da ORBITA | Spellbound Centro Nazionale di Produzione della Danza in collaborazione con Fondazione Musica per Roma &#8211; Festival Equilibrio Di: Michele Abbondanza E Antonella Bertoni Coreografia: Antonella Bertoni Regia: Michele Abbondanza Con: Cristian Cucco E Filippo Porro Disegno luci: Andrea Gentili Direzione tecnica; Claudio Modugno Musiche: [&hellip;]","protected":false},"featured_media":36089,"template":"","meta":{"_acf_changed":false,"inline_featured_image":false},"event_categories":[],"event_genre":[68],"event_themes":[],"event_format":[],"event_consigliati":[],"class_list":["post-36088","event","type-event","status-publish","has-post-thumbnail","hentry","event_genre-danza"],"acf":[],"yoast_head":"<!-- This site is optimized with the Yoast SEO plugin v22.6 - https:\/\/yoast.com\/wordpress\/plugins\/seo\/ -->\n<title>Abbondanza\/Bertoni \u2013 &quot;Viro&quot; | Auditorium Parco della Musica Ennio Morricone<\/title>\n<meta name=\"robots\" content=\"index, follow, max-snippet:-1, max-image-preview:large, max-video-preview:-1\" \/>\n<link rel=\"canonical\" href=\"https:\/\/www.auditorium.com\/it\/event\/abbondanza-bertoni-viro\/\" \/>\n<meta property=\"og:locale\" content=\"it_IT\" \/>\n<meta property=\"og:type\" content=\"article\" \/>\n<meta property=\"og:title\" content=\"Abbondanza\/Bertoni \u2013 &quot;Viro&quot; | Auditorium Parco della Musica Ennio Morricone\" \/>\n<meta property=\"og:description\" content=\"TEATRO PALLADIUM- ROMA &nbsp; Viro di Abbondanza\/Bertoni Presentato da ORBITA | Spellbound Centro Nazionale di Produzione della Danza in collaborazione con Fondazione Musica per Roma &#8211; Festival Equilibrio Di: Michele Abbondanza E Antonella Bertoni Coreografia: Antonella Bertoni Regia: Michele Abbondanza Con: Cristian Cucco E Filippo Porro Disegno luci: Andrea Gentili Direzione tecnica; Claudio Modugno Musiche: [&hellip;]\" \/>\n<meta property=\"og:url\" content=\"https:\/\/www.auditorium.com\/it\/event\/abbondanza-bertoni-viro\/\" \/>\n<meta property=\"og:site_name\" content=\"Auditorium Parco della Musica Ennio Morricone\" \/>\n<meta property=\"article:publisher\" content=\"https:\/\/www.facebook.com\/AuditoriumParcodellaMusica\" \/>\n<meta property=\"article:modified_time\" content=\"2024-12-02T12:23:25+00:00\" \/>\n<meta property=\"og:image\" content=\"https:\/\/www.auditorium.com\/wp-content\/uploads\/2024\/11\/Viro_Compagnia-Abbondanza-Bertoni_ph.-Tobia-Abbondanza_2-scaled.jpg\" \/>\n\t<meta property=\"og:image:width\" content=\"2560\" \/>\n\t<meta property=\"og:image:height\" content=\"1888\" \/>\n\t<meta property=\"og:image:type\" content=\"image\/jpeg\" \/>\n<meta name=\"twitter:card\" content=\"summary_large_image\" \/>\n<meta name=\"twitter:site\" content=\"@auditoriumpdm\" \/>\n<meta name=\"twitter:label1\" content=\"Tempo di lettura stimato\" \/>\n\t<meta name=\"twitter:data1\" content=\"4 minuti\" \/>\n<script type=\"application\/ld+json\" class=\"yoast-schema-graph\">{\"@context\":\"https:\/\/schema.org\",\"@graph\":[{\"@type\":\"WebPage\",\"@id\":\"https:\/\/www.auditorium.com\/it\/event\/abbondanza-bertoni-viro\/\",\"url\":\"https:\/\/www.auditorium.com\/it\/event\/abbondanza-bertoni-viro\/\",\"name\":\"Abbondanza\/Bertoni \u2013 \\\"Viro\\\" | Auditorium Parco della Musica Ennio Morricone\",\"isPartOf\":{\"@id\":\"https:\/\/www.auditorium.com\/it\/#website\"},\"primaryImageOfPage\":{\"@id\":\"https:\/\/www.auditorium.com\/it\/event\/abbondanza-bertoni-viro\/#primaryimage\"},\"image\":{\"@id\":\"https:\/\/www.auditorium.com\/it\/event\/abbondanza-bertoni-viro\/#primaryimage\"},\"thumbnailUrl\":\"https:\/\/www.auditorium.com\/wp-content\/uploads\/2024\/11\/Viro_Compagnia-Abbondanza-Bertoni_ph.-Tobia-Abbondanza_2-scaled.jpg\",\"datePublished\":\"2024-11-06T07:48:05+00:00\",\"dateModified\":\"2024-12-02T12:23:25+00:00\",\"breadcrumb\":{\"@id\":\"https:\/\/www.auditorium.com\/it\/event\/abbondanza-bertoni-viro\/#breadcrumb\"},\"inLanguage\":\"it-IT\",\"potentialAction\":[{\"@type\":\"ReadAction\",\"target\":[\"https:\/\/www.auditorium.com\/it\/event\/abbondanza-bertoni-viro\/\"]}]},{\"@type\":\"ImageObject\",\"inLanguage\":\"it-IT\",\"@id\":\"https:\/\/www.auditorium.com\/it\/event\/abbondanza-bertoni-viro\/#primaryimage\",\"url\":\"https:\/\/www.auditorium.com\/wp-content\/uploads\/2024\/11\/Viro_Compagnia-Abbondanza-Bertoni_ph.-Tobia-Abbondanza_2-scaled.jpg\",\"contentUrl\":\"https:\/\/www.auditorium.com\/wp-content\/uploads\/2024\/11\/Viro_Compagnia-Abbondanza-Bertoni_ph.-Tobia-Abbondanza_2-scaled.jpg\",\"width\":2560,\"height\":1888},{\"@type\":\"BreadcrumbList\",\"@id\":\"https:\/\/www.auditorium.com\/it\/event\/abbondanza-bertoni-viro\/#breadcrumb\",\"itemListElement\":[{\"@type\":\"ListItem\",\"position\":1,\"name\":\"Home\",\"item\":\"https:\/\/www.auditorium.com\/it\/\"},{\"@type\":\"ListItem\",\"position\":2,\"name\":\"Abbondanza\/Bertoni \u2013 &#8220;Viro&#8221;\"}]},{\"@type\":\"WebSite\",\"@id\":\"https:\/\/www.auditorium.com\/it\/#website\",\"url\":\"https:\/\/www.auditorium.com\/it\/\",\"name\":\"Auditorium Parco della Musica Ennio Morricone\",\"description\":\"Progettato da Renzo Piano, l&#039;Auditorium rappresenta una sofisticata architettura musicale e uno straordinario intervento di riqualificazione urbana.\",\"publisher\":{\"@id\":\"https:\/\/www.auditorium.com\/it\/#organization\"},\"potentialAction\":[{\"@type\":\"SearchAction\",\"target\":{\"@type\":\"EntryPoint\",\"urlTemplate\":\"https:\/\/www.auditorium.com\/it\/?s={search_term_string}\"},\"query-input\":\"required name=search_term_string\"}],\"inLanguage\":\"it-IT\"},{\"@type\":\"Organization\",\"@id\":\"https:\/\/www.auditorium.com\/it\/#organization\",\"name\":\"Auditorium Parco della Musica Ennio Morricone\",\"url\":\"https:\/\/www.auditorium.com\/it\/\",\"logo\":{\"@type\":\"ImageObject\",\"inLanguage\":\"it-IT\",\"@id\":\"https:\/\/www.auditorium.com\/it\/#\/schema\/logo\/image\/\",\"url\":\"https:\/\/www.auditorium.com\/wp-content\/uploads\/2022\/12\/logo-auditorium.svg\",\"contentUrl\":\"https:\/\/www.auditorium.com\/wp-content\/uploads\/2022\/12\/logo-auditorium.svg\",\"width\":86,\"height\":79,\"caption\":\"Auditorium Parco della Musica Ennio Morricone\"},\"image\":{\"@id\":\"https:\/\/www.auditorium.com\/it\/#\/schema\/logo\/image\/\"},\"sameAs\":[\"https:\/\/www.facebook.com\/AuditoriumParcodellaMusica\",\"https:\/\/x.com\/auditoriumpdm\",\"https:\/\/www.instagram.com\/auditoriumparcodellamusica\/\"]}]}<\/script>\n<!-- \/ Yoast SEO plugin. -->","yoast_head_json":{"title":"Abbondanza\/Bertoni \u2013 \"Viro\" | Auditorium Parco della Musica Ennio Morricone","robots":{"index":"index","follow":"follow","max-snippet":"max-snippet:-1","max-image-preview":"max-image-preview:large","max-video-preview":"max-video-preview:-1"},"canonical":"https:\/\/www.auditorium.com\/it\/event\/abbondanza-bertoni-viro\/","og_locale":"it_IT","og_type":"article","og_title":"Abbondanza\/Bertoni \u2013 \"Viro\" | Auditorium Parco della Musica Ennio Morricone","og_description":"TEATRO PALLADIUM- ROMA &nbsp; Viro di Abbondanza\/Bertoni Presentato da ORBITA | Spellbound Centro Nazionale di Produzione della Danza in collaborazione con Fondazione Musica per Roma &#8211; Festival Equilibrio Di: Michele Abbondanza E Antonella Bertoni Coreografia: Antonella Bertoni Regia: Michele Abbondanza Con: Cristian Cucco E Filippo Porro Disegno luci: Andrea Gentili Direzione tecnica; Claudio Modugno Musiche: [&hellip;]","og_url":"https:\/\/www.auditorium.com\/it\/event\/abbondanza-bertoni-viro\/","og_site_name":"Auditorium Parco della Musica Ennio Morricone","article_publisher":"https:\/\/www.facebook.com\/AuditoriumParcodellaMusica","article_modified_time":"2024-12-02T12:23:25+00:00","og_image":[{"width":2560,"height":1888,"url":"https:\/\/www.auditorium.com\/wp-content\/uploads\/2024\/11\/Viro_Compagnia-Abbondanza-Bertoni_ph.-Tobia-Abbondanza_2-scaled.jpg","type":"image\/jpeg"}],"twitter_card":"summary_large_image","twitter_site":"@auditoriumpdm","twitter_misc":{"Tempo di lettura stimato":"4 minuti"},"schema":{"@context":"https:\/\/schema.org","@graph":[{"@type":"WebPage","@id":"https:\/\/www.auditorium.com\/it\/event\/abbondanza-bertoni-viro\/","url":"https:\/\/www.auditorium.com\/it\/event\/abbondanza-bertoni-viro\/","name":"Abbondanza\/Bertoni \u2013 \"Viro\" | Auditorium Parco della Musica Ennio Morricone","isPartOf":{"@id":"https:\/\/www.auditorium.com\/it\/#website"},"primaryImageOfPage":{"@id":"https:\/\/www.auditorium.com\/it\/event\/abbondanza-bertoni-viro\/#primaryimage"},"image":{"@id":"https:\/\/www.auditorium.com\/it\/event\/abbondanza-bertoni-viro\/#primaryimage"},"thumbnailUrl":"https:\/\/www.auditorium.com\/wp-content\/uploads\/2024\/11\/Viro_Compagnia-Abbondanza-Bertoni_ph.-Tobia-Abbondanza_2-scaled.jpg","datePublished":"2024-11-06T07:48:05+00:00","dateModified":"2024-12-02T12:23:25+00:00","breadcrumb":{"@id":"https:\/\/www.auditorium.com\/it\/event\/abbondanza-bertoni-viro\/#breadcrumb"},"inLanguage":"it-IT","potentialAction":[{"@type":"ReadAction","target":["https:\/\/www.auditorium.com\/it\/event\/abbondanza-bertoni-viro\/"]}]},{"@type":"ImageObject","inLanguage":"it-IT","@id":"https:\/\/www.auditorium.com\/it\/event\/abbondanza-bertoni-viro\/#primaryimage","url":"https:\/\/www.auditorium.com\/wp-content\/uploads\/2024\/11\/Viro_Compagnia-Abbondanza-Bertoni_ph.-Tobia-Abbondanza_2-scaled.jpg","contentUrl":"https:\/\/www.auditorium.com\/wp-content\/uploads\/2024\/11\/Viro_Compagnia-Abbondanza-Bertoni_ph.-Tobia-Abbondanza_2-scaled.jpg","width":2560,"height":1888},{"@type":"BreadcrumbList","@id":"https:\/\/www.auditorium.com\/it\/event\/abbondanza-bertoni-viro\/#breadcrumb","itemListElement":[{"@type":"ListItem","position":1,"name":"Home","item":"https:\/\/www.auditorium.com\/it\/"},{"@type":"ListItem","position":2,"name":"Abbondanza\/Bertoni \u2013 &#8220;Viro&#8221;"}]},{"@type":"WebSite","@id":"https:\/\/www.auditorium.com\/it\/#website","url":"https:\/\/www.auditorium.com\/it\/","name":"Auditorium Parco della Musica Ennio Morricone","description":"Progettato da Renzo Piano, l&#039;Auditorium rappresenta una sofisticata architettura musicale e uno straordinario intervento di riqualificazione urbana.","publisher":{"@id":"https:\/\/www.auditorium.com\/it\/#organization"},"potentialAction":[{"@type":"SearchAction","target":{"@type":"EntryPoint","urlTemplate":"https:\/\/www.auditorium.com\/it\/?s={search_term_string}"},"query-input":"required name=search_term_string"}],"inLanguage":"it-IT"},{"@type":"Organization","@id":"https:\/\/www.auditorium.com\/it\/#organization","name":"Auditorium Parco della Musica Ennio Morricone","url":"https:\/\/www.auditorium.com\/it\/","logo":{"@type":"ImageObject","inLanguage":"it-IT","@id":"https:\/\/www.auditorium.com\/it\/#\/schema\/logo\/image\/","url":"https:\/\/www.auditorium.com\/wp-content\/uploads\/2022\/12\/logo-auditorium.svg","contentUrl":"https:\/\/www.auditorium.com\/wp-content\/uploads\/2022\/12\/logo-auditorium.svg","width":86,"height":79,"caption":"Auditorium Parco della Musica Ennio Morricone"},"image":{"@id":"https:\/\/www.auditorium.com\/it\/#\/schema\/logo\/image\/"},"sameAs":["https:\/\/www.facebook.com\/AuditoriumParcodellaMusica","https:\/\/x.com\/auditoriumpdm","https:\/\/www.instagram.com\/auditoriumparcodellamusica\/"]}]}},"_links":{"self":[{"href":"https:\/\/www.auditorium.com\/it\/wp-json\/wp\/v2\/event\/36088","targetHints":{"allow":["GET"]}}],"collection":[{"href":"https:\/\/www.auditorium.com\/it\/wp-json\/wp\/v2\/event"}],"about":[{"href":"https:\/\/www.auditorium.com\/it\/wp-json\/wp\/v2\/types\/event"}],"wp:featuredmedia":[{"embeddable":true,"href":"https:\/\/www.auditorium.com\/it\/wp-json\/wp\/v2\/media\/36089"}],"wp:attachment":[{"href":"https:\/\/www.auditorium.com\/it\/wp-json\/wp\/v2\/media?parent=36088"}],"wp:term":[{"taxonomy":"event_categories","embeddable":true,"href":"https:\/\/www.auditorium.com\/it\/wp-json\/wp\/v2\/event_categories?post=36088"},{"taxonomy":"event_genre","embeddable":true,"href":"https:\/\/www.auditorium.com\/it\/wp-json\/wp\/v2\/event_genre?post=36088"},{"taxonomy":"event_themes","embeddable":true,"href":"https:\/\/www.auditorium.com\/it\/wp-json\/wp\/v2\/event_themes?post=36088"},{"taxonomy":"event_format","embeddable":true,"href":"https:\/\/www.auditorium.com\/it\/wp-json\/wp\/v2\/event_format?post=36088"},{"taxonomy":"event_consigliati","embeddable":true,"href":"https:\/\/www.auditorium.com\/it\/wp-json\/wp\/v2\/event_consigliati?post=36088"}],"curies":[{"name":"wp","href":"https:\/\/api.w.org\/{rel}","templated":true}]}}