{"id":33954,"date":"2020-02-05T09:58:27","date_gmt":"2020-02-05T08:58:27","guid":{"rendered":"https:\/\/www.auditorium.com\/event\/musica-ben-riprodotta-e-distorsione-sonora-special-guest-riccardo-sinigallia\/"},"modified":"2020-02-05T09:58:27","modified_gmt":"2020-02-05T08:58:27","slug":"musica-ben-riprodotta-e-distorsione-sonora-special-guest-riccardo-sinigallia","status":"publish","type":"event","link":"https:\/\/www.auditorium.com\/it\/event\/musica-ben-riprodotta-e-distorsione-sonora-special-guest-riccardo-sinigallia\/","title":{"rendered":"Musica ben riprodotta e distorsione sonora.<br \/>\nSpecial guest Riccardo Sinigallia"},"content":{"rendered":"<div style=\"text-align: justify;\">Terzo appuntamento con <strong>AUDIOreview.<\/strong><strong>\u00a0\u00a0<\/strong>Anche se da vari anni la sua attivit\u00e0 primaria \u00e8 quella di cantautore, <strong>Riccardo Sinigallia<\/strong> \u00e8 anche produttore, componente del collettivo <strong>Deproducers<\/strong>, autore di colonne sonore ed ha una sua personale visione del lavoro di studio, dell\u2019audio hi-fi, del buono e del cattivo ascolto. Ce lo esporr\u00e0 personalmente. I redattori di AUDIOreview esploreranno inoltre il concetto di &#8220;distorsione&#8221; concetto patrimonio intuitivo di tutti gli esseri umani, che siano appassionati o specialisti.<br \/>\nLa redazione tecnica di AUDIOreview svilupper\u00e0 questo tema sia dal punto di vista teorico che pratico, facendo ascoltare sia segnali test che musicali distorti in modo differente per qualit\u00e0 e quantit\u00e0. Tra le prove proposte alcune saranno dedicate anche alla fantomatica distorsione di fase, la cui udibilit\u00e0 \u00e8 controversa da sempre.<br \/>\n\u00a0<br \/>\n<strong>Sabato 8 febbraio\u00a0&#8211; Studio 2<\/strong><br \/>\n\u2022 Ore 15 &#8211; 17\u00a0\u00a0<br \/>\nQuale e quanta distorsione \u00e8 ammissibile all\u2019ascolto, inclusa la fantomatica distorsione di fase?<br \/>\n(A cura della redazione di AUDIOreview, con Fabrizio Montanucci e Mario Richard)<br \/>\n\u2022 Ore 17 &#8211; 19<br \/>\nLe creazioni pi\u00f9 significative di Riccardo Sinigallia illustrate e commentate da lui medesimo e da Federico Guglielmi, coordinatore della sezione musica di AUDIOreview.<\/div>\n","protected":false},"excerpt":{"rendered":"Terzo appuntamento con AUDIOreview.\u00a0\u00a0Anche se da vari anni la sua attivit\u00e0 primaria \u00e8 quella di cantautore, Riccardo Sinigallia \u00e8 anche produttore, componente del collettivo Deproducers, autore di colonne sonore ed ha una sua personale visione del lavoro di studio, dell\u2019audio hi-fi, del buono e del cattivo ascolto. Ce lo esporr\u00e0 personalmente. I redattori di AUDIOreview [&hellip;]","protected":false},"featured_media":33955,"template":"","meta":{"_acf_changed":false,"inline_featured_image":false},"event_categories":[218],"event_genre":[],"event_themes":[],"event_format":[],"event_consigliati":[],"class_list":["post-33954","event","type-event","status-publish","has-post-thumbnail","hentry","event_categories-incontri"],"acf":[],"yoast_head":"<!-- This site is optimized with the Yoast SEO plugin v22.6 - https:\/\/yoast.com\/wordpress\/plugins\/seo\/ -->\n<title>Musica ben riprodotta e distorsione sonora. Special guest Riccardo Sinigallia | Auditorium Parco della Musica Ennio Morricone<\/title>\n<meta name=\"robots\" content=\"index, follow, max-snippet:-1, max-image-preview:large, max-video-preview:-1\" \/>\n<link rel=\"canonical\" href=\"https:\/\/www.auditorium.com\/it\/event\/musica-ben-riprodotta-e-distorsione-sonora-special-guest-riccardo-sinigallia\/\" \/>\n<meta property=\"og:locale\" content=\"it_IT\" \/>\n<meta property=\"og:type\" content=\"article\" \/>\n<meta property=\"og:title\" content=\"Musica ben riprodotta e distorsione sonora. Special guest Riccardo Sinigallia | Auditorium Parco della Musica Ennio Morricone\" \/>\n<meta property=\"og:description\" content=\"Terzo appuntamento con AUDIOreview.\u00a0\u00a0Anche se da vari anni la sua attivit\u00e0 primaria \u00e8 quella di cantautore, Riccardo Sinigallia \u00e8 anche produttore, componente del collettivo Deproducers, autore di colonne sonore ed ha una sua personale visione del lavoro di studio, dell\u2019audio hi-fi, del buono e del cattivo ascolto. Ce lo esporr\u00e0 personalmente. I redattori di AUDIOreview [&hellip;]\" \/>\n<meta property=\"og:url\" content=\"https:\/\/www.auditorium.com\/it\/event\/musica-ben-riprodotta-e-distorsione-sonora-special-guest-riccardo-sinigallia\/\" \/>\n<meta property=\"og:site_name\" content=\"Auditorium Parco della Musica Ennio Morricone\" \/>\n<meta property=\"article:publisher\" content=\"https:\/\/www.facebook.com\/AuditoriumParcodellaMusica\" \/>\n<meta property=\"og:image\" content=\"https:\/\/www.auditorium.com\/wp-content\/uploads\/2024\/09\/22046_riccardo_sinigallia.jpg\" \/>\n\t<meta property=\"og:image:width\" content=\"1920\" \/>\n\t<meta property=\"og:image:height\" content=\"860\" \/>\n\t<meta property=\"og:image:type\" content=\"image\/jpeg\" \/>\n<meta name=\"twitter:card\" content=\"summary_large_image\" \/>\n<meta name=\"twitter:site\" content=\"@auditoriumpdm\" \/>\n<meta name=\"twitter:label1\" content=\"Tempo di lettura stimato\" \/>\n\t<meta name=\"twitter:data1\" content=\"1 minuto\" \/>\n<script type=\"application\/ld+json\" class=\"yoast-schema-graph\">{\"@context\":\"https:\/\/schema.org\",\"@graph\":[{\"@type\":\"WebPage\",\"@id\":\"https:\/\/www.auditorium.com\/it\/event\/musica-ben-riprodotta-e-distorsione-sonora-special-guest-riccardo-sinigallia\/\",\"url\":\"https:\/\/www.auditorium.com\/it\/event\/musica-ben-riprodotta-e-distorsione-sonora-special-guest-riccardo-sinigallia\/\",\"name\":\"Musica ben riprodotta e distorsione sonora. Special guest Riccardo Sinigallia | Auditorium Parco della Musica Ennio Morricone\",\"isPartOf\":{\"@id\":\"https:\/\/www.auditorium.com\/it\/#website\"},\"primaryImageOfPage\":{\"@id\":\"https:\/\/www.auditorium.com\/it\/event\/musica-ben-riprodotta-e-distorsione-sonora-special-guest-riccardo-sinigallia\/#primaryimage\"},\"image\":{\"@id\":\"https:\/\/www.auditorium.com\/it\/event\/musica-ben-riprodotta-e-distorsione-sonora-special-guest-riccardo-sinigallia\/#primaryimage\"},\"thumbnailUrl\":\"https:\/\/www.auditorium.com\/wp-content\/uploads\/2024\/09\/22046_riccardo_sinigallia.jpg\",\"datePublished\":\"2020-02-05T08:58:27+00:00\",\"dateModified\":\"2020-02-05T08:58:27+00:00\",\"breadcrumb\":{\"@id\":\"https:\/\/www.auditorium.com\/it\/event\/musica-ben-riprodotta-e-distorsione-sonora-special-guest-riccardo-sinigallia\/#breadcrumb\"},\"inLanguage\":\"it-IT\",\"potentialAction\":[{\"@type\":\"ReadAction\",\"target\":[\"https:\/\/www.auditorium.com\/it\/event\/musica-ben-riprodotta-e-distorsione-sonora-special-guest-riccardo-sinigallia\/\"]}]},{\"@type\":\"ImageObject\",\"inLanguage\":\"it-IT\",\"@id\":\"https:\/\/www.auditorium.com\/it\/event\/musica-ben-riprodotta-e-distorsione-sonora-special-guest-riccardo-sinigallia\/#primaryimage\",\"url\":\"https:\/\/www.auditorium.com\/wp-content\/uploads\/2024\/09\/22046_riccardo_sinigallia.jpg\",\"contentUrl\":\"https:\/\/www.auditorium.com\/wp-content\/uploads\/2024\/09\/22046_riccardo_sinigallia.jpg\",\"width\":1920,\"height\":860},{\"@type\":\"BreadcrumbList\",\"@id\":\"https:\/\/www.auditorium.com\/it\/event\/musica-ben-riprodotta-e-distorsione-sonora-special-guest-riccardo-sinigallia\/#breadcrumb\",\"itemListElement\":[{\"@type\":\"ListItem\",\"position\":1,\"name\":\"Home\",\"item\":\"https:\/\/www.auditorium.com\/it\/\"},{\"@type\":\"ListItem\",\"position\":2,\"name\":\"Musica ben riprodotta e distorsione sonora. Special guest Riccardo Sinigallia\"}]},{\"@type\":\"WebSite\",\"@id\":\"https:\/\/www.auditorium.com\/it\/#website\",\"url\":\"https:\/\/www.auditorium.com\/it\/\",\"name\":\"Auditorium Parco della Musica Ennio Morricone\",\"description\":\"Progettato da Renzo Piano, l&#039;Auditorium rappresenta una sofisticata architettura musicale e uno straordinario intervento di riqualificazione urbana.\",\"publisher\":{\"@id\":\"https:\/\/www.auditorium.com\/it\/#organization\"},\"potentialAction\":[{\"@type\":\"SearchAction\",\"target\":{\"@type\":\"EntryPoint\",\"urlTemplate\":\"https:\/\/www.auditorium.com\/it\/?s={search_term_string}\"},\"query-input\":\"required name=search_term_string\"}],\"inLanguage\":\"it-IT\"},{\"@type\":\"Organization\",\"@id\":\"https:\/\/www.auditorium.com\/it\/#organization\",\"name\":\"Auditorium Parco della Musica Ennio Morricone\",\"url\":\"https:\/\/www.auditorium.com\/it\/\",\"logo\":{\"@type\":\"ImageObject\",\"inLanguage\":\"it-IT\",\"@id\":\"https:\/\/www.auditorium.com\/it\/#\/schema\/logo\/image\/\",\"url\":\"https:\/\/www.auditorium.com\/wp-content\/uploads\/2022\/12\/logo-auditorium.svg\",\"contentUrl\":\"https:\/\/www.auditorium.com\/wp-content\/uploads\/2022\/12\/logo-auditorium.svg\",\"width\":86,\"height\":79,\"caption\":\"Auditorium Parco della Musica Ennio Morricone\"},\"image\":{\"@id\":\"https:\/\/www.auditorium.com\/it\/#\/schema\/logo\/image\/\"},\"sameAs\":[\"https:\/\/www.facebook.com\/AuditoriumParcodellaMusica\",\"https:\/\/x.com\/auditoriumpdm\",\"https:\/\/www.instagram.com\/auditoriumparcodellamusica\/\"]}]}<\/script>\n<!-- \/ Yoast SEO plugin. -->","yoast_head_json":{"title":"Musica ben riprodotta e distorsione sonora. Special guest Riccardo Sinigallia | Auditorium Parco della Musica Ennio Morricone","robots":{"index":"index","follow":"follow","max-snippet":"max-snippet:-1","max-image-preview":"max-image-preview:large","max-video-preview":"max-video-preview:-1"},"canonical":"https:\/\/www.auditorium.com\/it\/event\/musica-ben-riprodotta-e-distorsione-sonora-special-guest-riccardo-sinigallia\/","og_locale":"it_IT","og_type":"article","og_title":"Musica ben riprodotta e distorsione sonora. Special guest Riccardo Sinigallia | Auditorium Parco della Musica Ennio Morricone","og_description":"Terzo appuntamento con AUDIOreview.\u00a0\u00a0Anche se da vari anni la sua attivit\u00e0 primaria \u00e8 quella di cantautore, Riccardo Sinigallia \u00e8 anche produttore, componente del collettivo Deproducers, autore di colonne sonore ed ha una sua personale visione del lavoro di studio, dell\u2019audio hi-fi, del buono e del cattivo ascolto. Ce lo esporr\u00e0 personalmente. I redattori di AUDIOreview [&hellip;]","og_url":"https:\/\/www.auditorium.com\/it\/event\/musica-ben-riprodotta-e-distorsione-sonora-special-guest-riccardo-sinigallia\/","og_site_name":"Auditorium Parco della Musica Ennio Morricone","article_publisher":"https:\/\/www.facebook.com\/AuditoriumParcodellaMusica","og_image":[{"width":1920,"height":860,"url":"https:\/\/www.auditorium.com\/wp-content\/uploads\/2024\/09\/22046_riccardo_sinigallia.jpg","type":"image\/jpeg"}],"twitter_card":"summary_large_image","twitter_site":"@auditoriumpdm","twitter_misc":{"Tempo di lettura stimato":"1 minuto"},"schema":{"@context":"https:\/\/schema.org","@graph":[{"@type":"WebPage","@id":"https:\/\/www.auditorium.com\/it\/event\/musica-ben-riprodotta-e-distorsione-sonora-special-guest-riccardo-sinigallia\/","url":"https:\/\/www.auditorium.com\/it\/event\/musica-ben-riprodotta-e-distorsione-sonora-special-guest-riccardo-sinigallia\/","name":"Musica ben riprodotta e distorsione sonora. Special guest Riccardo Sinigallia | Auditorium Parco della Musica Ennio Morricone","isPartOf":{"@id":"https:\/\/www.auditorium.com\/it\/#website"},"primaryImageOfPage":{"@id":"https:\/\/www.auditorium.com\/it\/event\/musica-ben-riprodotta-e-distorsione-sonora-special-guest-riccardo-sinigallia\/#primaryimage"},"image":{"@id":"https:\/\/www.auditorium.com\/it\/event\/musica-ben-riprodotta-e-distorsione-sonora-special-guest-riccardo-sinigallia\/#primaryimage"},"thumbnailUrl":"https:\/\/www.auditorium.com\/wp-content\/uploads\/2024\/09\/22046_riccardo_sinigallia.jpg","datePublished":"2020-02-05T08:58:27+00:00","dateModified":"2020-02-05T08:58:27+00:00","breadcrumb":{"@id":"https:\/\/www.auditorium.com\/it\/event\/musica-ben-riprodotta-e-distorsione-sonora-special-guest-riccardo-sinigallia\/#breadcrumb"},"inLanguage":"it-IT","potentialAction":[{"@type":"ReadAction","target":["https:\/\/www.auditorium.com\/it\/event\/musica-ben-riprodotta-e-distorsione-sonora-special-guest-riccardo-sinigallia\/"]}]},{"@type":"ImageObject","inLanguage":"it-IT","@id":"https:\/\/www.auditorium.com\/it\/event\/musica-ben-riprodotta-e-distorsione-sonora-special-guest-riccardo-sinigallia\/#primaryimage","url":"https:\/\/www.auditorium.com\/wp-content\/uploads\/2024\/09\/22046_riccardo_sinigallia.jpg","contentUrl":"https:\/\/www.auditorium.com\/wp-content\/uploads\/2024\/09\/22046_riccardo_sinigallia.jpg","width":1920,"height":860},{"@type":"BreadcrumbList","@id":"https:\/\/www.auditorium.com\/it\/event\/musica-ben-riprodotta-e-distorsione-sonora-special-guest-riccardo-sinigallia\/#breadcrumb","itemListElement":[{"@type":"ListItem","position":1,"name":"Home","item":"https:\/\/www.auditorium.com\/it\/"},{"@type":"ListItem","position":2,"name":"Musica ben riprodotta e distorsione sonora. Special guest Riccardo Sinigallia"}]},{"@type":"WebSite","@id":"https:\/\/www.auditorium.com\/it\/#website","url":"https:\/\/www.auditorium.com\/it\/","name":"Auditorium Parco della Musica Ennio Morricone","description":"Progettato da Renzo Piano, l&#039;Auditorium rappresenta una sofisticata architettura musicale e uno straordinario intervento di riqualificazione urbana.","publisher":{"@id":"https:\/\/www.auditorium.com\/it\/#organization"},"potentialAction":[{"@type":"SearchAction","target":{"@type":"EntryPoint","urlTemplate":"https:\/\/www.auditorium.com\/it\/?s={search_term_string}"},"query-input":"required name=search_term_string"}],"inLanguage":"it-IT"},{"@type":"Organization","@id":"https:\/\/www.auditorium.com\/it\/#organization","name":"Auditorium Parco della Musica Ennio Morricone","url":"https:\/\/www.auditorium.com\/it\/","logo":{"@type":"ImageObject","inLanguage":"it-IT","@id":"https:\/\/www.auditorium.com\/it\/#\/schema\/logo\/image\/","url":"https:\/\/www.auditorium.com\/wp-content\/uploads\/2022\/12\/logo-auditorium.svg","contentUrl":"https:\/\/www.auditorium.com\/wp-content\/uploads\/2022\/12\/logo-auditorium.svg","width":86,"height":79,"caption":"Auditorium Parco della Musica Ennio Morricone"},"image":{"@id":"https:\/\/www.auditorium.com\/it\/#\/schema\/logo\/image\/"},"sameAs":["https:\/\/www.facebook.com\/AuditoriumParcodellaMusica","https:\/\/x.com\/auditoriumpdm","https:\/\/www.instagram.com\/auditoriumparcodellamusica\/"]}]}},"_links":{"self":[{"href":"https:\/\/www.auditorium.com\/it\/wp-json\/wp\/v2\/event\/33954","targetHints":{"allow":["GET"]}}],"collection":[{"href":"https:\/\/www.auditorium.com\/it\/wp-json\/wp\/v2\/event"}],"about":[{"href":"https:\/\/www.auditorium.com\/it\/wp-json\/wp\/v2\/types\/event"}],"wp:featuredmedia":[{"embeddable":true,"href":"https:\/\/www.auditorium.com\/it\/wp-json\/wp\/v2\/media\/33955"}],"wp:attachment":[{"href":"https:\/\/www.auditorium.com\/it\/wp-json\/wp\/v2\/media?parent=33954"}],"wp:term":[{"taxonomy":"event_categories","embeddable":true,"href":"https:\/\/www.auditorium.com\/it\/wp-json\/wp\/v2\/event_categories?post=33954"},{"taxonomy":"event_genre","embeddable":true,"href":"https:\/\/www.auditorium.com\/it\/wp-json\/wp\/v2\/event_genre?post=33954"},{"taxonomy":"event_themes","embeddable":true,"href":"https:\/\/www.auditorium.com\/it\/wp-json\/wp\/v2\/event_themes?post=33954"},{"taxonomy":"event_format","embeddable":true,"href":"https:\/\/www.auditorium.com\/it\/wp-json\/wp\/v2\/event_format?post=33954"},{"taxonomy":"event_consigliati","embeddable":true,"href":"https:\/\/www.auditorium.com\/it\/wp-json\/wp\/v2\/event_consigliati?post=33954"}],"curies":[{"name":"wp","href":"https:\/\/api.w.org\/{rel}","templated":true}]}}