{"id":26365,"date":"2017-11-17T18:19:09","date_gmt":"2017-11-17T17:19:09","guid":{"rendered":"https:\/\/www.auditorium.com\/event\/eleonora-abbagnato-e-le-stelle-dellopera-di-parigi\/"},"modified":"2017-11-17T18:19:09","modified_gmt":"2017-11-17T17:19:09","slug":"eleonora-abbagnato-e-le-stelle-dellopera-di-parigi","status":"publish","type":"event","link":"https:\/\/www.auditorium.com\/it\/event\/eleonora-abbagnato-e-le-stelle-dellopera-di-parigi\/","title":{"rendered":"Eleonora Abbagnato e le stelle dell&#8217;Op\u00e9ra di Parigi"},"content":{"rendered":"<p>Fondazione Musica per Roma in collaborazione con Daniele Cipriani Entertainment presenta   <\/p>\n<p>L\u2019\u00e9toile de l\u2019Op\u00e9ra di Parigi, Eleonora Abbagnato danza per la prima volta all&#8217;Auditorium Parco della Musica insieme ai colleghi parigini, J\u00e9r\u00e9mie B\u00e9lingard, Aur\u00e9lie Dupont,  Nicolas Le Riche, Clairemarie Osta, Benjamin Pech, e del Hamburg Ballett, Oleksandr Riabko e Silvia Azzoni, dell&#8217;Opera di Roma Silvia Amato e dell&#8217;Opera di Vienna Roman Lazik. Uno scintillante pav\u00e9 di stelle per il gala Eleonora Abbagnato e le Stelle dell\u2019Op\u00e9ra di Parigi, il balletto nelle sue pi\u00f9 seducenti declinazioni. Dagli intrecci amorosi di Jerome Robbins (In the Night), ai passi a due (da La dama delle camelie) creati dal demiurgo del balletto odierno, John Neumeier. Ad accentuare le atmosfere romantiche dei due balletti, le note di Chopin saranno eseguite dal vivo al pianoforte. L\u2019adrenalina degli spettatori verr\u00e0 sollecitata dalle firme pi\u00f9 elettrizzanti della coreografia internazionale: Angelin Preljocaj, (autore dello spiritoso Le Parc) e William Forsythe (Pas\/Parts), colui che fa convivere i codici del balletto classico con le inquietudini della danza  contemporanea.<\/p>\n","protected":false},"excerpt":{"rendered":"Fondazione Musica per Roma in collaborazione con Daniele Cipriani Entertainment presenta L\u2019\u00e9toile de l\u2019Op\u00e9ra di Parigi, Eleonora Abbagnato danza per la prima volta all&#8217;Auditorium Parco della Musica insieme ai colleghi parigini, J\u00e9r\u00e9mie B\u00e9lingard, Aur\u00e9lie Dupont, Nicolas Le Riche, Clairemarie Osta, Benjamin Pech, e del Hamburg Ballett, Oleksandr Riabko e Silvia Azzoni, dell&#8217;Opera di Roma Silvia [&hellip;]","protected":false},"featured_media":26366,"template":"","meta":{"_acf_changed":false,"inline_featured_image":false},"event_categories":[51],"event_genre":[],"event_themes":[],"event_format":[],"event_consigliati":[],"class_list":["post-26365","event","type-event","status-publish","has-post-thumbnail","hentry","event_categories-danza"],"acf":[],"yoast_head":"<!-- This site is optimized with the Yoast SEO plugin v22.6 - https:\/\/yoast.com\/wordpress\/plugins\/seo\/ -->\n<title>Eleonora Abbagnato e le stelle dell&#039;Op\u00e9ra di Parigi | Auditorium Parco della Musica Ennio Morricone<\/title>\n<meta name=\"robots\" content=\"index, follow, max-snippet:-1, max-image-preview:large, max-video-preview:-1\" \/>\n<link rel=\"canonical\" href=\"https:\/\/www.auditorium.com\/it\/event\/eleonora-abbagnato-e-le-stelle-dellopera-di-parigi\/\" \/>\n<meta property=\"og:locale\" content=\"it_IT\" \/>\n<meta property=\"og:type\" content=\"article\" \/>\n<meta property=\"og:title\" content=\"Eleonora Abbagnato e le stelle dell&#039;Op\u00e9ra di Parigi | Auditorium Parco della Musica Ennio Morricone\" \/>\n<meta property=\"og:description\" content=\"Fondazione Musica per Roma in collaborazione con Daniele Cipriani Entertainment presenta L\u2019\u00e9toile de l\u2019Op\u00e9ra di Parigi, Eleonora Abbagnato danza per la prima volta all&#8217;Auditorium Parco della Musica insieme ai colleghi parigini, J\u00e9r\u00e9mie B\u00e9lingard, Aur\u00e9lie Dupont, Nicolas Le Riche, Clairemarie Osta, Benjamin Pech, e del Hamburg Ballett, Oleksandr Riabko e Silvia Azzoni, dell&#8217;Opera di Roma Silvia [&hellip;]\" \/>\n<meta property=\"og:url\" content=\"https:\/\/www.auditorium.com\/it\/event\/eleonora-abbagnato-e-le-stelle-dellopera-di-parigi\/\" \/>\n<meta property=\"og:site_name\" content=\"Auditorium Parco della Musica Ennio Morricone\" \/>\n<meta property=\"article:publisher\" content=\"https:\/\/www.facebook.com\/AuditoriumParcodellaMusica\" \/>\n<meta property=\"og:image\" content=\"https:\/\/www.auditorium.com\/wp-content\/uploads\/2024\/09\/14967_eleonora_222_mu.jpg\" \/>\n\t<meta property=\"og:image:width\" content=\"1920\" \/>\n\t<meta property=\"og:image:height\" content=\"850\" \/>\n\t<meta property=\"og:image:type\" content=\"image\/jpeg\" \/>\n<meta name=\"twitter:card\" content=\"summary_large_image\" \/>\n<meta name=\"twitter:site\" content=\"@auditoriumpdm\" \/>\n<meta name=\"twitter:label1\" content=\"Tempo di lettura stimato\" \/>\n\t<meta name=\"twitter:data1\" content=\"1 minuto\" \/>\n<script type=\"application\/ld+json\" class=\"yoast-schema-graph\">{\"@context\":\"https:\/\/schema.org\",\"@graph\":[{\"@type\":\"WebPage\",\"@id\":\"https:\/\/www.auditorium.com\/it\/event\/eleonora-abbagnato-e-le-stelle-dellopera-di-parigi\/\",\"url\":\"https:\/\/www.auditorium.com\/it\/event\/eleonora-abbagnato-e-le-stelle-dellopera-di-parigi\/\",\"name\":\"Eleonora Abbagnato e le stelle dell'Op\u00e9ra di Parigi | Auditorium Parco della Musica Ennio Morricone\",\"isPartOf\":{\"@id\":\"https:\/\/www.auditorium.com\/it\/#website\"},\"primaryImageOfPage\":{\"@id\":\"https:\/\/www.auditorium.com\/it\/event\/eleonora-abbagnato-e-le-stelle-dellopera-di-parigi\/#primaryimage\"},\"image\":{\"@id\":\"https:\/\/www.auditorium.com\/it\/event\/eleonora-abbagnato-e-le-stelle-dellopera-di-parigi\/#primaryimage\"},\"thumbnailUrl\":\"https:\/\/www.auditorium.com\/wp-content\/uploads\/2024\/09\/14967_eleonora_222_mu.jpg\",\"datePublished\":\"2017-11-17T17:19:09+00:00\",\"dateModified\":\"2017-11-17T17:19:09+00:00\",\"breadcrumb\":{\"@id\":\"https:\/\/www.auditorium.com\/it\/event\/eleonora-abbagnato-e-le-stelle-dellopera-di-parigi\/#breadcrumb\"},\"inLanguage\":\"it-IT\",\"potentialAction\":[{\"@type\":\"ReadAction\",\"target\":[\"https:\/\/www.auditorium.com\/it\/event\/eleonora-abbagnato-e-le-stelle-dellopera-di-parigi\/\"]}]},{\"@type\":\"ImageObject\",\"inLanguage\":\"it-IT\",\"@id\":\"https:\/\/www.auditorium.com\/it\/event\/eleonora-abbagnato-e-le-stelle-dellopera-di-parigi\/#primaryimage\",\"url\":\"https:\/\/www.auditorium.com\/wp-content\/uploads\/2024\/09\/14967_eleonora_222_mu.jpg\",\"contentUrl\":\"https:\/\/www.auditorium.com\/wp-content\/uploads\/2024\/09\/14967_eleonora_222_mu.jpg\",\"width\":1920,\"height\":850},{\"@type\":\"BreadcrumbList\",\"@id\":\"https:\/\/www.auditorium.com\/it\/event\/eleonora-abbagnato-e-le-stelle-dellopera-di-parigi\/#breadcrumb\",\"itemListElement\":[{\"@type\":\"ListItem\",\"position\":1,\"name\":\"Home\",\"item\":\"https:\/\/www.auditorium.com\/it\/\"},{\"@type\":\"ListItem\",\"position\":2,\"name\":\"Eleonora Abbagnato e le stelle dell&#8217;Op\u00e9ra di Parigi\"}]},{\"@type\":\"WebSite\",\"@id\":\"https:\/\/www.auditorium.com\/it\/#website\",\"url\":\"https:\/\/www.auditorium.com\/it\/\",\"name\":\"Auditorium Parco della Musica Ennio Morricone\",\"description\":\"Progettato da Renzo Piano, l&#039;Auditorium rappresenta una sofisticata architettura musicale e uno straordinario intervento di riqualificazione urbana.\",\"publisher\":{\"@id\":\"https:\/\/www.auditorium.com\/it\/#organization\"},\"potentialAction\":[{\"@type\":\"SearchAction\",\"target\":{\"@type\":\"EntryPoint\",\"urlTemplate\":\"https:\/\/www.auditorium.com\/it\/?s={search_term_string}\"},\"query-input\":\"required name=search_term_string\"}],\"inLanguage\":\"it-IT\"},{\"@type\":\"Organization\",\"@id\":\"https:\/\/www.auditorium.com\/it\/#organization\",\"name\":\"Auditorium Parco della Musica Ennio Morricone\",\"url\":\"https:\/\/www.auditorium.com\/it\/\",\"logo\":{\"@type\":\"ImageObject\",\"inLanguage\":\"it-IT\",\"@id\":\"https:\/\/www.auditorium.com\/it\/#\/schema\/logo\/image\/\",\"url\":\"https:\/\/www.auditorium.com\/wp-content\/uploads\/2022\/12\/logo-auditorium.svg\",\"contentUrl\":\"https:\/\/www.auditorium.com\/wp-content\/uploads\/2022\/12\/logo-auditorium.svg\",\"width\":86,\"height\":79,\"caption\":\"Auditorium Parco della Musica Ennio Morricone\"},\"image\":{\"@id\":\"https:\/\/www.auditorium.com\/it\/#\/schema\/logo\/image\/\"},\"sameAs\":[\"https:\/\/www.facebook.com\/AuditoriumParcodellaMusica\",\"https:\/\/x.com\/auditoriumpdm\",\"https:\/\/www.instagram.com\/auditoriumparcodellamusica\/\"]}]}<\/script>\n<!-- \/ Yoast SEO plugin. -->","yoast_head_json":{"title":"Eleonora Abbagnato e le stelle dell'Op\u00e9ra di Parigi | Auditorium Parco della Musica Ennio Morricone","robots":{"index":"index","follow":"follow","max-snippet":"max-snippet:-1","max-image-preview":"max-image-preview:large","max-video-preview":"max-video-preview:-1"},"canonical":"https:\/\/www.auditorium.com\/it\/event\/eleonora-abbagnato-e-le-stelle-dellopera-di-parigi\/","og_locale":"it_IT","og_type":"article","og_title":"Eleonora Abbagnato e le stelle dell'Op\u00e9ra di Parigi | Auditorium Parco della Musica Ennio Morricone","og_description":"Fondazione Musica per Roma in collaborazione con Daniele Cipriani Entertainment presenta L\u2019\u00e9toile de l\u2019Op\u00e9ra di Parigi, Eleonora Abbagnato danza per la prima volta all&#8217;Auditorium Parco della Musica insieme ai colleghi parigini, J\u00e9r\u00e9mie B\u00e9lingard, Aur\u00e9lie Dupont, Nicolas Le Riche, Clairemarie Osta, Benjamin Pech, e del Hamburg Ballett, Oleksandr Riabko e Silvia Azzoni, dell&#8217;Opera di Roma Silvia [&hellip;]","og_url":"https:\/\/www.auditorium.com\/it\/event\/eleonora-abbagnato-e-le-stelle-dellopera-di-parigi\/","og_site_name":"Auditorium Parco della Musica Ennio Morricone","article_publisher":"https:\/\/www.facebook.com\/AuditoriumParcodellaMusica","og_image":[{"width":1920,"height":850,"url":"https:\/\/www.auditorium.com\/wp-content\/uploads\/2024\/09\/14967_eleonora_222_mu.jpg","type":"image\/jpeg"}],"twitter_card":"summary_large_image","twitter_site":"@auditoriumpdm","twitter_misc":{"Tempo di lettura stimato":"1 minuto"},"schema":{"@context":"https:\/\/schema.org","@graph":[{"@type":"WebPage","@id":"https:\/\/www.auditorium.com\/it\/event\/eleonora-abbagnato-e-le-stelle-dellopera-di-parigi\/","url":"https:\/\/www.auditorium.com\/it\/event\/eleonora-abbagnato-e-le-stelle-dellopera-di-parigi\/","name":"Eleonora Abbagnato e le stelle dell'Op\u00e9ra di Parigi | Auditorium Parco della Musica Ennio Morricone","isPartOf":{"@id":"https:\/\/www.auditorium.com\/it\/#website"},"primaryImageOfPage":{"@id":"https:\/\/www.auditorium.com\/it\/event\/eleonora-abbagnato-e-le-stelle-dellopera-di-parigi\/#primaryimage"},"image":{"@id":"https:\/\/www.auditorium.com\/it\/event\/eleonora-abbagnato-e-le-stelle-dellopera-di-parigi\/#primaryimage"},"thumbnailUrl":"https:\/\/www.auditorium.com\/wp-content\/uploads\/2024\/09\/14967_eleonora_222_mu.jpg","datePublished":"2017-11-17T17:19:09+00:00","dateModified":"2017-11-17T17:19:09+00:00","breadcrumb":{"@id":"https:\/\/www.auditorium.com\/it\/event\/eleonora-abbagnato-e-le-stelle-dellopera-di-parigi\/#breadcrumb"},"inLanguage":"it-IT","potentialAction":[{"@type":"ReadAction","target":["https:\/\/www.auditorium.com\/it\/event\/eleonora-abbagnato-e-le-stelle-dellopera-di-parigi\/"]}]},{"@type":"ImageObject","inLanguage":"it-IT","@id":"https:\/\/www.auditorium.com\/it\/event\/eleonora-abbagnato-e-le-stelle-dellopera-di-parigi\/#primaryimage","url":"https:\/\/www.auditorium.com\/wp-content\/uploads\/2024\/09\/14967_eleonora_222_mu.jpg","contentUrl":"https:\/\/www.auditorium.com\/wp-content\/uploads\/2024\/09\/14967_eleonora_222_mu.jpg","width":1920,"height":850},{"@type":"BreadcrumbList","@id":"https:\/\/www.auditorium.com\/it\/event\/eleonora-abbagnato-e-le-stelle-dellopera-di-parigi\/#breadcrumb","itemListElement":[{"@type":"ListItem","position":1,"name":"Home","item":"https:\/\/www.auditorium.com\/it\/"},{"@type":"ListItem","position":2,"name":"Eleonora Abbagnato e le stelle dell&#8217;Op\u00e9ra di Parigi"}]},{"@type":"WebSite","@id":"https:\/\/www.auditorium.com\/it\/#website","url":"https:\/\/www.auditorium.com\/it\/","name":"Auditorium Parco della Musica Ennio Morricone","description":"Progettato da Renzo Piano, l&#039;Auditorium rappresenta una sofisticata architettura musicale e uno straordinario intervento di riqualificazione urbana.","publisher":{"@id":"https:\/\/www.auditorium.com\/it\/#organization"},"potentialAction":[{"@type":"SearchAction","target":{"@type":"EntryPoint","urlTemplate":"https:\/\/www.auditorium.com\/it\/?s={search_term_string}"},"query-input":"required name=search_term_string"}],"inLanguage":"it-IT"},{"@type":"Organization","@id":"https:\/\/www.auditorium.com\/it\/#organization","name":"Auditorium Parco della Musica Ennio Morricone","url":"https:\/\/www.auditorium.com\/it\/","logo":{"@type":"ImageObject","inLanguage":"it-IT","@id":"https:\/\/www.auditorium.com\/it\/#\/schema\/logo\/image\/","url":"https:\/\/www.auditorium.com\/wp-content\/uploads\/2022\/12\/logo-auditorium.svg","contentUrl":"https:\/\/www.auditorium.com\/wp-content\/uploads\/2022\/12\/logo-auditorium.svg","width":86,"height":79,"caption":"Auditorium Parco della Musica Ennio Morricone"},"image":{"@id":"https:\/\/www.auditorium.com\/it\/#\/schema\/logo\/image\/"},"sameAs":["https:\/\/www.facebook.com\/AuditoriumParcodellaMusica","https:\/\/x.com\/auditoriumpdm","https:\/\/www.instagram.com\/auditoriumparcodellamusica\/"]}]}},"_links":{"self":[{"href":"https:\/\/www.auditorium.com\/it\/wp-json\/wp\/v2\/event\/26365","targetHints":{"allow":["GET"]}}],"collection":[{"href":"https:\/\/www.auditorium.com\/it\/wp-json\/wp\/v2\/event"}],"about":[{"href":"https:\/\/www.auditorium.com\/it\/wp-json\/wp\/v2\/types\/event"}],"wp:featuredmedia":[{"embeddable":true,"href":"https:\/\/www.auditorium.com\/it\/wp-json\/wp\/v2\/media\/26366"}],"wp:attachment":[{"href":"https:\/\/www.auditorium.com\/it\/wp-json\/wp\/v2\/media?parent=26365"}],"wp:term":[{"taxonomy":"event_categories","embeddable":true,"href":"https:\/\/www.auditorium.com\/it\/wp-json\/wp\/v2\/event_categories?post=26365"},{"taxonomy":"event_genre","embeddable":true,"href":"https:\/\/www.auditorium.com\/it\/wp-json\/wp\/v2\/event_genre?post=26365"},{"taxonomy":"event_themes","embeddable":true,"href":"https:\/\/www.auditorium.com\/it\/wp-json\/wp\/v2\/event_themes?post=26365"},{"taxonomy":"event_format","embeddable":true,"href":"https:\/\/www.auditorium.com\/it\/wp-json\/wp\/v2\/event_format?post=26365"},{"taxonomy":"event_consigliati","embeddable":true,"href":"https:\/\/www.auditorium.com\/it\/wp-json\/wp\/v2\/event_consigliati?post=26365"}],"curies":[{"name":"wp","href":"https:\/\/api.w.org\/{rel}","templated":true}]}}