{"id":24719,"date":"2017-11-28T14:21:53","date_gmt":"2017-11-28T13:21:53","guid":{"rendered":"https:\/\/www.auditorium.com\/event\/roberto-gatto-progressivamente\/"},"modified":"2017-11-28T14:21:53","modified_gmt":"2017-11-28T13:21:53","slug":"roberto-gatto-progressivamente","status":"publish","type":"event","link":"https:\/\/www.auditorium.com\/it\/event\/roberto-gatto-progressivamente\/","title":{"rendered":"Roberto Gatto &#8220;Progressivamente&#8221;"},"content":{"rendered":"<p>Fondazione Musica per Roma e International Music Festival Foundation presentano <\/p>\n<p>  Questo progetto fa parte di uno dei sogni nel cassetto che coltivo da diversi anni. Personalmente ho sempre amato le sfide e come sempre, mosso dall\u2019entusiasmo, ho accettato di tentare anche questa. Sono cresciuto ascoltando il jazz ma parallelamente sono sempre stato appassionato di Progressive, anzi a dire il vero \u00e8 grazie ad alcuni gruppi come i Soft Machine, Nucleus, Matching Mole che ho imparato a conoscere meglio il jazz afro-americano. In quegli anni ho avuto la fortuna di ascoltare dal vivo praticamente tutti i migliori rappresentanti di quella \u201cnuova\u201d musica che arrivava dall\u2019Inghilterra: Genesis, Van der Graaf Generator, Emerson Lake &#038; Palmer, King Crimson, Curved Air, Jethro Tull, Yes, ecc. La prima fase del lavoro ha riguardato la scelta dei brani, successivamente il lavoro di arrangiamento e in fine la scelta dei musicisti. Ho voluto coinvolgere musicisti che come me avessero vissuto quel momento musicale in quegli anni, ma anche musicisti pi\u00f9 giovani, che magari avessero un punto di vista e una chiave di lettura differenti. Il repertorio scelto comprende brani noti e altri meno, tratti da dischi dei King Crimson, Genesis, Matching Mole, Robert Wyatt, Pink Floyd, pi\u00f9 un brano originale e un momento di improvvisazione, cosa molto presente anche allora. I musicisti sono Maurizio Giammarco sax e flauto, Fabrizio Bosso Tromba, Gianluca Petrella Trombone, Luca Mannutza, keyboards, Francesco Puglisi Basso, Roberto Cecchetto chitarra, pi\u00f9 lo special guest John De Leo alla voce. Il tentativo sar\u00e0 sicuramente quello di attualizzare in forma contemporanea un affascinante e complesso patrimonio musicale ricco di spunti e molteplici sfumature, attraverso le diverse personalit\u00e0 dei musicisti coinvolti. Roberto Gatto<\/p>\n<p>Una batteria. Sembra poco, ma pu\u00f2 essere tantissimo. Non tanto perch\u00e9 Roberto Gatto, seduto dietro ai suoi tamburi ha saputo viaggiare per il mondo dei suoni come pochi, pochissimi altri hanno saputo fare, ma soprattutto perch\u00e9 non \u00e8 solo di ritmo, di percussioni, di battiti che si tratta. E forse non si tratta nemmeno solo di musica. Roberto Gatto \u00e8 infatti, un esploratore, un &#8220;ragazzo&#8221; che ha pensato di trasformare il suo strumento in una macchina in grado di muoversi nel tempo e nello spazio. No, non stiamo esagerando, perch\u00e9 Roberto, partendo dalla batteria, dal ritmo, dal battito, \u00e8 andato altrove, \u00e8 riuscito a superare le strette gabbie dei generi e degli stili, ha messo a disposizione il suo talento per aiutare quello degli altri, ha scritto, raccontato, sperimentato, visto, vissuto la musica in prima persona. E\u2019 partito dal jazz ma ha scoperto la musica, tutta la musica, quella pi\u00f9 raffinata e intransigente, quella pi\u00f9 leggera e cantabile, non ha avuto timore di mescolare le sue bacchette e la sua testa pensante a quella di molti musicisti e molto diversi tra loro.<\/p>\n","protected":false},"excerpt":{"rendered":"Fondazione Musica per Roma e International Music Festival Foundation presentano Questo progetto fa parte di uno dei sogni nel cassetto che coltivo da diversi anni. Personalmente ho sempre amato le sfide e come sempre, mosso dall\u2019entusiasmo, ho accettato di tentare anche questa. Sono cresciuto ascoltando il jazz ma parallelamente sono sempre stato appassionato di Progressive, [&hellip;]","protected":false},"featured_media":24720,"template":"","meta":{"_acf_changed":false,"inline_featured_image":false},"event_categories":[4],"event_genre":[],"event_themes":[],"event_format":[],"event_consigliati":[],"class_list":["post-24719","event","type-event","status-publish","has-post-thumbnail","hentry","event_categories-musica"],"acf":[],"yoast_head":"<!-- This site is optimized with the Yoast SEO plugin v22.6 - https:\/\/yoast.com\/wordpress\/plugins\/seo\/ -->\n<title>Roberto Gatto &quot;Progressivamente&quot; | Auditorium Parco della Musica Ennio Morricone<\/title>\n<meta name=\"robots\" content=\"index, follow, max-snippet:-1, max-image-preview:large, max-video-preview:-1\" \/>\n<link rel=\"canonical\" href=\"https:\/\/www.auditorium.com\/it\/event\/roberto-gatto-progressivamente\/\" \/>\n<meta property=\"og:locale\" content=\"it_IT\" \/>\n<meta property=\"og:type\" content=\"article\" \/>\n<meta property=\"og:title\" content=\"Roberto Gatto &quot;Progressivamente&quot; | Auditorium Parco della Musica Ennio Morricone\" \/>\n<meta property=\"og:description\" content=\"Fondazione Musica per Roma e International Music Festival Foundation presentano Questo progetto fa parte di uno dei sogni nel cassetto che coltivo da diversi anni. Personalmente ho sempre amato le sfide e come sempre, mosso dall\u2019entusiasmo, ho accettato di tentare anche questa. Sono cresciuto ascoltando il jazz ma parallelamente sono sempre stato appassionato di Progressive, [&hellip;]\" \/>\n<meta property=\"og:url\" content=\"https:\/\/www.auditorium.com\/it\/event\/roberto-gatto-progressivamente\/\" \/>\n<meta property=\"og:site_name\" content=\"Auditorium Parco della Musica Ennio Morricone\" \/>\n<meta property=\"article:publisher\" content=\"https:\/\/www.facebook.com\/AuditoriumParcodellaMusica\" \/>\n<meta property=\"og:image\" content=\"https:\/\/www.auditorium.com\/wp-content\/uploads\/2024\/09\/16788_gatto.jpg\" \/>\n\t<meta property=\"og:image:width\" content=\"1920\" \/>\n\t<meta property=\"og:image:height\" content=\"850\" \/>\n\t<meta property=\"og:image:type\" content=\"image\/jpeg\" \/>\n<meta name=\"twitter:card\" content=\"summary_large_image\" \/>\n<meta name=\"twitter:site\" content=\"@auditoriumpdm\" \/>\n<meta name=\"twitter:label1\" content=\"Tempo di lettura stimato\" \/>\n\t<meta name=\"twitter:data1\" content=\"2 minuti\" \/>\n<script type=\"application\/ld+json\" class=\"yoast-schema-graph\">{\"@context\":\"https:\/\/schema.org\",\"@graph\":[{\"@type\":\"WebPage\",\"@id\":\"https:\/\/www.auditorium.com\/it\/event\/roberto-gatto-progressivamente\/\",\"url\":\"https:\/\/www.auditorium.com\/it\/event\/roberto-gatto-progressivamente\/\",\"name\":\"Roberto Gatto \\\"Progressivamente\\\" | Auditorium Parco della Musica Ennio Morricone\",\"isPartOf\":{\"@id\":\"https:\/\/www.auditorium.com\/it\/#website\"},\"primaryImageOfPage\":{\"@id\":\"https:\/\/www.auditorium.com\/it\/event\/roberto-gatto-progressivamente\/#primaryimage\"},\"image\":{\"@id\":\"https:\/\/www.auditorium.com\/it\/event\/roberto-gatto-progressivamente\/#primaryimage\"},\"thumbnailUrl\":\"https:\/\/www.auditorium.com\/wp-content\/uploads\/2024\/09\/16788_gatto.jpg\",\"datePublished\":\"2017-11-28T13:21:53+00:00\",\"dateModified\":\"2017-11-28T13:21:53+00:00\",\"breadcrumb\":{\"@id\":\"https:\/\/www.auditorium.com\/it\/event\/roberto-gatto-progressivamente\/#breadcrumb\"},\"inLanguage\":\"it-IT\",\"potentialAction\":[{\"@type\":\"ReadAction\",\"target\":[\"https:\/\/www.auditorium.com\/it\/event\/roberto-gatto-progressivamente\/\"]}]},{\"@type\":\"ImageObject\",\"inLanguage\":\"it-IT\",\"@id\":\"https:\/\/www.auditorium.com\/it\/event\/roberto-gatto-progressivamente\/#primaryimage\",\"url\":\"https:\/\/www.auditorium.com\/wp-content\/uploads\/2024\/09\/16788_gatto.jpg\",\"contentUrl\":\"https:\/\/www.auditorium.com\/wp-content\/uploads\/2024\/09\/16788_gatto.jpg\",\"width\":1920,\"height\":850},{\"@type\":\"BreadcrumbList\",\"@id\":\"https:\/\/www.auditorium.com\/it\/event\/roberto-gatto-progressivamente\/#breadcrumb\",\"itemListElement\":[{\"@type\":\"ListItem\",\"position\":1,\"name\":\"Home\",\"item\":\"https:\/\/www.auditorium.com\/it\/\"},{\"@type\":\"ListItem\",\"position\":2,\"name\":\"Roberto Gatto &#8220;Progressivamente&#8221;\"}]},{\"@type\":\"WebSite\",\"@id\":\"https:\/\/www.auditorium.com\/it\/#website\",\"url\":\"https:\/\/www.auditorium.com\/it\/\",\"name\":\"Auditorium Parco della Musica Ennio Morricone\",\"description\":\"Progettato da Renzo Piano, l&#039;Auditorium rappresenta una sofisticata architettura musicale e uno straordinario intervento di riqualificazione urbana.\",\"publisher\":{\"@id\":\"https:\/\/www.auditorium.com\/it\/#organization\"},\"potentialAction\":[{\"@type\":\"SearchAction\",\"target\":{\"@type\":\"EntryPoint\",\"urlTemplate\":\"https:\/\/www.auditorium.com\/it\/?s={search_term_string}\"},\"query-input\":\"required name=search_term_string\"}],\"inLanguage\":\"it-IT\"},{\"@type\":\"Organization\",\"@id\":\"https:\/\/www.auditorium.com\/it\/#organization\",\"name\":\"Auditorium Parco della Musica Ennio Morricone\",\"url\":\"https:\/\/www.auditorium.com\/it\/\",\"logo\":{\"@type\":\"ImageObject\",\"inLanguage\":\"it-IT\",\"@id\":\"https:\/\/www.auditorium.com\/it\/#\/schema\/logo\/image\/\",\"url\":\"https:\/\/www.auditorium.com\/wp-content\/uploads\/2022\/12\/logo-auditorium.svg\",\"contentUrl\":\"https:\/\/www.auditorium.com\/wp-content\/uploads\/2022\/12\/logo-auditorium.svg\",\"width\":86,\"height\":79,\"caption\":\"Auditorium Parco della Musica Ennio Morricone\"},\"image\":{\"@id\":\"https:\/\/www.auditorium.com\/it\/#\/schema\/logo\/image\/\"},\"sameAs\":[\"https:\/\/www.facebook.com\/AuditoriumParcodellaMusica\",\"https:\/\/x.com\/auditoriumpdm\",\"https:\/\/www.instagram.com\/auditoriumparcodellamusica\/\"]}]}<\/script>\n<!-- \/ Yoast SEO plugin. -->","yoast_head_json":{"title":"Roberto Gatto \"Progressivamente\" | Auditorium Parco della Musica Ennio Morricone","robots":{"index":"index","follow":"follow","max-snippet":"max-snippet:-1","max-image-preview":"max-image-preview:large","max-video-preview":"max-video-preview:-1"},"canonical":"https:\/\/www.auditorium.com\/it\/event\/roberto-gatto-progressivamente\/","og_locale":"it_IT","og_type":"article","og_title":"Roberto Gatto \"Progressivamente\" | Auditorium Parco della Musica Ennio Morricone","og_description":"Fondazione Musica per Roma e International Music Festival Foundation presentano Questo progetto fa parte di uno dei sogni nel cassetto che coltivo da diversi anni. Personalmente ho sempre amato le sfide e come sempre, mosso dall\u2019entusiasmo, ho accettato di tentare anche questa. Sono cresciuto ascoltando il jazz ma parallelamente sono sempre stato appassionato di Progressive, [&hellip;]","og_url":"https:\/\/www.auditorium.com\/it\/event\/roberto-gatto-progressivamente\/","og_site_name":"Auditorium Parco della Musica Ennio Morricone","article_publisher":"https:\/\/www.facebook.com\/AuditoriumParcodellaMusica","og_image":[{"width":1920,"height":850,"url":"https:\/\/www.auditorium.com\/wp-content\/uploads\/2024\/09\/16788_gatto.jpg","type":"image\/jpeg"}],"twitter_card":"summary_large_image","twitter_site":"@auditoriumpdm","twitter_misc":{"Tempo di lettura stimato":"2 minuti"},"schema":{"@context":"https:\/\/schema.org","@graph":[{"@type":"WebPage","@id":"https:\/\/www.auditorium.com\/it\/event\/roberto-gatto-progressivamente\/","url":"https:\/\/www.auditorium.com\/it\/event\/roberto-gatto-progressivamente\/","name":"Roberto Gatto \"Progressivamente\" | Auditorium Parco della Musica Ennio Morricone","isPartOf":{"@id":"https:\/\/www.auditorium.com\/it\/#website"},"primaryImageOfPage":{"@id":"https:\/\/www.auditorium.com\/it\/event\/roberto-gatto-progressivamente\/#primaryimage"},"image":{"@id":"https:\/\/www.auditorium.com\/it\/event\/roberto-gatto-progressivamente\/#primaryimage"},"thumbnailUrl":"https:\/\/www.auditorium.com\/wp-content\/uploads\/2024\/09\/16788_gatto.jpg","datePublished":"2017-11-28T13:21:53+00:00","dateModified":"2017-11-28T13:21:53+00:00","breadcrumb":{"@id":"https:\/\/www.auditorium.com\/it\/event\/roberto-gatto-progressivamente\/#breadcrumb"},"inLanguage":"it-IT","potentialAction":[{"@type":"ReadAction","target":["https:\/\/www.auditorium.com\/it\/event\/roberto-gatto-progressivamente\/"]}]},{"@type":"ImageObject","inLanguage":"it-IT","@id":"https:\/\/www.auditorium.com\/it\/event\/roberto-gatto-progressivamente\/#primaryimage","url":"https:\/\/www.auditorium.com\/wp-content\/uploads\/2024\/09\/16788_gatto.jpg","contentUrl":"https:\/\/www.auditorium.com\/wp-content\/uploads\/2024\/09\/16788_gatto.jpg","width":1920,"height":850},{"@type":"BreadcrumbList","@id":"https:\/\/www.auditorium.com\/it\/event\/roberto-gatto-progressivamente\/#breadcrumb","itemListElement":[{"@type":"ListItem","position":1,"name":"Home","item":"https:\/\/www.auditorium.com\/it\/"},{"@type":"ListItem","position":2,"name":"Roberto Gatto &#8220;Progressivamente&#8221;"}]},{"@type":"WebSite","@id":"https:\/\/www.auditorium.com\/it\/#website","url":"https:\/\/www.auditorium.com\/it\/","name":"Auditorium Parco della Musica Ennio Morricone","description":"Progettato da Renzo Piano, l&#039;Auditorium rappresenta una sofisticata architettura musicale e uno straordinario intervento di riqualificazione urbana.","publisher":{"@id":"https:\/\/www.auditorium.com\/it\/#organization"},"potentialAction":[{"@type":"SearchAction","target":{"@type":"EntryPoint","urlTemplate":"https:\/\/www.auditorium.com\/it\/?s={search_term_string}"},"query-input":"required name=search_term_string"}],"inLanguage":"it-IT"},{"@type":"Organization","@id":"https:\/\/www.auditorium.com\/it\/#organization","name":"Auditorium Parco della Musica Ennio Morricone","url":"https:\/\/www.auditorium.com\/it\/","logo":{"@type":"ImageObject","inLanguage":"it-IT","@id":"https:\/\/www.auditorium.com\/it\/#\/schema\/logo\/image\/","url":"https:\/\/www.auditorium.com\/wp-content\/uploads\/2022\/12\/logo-auditorium.svg","contentUrl":"https:\/\/www.auditorium.com\/wp-content\/uploads\/2022\/12\/logo-auditorium.svg","width":86,"height":79,"caption":"Auditorium Parco della Musica Ennio Morricone"},"image":{"@id":"https:\/\/www.auditorium.com\/it\/#\/schema\/logo\/image\/"},"sameAs":["https:\/\/www.facebook.com\/AuditoriumParcodellaMusica","https:\/\/x.com\/auditoriumpdm","https:\/\/www.instagram.com\/auditoriumparcodellamusica\/"]}]}},"_links":{"self":[{"href":"https:\/\/www.auditorium.com\/it\/wp-json\/wp\/v2\/event\/24719","targetHints":{"allow":["GET"]}}],"collection":[{"href":"https:\/\/www.auditorium.com\/it\/wp-json\/wp\/v2\/event"}],"about":[{"href":"https:\/\/www.auditorium.com\/it\/wp-json\/wp\/v2\/types\/event"}],"wp:featuredmedia":[{"embeddable":true,"href":"https:\/\/www.auditorium.com\/it\/wp-json\/wp\/v2\/media\/24720"}],"wp:attachment":[{"href":"https:\/\/www.auditorium.com\/it\/wp-json\/wp\/v2\/media?parent=24719"}],"wp:term":[{"taxonomy":"event_categories","embeddable":true,"href":"https:\/\/www.auditorium.com\/it\/wp-json\/wp\/v2\/event_categories?post=24719"},{"taxonomy":"event_genre","embeddable":true,"href":"https:\/\/www.auditorium.com\/it\/wp-json\/wp\/v2\/event_genre?post=24719"},{"taxonomy":"event_themes","embeddable":true,"href":"https:\/\/www.auditorium.com\/it\/wp-json\/wp\/v2\/event_themes?post=24719"},{"taxonomy":"event_format","embeddable":true,"href":"https:\/\/www.auditorium.com\/it\/wp-json\/wp\/v2\/event_format?post=24719"},{"taxonomy":"event_consigliati","embeddable":true,"href":"https:\/\/www.auditorium.com\/it\/wp-json\/wp\/v2\/event_consigliati?post=24719"}],"curies":[{"name":"wp","href":"https:\/\/api.w.org\/{rel}","templated":true}]}}