{"id":22696,"date":"2017-11-17T17:39:02","date_gmt":"2017-11-17T16:39:02","guid":{"rendered":"https:\/\/www.auditorium.com\/event\/us-and-them-noi-e-loro-omaggio-ai-pink-floyd\/"},"modified":"2017-11-17T17:39:02","modified_gmt":"2017-11-17T16:39:02","slug":"us-and-them-noi-e-loro-omaggio-ai-pink-floyd","status":"publish","type":"event","link":"https:\/\/www.auditorium.com\/it\/event\/us-and-them-noi-e-loro-omaggio-ai-pink-floyd\/","title":{"rendered":"&#8220;Us and Them, noi e loro&#8221;. Omaggio ai Pink Floyd"},"content":{"rendered":"<p>Fondazione Musica per Roma presenta <\/p>\n<p>  Una serata dedicata ai Pink Floyd, alla loro musica, alla loro magia. Una serata per raccontare la loro storia, ascoltare la loro musica, celebrare la loro creativit\u00e0. Quarant\u2019uno anni fa Syd Barrett lasciava la band, Dave Gilmour ne prendeva definitivamente il posto e nel giugno del 1968 usciva \u201cA saucerful of secrets\u201d. Cominciava la seconda vita della band inglese, il periodo d\u2019oro della psichedelica britannica, quella straordinaria sperimentazione d\u2019avanguardia e melodia che porter\u00e0 alla realizzazione di \u201cDark Side Of The Moon\u201d. Per celebrare i Pink Floyd una grande serata divisa in due parti. Nella prima Ernesto Assante e Gino Castaldo accompagneranno il pubblico nell\u2019universo musicale dei Pink Floyd, con una speciale \u201clezione di rock\u201d, fatta di parole e di musica. Nella seconda parte sar\u00e0 la band di Rita Marcotulli a proporre la musica dei Floyd, in una singolare e originalissima lettura jazz del loro repertorio. Us and them: noi e loro \u00e8 il titolo del progetto ideato da Rita Marcotulli. Il risultato \u00e8 conturbante. \u201cE\u2019 jazz? S\u00ec, anche. E\u2019 rock? S\u00ec, certo. Pi\u00f9 di ogni altra cosa questo \u00e8 un insieme di suoni, ritmi, improvvisazione e scrittura definita in continuo divenire. Una sorta di esperanto in musica, libero e coinvolgente.\u201d Lo si potrebbe definire jazz psichedelico mediterraneo.<\/p>\n<p>in collaborazione con<\/p>\n","protected":false},"excerpt":{"rendered":"Fondazione Musica per Roma presenta Una serata dedicata ai Pink Floyd, alla loro musica, alla loro magia. Una serata per raccontare la loro storia, ascoltare la loro musica, celebrare la loro creativit\u00e0. Quarant\u2019uno anni fa Syd Barrett lasciava la band, Dave Gilmour ne prendeva definitivamente il posto e nel giugno del 1968 usciva \u201cA saucerful [&hellip;]","protected":false},"featured_media":22697,"template":"","meta":{"_acf_changed":false,"inline_featured_image":false},"event_categories":[56],"event_genre":[],"event_themes":[],"event_format":[],"event_consigliati":[],"class_list":["post-22696","event","type-event","status-publish","has-post-thumbnail","hentry","event_categories-musica-classica"],"acf":[],"yoast_head":"<!-- This site is optimized with the Yoast SEO plugin v22.6 - https:\/\/yoast.com\/wordpress\/plugins\/seo\/ -->\n<title>&quot;Us and Them, noi e loro&quot;. Omaggio ai Pink Floyd | Auditorium Parco della Musica Ennio Morricone<\/title>\n<meta name=\"robots\" content=\"index, follow, max-snippet:-1, max-image-preview:large, max-video-preview:-1\" \/>\n<link rel=\"canonical\" href=\"https:\/\/www.auditorium.com\/it\/event\/us-and-them-noi-e-loro-omaggio-ai-pink-floyd\/\" \/>\n<meta property=\"og:locale\" content=\"it_IT\" \/>\n<meta property=\"og:type\" content=\"article\" \/>\n<meta property=\"og:title\" content=\"&quot;Us and Them, noi e loro&quot;. Omaggio ai Pink Floyd | Auditorium Parco della Musica Ennio Morricone\" \/>\n<meta property=\"og:description\" content=\"Fondazione Musica per Roma presenta Una serata dedicata ai Pink Floyd, alla loro musica, alla loro magia. Una serata per raccontare la loro storia, ascoltare la loro musica, celebrare la loro creativit\u00e0. Quarant\u2019uno anni fa Syd Barrett lasciava la band, Dave Gilmour ne prendeva definitivamente il posto e nel giugno del 1968 usciva \u201cA saucerful [&hellip;]\" \/>\n<meta property=\"og:url\" content=\"https:\/\/www.auditorium.com\/it\/event\/us-and-them-noi-e-loro-omaggio-ai-pink-floyd\/\" \/>\n<meta property=\"og:site_name\" content=\"Auditorium Parco della Musica Ennio Morricone\" \/>\n<meta property=\"article:publisher\" content=\"https:\/\/www.facebook.com\/AuditoriumParcodellaMusica\" \/>\n<meta property=\"og:image\" content=\"https:\/\/www.auditorium.com\/wp-content\/uploads\/2024\/09\/13046_222_mu_pinkfloyd_0409.jpg\" \/>\n\t<meta property=\"og:image:width\" content=\"1920\" \/>\n\t<meta property=\"og:image:height\" content=\"850\" \/>\n\t<meta property=\"og:image:type\" content=\"image\/jpeg\" \/>\n<meta name=\"twitter:card\" content=\"summary_large_image\" \/>\n<meta name=\"twitter:site\" content=\"@auditoriumpdm\" \/>\n<meta name=\"twitter:label1\" content=\"Tempo di lettura stimato\" \/>\n\t<meta name=\"twitter:data1\" content=\"1 minuto\" \/>\n<script type=\"application\/ld+json\" class=\"yoast-schema-graph\">{\"@context\":\"https:\/\/schema.org\",\"@graph\":[{\"@type\":\"WebPage\",\"@id\":\"https:\/\/www.auditorium.com\/it\/event\/us-and-them-noi-e-loro-omaggio-ai-pink-floyd\/\",\"url\":\"https:\/\/www.auditorium.com\/it\/event\/us-and-them-noi-e-loro-omaggio-ai-pink-floyd\/\",\"name\":\"\\\"Us and Them, noi e loro\\\". Omaggio ai Pink Floyd | Auditorium Parco della Musica Ennio Morricone\",\"isPartOf\":{\"@id\":\"https:\/\/www.auditorium.com\/it\/#website\"},\"primaryImageOfPage\":{\"@id\":\"https:\/\/www.auditorium.com\/it\/event\/us-and-them-noi-e-loro-omaggio-ai-pink-floyd\/#primaryimage\"},\"image\":{\"@id\":\"https:\/\/www.auditorium.com\/it\/event\/us-and-them-noi-e-loro-omaggio-ai-pink-floyd\/#primaryimage\"},\"thumbnailUrl\":\"https:\/\/www.auditorium.com\/wp-content\/uploads\/2024\/09\/13046_222_mu_pinkfloyd_0409.jpg\",\"datePublished\":\"2017-11-17T16:39:02+00:00\",\"dateModified\":\"2017-11-17T16:39:02+00:00\",\"breadcrumb\":{\"@id\":\"https:\/\/www.auditorium.com\/it\/event\/us-and-them-noi-e-loro-omaggio-ai-pink-floyd\/#breadcrumb\"},\"inLanguage\":\"it-IT\",\"potentialAction\":[{\"@type\":\"ReadAction\",\"target\":[\"https:\/\/www.auditorium.com\/it\/event\/us-and-them-noi-e-loro-omaggio-ai-pink-floyd\/\"]}]},{\"@type\":\"ImageObject\",\"inLanguage\":\"it-IT\",\"@id\":\"https:\/\/www.auditorium.com\/it\/event\/us-and-them-noi-e-loro-omaggio-ai-pink-floyd\/#primaryimage\",\"url\":\"https:\/\/www.auditorium.com\/wp-content\/uploads\/2024\/09\/13046_222_mu_pinkfloyd_0409.jpg\",\"contentUrl\":\"https:\/\/www.auditorium.com\/wp-content\/uploads\/2024\/09\/13046_222_mu_pinkfloyd_0409.jpg\",\"width\":1920,\"height\":850},{\"@type\":\"BreadcrumbList\",\"@id\":\"https:\/\/www.auditorium.com\/it\/event\/us-and-them-noi-e-loro-omaggio-ai-pink-floyd\/#breadcrumb\",\"itemListElement\":[{\"@type\":\"ListItem\",\"position\":1,\"name\":\"Home\",\"item\":\"https:\/\/www.auditorium.com\/it\/\"},{\"@type\":\"ListItem\",\"position\":2,\"name\":\"&#8220;Us and Them, noi e loro&#8221;. Omaggio ai Pink Floyd\"}]},{\"@type\":\"WebSite\",\"@id\":\"https:\/\/www.auditorium.com\/it\/#website\",\"url\":\"https:\/\/www.auditorium.com\/it\/\",\"name\":\"Auditorium Parco della Musica Ennio Morricone\",\"description\":\"Progettato da Renzo Piano, l&#039;Auditorium rappresenta una sofisticata architettura musicale e uno straordinario intervento di riqualificazione urbana.\",\"publisher\":{\"@id\":\"https:\/\/www.auditorium.com\/it\/#organization\"},\"potentialAction\":[{\"@type\":\"SearchAction\",\"target\":{\"@type\":\"EntryPoint\",\"urlTemplate\":\"https:\/\/www.auditorium.com\/it\/?s={search_term_string}\"},\"query-input\":\"required name=search_term_string\"}],\"inLanguage\":\"it-IT\"},{\"@type\":\"Organization\",\"@id\":\"https:\/\/www.auditorium.com\/it\/#organization\",\"name\":\"Auditorium Parco della Musica Ennio Morricone\",\"url\":\"https:\/\/www.auditorium.com\/it\/\",\"logo\":{\"@type\":\"ImageObject\",\"inLanguage\":\"it-IT\",\"@id\":\"https:\/\/www.auditorium.com\/it\/#\/schema\/logo\/image\/\",\"url\":\"https:\/\/www.auditorium.com\/wp-content\/uploads\/2022\/12\/logo-auditorium.svg\",\"contentUrl\":\"https:\/\/www.auditorium.com\/wp-content\/uploads\/2022\/12\/logo-auditorium.svg\",\"width\":86,\"height\":79,\"caption\":\"Auditorium Parco della Musica Ennio Morricone\"},\"image\":{\"@id\":\"https:\/\/www.auditorium.com\/it\/#\/schema\/logo\/image\/\"},\"sameAs\":[\"https:\/\/www.facebook.com\/AuditoriumParcodellaMusica\",\"https:\/\/x.com\/auditoriumpdm\",\"https:\/\/www.instagram.com\/auditoriumparcodellamusica\/\"]}]}<\/script>\n<!-- \/ Yoast SEO plugin. -->","yoast_head_json":{"title":"\"Us and Them, noi e loro\". Omaggio ai Pink Floyd | Auditorium Parco della Musica Ennio Morricone","robots":{"index":"index","follow":"follow","max-snippet":"max-snippet:-1","max-image-preview":"max-image-preview:large","max-video-preview":"max-video-preview:-1"},"canonical":"https:\/\/www.auditorium.com\/it\/event\/us-and-them-noi-e-loro-omaggio-ai-pink-floyd\/","og_locale":"it_IT","og_type":"article","og_title":"\"Us and Them, noi e loro\". Omaggio ai Pink Floyd | Auditorium Parco della Musica Ennio Morricone","og_description":"Fondazione Musica per Roma presenta Una serata dedicata ai Pink Floyd, alla loro musica, alla loro magia. Una serata per raccontare la loro storia, ascoltare la loro musica, celebrare la loro creativit\u00e0. Quarant\u2019uno anni fa Syd Barrett lasciava la band, Dave Gilmour ne prendeva definitivamente il posto e nel giugno del 1968 usciva \u201cA saucerful [&hellip;]","og_url":"https:\/\/www.auditorium.com\/it\/event\/us-and-them-noi-e-loro-omaggio-ai-pink-floyd\/","og_site_name":"Auditorium Parco della Musica Ennio Morricone","article_publisher":"https:\/\/www.facebook.com\/AuditoriumParcodellaMusica","og_image":[{"width":1920,"height":850,"url":"https:\/\/www.auditorium.com\/wp-content\/uploads\/2024\/09\/13046_222_mu_pinkfloyd_0409.jpg","type":"image\/jpeg"}],"twitter_card":"summary_large_image","twitter_site":"@auditoriumpdm","twitter_misc":{"Tempo di lettura stimato":"1 minuto"},"schema":{"@context":"https:\/\/schema.org","@graph":[{"@type":"WebPage","@id":"https:\/\/www.auditorium.com\/it\/event\/us-and-them-noi-e-loro-omaggio-ai-pink-floyd\/","url":"https:\/\/www.auditorium.com\/it\/event\/us-and-them-noi-e-loro-omaggio-ai-pink-floyd\/","name":"\"Us and Them, noi e loro\". Omaggio ai Pink Floyd | Auditorium Parco della Musica Ennio Morricone","isPartOf":{"@id":"https:\/\/www.auditorium.com\/it\/#website"},"primaryImageOfPage":{"@id":"https:\/\/www.auditorium.com\/it\/event\/us-and-them-noi-e-loro-omaggio-ai-pink-floyd\/#primaryimage"},"image":{"@id":"https:\/\/www.auditorium.com\/it\/event\/us-and-them-noi-e-loro-omaggio-ai-pink-floyd\/#primaryimage"},"thumbnailUrl":"https:\/\/www.auditorium.com\/wp-content\/uploads\/2024\/09\/13046_222_mu_pinkfloyd_0409.jpg","datePublished":"2017-11-17T16:39:02+00:00","dateModified":"2017-11-17T16:39:02+00:00","breadcrumb":{"@id":"https:\/\/www.auditorium.com\/it\/event\/us-and-them-noi-e-loro-omaggio-ai-pink-floyd\/#breadcrumb"},"inLanguage":"it-IT","potentialAction":[{"@type":"ReadAction","target":["https:\/\/www.auditorium.com\/it\/event\/us-and-them-noi-e-loro-omaggio-ai-pink-floyd\/"]}]},{"@type":"ImageObject","inLanguage":"it-IT","@id":"https:\/\/www.auditorium.com\/it\/event\/us-and-them-noi-e-loro-omaggio-ai-pink-floyd\/#primaryimage","url":"https:\/\/www.auditorium.com\/wp-content\/uploads\/2024\/09\/13046_222_mu_pinkfloyd_0409.jpg","contentUrl":"https:\/\/www.auditorium.com\/wp-content\/uploads\/2024\/09\/13046_222_mu_pinkfloyd_0409.jpg","width":1920,"height":850},{"@type":"BreadcrumbList","@id":"https:\/\/www.auditorium.com\/it\/event\/us-and-them-noi-e-loro-omaggio-ai-pink-floyd\/#breadcrumb","itemListElement":[{"@type":"ListItem","position":1,"name":"Home","item":"https:\/\/www.auditorium.com\/it\/"},{"@type":"ListItem","position":2,"name":"&#8220;Us and Them, noi e loro&#8221;. Omaggio ai Pink Floyd"}]},{"@type":"WebSite","@id":"https:\/\/www.auditorium.com\/it\/#website","url":"https:\/\/www.auditorium.com\/it\/","name":"Auditorium Parco della Musica Ennio Morricone","description":"Progettato da Renzo Piano, l&#039;Auditorium rappresenta una sofisticata architettura musicale e uno straordinario intervento di riqualificazione urbana.","publisher":{"@id":"https:\/\/www.auditorium.com\/it\/#organization"},"potentialAction":[{"@type":"SearchAction","target":{"@type":"EntryPoint","urlTemplate":"https:\/\/www.auditorium.com\/it\/?s={search_term_string}"},"query-input":"required name=search_term_string"}],"inLanguage":"it-IT"},{"@type":"Organization","@id":"https:\/\/www.auditorium.com\/it\/#organization","name":"Auditorium Parco della Musica Ennio Morricone","url":"https:\/\/www.auditorium.com\/it\/","logo":{"@type":"ImageObject","inLanguage":"it-IT","@id":"https:\/\/www.auditorium.com\/it\/#\/schema\/logo\/image\/","url":"https:\/\/www.auditorium.com\/wp-content\/uploads\/2022\/12\/logo-auditorium.svg","contentUrl":"https:\/\/www.auditorium.com\/wp-content\/uploads\/2022\/12\/logo-auditorium.svg","width":86,"height":79,"caption":"Auditorium Parco della Musica Ennio Morricone"},"image":{"@id":"https:\/\/www.auditorium.com\/it\/#\/schema\/logo\/image\/"},"sameAs":["https:\/\/www.facebook.com\/AuditoriumParcodellaMusica","https:\/\/x.com\/auditoriumpdm","https:\/\/www.instagram.com\/auditoriumparcodellamusica\/"]}]}},"_links":{"self":[{"href":"https:\/\/www.auditorium.com\/it\/wp-json\/wp\/v2\/event\/22696","targetHints":{"allow":["GET"]}}],"collection":[{"href":"https:\/\/www.auditorium.com\/it\/wp-json\/wp\/v2\/event"}],"about":[{"href":"https:\/\/www.auditorium.com\/it\/wp-json\/wp\/v2\/types\/event"}],"wp:featuredmedia":[{"embeddable":true,"href":"https:\/\/www.auditorium.com\/it\/wp-json\/wp\/v2\/media\/22697"}],"wp:attachment":[{"href":"https:\/\/www.auditorium.com\/it\/wp-json\/wp\/v2\/media?parent=22696"}],"wp:term":[{"taxonomy":"event_categories","embeddable":true,"href":"https:\/\/www.auditorium.com\/it\/wp-json\/wp\/v2\/event_categories?post=22696"},{"taxonomy":"event_genre","embeddable":true,"href":"https:\/\/www.auditorium.com\/it\/wp-json\/wp\/v2\/event_genre?post=22696"},{"taxonomy":"event_themes","embeddable":true,"href":"https:\/\/www.auditorium.com\/it\/wp-json\/wp\/v2\/event_themes?post=22696"},{"taxonomy":"event_format","embeddable":true,"href":"https:\/\/www.auditorium.com\/it\/wp-json\/wp\/v2\/event_format?post=22696"},{"taxonomy":"event_consigliati","embeddable":true,"href":"https:\/\/www.auditorium.com\/it\/wp-json\/wp\/v2\/event_consigliati?post=22696"}],"curies":[{"name":"wp","href":"https:\/\/api.w.org\/{rel}","templated":true}]}}