{"id":17526,"date":"2024-10-01T15:22:19","date_gmt":"2024-10-01T14:22:19","guid":{"rendered":"https:\/\/www.auditorium.com\/?post_type=event&#038;p=17526"},"modified":"2024-10-01T18:49:12","modified_gmt":"2024-10-01T17:49:12","slug":"marco-da-silva-ferreira-bisonte","status":"publish","type":"event","link":"https:\/\/www.auditorium.com\/it\/event\/marco-da-silva-ferreira-bisonte\/","title":{"rendered":"Marco da Silva Ferreira \u2013 &#8220;Bisonte&#8221;"},"content":{"rendered":"<p><span style=\"color: #333333;\"><em>\u201cDalla calma apparente nasce una rivoluzione, dalla bestia una carezza&#8221;<\/em>. &#8220;Bisonte&#8221; \u00e8 uno spettacolo energico e potente del coreografo portoghese <strong>Marco da Silva Ferreira<\/strong>, che esplora l&#8217;identit\u00e0 collettiva attraverso un linguaggio coreografico intenso e dinamico. Ispirato alla cultura urbana e alla danza di strada, &#8220;Bisonte&#8221; \u00e8 una riflessione sul corpo come veicolo di potere, resistenza e memoria. In scena, i danzatori formano un gruppo compatto e pulsante, muovendosi in un flusso continuo che evoca il senso di appartenenza e allo stesso tempo la ricerca di autonomia individuale. <strong>Marco da Silva Ferreira<\/strong>, tra le voci pi\u00f9 interessanti della coreografia contemporanea europea, si \u00e8 affermato grazie alla sua capacit\u00e0 di fondere influenze hip-hop con danza contemporanea, creando un\u2019estetica che unisce fisicit\u00e0 e poesia. Con &#8220;Bisonte&#8221;, continua la sua esplorazione del corpo come spazio di trasformazione, ponendo al centro del suo lavoro tematiche di comunit\u00e0, identit\u00e0 e resistenza.<\/span><\/p>\n<p>&nbsp;<\/p>\n<p><span style=\"color: #333333;\"><strong>MARCO DA SILVA FERREIRA<\/strong><\/span><br \/>\n<span style=\"color: #333333;\"><em>BISONTE<\/em> \u2013 <strong>PRIMA ITALIANA<\/strong><\/span><br \/>\n<span style=\"color: #333333;\">DURATA: 60 MINUTI<\/span><\/p>\n<p><span style=\"color: #333333;\"><strong>Direzione artistica e coreografia<\/strong> Marco da Silva Ferreira<\/span><br \/>\n<span style=\"color: #333333;\"><strong>Interpreti<\/strong> Ana\u00edsa Lopes, Duarte Valadares, Er\u00edc Santos, Jo\u00e3o Reis Moreira, Leo e Marco da Silva Ferreira<\/span><br \/>\n<span style=\"color: #333333;\"><strong>Assistenza artistica<\/strong> Pietro Romani<\/span><br \/>\n<span style=\"color: #333333;\"><strong>Luci<\/strong> Wilma Moutinho<\/span><br \/>\n<span style=\"color: #333333;\"><strong>Direzione musicale<\/strong> Marco da Silva Ferreira<\/span><br \/>\n<span style=\"color: #333333;\"><strong>Musiche originali e sound design<\/strong> Rui Lima and S\u00e9rgio Martins<\/span><br \/>\n<span style=\"color: #333333;\"><strong>Scene<\/strong> Fernando Ribeiro<\/span><br \/>\n<span style=\"color: #333333;\"><strong>Costumi<\/strong> Jo\u00e3o R\u00f4la<\/span><br \/>\n<span style=\"color: #333333;\"><strong>Produzione<\/strong> Pensamento Avulso &#8211; Associa\u00e7\u00e3o de Artes Performativas<\/span><br \/>\n<span style=\"color: #333333;\"><strong>Coproduzione<\/strong> Teatro Municipal do Porto, S\u00e3o Luiz Teatro Municipal, Th\u00e9\u00e2tre de la Ville (Paris), Charleroi Danse<\/span><br \/>\n<span style=\"color: #333333;\">Residenze O Espa\u00e7o do Tempo, Teatro Municipal do Porto, Centro Cultural Vila Flor, Charleroi Danse, Centre Chor\u00e9graphique National de Caen en Normandie, La Place de la Danse Centre de Developpement Chor\u00e9graphique National Toulouse \u2013 Occitane (FR)<\/span><br \/>\n<span style=\"color: #333333;\"><strong>Distribuzione<\/strong> Art Happens<\/span><\/p>\n<p>&nbsp;<\/p>\n<p><span style=\"color: #333333;\"><strong>ATTENZIONE<\/strong>:\u00a0si fa presente che le prime file della platea della Sala Petrassi e del Teatro Studio Gianni Borgna non sono disponibili alla vendita in quanto smontate per esigenze tecniche<\/span><\/p>\n","protected":false},"excerpt":{"rendered":"\u201cDalla calma apparente nasce una rivoluzione, dalla bestia una carezza&#8221;. &#8220;Bisonte&#8221; \u00e8 uno spettacolo energico e potente del coreografo portoghese Marco da Silva Ferreira, che esplora l&#8217;identit\u00e0 collettiva attraverso un linguaggio coreografico intenso e dinamico. Ispirato alla cultura urbana e alla danza di strada, &#8220;Bisonte&#8221; \u00e8 una riflessione sul corpo come veicolo di potere, resistenza [&hellip;]","protected":false},"featured_media":35055,"template":"","meta":{"_acf_changed":false,"inline_featured_image":false},"event_categories":[],"event_genre":[68],"event_themes":[],"event_format":[74],"event_consigliati":[],"class_list":["post-17526","event","type-event","status-publish","has-post-thumbnail","hentry","event_genre-danza","event_format-festival"],"acf":[],"yoast_head":"<!-- This site is optimized with the Yoast SEO plugin v22.6 - https:\/\/yoast.com\/wordpress\/plugins\/seo\/ -->\n<title>Marco da Silva Ferreira \u2013 &quot;Bisonte&quot; | Auditorium Parco della Musica Ennio Morricone<\/title>\n<meta name=\"description\" content=\"c\" \/>\n<meta name=\"robots\" content=\"index, follow, max-snippet:-1, max-image-preview:large, max-video-preview:-1\" \/>\n<link rel=\"canonical\" href=\"https:\/\/www.auditorium.com\/it\/event\/marco-da-silva-ferreira-bisonte\/\" \/>\n<meta property=\"og:locale\" content=\"it_IT\" \/>\n<meta property=\"og:type\" content=\"article\" \/>\n<meta property=\"og:title\" content=\"Marco da Silva Ferreira \u2013 &quot;Bisonte&quot; | Auditorium Parco della Musica Ennio Morricone\" \/>\n<meta property=\"og:description\" content=\"c\" \/>\n<meta property=\"og:url\" content=\"https:\/\/www.auditorium.com\/it\/event\/marco-da-silva-ferreira-bisonte\/\" \/>\n<meta property=\"og:site_name\" content=\"Auditorium Parco della Musica Ennio Morricone\" \/>\n<meta property=\"article:publisher\" content=\"https:\/\/www.facebook.com\/AuditoriumParcodellaMusica\" \/>\n<meta property=\"article:modified_time\" content=\"2024-10-01T17:49:12+00:00\" \/>\n<meta property=\"og:image\" content=\"https:\/\/www.auditorium.com\/wp-content\/uploads\/2024\/09\/bisonte-scaled.jpg\" \/>\n\t<meta property=\"og:image:width\" content=\"2560\" \/>\n\t<meta property=\"og:image:height\" content=\"1703\" \/>\n\t<meta property=\"og:image:type\" content=\"image\/jpeg\" \/>\n<meta name=\"twitter:card\" content=\"summary_large_image\" \/>\n<meta name=\"twitter:site\" content=\"@auditoriumpdm\" \/>\n<meta name=\"twitter:label1\" content=\"Tempo di lettura stimato\" \/>\n\t<meta name=\"twitter:data1\" content=\"2 minuti\" \/>\n<script type=\"application\/ld+json\" class=\"yoast-schema-graph\">{\"@context\":\"https:\/\/schema.org\",\"@graph\":[{\"@type\":\"WebPage\",\"@id\":\"https:\/\/www.auditorium.com\/it\/event\/marco-da-silva-ferreira-bisonte\/\",\"url\":\"https:\/\/www.auditorium.com\/it\/event\/marco-da-silva-ferreira-bisonte\/\",\"name\":\"Marco da Silva Ferreira \u2013 \\\"Bisonte\\\" | Auditorium Parco della Musica Ennio Morricone\",\"isPartOf\":{\"@id\":\"https:\/\/www.auditorium.com\/it\/#website\"},\"primaryImageOfPage\":{\"@id\":\"https:\/\/www.auditorium.com\/it\/event\/marco-da-silva-ferreira-bisonte\/#primaryimage\"},\"image\":{\"@id\":\"https:\/\/www.auditorium.com\/it\/event\/marco-da-silva-ferreira-bisonte\/#primaryimage\"},\"thumbnailUrl\":\"https:\/\/www.auditorium.com\/wp-content\/uploads\/2024\/09\/bisonte-scaled.jpg\",\"datePublished\":\"2024-10-01T14:22:19+00:00\",\"dateModified\":\"2024-10-01T17:49:12+00:00\",\"description\":\"c\",\"breadcrumb\":{\"@id\":\"https:\/\/www.auditorium.com\/it\/event\/marco-da-silva-ferreira-bisonte\/#breadcrumb\"},\"inLanguage\":\"it-IT\",\"potentialAction\":[{\"@type\":\"ReadAction\",\"target\":[\"https:\/\/www.auditorium.com\/it\/event\/marco-da-silva-ferreira-bisonte\/\"]}]},{\"@type\":\"ImageObject\",\"inLanguage\":\"it-IT\",\"@id\":\"https:\/\/www.auditorium.com\/it\/event\/marco-da-silva-ferreira-bisonte\/#primaryimage\",\"url\":\"https:\/\/www.auditorium.com\/wp-content\/uploads\/2024\/09\/bisonte-scaled.jpg\",\"contentUrl\":\"https:\/\/www.auditorium.com\/wp-content\/uploads\/2024\/09\/bisonte-scaled.jpg\",\"width\":2560,\"height\":1703},{\"@type\":\"BreadcrumbList\",\"@id\":\"https:\/\/www.auditorium.com\/it\/event\/marco-da-silva-ferreira-bisonte\/#breadcrumb\",\"itemListElement\":[{\"@type\":\"ListItem\",\"position\":1,\"name\":\"Home\",\"item\":\"https:\/\/www.auditorium.com\/it\/\"},{\"@type\":\"ListItem\",\"position\":2,\"name\":\"Marco da Silva Ferreira \u2013 &#8220;Bisonte&#8221;\"}]},{\"@type\":\"WebSite\",\"@id\":\"https:\/\/www.auditorium.com\/it\/#website\",\"url\":\"https:\/\/www.auditorium.com\/it\/\",\"name\":\"Auditorium Parco della Musica Ennio Morricone\",\"description\":\"Progettato da Renzo Piano, l&#039;Auditorium rappresenta una sofisticata architettura musicale e uno straordinario intervento di riqualificazione urbana.\",\"publisher\":{\"@id\":\"https:\/\/www.auditorium.com\/it\/#organization\"},\"potentialAction\":[{\"@type\":\"SearchAction\",\"target\":{\"@type\":\"EntryPoint\",\"urlTemplate\":\"https:\/\/www.auditorium.com\/it\/?s={search_term_string}\"},\"query-input\":\"required name=search_term_string\"}],\"inLanguage\":\"it-IT\"},{\"@type\":\"Organization\",\"@id\":\"https:\/\/www.auditorium.com\/it\/#organization\",\"name\":\"Auditorium Parco della Musica Ennio Morricone\",\"url\":\"https:\/\/www.auditorium.com\/it\/\",\"logo\":{\"@type\":\"ImageObject\",\"inLanguage\":\"it-IT\",\"@id\":\"https:\/\/www.auditorium.com\/it\/#\/schema\/logo\/image\/\",\"url\":\"https:\/\/www.auditorium.com\/wp-content\/uploads\/2022\/12\/logo-auditorium.svg\",\"contentUrl\":\"https:\/\/www.auditorium.com\/wp-content\/uploads\/2022\/12\/logo-auditorium.svg\",\"width\":86,\"height\":79,\"caption\":\"Auditorium Parco della Musica Ennio Morricone\"},\"image\":{\"@id\":\"https:\/\/www.auditorium.com\/it\/#\/schema\/logo\/image\/\"},\"sameAs\":[\"https:\/\/www.facebook.com\/AuditoriumParcodellaMusica\",\"https:\/\/x.com\/auditoriumpdm\",\"https:\/\/www.instagram.com\/auditoriumparcodellamusica\/\"]}]}<\/script>\n<!-- \/ Yoast SEO plugin. -->","yoast_head_json":{"title":"Marco da Silva Ferreira \u2013 \"Bisonte\" | Auditorium Parco della Musica Ennio Morricone","description":"c","robots":{"index":"index","follow":"follow","max-snippet":"max-snippet:-1","max-image-preview":"max-image-preview:large","max-video-preview":"max-video-preview:-1"},"canonical":"https:\/\/www.auditorium.com\/it\/event\/marco-da-silva-ferreira-bisonte\/","og_locale":"it_IT","og_type":"article","og_title":"Marco da Silva Ferreira \u2013 \"Bisonte\" | Auditorium Parco della Musica Ennio Morricone","og_description":"c","og_url":"https:\/\/www.auditorium.com\/it\/event\/marco-da-silva-ferreira-bisonte\/","og_site_name":"Auditorium Parco della Musica Ennio Morricone","article_publisher":"https:\/\/www.facebook.com\/AuditoriumParcodellaMusica","article_modified_time":"2024-10-01T17:49:12+00:00","og_image":[{"width":2560,"height":1703,"url":"https:\/\/www.auditorium.com\/wp-content\/uploads\/2024\/09\/bisonte-scaled.jpg","type":"image\/jpeg"}],"twitter_card":"summary_large_image","twitter_site":"@auditoriumpdm","twitter_misc":{"Tempo di lettura stimato":"2 minuti"},"schema":{"@context":"https:\/\/schema.org","@graph":[{"@type":"WebPage","@id":"https:\/\/www.auditorium.com\/it\/event\/marco-da-silva-ferreira-bisonte\/","url":"https:\/\/www.auditorium.com\/it\/event\/marco-da-silva-ferreira-bisonte\/","name":"Marco da Silva Ferreira \u2013 \"Bisonte\" | Auditorium Parco della Musica Ennio Morricone","isPartOf":{"@id":"https:\/\/www.auditorium.com\/it\/#website"},"primaryImageOfPage":{"@id":"https:\/\/www.auditorium.com\/it\/event\/marco-da-silva-ferreira-bisonte\/#primaryimage"},"image":{"@id":"https:\/\/www.auditorium.com\/it\/event\/marco-da-silva-ferreira-bisonte\/#primaryimage"},"thumbnailUrl":"https:\/\/www.auditorium.com\/wp-content\/uploads\/2024\/09\/bisonte-scaled.jpg","datePublished":"2024-10-01T14:22:19+00:00","dateModified":"2024-10-01T17:49:12+00:00","description":"c","breadcrumb":{"@id":"https:\/\/www.auditorium.com\/it\/event\/marco-da-silva-ferreira-bisonte\/#breadcrumb"},"inLanguage":"it-IT","potentialAction":[{"@type":"ReadAction","target":["https:\/\/www.auditorium.com\/it\/event\/marco-da-silva-ferreira-bisonte\/"]}]},{"@type":"ImageObject","inLanguage":"it-IT","@id":"https:\/\/www.auditorium.com\/it\/event\/marco-da-silva-ferreira-bisonte\/#primaryimage","url":"https:\/\/www.auditorium.com\/wp-content\/uploads\/2024\/09\/bisonte-scaled.jpg","contentUrl":"https:\/\/www.auditorium.com\/wp-content\/uploads\/2024\/09\/bisonte-scaled.jpg","width":2560,"height":1703},{"@type":"BreadcrumbList","@id":"https:\/\/www.auditorium.com\/it\/event\/marco-da-silva-ferreira-bisonte\/#breadcrumb","itemListElement":[{"@type":"ListItem","position":1,"name":"Home","item":"https:\/\/www.auditorium.com\/it\/"},{"@type":"ListItem","position":2,"name":"Marco da Silva Ferreira \u2013 &#8220;Bisonte&#8221;"}]},{"@type":"WebSite","@id":"https:\/\/www.auditorium.com\/it\/#website","url":"https:\/\/www.auditorium.com\/it\/","name":"Auditorium Parco della Musica Ennio Morricone","description":"Progettato da Renzo Piano, l&#039;Auditorium rappresenta una sofisticata architettura musicale e uno straordinario intervento di riqualificazione urbana.","publisher":{"@id":"https:\/\/www.auditorium.com\/it\/#organization"},"potentialAction":[{"@type":"SearchAction","target":{"@type":"EntryPoint","urlTemplate":"https:\/\/www.auditorium.com\/it\/?s={search_term_string}"},"query-input":"required name=search_term_string"}],"inLanguage":"it-IT"},{"@type":"Organization","@id":"https:\/\/www.auditorium.com\/it\/#organization","name":"Auditorium Parco della Musica Ennio Morricone","url":"https:\/\/www.auditorium.com\/it\/","logo":{"@type":"ImageObject","inLanguage":"it-IT","@id":"https:\/\/www.auditorium.com\/it\/#\/schema\/logo\/image\/","url":"https:\/\/www.auditorium.com\/wp-content\/uploads\/2022\/12\/logo-auditorium.svg","contentUrl":"https:\/\/www.auditorium.com\/wp-content\/uploads\/2022\/12\/logo-auditorium.svg","width":86,"height":79,"caption":"Auditorium Parco della Musica Ennio Morricone"},"image":{"@id":"https:\/\/www.auditorium.com\/it\/#\/schema\/logo\/image\/"},"sameAs":["https:\/\/www.facebook.com\/AuditoriumParcodellaMusica","https:\/\/x.com\/auditoriumpdm","https:\/\/www.instagram.com\/auditoriumparcodellamusica\/"]}]}},"_links":{"self":[{"href":"https:\/\/www.auditorium.com\/it\/wp-json\/wp\/v2\/event\/17526","targetHints":{"allow":["GET"]}}],"collection":[{"href":"https:\/\/www.auditorium.com\/it\/wp-json\/wp\/v2\/event"}],"about":[{"href":"https:\/\/www.auditorium.com\/it\/wp-json\/wp\/v2\/types\/event"}],"wp:featuredmedia":[{"embeddable":true,"href":"https:\/\/www.auditorium.com\/it\/wp-json\/wp\/v2\/media\/35055"}],"wp:attachment":[{"href":"https:\/\/www.auditorium.com\/it\/wp-json\/wp\/v2\/media?parent=17526"}],"wp:term":[{"taxonomy":"event_categories","embeddable":true,"href":"https:\/\/www.auditorium.com\/it\/wp-json\/wp\/v2\/event_categories?post=17526"},{"taxonomy":"event_genre","embeddable":true,"href":"https:\/\/www.auditorium.com\/it\/wp-json\/wp\/v2\/event_genre?post=17526"},{"taxonomy":"event_themes","embeddable":true,"href":"https:\/\/www.auditorium.com\/it\/wp-json\/wp\/v2\/event_themes?post=17526"},{"taxonomy":"event_format","embeddable":true,"href":"https:\/\/www.auditorium.com\/it\/wp-json\/wp\/v2\/event_format?post=17526"},{"taxonomy":"event_consigliati","embeddable":true,"href":"https:\/\/www.auditorium.com\/it\/wp-json\/wp\/v2\/event_consigliati?post=17526"}],"curies":[{"name":"wp","href":"https:\/\/api.w.org\/{rel}","templated":true}]}}