{"id":17524,"date":"2024-10-01T15:14:24","date_gmt":"2024-10-01T14:14:24","guid":{"rendered":"https:\/\/www.auditorium.com\/?post_type=event&#038;p=17524"},"modified":"2024-10-01T18:47:22","modified_gmt":"2024-10-01T17:47:22","slug":"anne-teresa-de-keersmaeker-radouan-mriziga-rosas-il-cimento-dellarmonia-e-dellinventione","status":"publish","type":"event","link":"https:\/\/www.auditorium.com\/it\/event\/anne-teresa-de-keersmaeker-radouan-mriziga-rosas-il-cimento-dellarmonia-e-dellinventione\/","title":{"rendered":"Anne Teresa De Keersmaeker, Radouan Mriziga\/Rosas \u2013 &#8220;Il Cimento dell\u2019Armonia e dell\u2019Inventione&#8221;"},"content":{"rendered":"<p><span style=\"color: #333333;\">Ne \u201cIl Cimento dell&#8217;Armonia e dell&#8217;Inventione\u201d, <strong>Anne Teresa De Keersmaeker<\/strong>,<strong> Radouan Mriziga<\/strong> e la compagnia di danza <strong>Rosas<\/strong> rappresentano gli sviluppi sconcertanti del rapporto tra esseri umani e natura in un&#8217;esplorazione delle \u201cQuattro Stagioni\u201d di <strong>Antonio Vivaldi<\/strong>. Per questo ultimo nuovo lavoro, creato insieme al coreografo<strong> Radouan Mriziga, Anne Teresa De Keersmaeker<\/strong> sceglie come punto di partenza le \u201cQuattro stagioni\u201d di <strong>Antonio Vivaldi<\/strong>, un grande successo della musica barocca e un&#8217;ode universale alla natura.<\/span><\/p>\n<p><span style=\"color: #333333;\">In una scrittura coreografica geometrica e astratta la performance rompe lo sviluppo lineare delle quattro stagioni per esplorare traiettorie separate e parallele, generate dalla struttura formale e dagli elementi testuali della partitura originale. Tra momenti musicali e intensi silenzi i quattro danzatori si muovono lungo complessi schemi di linee rette e linee curve e attraverso diversi registri di movimento. Un lavoro di decostruzione di una musica che ci \u00e8 invece molto familiare per denunciare la propria preoccupazione per l\u2019attuale rapporto tra uomo, ambiente e cambiamenti climatici e che si fa metafora della sconcertante domanda \u201cPossiamo ancora parlare di quattro stagioni?\u201d.<\/span><\/p>\n<p><span style=\"color: #333333;\">La coreografa <strong>Anne Teresa De Keersmaeker<\/strong> nel 1983 ha fondato la compagnia <strong>Rosas<\/strong> a Bruxelles e da allora ha creato coreografie che si distinguono per la profonda esplorazione del rapporto tra danza e musica e che sono state presentate in t\\utto il mondo. Nel 1995 ha fondato il P.A.R.T.S., un istituto di formazione internazionale per artisti, dove ha studiato anche il coreografo belga di origine marocchina <strong>Radouan Mriziga<\/strong>. Lui e <strong>Anne Teresa De Keersmaeker<\/strong> hanno utilizzato come base musicale la registrazione delle \u201cQuattro Stagioni\u201d eseguite dall\u2019ensemble <strong>Gli Incogniti<\/strong> e <strong>Amandine Beyer<\/strong>, partner musicale di lunga data di <strong>Rosas<\/strong>.<\/span><\/p>\n<p>&nbsp;<\/p>\n<p><span style=\"color: #333333;\"><strong>ANNE TERESA DE KEERSMAEKER, RADOUAN MRIZIGA<\/strong><\/span><br \/>\n<span style=\"color: #333333;\">ROSAS<\/span><br \/>\n<span style=\"color: #333333;\"><em>IL CIMENTO DELL\u2019ARMONIA E DELL\u2019INVENTIONE<\/em> \u2013 <strong>PRIMA ITALIANA<\/strong><\/span><br \/>\n<span style=\"color: #333333;\">DURATA: 90 MINUTI<\/span><\/p>\n<p><span style=\"color: #333333;\"><strong>Coreografia<\/strong> Anne Teresa De Keersmaeker, Radouan Mriziga<\/span><br \/>\n<span style=\"color: #333333;\"><strong>Creato e interpretato da<\/strong> Bo\u0161tjan Anton\u010di\u010d, Nassim Baddag, Lav Crn\u010devi\u0107, Jos\u00e9 Paulo dos Santos<\/span><br \/>\n<span style=\"color: #333333;\"><strong>Musica<\/strong> Antonio Vivaldi, Le quattro stagioni eseguita da Amandine Beyer, Gli Incogniti (Alpha Classics\/Outhere Music 2015)<\/span><br \/>\n<span style=\"color: #333333;\">Analisi musicale Amandine Beyer<\/span><br \/>\n<span style=\"color: #333333;\"><strong>Poesie<\/strong> Asmaa Jama, \u2018We, the salvage&#8217;; Antonio Vivaldi, \u2018Le quattro stagioni\u2019<\/span><br \/>\n<span style=\"color: #333333;\"><strong>Scenografia e luci<\/strong> Anne Teresa De Keersmaeker, Radouan Mriziga<\/span><br \/>\n<span style=\"color: #333333;\"><strong>Costumi<\/strong> Aouatif Boulaich<\/span><br \/>\n<span style=\"color: #333333;\"><strong>Direzione di sala<\/strong> Eleni Ellada Damianou<\/span><br \/>\n<span style=\"color: #333333;\"><strong>Produzione<\/strong> Rosas<\/span><br \/>\n<span style=\"color: #333333;\"><strong>Coproduzione<\/strong> Berliner Festspiele, Charleroi danse &#8211; centre chor\u00e9graphique de Wallonie-Bruxelles, Concertgebouw Brugge (Bruges), De Munt\/La Monnaie, Festival d&#8217;Automne (Paris), Festival de Marseille, ImPulsTanz, Sadler&#8217;s Wells, Th\u00e9\u00e2tre de la Ville (Paris)<\/span><br \/>\n<span style=\"color: #333333;\"><strong>Prima rappresentazione<\/strong> 11 maggio 2024, Rosas Performance Space (Brussel\/Bruxelles\/Brussels), con De Munt\/La Monnaie, Kaaitheater e Kunstenfestivaldesarts<\/span><br \/>\n<span style=\"color: #333333;\"><strong>Con il sostegno di<\/strong> Dance Reflections by Van Cleef &amp; Arpels<\/span><\/p>\n<p>&nbsp;<\/p>\n<p><span style=\"color: #333333;\"><strong>ATTENZIONE<\/strong>:\u00a0si fa presente che le prime file della platea della Sala Petrassi e del Teatro Studio Gianni Borgna non sono disponibili alla vendita in quanto smontate per esigenze tecniche<\/span><\/p>\n","protected":false},"excerpt":{"rendered":"Ne \u201cIl Cimento dell&#8217;Armonia e dell&#8217;Inventione\u201d, Anne Teresa De Keersmaeker, Radouan Mriziga e la compagnia di danza Rosas rappresentano gli sviluppi sconcertanti del rapporto tra esseri umani e natura in un&#8217;esplorazione delle \u201cQuattro Stagioni\u201d di Antonio Vivaldi. Per questo ultimo nuovo lavoro, creato insieme al coreografo Radouan Mriziga, Anne Teresa De Keersmaeker sceglie come punto [&hellip;]","protected":false},"featured_media":35051,"template":"","meta":{"_acf_changed":false,"inline_featured_image":false},"event_categories":[],"event_genre":[68],"event_themes":[],"event_format":[74],"event_consigliati":[],"class_list":["post-17524","event","type-event","status-publish","has-post-thumbnail","hentry","event_genre-danza","event_format-festival"],"acf":[],"yoast_head":"<!-- This site is optimized with the Yoast SEO plugin v22.6 - https:\/\/yoast.com\/wordpress\/plugins\/seo\/ -->\n<title>Anne Teresa De Keersmaeker, Radouan Mriziga\/Rosas \u2013 &quot;Il Cimento dell\u2019Armonia e dell\u2019Inventione&quot; | Auditorium Parco della Musica Ennio Morricone<\/title>\n<meta name=\"description\" content=\"In una scrittura coreografica geometrica e astratta la performance rompe lo sviluppo lineare delle quattro stagioni per esplorare traiettorie separate e parallele, generate dalla struttura formale e dagli elementi testuali della partitura originale.\" \/>\n<meta name=\"robots\" content=\"index, follow, max-snippet:-1, max-image-preview:large, max-video-preview:-1\" \/>\n<link rel=\"canonical\" href=\"https:\/\/www.auditorium.com\/it\/event\/anne-teresa-de-keersmaeker-radouan-mriziga-rosas-il-cimento-dellarmonia-e-dellinventione\/\" \/>\n<meta property=\"og:locale\" content=\"it_IT\" \/>\n<meta property=\"og:type\" content=\"article\" \/>\n<meta property=\"og:title\" content=\"Anne Teresa De Keersmaeker, Radouan Mriziga\/Rosas \u2013 &quot;Il Cimento dell\u2019Armonia e dell\u2019Inventione&quot; | Auditorium Parco della Musica Ennio Morricone\" \/>\n<meta property=\"og:description\" content=\"In una scrittura coreografica geometrica e astratta la performance rompe lo sviluppo lineare delle quattro stagioni per esplorare traiettorie separate e parallele, generate dalla struttura formale e dagli elementi testuali della partitura originale.\" \/>\n<meta property=\"og:url\" content=\"https:\/\/www.auditorium.com\/it\/event\/anne-teresa-de-keersmaeker-radouan-mriziga-rosas-il-cimento-dellarmonia-e-dellinventione\/\" \/>\n<meta property=\"og:site_name\" content=\"Auditorium Parco della Musica Ennio Morricone\" \/>\n<meta property=\"article:publisher\" content=\"https:\/\/www.facebook.com\/AuditoriumParcodellaMusica\" \/>\n<meta property=\"article:modified_time\" content=\"2024-10-01T17:47:22+00:00\" \/>\n<meta property=\"og:image\" content=\"https:\/\/www.auditorium.com\/wp-content\/uploads\/2024\/09\/Rosas-Il-Cimento-dellArmonia-e-dellInventione-Anne-Van-Aerschot-13-scaled.jpg\" \/>\n\t<meta property=\"og:image:width\" content=\"2560\" \/>\n\t<meta property=\"og:image:height\" content=\"1703\" \/>\n\t<meta property=\"og:image:type\" content=\"image\/jpeg\" \/>\n<meta name=\"twitter:card\" content=\"summary_large_image\" \/>\n<meta name=\"twitter:site\" content=\"@auditoriumpdm\" \/>\n<meta name=\"twitter:label1\" content=\"Tempo di lettura stimato\" \/>\n\t<meta name=\"twitter:data1\" content=\"3 minuti\" \/>\n<script type=\"application\/ld+json\" class=\"yoast-schema-graph\">{\"@context\":\"https:\/\/schema.org\",\"@graph\":[{\"@type\":\"WebPage\",\"@id\":\"https:\/\/www.auditorium.com\/it\/event\/anne-teresa-de-keersmaeker-radouan-mriziga-rosas-il-cimento-dellarmonia-e-dellinventione\/\",\"url\":\"https:\/\/www.auditorium.com\/it\/event\/anne-teresa-de-keersmaeker-radouan-mriziga-rosas-il-cimento-dellarmonia-e-dellinventione\/\",\"name\":\"Anne Teresa De Keersmaeker, Radouan Mriziga\/Rosas \u2013 \\\"Il Cimento dell\u2019Armonia e dell\u2019Inventione\\\" | Auditorium Parco della Musica Ennio Morricone\",\"isPartOf\":{\"@id\":\"https:\/\/www.auditorium.com\/it\/#website\"},\"primaryImageOfPage\":{\"@id\":\"https:\/\/www.auditorium.com\/it\/event\/anne-teresa-de-keersmaeker-radouan-mriziga-rosas-il-cimento-dellarmonia-e-dellinventione\/#primaryimage\"},\"image\":{\"@id\":\"https:\/\/www.auditorium.com\/it\/event\/anne-teresa-de-keersmaeker-radouan-mriziga-rosas-il-cimento-dellarmonia-e-dellinventione\/#primaryimage\"},\"thumbnailUrl\":\"https:\/\/www.auditorium.com\/wp-content\/uploads\/2024\/09\/Rosas-Il-Cimento-dellArmonia-e-dellInventione-Anne-Van-Aerschot-13-scaled.jpg\",\"datePublished\":\"2024-10-01T14:14:24+00:00\",\"dateModified\":\"2024-10-01T17:47:22+00:00\",\"description\":\"In una scrittura coreografica geometrica e astratta la performance rompe lo sviluppo lineare delle quattro stagioni per esplorare traiettorie separate e parallele, generate dalla struttura formale e dagli elementi testuali della partitura originale.\",\"breadcrumb\":{\"@id\":\"https:\/\/www.auditorium.com\/it\/event\/anne-teresa-de-keersmaeker-radouan-mriziga-rosas-il-cimento-dellarmonia-e-dellinventione\/#breadcrumb\"},\"inLanguage\":\"it-IT\",\"potentialAction\":[{\"@type\":\"ReadAction\",\"target\":[\"https:\/\/www.auditorium.com\/it\/event\/anne-teresa-de-keersmaeker-radouan-mriziga-rosas-il-cimento-dellarmonia-e-dellinventione\/\"]}]},{\"@type\":\"ImageObject\",\"inLanguage\":\"it-IT\",\"@id\":\"https:\/\/www.auditorium.com\/it\/event\/anne-teresa-de-keersmaeker-radouan-mriziga-rosas-il-cimento-dellarmonia-e-dellinventione\/#primaryimage\",\"url\":\"https:\/\/www.auditorium.com\/wp-content\/uploads\/2024\/09\/Rosas-Il-Cimento-dellArmonia-e-dellInventione-Anne-Van-Aerschot-13-scaled.jpg\",\"contentUrl\":\"https:\/\/www.auditorium.com\/wp-content\/uploads\/2024\/09\/Rosas-Il-Cimento-dellArmonia-e-dellInventione-Anne-Van-Aerschot-13-scaled.jpg\",\"width\":2560,\"height\":1703},{\"@type\":\"BreadcrumbList\",\"@id\":\"https:\/\/www.auditorium.com\/it\/event\/anne-teresa-de-keersmaeker-radouan-mriziga-rosas-il-cimento-dellarmonia-e-dellinventione\/#breadcrumb\",\"itemListElement\":[{\"@type\":\"ListItem\",\"position\":1,\"name\":\"Home\",\"item\":\"https:\/\/www.auditorium.com\/it\/\"},{\"@type\":\"ListItem\",\"position\":2,\"name\":\"Anne Teresa De Keersmaeker, Radouan Mriziga\/Rosas \u2013 &#8220;Il Cimento dell\u2019Armonia e dell\u2019Inventione&#8221;\"}]},{\"@type\":\"WebSite\",\"@id\":\"https:\/\/www.auditorium.com\/it\/#website\",\"url\":\"https:\/\/www.auditorium.com\/it\/\",\"name\":\"Auditorium Parco della Musica Ennio Morricone\",\"description\":\"Progettato da Renzo Piano, l&#039;Auditorium rappresenta una sofisticata architettura musicale e uno straordinario intervento di riqualificazione urbana.\",\"publisher\":{\"@id\":\"https:\/\/www.auditorium.com\/it\/#organization\"},\"potentialAction\":[{\"@type\":\"SearchAction\",\"target\":{\"@type\":\"EntryPoint\",\"urlTemplate\":\"https:\/\/www.auditorium.com\/it\/?s={search_term_string}\"},\"query-input\":\"required name=search_term_string\"}],\"inLanguage\":\"it-IT\"},{\"@type\":\"Organization\",\"@id\":\"https:\/\/www.auditorium.com\/it\/#organization\",\"name\":\"Auditorium Parco della Musica Ennio Morricone\",\"url\":\"https:\/\/www.auditorium.com\/it\/\",\"logo\":{\"@type\":\"ImageObject\",\"inLanguage\":\"it-IT\",\"@id\":\"https:\/\/www.auditorium.com\/it\/#\/schema\/logo\/image\/\",\"url\":\"https:\/\/www.auditorium.com\/wp-content\/uploads\/2022\/12\/logo-auditorium.svg\",\"contentUrl\":\"https:\/\/www.auditorium.com\/wp-content\/uploads\/2022\/12\/logo-auditorium.svg\",\"width\":86,\"height\":79,\"caption\":\"Auditorium Parco della Musica Ennio Morricone\"},\"image\":{\"@id\":\"https:\/\/www.auditorium.com\/it\/#\/schema\/logo\/image\/\"},\"sameAs\":[\"https:\/\/www.facebook.com\/AuditoriumParcodellaMusica\",\"https:\/\/x.com\/auditoriumpdm\",\"https:\/\/www.instagram.com\/auditoriumparcodellamusica\/\"]}]}<\/script>\n<!-- \/ Yoast SEO plugin. -->","yoast_head_json":{"title":"Anne Teresa De Keersmaeker, Radouan Mriziga\/Rosas \u2013 \"Il Cimento dell\u2019Armonia e dell\u2019Inventione\" | Auditorium Parco della Musica Ennio Morricone","description":"In una scrittura coreografica geometrica e astratta la performance rompe lo sviluppo lineare delle quattro stagioni per esplorare traiettorie separate e parallele, generate dalla struttura formale e dagli elementi testuali della partitura originale.","robots":{"index":"index","follow":"follow","max-snippet":"max-snippet:-1","max-image-preview":"max-image-preview:large","max-video-preview":"max-video-preview:-1"},"canonical":"https:\/\/www.auditorium.com\/it\/event\/anne-teresa-de-keersmaeker-radouan-mriziga-rosas-il-cimento-dellarmonia-e-dellinventione\/","og_locale":"it_IT","og_type":"article","og_title":"Anne Teresa De Keersmaeker, Radouan Mriziga\/Rosas \u2013 \"Il Cimento dell\u2019Armonia e dell\u2019Inventione\" | Auditorium Parco della Musica Ennio Morricone","og_description":"In una scrittura coreografica geometrica e astratta la performance rompe lo sviluppo lineare delle quattro stagioni per esplorare traiettorie separate e parallele, generate dalla struttura formale e dagli elementi testuali della partitura originale.","og_url":"https:\/\/www.auditorium.com\/it\/event\/anne-teresa-de-keersmaeker-radouan-mriziga-rosas-il-cimento-dellarmonia-e-dellinventione\/","og_site_name":"Auditorium Parco della Musica Ennio Morricone","article_publisher":"https:\/\/www.facebook.com\/AuditoriumParcodellaMusica","article_modified_time":"2024-10-01T17:47:22+00:00","og_image":[{"width":2560,"height":1703,"url":"https:\/\/www.auditorium.com\/wp-content\/uploads\/2024\/09\/Rosas-Il-Cimento-dellArmonia-e-dellInventione-Anne-Van-Aerschot-13-scaled.jpg","type":"image\/jpeg"}],"twitter_card":"summary_large_image","twitter_site":"@auditoriumpdm","twitter_misc":{"Tempo di lettura stimato":"3 minuti"},"schema":{"@context":"https:\/\/schema.org","@graph":[{"@type":"WebPage","@id":"https:\/\/www.auditorium.com\/it\/event\/anne-teresa-de-keersmaeker-radouan-mriziga-rosas-il-cimento-dellarmonia-e-dellinventione\/","url":"https:\/\/www.auditorium.com\/it\/event\/anne-teresa-de-keersmaeker-radouan-mriziga-rosas-il-cimento-dellarmonia-e-dellinventione\/","name":"Anne Teresa De Keersmaeker, Radouan Mriziga\/Rosas \u2013 \"Il Cimento dell\u2019Armonia e dell\u2019Inventione\" | Auditorium Parco della Musica Ennio Morricone","isPartOf":{"@id":"https:\/\/www.auditorium.com\/it\/#website"},"primaryImageOfPage":{"@id":"https:\/\/www.auditorium.com\/it\/event\/anne-teresa-de-keersmaeker-radouan-mriziga-rosas-il-cimento-dellarmonia-e-dellinventione\/#primaryimage"},"image":{"@id":"https:\/\/www.auditorium.com\/it\/event\/anne-teresa-de-keersmaeker-radouan-mriziga-rosas-il-cimento-dellarmonia-e-dellinventione\/#primaryimage"},"thumbnailUrl":"https:\/\/www.auditorium.com\/wp-content\/uploads\/2024\/09\/Rosas-Il-Cimento-dellArmonia-e-dellInventione-Anne-Van-Aerschot-13-scaled.jpg","datePublished":"2024-10-01T14:14:24+00:00","dateModified":"2024-10-01T17:47:22+00:00","description":"In una scrittura coreografica geometrica e astratta la performance rompe lo sviluppo lineare delle quattro stagioni per esplorare traiettorie separate e parallele, generate dalla struttura formale e dagli elementi testuali della partitura originale.","breadcrumb":{"@id":"https:\/\/www.auditorium.com\/it\/event\/anne-teresa-de-keersmaeker-radouan-mriziga-rosas-il-cimento-dellarmonia-e-dellinventione\/#breadcrumb"},"inLanguage":"it-IT","potentialAction":[{"@type":"ReadAction","target":["https:\/\/www.auditorium.com\/it\/event\/anne-teresa-de-keersmaeker-radouan-mriziga-rosas-il-cimento-dellarmonia-e-dellinventione\/"]}]},{"@type":"ImageObject","inLanguage":"it-IT","@id":"https:\/\/www.auditorium.com\/it\/event\/anne-teresa-de-keersmaeker-radouan-mriziga-rosas-il-cimento-dellarmonia-e-dellinventione\/#primaryimage","url":"https:\/\/www.auditorium.com\/wp-content\/uploads\/2024\/09\/Rosas-Il-Cimento-dellArmonia-e-dellInventione-Anne-Van-Aerschot-13-scaled.jpg","contentUrl":"https:\/\/www.auditorium.com\/wp-content\/uploads\/2024\/09\/Rosas-Il-Cimento-dellArmonia-e-dellInventione-Anne-Van-Aerschot-13-scaled.jpg","width":2560,"height":1703},{"@type":"BreadcrumbList","@id":"https:\/\/www.auditorium.com\/it\/event\/anne-teresa-de-keersmaeker-radouan-mriziga-rosas-il-cimento-dellarmonia-e-dellinventione\/#breadcrumb","itemListElement":[{"@type":"ListItem","position":1,"name":"Home","item":"https:\/\/www.auditorium.com\/it\/"},{"@type":"ListItem","position":2,"name":"Anne Teresa De Keersmaeker, Radouan Mriziga\/Rosas \u2013 &#8220;Il Cimento dell\u2019Armonia e dell\u2019Inventione&#8221;"}]},{"@type":"WebSite","@id":"https:\/\/www.auditorium.com\/it\/#website","url":"https:\/\/www.auditorium.com\/it\/","name":"Auditorium Parco della Musica Ennio Morricone","description":"Progettato da Renzo Piano, l&#039;Auditorium rappresenta una sofisticata architettura musicale e uno straordinario intervento di riqualificazione urbana.","publisher":{"@id":"https:\/\/www.auditorium.com\/it\/#organization"},"potentialAction":[{"@type":"SearchAction","target":{"@type":"EntryPoint","urlTemplate":"https:\/\/www.auditorium.com\/it\/?s={search_term_string}"},"query-input":"required name=search_term_string"}],"inLanguage":"it-IT"},{"@type":"Organization","@id":"https:\/\/www.auditorium.com\/it\/#organization","name":"Auditorium Parco della Musica Ennio Morricone","url":"https:\/\/www.auditorium.com\/it\/","logo":{"@type":"ImageObject","inLanguage":"it-IT","@id":"https:\/\/www.auditorium.com\/it\/#\/schema\/logo\/image\/","url":"https:\/\/www.auditorium.com\/wp-content\/uploads\/2022\/12\/logo-auditorium.svg","contentUrl":"https:\/\/www.auditorium.com\/wp-content\/uploads\/2022\/12\/logo-auditorium.svg","width":86,"height":79,"caption":"Auditorium Parco della Musica Ennio Morricone"},"image":{"@id":"https:\/\/www.auditorium.com\/it\/#\/schema\/logo\/image\/"},"sameAs":["https:\/\/www.facebook.com\/AuditoriumParcodellaMusica","https:\/\/x.com\/auditoriumpdm","https:\/\/www.instagram.com\/auditoriumparcodellamusica\/"]}]}},"_links":{"self":[{"href":"https:\/\/www.auditorium.com\/it\/wp-json\/wp\/v2\/event\/17524","targetHints":{"allow":["GET"]}}],"collection":[{"href":"https:\/\/www.auditorium.com\/it\/wp-json\/wp\/v2\/event"}],"about":[{"href":"https:\/\/www.auditorium.com\/it\/wp-json\/wp\/v2\/types\/event"}],"wp:featuredmedia":[{"embeddable":true,"href":"https:\/\/www.auditorium.com\/it\/wp-json\/wp\/v2\/media\/35051"}],"wp:attachment":[{"href":"https:\/\/www.auditorium.com\/it\/wp-json\/wp\/v2\/media?parent=17524"}],"wp:term":[{"taxonomy":"event_categories","embeddable":true,"href":"https:\/\/www.auditorium.com\/it\/wp-json\/wp\/v2\/event_categories?post=17524"},{"taxonomy":"event_genre","embeddable":true,"href":"https:\/\/www.auditorium.com\/it\/wp-json\/wp\/v2\/event_genre?post=17524"},{"taxonomy":"event_themes","embeddable":true,"href":"https:\/\/www.auditorium.com\/it\/wp-json\/wp\/v2\/event_themes?post=17524"},{"taxonomy":"event_format","embeddable":true,"href":"https:\/\/www.auditorium.com\/it\/wp-json\/wp\/v2\/event_format?post=17524"},{"taxonomy":"event_consigliati","embeddable":true,"href":"https:\/\/www.auditorium.com\/it\/wp-json\/wp\/v2\/event_consigliati?post=17524"}],"curies":[{"name":"wp","href":"https:\/\/api.w.org\/{rel}","templated":true}]}}