{"id":14536,"date":"2024-03-13T11:18:54","date_gmt":"2024-03-13T10:18:54","guid":{"rendered":"https:\/\/www.auditorium.com\/?post_type=event&#038;p=14536"},"modified":"2024-03-14T13:29:21","modified_gmt":"2024-03-14T12:29:21","slug":"germano-scurti-buongiorno-hospice-orari-repliche","status":"publish","type":"event","link":"https:\/\/www.auditorium.com\/it\/event\/germano-scurti-buongiorno-hospice-orari-repliche\/","title":{"rendered":"Germano Scurti \u2013 &#8220;Buongiorno Hospice&#8221; [Orari repliche]"},"content":{"rendered":"<div>\n<div style=\"text-align: center;\"><\/div>\n<div style=\"text-align: center;\">\n<p style=\"text-align: left;\"><em>Buongiorno Hospice<\/em><br \/>\n<em>Audio documentario<\/em><br \/>\n<em>Quasi un Oratorio per voci e ensemble di suoni concreti<\/em><br \/>\n<em>Spazializzazione su 16 canali e cuffie a conduzione ossea<\/em><br \/>\n<em>di Germano Scurti<\/em><br \/>\n<em>Durata 110\u2019<\/em><br \/>\n<em>Produzione Fondazione Musica per Roma<\/em><\/p>\n<\/div>\n<p><strong>ORARI REPLICHE (n.10)<\/strong><br \/>\n<strong>22 marzo: ore 18, ore 20<\/strong><br \/>\n<strong>23 marzo: ore 11, ore 15, ore 17, ore 19<\/strong><br \/>\n<strong>24 marzo: ore 11, ore 14, ore 16, ore 18\u00a0<\/strong><\/p>\n<p>&nbsp;<\/p>\n<\/div>\n<div>\n<p class=\"Didefault\"><strong><i>Buongiorno Hospice<\/i> <\/strong>\u00e8 un audio documentario sul \u201cfine vita\u201d. Ci siamo collocati nel punto pi\u00f9 vicino dell\u2019esperienza reale della prossimit\u00e0 con la morte facendo emergere le concrete esperienze individuali dei pazienti e del loro contesto familiare, dei medici e degli infermieri, e le interazioni che si verificano nello specifico contesto istituzionale Hospice; dunque i suoni, le parole, il vissuto tratto dall\u2019esperienza concreta della nostra pi\u00f9 ampia liminariet\u00e0: \u201cl\u2019esperienza del morire\u201d.<\/p>\n<\/div>\n<div>\n<p class=\"Didefault\">Con questo si \u00e8 voluto da una parte valorizzare il metodo Hospice \u2013 che in qualche modo possiamo considerare quasi come uno snodo di civilt\u00e0, pre-post prometeica &#8211; e dall\u2019altra restituire uno spazio sociale a ci\u00f2 che tendenzialmente rimane recluso, ovvero provare ad affrontare questa nostra rimozione societaria, una delle nostre pi\u00f9 grandi paure universali, perch\u00e9 sembra che si muoia in clandestinit\u00e0, quasi di nascosto.<\/p>\n<\/div>\n<div>\n<p class=\"Didefault\">Dal punto di vista documentaristico <i>Buongiorno Hospice<\/i> va oltre il reportage giornalistico grazie alla creazione di una struttura narrativa totalmente basata sul \u201cdiscorso diretto\u201d, sulla presa diretta della realt\u00e0, \u201cla vita colta in fragrante\u201d direbbe Dziga Vertov.<\/p>\n<\/div>\n<div>\n<p class=\"Didefault\">A questo si aggiunge una specifica sensibilit\u00e0 \u201caudiografica\u201d che si fa essa stessa narrazione. Una sensibilit\u00e0 che ci ha portato ad enfatizzare i suoni concreti, i suoni della realt\u00e0, quelli dell\u2019ambiente Hospice (in genere microsound), proposti senza alcuna elaborazione elettronica, allo scopo di conservare una sensazione di \u201cnaturalezza\u201d dello spazio. Suoni che tuttavia non vengono trattati in maniera realistico-mimetica ma come veri e propri \u201coggetti sonori\u201d (secondo i criteri della musica acusmatica e della sound art), e in quanto tali concertati e orchestrati.<\/p>\n<\/div>\n<div>\n<p class=\"Didefault\">Questa sensibilit\u00e0 \u201caudiografica\u201d viene ulteriormente amplificata grazie alla scelta di proporre il documentario audio, <i>Buongiorno Hospice<\/i> nella forma di un concerto acusmatico, dove vengono messi in gioco tanto i processi creativi e artistici della spazializzazione del suono &#8211; realizzati su 16 canali e cuffie a conduzione ossea &#8211; quanto la resa narrativa della definizione metaforica della musica acusmatica stessa, spesso denominata \u201ccinema per le orecchie\u201d.<\/p>\n<\/div>\n<div>\n<p class=\"Didefault\">E\u2019 dunque una sorta di ibrido <i>Buongiorno Hospice<\/i>, una sperimentazione che si muove tra la ricerca linguista sull\u2019audio documentario e il concerto acusmatico.<\/p>\n<\/div>\n<div>\n<p class=\"Didefault\" style=\"text-align: left;\">Il tutto per cercare di restituire quella straordinaria intimit\u00e0 che si sprigiona nelle relazioni umane all<span dir=\"RTL\" lang=\"AR-SA\">\u2019<\/span>interno dell<span dir=\"RTL\" lang=\"AR-SA\">\u2019<\/span>Hospice, e che probabilmente solo il linguaggio audio, tattile, \u00e8 in grado di offrire, attraverso il suo suono di prossimit\u00e0. Un linguaggio forse capace di sostenere la scommessa pi\u00f9 grande di questo lavoro: chiedere agli ascoltatori di porsi di fronte al nostro pi\u00f9 grande tab\u00f9.<\/p>\n<\/div>\n<div>\n<p class=\"Corpo\"><b><em>Gli Hospice coinvolti nel field recording:<\/em><br \/>\n<em>Hospice di Torrevecchia Teatina (Chieti)<\/em><br \/>\n<em>Hospice \u201cAlba Chiara\u201d di Lanciano (Chieti)<\/em> <\/b><\/p>\n<\/div>\n<div>\n<p>&nbsp;<\/p>\n<\/div>\n","protected":false},"excerpt":{"rendered":"Buongiorno Hospice Audio documentario Quasi un Oratorio per voci e ensemble di suoni concreti Spazializzazione su 16 canali e cuffie a conduzione ossea di Germano Scurti Durata 110\u2019 Produzione Fondazione Musica per Roma ORARI REPLICHE (n.10) 22 marzo: ore 18, ore 20 23 marzo: ore 11, ore 15, ore 17, ore 19 24 marzo: ore [&hellip;]","protected":false},"featured_media":13871,"template":"","meta":{"_acf_changed":false,"inline_featured_image":false},"event_categories":[],"event_genre":[],"event_themes":[],"event_format":[],"event_consigliati":[],"class_list":["post-14536","event","type-event","status-publish","has-post-thumbnail","hentry"],"acf":[],"yoast_head":"<!-- This site is optimized with the Yoast SEO plugin v22.6 - https:\/\/yoast.com\/wordpress\/plugins\/seo\/ -->\n<title>Germano Scurti \u2013 &quot;Buongiorno Hospice&quot; [Orari repliche] | Auditorium Parco della Musica Ennio Morricone<\/title>\n<meta name=\"robots\" content=\"index, follow, max-snippet:-1, max-image-preview:large, max-video-preview:-1\" \/>\n<link rel=\"canonical\" href=\"https:\/\/www.auditorium.com\/it\/event\/germano-scurti-buongiorno-hospice-orari-repliche\/\" \/>\n<meta property=\"og:locale\" content=\"it_IT\" \/>\n<meta property=\"og:type\" content=\"article\" \/>\n<meta property=\"og:title\" content=\"Germano Scurti \u2013 &quot;Buongiorno Hospice&quot; [Orari repliche] | Auditorium Parco della Musica Ennio Morricone\" \/>\n<meta property=\"og:description\" content=\"Buongiorno Hospice Audio documentario Quasi un Oratorio per voci e ensemble di suoni concreti Spazializzazione su 16 canali e cuffie a conduzione ossea di Germano Scurti Durata 110\u2019 Produzione Fondazione Musica per Roma ORARI REPLICHE (n.10) 22 marzo: ore 18, ore 20 23 marzo: ore 11, ore 15, ore 17, ore 19 24 marzo: ore [&hellip;]\" \/>\n<meta property=\"og:url\" content=\"https:\/\/www.auditorium.com\/it\/event\/germano-scurti-buongiorno-hospice-orari-repliche\/\" \/>\n<meta property=\"og:site_name\" content=\"Auditorium Parco della Musica Ennio Morricone\" \/>\n<meta property=\"article:publisher\" content=\"https:\/\/www.facebook.com\/AuditoriumParcodellaMusica\" \/>\n<meta property=\"article:modified_time\" content=\"2024-03-14T12:29:21+00:00\" \/>\n<meta property=\"og:image\" content=\"https:\/\/www.auditorium.com\/wp-content\/uploads\/2024\/02\/Foto-Hospice.jpg\" \/>\n\t<meta property=\"og:image:width\" content=\"2452\" \/>\n\t<meta property=\"og:image:height\" content=\"1170\" \/>\n\t<meta property=\"og:image:type\" content=\"image\/jpeg\" \/>\n<meta name=\"twitter:card\" content=\"summary_large_image\" \/>\n<meta name=\"twitter:site\" content=\"@auditoriumpdm\" \/>\n<meta name=\"twitter:label1\" content=\"Tempo di lettura stimato\" \/>\n\t<meta name=\"twitter:data1\" content=\"3 minuti\" \/>\n<script type=\"application\/ld+json\" class=\"yoast-schema-graph\">{\"@context\":\"https:\/\/schema.org\",\"@graph\":[{\"@type\":\"WebPage\",\"@id\":\"https:\/\/www.auditorium.com\/it\/event\/germano-scurti-buongiorno-hospice-orari-repliche\/\",\"url\":\"https:\/\/www.auditorium.com\/it\/event\/germano-scurti-buongiorno-hospice-orari-repliche\/\",\"name\":\"Germano Scurti \u2013 \\\"Buongiorno Hospice\\\" [Orari repliche] | Auditorium Parco della Musica Ennio Morricone\",\"isPartOf\":{\"@id\":\"https:\/\/www.auditorium.com\/it\/#website\"},\"primaryImageOfPage\":{\"@id\":\"https:\/\/www.auditorium.com\/it\/event\/germano-scurti-buongiorno-hospice-orari-repliche\/#primaryimage\"},\"image\":{\"@id\":\"https:\/\/www.auditorium.com\/it\/event\/germano-scurti-buongiorno-hospice-orari-repliche\/#primaryimage\"},\"thumbnailUrl\":\"https:\/\/www.auditorium.com\/wp-content\/uploads\/2024\/02\/Foto-Hospice.jpg\",\"datePublished\":\"2024-03-13T10:18:54+00:00\",\"dateModified\":\"2024-03-14T12:29:21+00:00\",\"breadcrumb\":{\"@id\":\"https:\/\/www.auditorium.com\/it\/event\/germano-scurti-buongiorno-hospice-orari-repliche\/#breadcrumb\"},\"inLanguage\":\"it-IT\",\"potentialAction\":[{\"@type\":\"ReadAction\",\"target\":[\"https:\/\/www.auditorium.com\/it\/event\/germano-scurti-buongiorno-hospice-orari-repliche\/\"]}]},{\"@type\":\"ImageObject\",\"inLanguage\":\"it-IT\",\"@id\":\"https:\/\/www.auditorium.com\/it\/event\/germano-scurti-buongiorno-hospice-orari-repliche\/#primaryimage\",\"url\":\"https:\/\/www.auditorium.com\/wp-content\/uploads\/2024\/02\/Foto-Hospice.jpg\",\"contentUrl\":\"https:\/\/www.auditorium.com\/wp-content\/uploads\/2024\/02\/Foto-Hospice.jpg\",\"width\":2452,\"height\":1170},{\"@type\":\"BreadcrumbList\",\"@id\":\"https:\/\/www.auditorium.com\/it\/event\/germano-scurti-buongiorno-hospice-orari-repliche\/#breadcrumb\",\"itemListElement\":[{\"@type\":\"ListItem\",\"position\":1,\"name\":\"Home\",\"item\":\"https:\/\/www.auditorium.com\/it\/\"},{\"@type\":\"ListItem\",\"position\":2,\"name\":\"Germano Scurti \u2013 &#8220;Buongiorno Hospice&#8221; [Orari repliche]\"}]},{\"@type\":\"WebSite\",\"@id\":\"https:\/\/www.auditorium.com\/it\/#website\",\"url\":\"https:\/\/www.auditorium.com\/it\/\",\"name\":\"Auditorium Parco della Musica Ennio Morricone\",\"description\":\"Progettato da Renzo Piano, l&#039;Auditorium rappresenta una sofisticata architettura musicale e uno straordinario intervento di riqualificazione urbana.\",\"publisher\":{\"@id\":\"https:\/\/www.auditorium.com\/it\/#organization\"},\"potentialAction\":[{\"@type\":\"SearchAction\",\"target\":{\"@type\":\"EntryPoint\",\"urlTemplate\":\"https:\/\/www.auditorium.com\/it\/?s={search_term_string}\"},\"query-input\":\"required name=search_term_string\"}],\"inLanguage\":\"it-IT\"},{\"@type\":\"Organization\",\"@id\":\"https:\/\/www.auditorium.com\/it\/#organization\",\"name\":\"Auditorium Parco della Musica Ennio Morricone\",\"url\":\"https:\/\/www.auditorium.com\/it\/\",\"logo\":{\"@type\":\"ImageObject\",\"inLanguage\":\"it-IT\",\"@id\":\"https:\/\/www.auditorium.com\/it\/#\/schema\/logo\/image\/\",\"url\":\"https:\/\/www.auditorium.com\/wp-content\/uploads\/2022\/12\/logo-auditorium.svg\",\"contentUrl\":\"https:\/\/www.auditorium.com\/wp-content\/uploads\/2022\/12\/logo-auditorium.svg\",\"width\":86,\"height\":79,\"caption\":\"Auditorium Parco della Musica Ennio Morricone\"},\"image\":{\"@id\":\"https:\/\/www.auditorium.com\/it\/#\/schema\/logo\/image\/\"},\"sameAs\":[\"https:\/\/www.facebook.com\/AuditoriumParcodellaMusica\",\"https:\/\/x.com\/auditoriumpdm\",\"https:\/\/www.instagram.com\/auditoriumparcodellamusica\/\"]}]}<\/script>\n<!-- \/ Yoast SEO plugin. -->","yoast_head_json":{"title":"Germano Scurti \u2013 \"Buongiorno Hospice\" [Orari repliche] | Auditorium Parco della Musica Ennio Morricone","robots":{"index":"index","follow":"follow","max-snippet":"max-snippet:-1","max-image-preview":"max-image-preview:large","max-video-preview":"max-video-preview:-1"},"canonical":"https:\/\/www.auditorium.com\/it\/event\/germano-scurti-buongiorno-hospice-orari-repliche\/","og_locale":"it_IT","og_type":"article","og_title":"Germano Scurti \u2013 \"Buongiorno Hospice\" [Orari repliche] | Auditorium Parco della Musica Ennio Morricone","og_description":"Buongiorno Hospice Audio documentario Quasi un Oratorio per voci e ensemble di suoni concreti Spazializzazione su 16 canali e cuffie a conduzione ossea di Germano Scurti Durata 110\u2019 Produzione Fondazione Musica per Roma ORARI REPLICHE (n.10) 22 marzo: ore 18, ore 20 23 marzo: ore 11, ore 15, ore 17, ore 19 24 marzo: ore [&hellip;]","og_url":"https:\/\/www.auditorium.com\/it\/event\/germano-scurti-buongiorno-hospice-orari-repliche\/","og_site_name":"Auditorium Parco della Musica Ennio Morricone","article_publisher":"https:\/\/www.facebook.com\/AuditoriumParcodellaMusica","article_modified_time":"2024-03-14T12:29:21+00:00","og_image":[{"width":2452,"height":1170,"url":"https:\/\/www.auditorium.com\/wp-content\/uploads\/2024\/02\/Foto-Hospice.jpg","type":"image\/jpeg"}],"twitter_card":"summary_large_image","twitter_site":"@auditoriumpdm","twitter_misc":{"Tempo di lettura stimato":"3 minuti"},"schema":{"@context":"https:\/\/schema.org","@graph":[{"@type":"WebPage","@id":"https:\/\/www.auditorium.com\/it\/event\/germano-scurti-buongiorno-hospice-orari-repliche\/","url":"https:\/\/www.auditorium.com\/it\/event\/germano-scurti-buongiorno-hospice-orari-repliche\/","name":"Germano Scurti \u2013 \"Buongiorno Hospice\" [Orari repliche] | Auditorium Parco della Musica Ennio Morricone","isPartOf":{"@id":"https:\/\/www.auditorium.com\/it\/#website"},"primaryImageOfPage":{"@id":"https:\/\/www.auditorium.com\/it\/event\/germano-scurti-buongiorno-hospice-orari-repliche\/#primaryimage"},"image":{"@id":"https:\/\/www.auditorium.com\/it\/event\/germano-scurti-buongiorno-hospice-orari-repliche\/#primaryimage"},"thumbnailUrl":"https:\/\/www.auditorium.com\/wp-content\/uploads\/2024\/02\/Foto-Hospice.jpg","datePublished":"2024-03-13T10:18:54+00:00","dateModified":"2024-03-14T12:29:21+00:00","breadcrumb":{"@id":"https:\/\/www.auditorium.com\/it\/event\/germano-scurti-buongiorno-hospice-orari-repliche\/#breadcrumb"},"inLanguage":"it-IT","potentialAction":[{"@type":"ReadAction","target":["https:\/\/www.auditorium.com\/it\/event\/germano-scurti-buongiorno-hospice-orari-repliche\/"]}]},{"@type":"ImageObject","inLanguage":"it-IT","@id":"https:\/\/www.auditorium.com\/it\/event\/germano-scurti-buongiorno-hospice-orari-repliche\/#primaryimage","url":"https:\/\/www.auditorium.com\/wp-content\/uploads\/2024\/02\/Foto-Hospice.jpg","contentUrl":"https:\/\/www.auditorium.com\/wp-content\/uploads\/2024\/02\/Foto-Hospice.jpg","width":2452,"height":1170},{"@type":"BreadcrumbList","@id":"https:\/\/www.auditorium.com\/it\/event\/germano-scurti-buongiorno-hospice-orari-repliche\/#breadcrumb","itemListElement":[{"@type":"ListItem","position":1,"name":"Home","item":"https:\/\/www.auditorium.com\/it\/"},{"@type":"ListItem","position":2,"name":"Germano Scurti \u2013 &#8220;Buongiorno Hospice&#8221; [Orari repliche]"}]},{"@type":"WebSite","@id":"https:\/\/www.auditorium.com\/it\/#website","url":"https:\/\/www.auditorium.com\/it\/","name":"Auditorium Parco della Musica Ennio Morricone","description":"Progettato da Renzo Piano, l&#039;Auditorium rappresenta una sofisticata architettura musicale e uno straordinario intervento di riqualificazione urbana.","publisher":{"@id":"https:\/\/www.auditorium.com\/it\/#organization"},"potentialAction":[{"@type":"SearchAction","target":{"@type":"EntryPoint","urlTemplate":"https:\/\/www.auditorium.com\/it\/?s={search_term_string}"},"query-input":"required name=search_term_string"}],"inLanguage":"it-IT"},{"@type":"Organization","@id":"https:\/\/www.auditorium.com\/it\/#organization","name":"Auditorium Parco della Musica Ennio Morricone","url":"https:\/\/www.auditorium.com\/it\/","logo":{"@type":"ImageObject","inLanguage":"it-IT","@id":"https:\/\/www.auditorium.com\/it\/#\/schema\/logo\/image\/","url":"https:\/\/www.auditorium.com\/wp-content\/uploads\/2022\/12\/logo-auditorium.svg","contentUrl":"https:\/\/www.auditorium.com\/wp-content\/uploads\/2022\/12\/logo-auditorium.svg","width":86,"height":79,"caption":"Auditorium Parco della Musica Ennio Morricone"},"image":{"@id":"https:\/\/www.auditorium.com\/it\/#\/schema\/logo\/image\/"},"sameAs":["https:\/\/www.facebook.com\/AuditoriumParcodellaMusica","https:\/\/x.com\/auditoriumpdm","https:\/\/www.instagram.com\/auditoriumparcodellamusica\/"]}]}},"_links":{"self":[{"href":"https:\/\/www.auditorium.com\/it\/wp-json\/wp\/v2\/event\/14536","targetHints":{"allow":["GET"]}}],"collection":[{"href":"https:\/\/www.auditorium.com\/it\/wp-json\/wp\/v2\/event"}],"about":[{"href":"https:\/\/www.auditorium.com\/it\/wp-json\/wp\/v2\/types\/event"}],"wp:featuredmedia":[{"embeddable":true,"href":"https:\/\/www.auditorium.com\/it\/wp-json\/wp\/v2\/media\/13871"}],"wp:attachment":[{"href":"https:\/\/www.auditorium.com\/it\/wp-json\/wp\/v2\/media?parent=14536"}],"wp:term":[{"taxonomy":"event_categories","embeddable":true,"href":"https:\/\/www.auditorium.com\/it\/wp-json\/wp\/v2\/event_categories?post=14536"},{"taxonomy":"event_genre","embeddable":true,"href":"https:\/\/www.auditorium.com\/it\/wp-json\/wp\/v2\/event_genre?post=14536"},{"taxonomy":"event_themes","embeddable":true,"href":"https:\/\/www.auditorium.com\/it\/wp-json\/wp\/v2\/event_themes?post=14536"},{"taxonomy":"event_format","embeddable":true,"href":"https:\/\/www.auditorium.com\/it\/wp-json\/wp\/v2\/event_format?post=14536"},{"taxonomy":"event_consigliati","embeddable":true,"href":"https:\/\/www.auditorium.com\/it\/wp-json\/wp\/v2\/event_consigliati?post=14536"}],"curies":[{"name":"wp","href":"https:\/\/api.w.org\/{rel}","templated":true}]}}